{"id":90912,"date":"2024-04-03T09:06:21","date_gmt":"2024-04-03T07:06:21","guid":{"rendered":"https:\/\/www.leselfes.com\/campamento-de-invierno\/actividades-del-campamento-de-invierno\/"},"modified":"2025-01-10T17:24:36","modified_gmt":"2025-01-10T16:24:36","slug":"actividades-del-campamento-de-invierno","status":"publish","type":"page","link":"https:\/\/www.leselfes.com\/es\/campamento-de-invierno\/actividades-del-campamento-de-invierno\/","title":{"rendered":"Actividades del campamento de invierno"},"content":{"rendered":"[vc_row type=\u00bbfull_width_background\u00bb full_screen_row_position=\u00bbmiddle\u00bb column_margin=\u00bbdefault\u00bb column_direction=\u00bbdefault\u00bb column_direction_tablet=\u00bbdefault\u00bb column_direction_phone=\u00bbdefault\u00bb bg_image=\u00bb66753&#8243; bg_position=\u00bbcenter center\u00bb background_image_loading=\u00bbdefault\u00bb bg_repeat=\u00bbno-repeat\u00bb full_height=\u00bbyes\u00bb columns_placement=\u00bbstretch\u00bb scene_position=\u00bbcenter\u00bb text_color=\u00bbdark\u00bb text_align=\u00bbleft\u00bb row_border_radius=\u00bbnone\u00bb row_border_radius_applies=\u00bbbg\u00bb overflow=\u00bbvisible\u00bb enable_gradient=\u00bbtrue\u00bb color_overlay=\u00bb#000000&#8243; color_overlay_2=\u00bbrgba(255,255,255,0.01)\u00bb overlay_strength=\u00bb0.5&#8243; gradient_direction=\u00bbtop_to_bottom\u00bb shape_divider_position=\u00bbbottom\u00bb bg_image_animation=\u00bbnone\u00bb gradient_type=\u00bbdefault\u00bb shape_type=\u00bb\u00bb][vc_column column_padding=\u00bbno-extra-padding\u00bb column_padding_tablet=\u00bbinherit\u00bb column_padding_phone=\u00bbinherit\u00bb column_padding_position=\u00bball\u00bb column_element_direction_desktop=\u00bbdefault\u00bb column_element_spacing=\u00bbdefault\u00bb centered_text=\u00bbtrue\u00bb desktop_text_alignment=\u00bbcenter\u00bb tablet_text_alignment=\u00bbdefault\u00bb phone_text_alignment=\u00bbdefault\u00bb background_color_opacity=\u00bb1&#8243; background_hover_color_opacity=\u00bb1&#8243; column_backdrop_filter=\u00bbnone\u00bb font_color=\u00bb#ffffff\u00bb column_shadow=\u00bbnone\u00bb column_border_radius=\u00bbnone\u00bb column_link_target=\u00bb_self\u00bb column_position=\u00bbdefault\u00bb el_class=\u00bbflexItForButtonBottom\u00bb gradient_direction=\u00bbleft_to_right\u00bb overlay_strength=\u00bb0.3&#8243; width=\u00bb1\/1&#8243; tablet_width_inherit=\u00bbdefault\u00bb animation_type=\u00bbdefault\u00bb bg_image_animation=\u00bbnone\u00bb border_type=\u00bbsimple\u00bb column_border_width=\u00bbnone\u00bb column_border_style=\u00bbsolid\u00bb column_padding_type=\u00bbdefault\u00bb gradient_type=\u00bbdefault\u00bb][divider line_type=\u00bbNo Line\u00bb custom_height=\u00bb200&#8243; custom_height_phone=\u00bb100&#8243;][vc_column_text css=\u00bb\u00bb text_direction=\u00bbdefault\u00bb el_class=\u00bbfs49&#8243;]\n<h1 style=\"text-align: center;\">Actividades del Campamento de <strong>Invierno en la Nieve<\/strong><\/h1>\n<p style=\"text-align: center;\">Campamentos Internacionales de Nieve Les Elfes<br \/>\nVerbier, <span class=\"swissFlag\">Suiza<\/span><\/p>\n[\/vc_column_text][vc_row_inner equal_height=\u00bbyes\u00bb content_placement=\u00bbmiddle\u00bb column_margin=\u00bb100px\u00bb column_direction=\u00bbdefault\u00bb column_direction_tablet=\u00bbdefault\u00bb column_direction_phone=\u00bbdefault\u00bb text_align=\u00bbleft\u00bb row_position=\u00bbdefault\u00bb row_position_tablet=\u00bbinherit\u00bb row_position_phone=\u00bbinherit\u00bb overflow=\u00bbvisible\u00bb pointer_events=\u00bball\u00bb class=\u00bbflexGoBottom\u00bb][vc_column_inner column_padding=\u00bbno-extra-padding\u00bb column_padding_tablet=\u00bbinherit\u00bb column_padding_phone=\u00bbinherit\u00bb column_padding_position=\u00bball\u00bb column_element_direction_desktop=\u00bbdefault\u00bb column_element_spacing=\u00bbdefault\u00bb desktop_text_alignment=\u00bbdefault\u00bb tablet_text_alignment=\u00bbdefault\u00bb phone_text_alignment=\u00bbdefault\u00bb background_color_opacity=\u00bb1&#8243; background_hover_color_opacity=\u00bb1&#8243; column_backdrop_filter=\u00bbnone\u00bb column_shadow=\u00bbnone\u00bb column_border_radius=\u00bbnone\u00bb column_link_target=\u00bb_self\u00bb overflow=\u00bbvisible\u00bb gradient_direction=\u00bbleft_to_right\u00bb overlay_strength=\u00bb0.3&#8243; width=\u00bb1\/4&#8243; tablet_width_inherit=\u00bbdefault\u00bb animation_type=\u00bbdefault\u00bb bg_image_animation=\u00bbnone\u00bb border_type=\u00bbsimple\u00bb column_border_width=\u00bbnone\u00bb column_border_style=\u00bbsolid\u00bb column_padding_type=\u00bbdefault\u00bb gradient_type=\u00bbdefault\u00bb offset=\u00bbvc_hidden-md vc_hidden-sm vc_hidden-xs\u00bb][\/vc_column_inner][vc_column_inner column_padding=\u00bbno-extra-padding\u00bb column_padding_tablet=\u00bbinherit\u00bb column_padding_phone=\u00bbinherit\u00bb column_padding_position=\u00bball\u00bb column_element_direction_desktop=\u00bbdefault\u00bb column_element_spacing=\u00bbdefault\u00bb desktop_text_alignment=\u00bbdefault\u00bb tablet_text_alignment=\u00bbdefault\u00bb phone_text_alignment=\u00bbdefault\u00bb background_color=\u00bb#343b68&#8243; background_color_opacity=\u00bb1&#8243; background_hover_color_opacity=\u00bb1&#8243; column_backdrop_filter=\u00bbnone\u00bb column_shadow=\u00bbnone\u00bb column_border_radius=\u00bbcustom\u00bb top_left_border_radius=\u00bb30&#8243; top_right_border_radius=\u00bb30&#8243; bottom_right_border_radius=\u00bb30&#8243; column_link_target=\u00bb_self\u00bb overflow=\u00bbvisible\u00bb el_class=\u00bbrowCampHeader\u00bb gradient_direction=\u00bbleft_to_right\u00bb overlay_strength=\u00bb0.3&#8243; width=\u00bb1\/4&#8243; tablet_width_inherit=\u00bbdefault\u00bb animation_type=\u00bbdefault\u00bb bg_image_animation=\u00bbnone\u00bb border_type=\u00bbsimple\u00bb column_border_width=\u00bbnone\u00bb column_border_style=\u00bbsolid\u00bb column_padding_type=\u00bbdefault\u00bb gradient_type=\u00bbdefault\u00bb offset=\u00bbvc_col-lg-3 vc_col-md-6 vc_col-xs-12&#8243; column_link=\u00bbhttps:\/\/www.leselfes.com\/es\/campamento-de-invierno\/inscribete-en-el-campamento-de-invierno\/\u00bb][vc_column_text text_direction=\u00bbdefault\u00bb]<strong>Inscr\u00edbete<\/strong> ahora[\/vc_column_text][\/vc_column_inner][vc_column_inner column_padding=\u00bbno-extra-padding\u00bb column_padding_tablet=\u00bbinherit\u00bb column_padding_phone=\u00bbinherit\u00bb column_padding_position=\u00bball\u00bb column_element_direction_desktop=\u00bbdefault\u00bb column_element_spacing=\u00bbdefault\u00bb desktop_text_alignment=\u00bbdefault\u00bb tablet_text_alignment=\u00bbdefault\u00bb phone_text_alignment=\u00bbdefault\u00bb background_color=\u00bb#4d8abf\u00bb background_color_opacity=\u00bb1&#8243; background_hover_color_opacity=\u00bb1&#8243; column_backdrop_filter=\u00bbnone\u00bb column_shadow=\u00bbnone\u00bb column_border_radius=\u00bbcustom\u00bb top_left_border_radius=\u00bb30&#8243; top_right_border_radius=\u00bb30&#8243; bottom_right_border_radius=\u00bb30&#8243; column_link_target=\u00bb_self\u00bb overflow=\u00bbvisible\u00bb el_class=\u00bbrowCampHeader\u00bb gradient_direction=\u00bbleft_to_right\u00bb overlay_strength=\u00bb0.3&#8243; width=\u00bb1\/4&#8243; tablet_width_inherit=\u00bbdefault\u00bb animation_type=\u00bbdefault\u00bb bg_image_animation=\u00bbnone\u00bb border_type=\u00bbsimple\u00bb column_border_width=\u00bbnone\u00bb column_border_style=\u00bbsolid\u00bb column_padding_type=\u00bbdefault\u00bb gradient_type=\u00bbdefault\u00bb offset=\u00bbvc_col-lg-3 vc_col-md-6 vc_col-xs-12&#8243; column_link=\u00bbhttps:\/\/www.leselfes.com\/es\/comprobar-disponibilidad\/\u00bb][vc_column_text text_direction=\u00bbdefault\u00bb]<strong>Comprobar<\/strong> disponibilidad[\/vc_column_text][\/vc_column_inner][vc_column_inner column_padding=\u00bbno-extra-padding\u00bb column_padding_tablet=\u00bbinherit\u00bb column_padding_phone=\u00bbinherit\u00bb column_padding_position=\u00bball\u00bb column_element_direction_desktop=\u00bbdefault\u00bb column_element_spacing=\u00bbdefault\u00bb desktop_text_alignment=\u00bbdefault\u00bb tablet_text_alignment=\u00bbdefault\u00bb phone_text_alignment=\u00bbdefault\u00bb background_color_opacity=\u00bb1&#8243; background_hover_color_opacity=\u00bb1&#8243; column_backdrop_filter=\u00bbnone\u00bb column_shadow=\u00bbnone\u00bb column_border_radius=\u00bbnone\u00bb column_link_target=\u00bb_self\u00bb overflow=\u00bbvisible\u00bb gradient_direction=\u00bbleft_to_right\u00bb overlay_strength=\u00bb0.3&#8243; width=\u00bb1\/4&#8243; tablet_width_inherit=\u00bbdefault\u00bb animation_type=\u00bbdefault\u00bb bg_image_animation=\u00bbnone\u00bb border_type=\u00bbsimple\u00bb column_border_width=\u00bbnone\u00bb column_border_style=\u00bbsolid\u00bb column_padding_type=\u00bbdefault\u00bb gradient_type=\u00bbdefault\u00bb offset=\u00bbvc_hidden-md vc_hidden-sm vc_hidden-xs\u00bb][\/vc_column_inner][\/vc_row_inner][\/vc_column][\/vc_row][vc_row type=\u00bbfull_width_background\u00bb full_screen_row_position=\u00bbmiddle\u00bb column_margin=\u00bbdefault\u00bb column_direction=\u00bbdefault\u00bb column_direction_tablet=\u00bbdefault\u00bb column_direction_phone=\u00bbdefault\u00bb bg_color=\u00bb#f3f3f6&#8243; scene_position=\u00bbcenter\u00bb top_padding=\u00bb100&#8243; constrain_group_1=\u00bbyes\u00bb bottom_padding=\u00bb100&#8243; text_color=\u00bbdark\u00bb text_align=\u00bbleft\u00bb row_border_radius=\u00bbnone\u00bb row_border_radius_applies=\u00bbbg\u00bb overflow=\u00bbvisible\u00bb overlay_strength=\u00bb0.3&#8243; gradient_direction=\u00bbleft_to_right\u00bb shape_divider_position=\u00bbbottom\u00bb bg_image_animation=\u00bbnone\u00bb gradient_type=\u00bbdefault\u00bb shape_type=\u00bb\u00bb][vc_column column_padding=\u00bbno-extra-padding\u00bb column_padding_tablet=\u00bbinherit\u00bb column_padding_phone=\u00bbinherit\u00bb column_padding_position=\u00bball\u00bb column_element_direction_desktop=\u00bbdefault\u00bb column_element_spacing=\u00bbdefault\u00bb desktop_text_alignment=\u00bbdefault\u00bb tablet_text_alignment=\u00bbdefault\u00bb phone_text_alignment=\u00bbdefault\u00bb background_color_opacity=\u00bb1&#8243; background_hover_color_opacity=\u00bb1&#8243; column_backdrop_filter=\u00bbnone\u00bb column_shadow=\u00bbnone\u00bb column_border_radius=\u00bbnone\u00bb column_link_target=\u00bb_self\u00bb column_position=\u00bbdefault\u00bb gradient_direction=\u00bbleft_to_right\u00bb overlay_strength=\u00bb0.3&#8243; width=\u00bb1\/1&#8243; tablet_width_inherit=\u00bbdefault\u00bb animation_type=\u00bbdefault\u00bb bg_image_animation=\u00bbnone\u00bb border_type=\u00bbsimple\u00bb column_border_width=\u00bbnone\u00bb column_border_style=\u00bbsolid\u00bb][vc_column_text text_direction=\u00bbdefault\u00bb]\n<h2 style=\"color: #0c347e;\">Todas nuestras actividades<\/h2>\n[\/vc_column_text][divider line_type=\u00bbNo Line\u00bb custom_height=\u00bb50&#8243;]  <div class=\"all_activities_container\">\n\n\n\n\n\n      <div class=\"one_all_activities\">\n      <a href=\"#actividades-nocturnas\">\n        <img decoding=\"async\" src=\"https:\/\/www.leselfes.com\/wp-content\/uploads\/2024\/03\/eveningactivities.png\" alt=\"\" class=\"image_all_activities\">\n        <span class=\"title_all_activities\">Actividades nocturnas<\/span>\n        <\/a>\n    <\/div>\n      <div class=\"one_all_activities\">\n      <a href=\"#comida-en-restaurante-privado-de-altura\">\n        <img decoding=\"async\" src=\"https:\/\/www.leselfes.com\/wp-content\/uploads\/2024\/03\/lunch-restaurant-1.png\" alt=\"\" class=\"image_all_activities\">\n        <span class=\"title_all_activities\">Comida en restaurante privado de altura<\/span>\n        <\/a>\n    <\/div>\n      <div class=\"one_all_activities\">\n      <a href=\"#cursos-de-idiomas\">\n        <img decoding=\"async\" src=\"https:\/\/www.leselfes.com\/wp-content\/uploads\/2024\/03\/languagecourses.png\" alt=\"\" class=\"image_all_activities\">\n        <span class=\"title_all_activities\">Cursos de idiomas<\/span>\n        <\/a>\n    <\/div>\n      <div class=\"one_all_activities\">\n      <a href=\"#esqu\u00ed\">\n        <img decoding=\"async\" src=\"https:\/\/www.leselfes.com\/wp-content\/uploads\/2024\/03\/ski.png\" alt=\"\" class=\"image_all_activities\">\n        <span class=\"title_all_activities\">Esqu\u00ed<\/span>\n        <\/a>\n    <\/div>\n      <div class=\"one_all_activities\">\n      <a href=\"#excursiones\">\n        <img decoding=\"async\" src=\"https:\/\/www.leselfes.com\/wp-content\/uploads\/2024\/03\/excursion2.png\" alt=\"\" class=\"image_all_activities\">\n        <span class=\"title_all_activities\">Excursiones<\/span>\n        <\/a>\n    <\/div>\n      <div class=\"one_all_activities\">\n      <a href=\"#horario-flexible\">\n        <img decoding=\"async\" src=\"https:\/\/www.leselfes.com\/wp-content\/uploads\/2024\/03\/afternoonactivities.png\" alt=\"\" class=\"image_all_activities\">\n        <span class=\"title_all_activities\">Horario flexible<\/span>\n        <\/a>\n    <\/div>\n      <div class=\"one_all_activities\">\n      <a href=\"#parapente\">\n        <img decoding=\"async\" src=\"https:\/\/www.leselfes.com\/wp-content\/uploads\/2024\/03\/Paradling.png\" alt=\"\" class=\"image_all_activities\">\n        <span class=\"title_all_activities\">Parapente<\/span>\n        <\/a>\n    <\/div>\n      <div class=\"one_all_activities\">\n      <a href=\"#snowboard\">\n        <img decoding=\"async\" src=\"https:\/\/www.leselfes.com\/wp-content\/uploads\/2024\/03\/snowboarding.png\" alt=\"\" class=\"image_all_activities\">\n        <span class=\"title_all_activities\">Snowboard<\/span>\n        <\/a>\n    <\/div>\n      <div class=\"one_all_activities\">\n      <a href=\"#tirolina\">\n        <img decoding=\"async\" src=\"https:\/\/www.leselfes.com\/wp-content\/uploads\/2023\/10\/Winter-day-camps-zip-line-2.webp\" alt=\"\" class=\"image_all_activities\">\n        <span class=\"title_all_activities\">Tirolina<\/span>\n        <\/a>\n    <\/div>\n    <\/div>\n[\/vc_column][\/vc_row][vc_row type=\u00bbfull_width_background\u00bb full_screen_row_position=\u00bbmiddle\u00bb column_margin=\u00bbdefault\u00bb column_direction=\u00bbdefault\u00bb column_direction_tablet=\u00bbdefault\u00bb column_direction_phone=\u00bbdefault\u00bb bg_color=\u00bb#f3f3f6&#8243; scene_position=\u00bbcenter\u00bb top_padding=\u00bb100&#8243; constrain_group_1=\u00bbyes\u00bb bottom_padding=\u00bb100&#8243; text_color=\u00bbdark\u00bb text_align=\u00bbleft\u00bb row_border_radius=\u00bbnone\u00bb row_border_radius_applies=\u00bbbg\u00bb overflow=\u00bbvisible\u00bb overlay_strength=\u00bb0.3&#8243; gradient_direction=\u00bbleft_to_right\u00bb shape_divider_position=\u00bbbottom\u00bb bg_image_animation=\u00bbnone\u00bb gradient_type=\u00bbdefault\u00bb shape_type=\u00bb\u00bb][vc_column column_padding=\u00bbno-extra-padding\u00bb column_padding_tablet=\u00bbinherit\u00bb column_padding_phone=\u00bbinherit\u00bb column_padding_position=\u00bball\u00bb column_element_direction_desktop=\u00bbdefault\u00bb column_element_spacing=\u00bbdefault\u00bb desktop_text_alignment=\u00bbdefault\u00bb tablet_text_alignment=\u00bbdefault\u00bb phone_text_alignment=\u00bbdefault\u00bb background_color_opacity=\u00bb1&#8243; background_hover_color_opacity=\u00bb1&#8243; column_backdrop_filter=\u00bbnone\u00bb column_shadow=\u00bbnone\u00bb column_border_radius=\u00bbnone\u00bb column_link_target=\u00bb_self\u00bb column_position=\u00bbdefault\u00bb gradient_direction=\u00bbleft_to_right\u00bb overlay_strength=\u00bb0.3&#8243; width=\u00bb1\/1&#8243; tablet_width_inherit=\u00bbdefault\u00bb animation_type=\u00bbdefault\u00bb bg_image_animation=\u00bbnone\u00bb border_type=\u00bbsimple\u00bb column_border_width=\u00bbnone\u00bb column_border_style=\u00bbsolid\u00bb][vc_column_text text_direction=\u00bbdefault\u00bb]\n<h2 style=\"color: #0c347e;\">Principales actividades<\/h2>\n[\/vc_column_text][divider line_type=\u00bbNo Line\u00bb custom_height=\u00bb50&#8243;]\n\t<div  data-column-margin=\"default\" data-midnight=\"dark\" class=\"wpb_row vc_row-fluid vc_row full-width-section\" >\n\t\t<div class=\"row_col_wrap_12 col span_12 dark left\">\n\t\t\t<div class=\"vc_col-sm-12 wpb_column column_container vc_column_container col no-extra-padding inherit_tablet inherit_phone \" data-padding-pos=\"all\" data-has-bg-color=\"false\" data-bg-color=\"\" data-bg-opacity=\"1\" data-animation=\"\" data-delay=\"0\">\n\t\t\t<div class=\"vc_column-inner\">\n\t\t\t\t<div class=\"wpb_wrapper\">\n\t\t\t\t\t\t\t\t\t\t\t\t\t\t\t<!-- <div id=\"tirolina\"  data-midnight=\"\" data-column-margin=\"default\" class=\"wpb_row vc_row-fluid vc_row inner_row vc_row-o-equal-height vc_row-flex vc_row-o-content-middle reverse_columns_column_tablet reverse_columns_column_phone\" style=\"padding-top: 50px; padding-bottom: 50px; \">\n\t\t\t\t\t\t<div class=\"row_col_wrap_12_inner col span_12  left\">\n\t\t\t\t\t\t<div class=\"vc_col-sm-6 videoLeft wpb_column column_container vc_column_container col child_column no-extra-padding inherit_tablet inherit_phone \" data-border-radius=\"20px\" data-padding-pos=\"all\" data-has-bg-color=\"false\" data-bg-color=\"\" data-bg-opacity=\"1\" data-animation=\"\" data-delay=\"0\">\n\t\t\t\t\t\t\t<div class=\"vc_column-inner\">\n\t\t\t\t\t\t\t<div class=\"wpb_wrapper\">\n\t\t\t\t\t            <img decoding=\"async\" class=\"img-with-animation skip-lazy activityImage\"  data-animation=\"none\" src=\"https:\/\/www.leselfes.com\/wp-content\/uploads\/2023\/10\/Winter-day-camps-zip-line-2.webp\" alt=\"\" >\n\n\t\t\t\t\t\t\t<\/div>\n\t\t\t\t\t\t<\/div>\n\t\t\t\t\t\t<\/div>\n\n\t\t\t\t\t\t<div class=\"vc_col-sm-6 wpb_column column_container vc_column_container col child_column right_padding_desktop_100px right_padding_tablet_0px \" data-padding-pos=\"all\" data-has-bg-color=\"false\" data-bg-color=\"\" data-bg-opacity=\"1\" data-animation=\"\" data-delay=\"0\">\n\t\t\t\t\t\t\t<div class=\"vc_column-inner\">\n\t\t\t\t\t\t\t<div class=\"wpb_wrapper\">\n\n\t\t\t\t\t<div class=\"wpb_text_column wpb_content_element  fs53\">\n\t\t\t\t\t\t\t<h2 >Tirolina <\/h2>\n\t\t\t\t\t<\/div>\n\t\t\t\t\t\t<div class=\"wpb_text_column wpb_content_element \">\n\t\t\t\t\t\t\t <p>Un poco m\u00e1s cerca de casa, en el mismo Verbier, nuestra monta\u00f1a m\u00e1s alta, el Monte Fort, se alza a 3330 m sobre el nivel del mar.<br \/>\nLos campistas de nuestro Campamento de Nieve de este a\u00f1o podr\u00e1n realizar una tirolina, no apta para pusil\u00e1nimes e ideal para los amantes de la adrenalina.<br \/>\nLa tirolina es una de las m\u00e1s grandes de Europa, y alcanza velocidades de hasta 100 km\/h, que se alcanzan en un abrir y cerrar de ojos.  <\/p>\n\t\t\t\t\t\t<\/div>\n\t\t\t\t\t\t\t\t<\/div>\n\t\t\t\t\t\t\t<\/div>\n\t\t\t\t\t\t\t<\/div>\n\t<\/div>\n<\/div> -->\n<div id=\"tirolina\" data-midnight=\"\" data-column-margin=\"default\" class=\"wpb_row vc_row-fluid vc_row inner_row\" style=\"\"><div class=\"row-bg-wrap\"> <div class=\"row-bg\"><\/div> <\/div><div class=\"row_col_wrap_12_inner col span_12  left\">\n\t<div style=\" \" class=\"vc_col-sm-6 biggerDiv boxNumberBefore wpb_column column_container oneActivityNew vc_column_container col child_column left_margin_0px right_margin_tablet_0px left_margin_tablet_0px left_padding_desktop_100px left_padding_phone_50px top_padding_desktop_50px top_padding_phone_50px right_padding_desktop_250px right_padding_phone_50px bottom_padding_desktop_50px bottom_padding_phone_50px instance-38\" data-using-bg=\"true\" data-padding-pos=\"all\" data-has-bg-color=\"true\" data-bg-color=\"#ffffff\" data-bg-opacity=\"1\" data-animation=\"\" data-delay=\"0\">\n\t\t<div class=\"vc_column-inner pa75\"><div class=\"column-bg-overlay-wrap column-bg-layer \" data-bg-animation=\"none\"><div class=\"column-bg-overlay bradius\" style=\"opacity: 1; background-color: #ffffff;\"><\/div><\/div>\n\t\t<div class=\"wpb_wrapper\">\n\n<div class=\"wpb_text_column wpb_content_element \">\n\t<div class=\"wpb_wrapper\">\n\t\t<h3 style=\"color: #0c347e;\">Tirolina<\/h3>\n\t<\/div>\n<\/div>\n\n\n\n\n<div class=\"wpb_text_column wpb_content_element \">\n\t<div class=\"wpb_wrapper\">\n <p>Un poco m\u00e1s cerca de casa, en el mismo Verbier, nuestra monta\u00f1a m\u00e1s alta, el Monte Fort, se alza a 3330 m sobre el nivel del mar.<br \/>\nLos campistas de nuestro Campamento de Nieve de este a\u00f1o podr\u00e1n realizar una tirolina, no apta para pusil\u00e1nimes e ideal para los amantes de la adrenalina.<br \/>\nLa tirolina es una de las m\u00e1s grandes de Europa, y alcanza velocidades de hasta 100 km\/h, que se alcanzan en un abrir y cerrar de ojos.  <\/p>\n\t<\/div>\n<\/div>\n\n\t\t<\/div>\n\t<\/div>\n\t<\/div>\n\n\t<div class=\"vc_col-sm-6 kboxImageDiv wpb_column column_container vc_column_container col child_column no-extra-padding left_margin_-200px inherit_tablet inherit_phone \" data-padding-pos=\"all\" data-has-bg-color=\"false\" data-bg-color=\"\" data-bg-opacity=\"1\" data-animation=\"\" data-delay=\"0\">\n\t\t<div class=\"vc_column-inner\">\n\t\t<div class=\"wpb_wrapper\">\n\t\t\t<div class=\"img-with-aniamtion-wrap \" data-max-width=\"100%\" data-max-width-mobile=\"default\" data-shadow=\"none\" data-animation=\"none\" style=\"margin-top: -50px; \">\n      <div class=\"inner\">\n        <div class=\"hover-wrap\">\n          <div class=\"hover-wrap-inner\">\n            <img loading=\"lazy\" decoding=\"async\" class=\"img-with-animation skip-lazy imageActivity\" data-delay=\"0\" data-animation=\"none\" src=\"https:\/\/www.leselfes.com\/wp-content\/uploads\/2023\/10\/Winter-day-camps-zip-line-2.webp\" alt=\"\">\n          <\/div>\n        <\/div>\n      <\/div>\n    <\/div>\n<!-- <div class=\"wpb_text_column wpb_content_element  htagbottom2right\">\n\t<div class=\"wpb_wrapper\">\n\t\t<p>#Adventure<\/p>\n\t<\/div>\n<\/div> -->\n\n\n\n\n\t\t<\/div>\n\t<\/div>\n\t<\/div>\n<\/div><\/div>\n\t\t\t\t\t  <div id=\"excursiones\" data-midnight=\"\" data-column-margin=\"default\" class=\"wpb_row vc_row-fluid vc_row inner_row reverseFlex reverse_columns_column_tablet\" style=\"\"><div class=\"row-bg-wrap\"> <div class=\"row-bg\"><\/div> <\/div><div class=\"row_col_wrap_12_inner col span_12  left\">\n  \t<div class=\"vc_col-sm-6 kboxImageDiv wpb_column column_container vc_column_container col child_column no-extra-padding inherit_tablet inherit_phone \" data-padding-pos=\"all\" data-has-bg-color=\"false\" data-bg-color=\"\" data-bg-opacity=\"1\" data-animation=\"\" data-delay=\"0\">\n  \t\t<div class=\"vc_column-inne r\">\n  \t\t<div class=\"wpb_wrapper\">\n  \t\t\t<div class=\"img-with-aniamtion-wrap \" data-max-width=\"100%\" data-max-width-mobile=\"default\" data-shadow=\"none\" data-animation=\"none\" style=\"margin-top: -50px; \">\n        <div class=\"inner\">\n          <div class=\"hover-wrap\">\n            <div class=\"hover-wrap-inner\">\n              <img loading=\"lazy\" decoding=\"async\" class=\"img-with-animation skip-lazy imageActivity\" data-delay=\"0\" data-animation=\"none\" src=\"https:\/\/www.leselfes.com\/wp-content\/uploads\/2024\/03\/excursion2.png\" alt=\"\">\n            <\/div>\n          <\/div>\n        <\/div>\n      <\/div>\n\n\n\n\n\n  \t\t<\/div>\n  \t<\/div>\n  \t<\/div>\n\n  \t<div  class=\"vc_col-sm-6 biggerDiv  oneActivityNew boxNumberBefore wpb_column column_container vc_column_container col child_column left_margin_-200px right_margin_tablet_0px left_margin_tablet_0px left_padding_desktop_250px left_padding_phone_50px top_padding_desktop_50px top_padding_phone_50px right_padding_desktop_100px right_padding_phone_50px bottom_padding_desktop_50px bottom_padding_phone_50px instance-45\" data-using-bg=\"true\" data-padding-pos=\"all\" data-has-bg-color=\"true\" data-bg-color=\"#ffffff\" data-bg-opacity=\"1\" data-animation=\"\" data-delay=\"0\">\n  \t\t<div class=\"vc_column-inner pa75\"><div class=\"column-bg-overlay-wrap column-bg-layer\" data-bg-animation=\"none\"><div class=\"column-bg-overlay bradius\" style=\"opacity: 1; background-color: #ffffff;\"><\/div><\/div>\n  \t\t<div class=\"wpb_wrapper\">\n\n  <div class=\"wpb_text_column wpb_content_element \">\n  \t<div class=\"wpb_wrapper\">\n  \t\t<h3 style=\"color: #0c347e;\">Excursiones<\/h3>\n  \t<\/div>\n  <\/div>\n\n\n\n\n  <div class=\"wpb_text_column wpb_content_element \">\n  \t<div class=\"wpb_wrapper\">\n <div class=\"flex-shrink-0 flex flex-col relative items-end\">\n<div>\n<div class=\"pt-0.5 juice:pt-0\">\n<div class=\"gizmo-bot-avatar flex h-6 w-6 items-center justify-center overflow-hidden rounded-full juice:h-8 juice:w-8\">\n<div class=\"relative p-1 rounded-sm flex items-center justify-center bg-token-main-surface-primary text-token-text-primary h-8 w-8\">Una vez a la semana, nuestros campistas del Campamento Internacional de Nieve Les Elfes pueden elegir entre varias excursiones emocionantes a algunas de las regiones m\u00e1s conocidas de la zona.<br \/>\nEsta actividad semanal permite a los j\u00f3venes mejorar su capacidad de decisi\u00f3n y ganar independencia.<br \/>\nNuestros destinos de excursi\u00f3n incluyen  <\/div>\n<\/div>\n<\/div>\n<\/div>\n<\/div>\n<div class=\"group\/conversation-turn relative flex w-full min-w-0 flex-col agent-turn\">\n<div class=\"flex-col gap-1 md:gap-3\">\n<div class=\"flex flex-grow flex-col max-w-full\">\n<div class=\"min-h-[20px] text-message flex flex-col items-start whitespace-pre-wrap break-words [.text-message+&amp;]:mt-5 juice:w-full juice:items-end overflow-x-auto gap-2\" dir=\"auto\" data-message-author-role=\"assistant\" data-message-id=\"389ab7d9-98e5-42f6-948a-5388b2280ccc\">\n<div class=\"flex w-full flex-col gap-1 juice:empty:hidden juice:first:pt-[3px]\">\n<div class=\"markdown prose w-full break-words dark:prose-invert light\">\n<ul>\n<li><strong>Zermatt<\/strong>: Marav\u00edllate ante el emblem\u00e1tico Cervino.<\/li>\n<li><strong>Lausana<\/strong>: Explora el Museo Ol\u00edmpico.<\/li>\n<li><strong>Berna<\/strong>: Descubre la capital de Suiza y su Museo de la Comunicaci\u00f3n interactivo.<\/li>\n<li><strong>Ginebra<\/strong>: Visita la Sede de las Naciones Unidas y el Museo de la Cruz Roja.<\/li>\n<li><strong>Evian (Francia)<\/strong>: Experimenta las famosas fuentes de agua.<\/li>\n<li><strong>Chamonix<\/strong>: Visita el encantador Palacio de Hielo.<\/li>\n<li><strong>Aosta (Italia)<\/strong>: Admira el impresionante castillo.<\/li>\n<li><strong>Vevey<\/strong>: Visita el Museo Chaplin.<\/li>\n<li>\u00a1Y muchos m\u00e1s destinos emocionantes!<br \/>\nEn el Campamento Internacional de Nieve Les Elfes, garantizamos una amplia gama de opciones para satisfacer todos los intereses, haciendo de cada excursi\u00f3n una aventura memorable para nuestros campistas. <\/li>\n<\/ul>\n<\/div>\n<\/div>\n<\/div>\n<\/div>\n<\/div>\n<\/div>\n  \t<\/div>\n  <\/div>\n\n\n\n\n  \t<\/div>\n  \t<\/div>\n  <\/div><\/div>\n<\/div>\n\t\t\t\t\t\t\t\t\t\t<!-- <div id=\"cursos-de-idiomas\"  data-midnight=\"\" data-column-margin=\"default\" class=\"wpb_row vc_row-fluid vc_row inner_row vc_row-o-equal-height vc_row-flex vc_row-o-content-middle reverse_columns_column_tablet reverse_columns_column_phone\" style=\"padding-top: 50px; padding-bottom: 50px; \">\n\t\t\t\t\t\t<div class=\"row_col_wrap_12_inner col span_12  left\">\n\t\t\t\t\t\t<div class=\"vc_col-sm-6 videoLeft wpb_column column_container vc_column_container col child_column no-extra-padding inherit_tablet inherit_phone \" data-border-radius=\"20px\" data-padding-pos=\"all\" data-has-bg-color=\"false\" data-bg-color=\"\" data-bg-opacity=\"1\" data-animation=\"\" data-delay=\"0\">\n\t\t\t\t\t\t\t<div class=\"vc_column-inner\">\n\t\t\t\t\t\t\t<div class=\"wpb_wrapper\">\n\t\t\t\t\t            <img decoding=\"async\" class=\"img-with-animation skip-lazy activityImage\"  data-animation=\"none\" src=\"https:\/\/www.leselfes.com\/wp-content\/uploads\/2024\/03\/languagecourses.png\" alt=\"\" >\n\n\t\t\t\t\t\t\t<\/div>\n\t\t\t\t\t\t<\/div>\n\t\t\t\t\t\t<\/div>\n\n\t\t\t\t\t\t<div class=\"vc_col-sm-6 wpb_column column_container vc_column_container col child_column right_padding_desktop_100px right_padding_tablet_0px \" data-padding-pos=\"all\" data-has-bg-color=\"false\" data-bg-color=\"\" data-bg-opacity=\"1\" data-animation=\"\" data-delay=\"0\">\n\t\t\t\t\t\t\t<div class=\"vc_column-inner\">\n\t\t\t\t\t\t\t<div class=\"wpb_wrapper\">\n\n\t\t\t\t\t<div class=\"wpb_text_column wpb_content_element  fs53\">\n\t\t\t\t\t\t\t<h2 >Cursos de idiomas <\/h2>\n\t\t\t\t\t<\/div>\n\t\t\t\t\t\t<div class=\"wpb_text_column wpb_content_element \">\n\t\t\t\t\t\t\t <p>Para asegurarnos de ofrecer la mejor ense\u00f1anza posible a los alumnos de nuestros campamentos de invierno en la nieve, colaboramos con la Escuela de Idiomas de Verbier para ofrecer profesores especializados en cada idioma para cada curso.<br \/>\nLos alumnos se agrupan seg\u00fan su nivel de idioma, con un m\u00e1ximo de 8 alumnos por profesor.<br \/>\nDisponemos de tres tipos de cursos, Conversacional, Intensivo y Privado, en franc\u00e9s, ingl\u00e9s, espa\u00f1ol, alem\u00e1n y mandar\u00edn (el mandar\u00edn s\u00f3lo est\u00e1 disponible en verano).<br \/>\nCada uno de nuestros cursos durante nuestro campamento de verano e invierno en la nieve en Suiza sigue unos criterios establecidos para los niveles de competencia ling\u00fc\u00edstica, con certificados detallados y una carpeta de trabajo que los estudiantes pueden llevarse consigo. <strong>Curso de Lengua Conversacional en un Campamento<\/strong> de Invierno <strong>en<\/strong> Suiza Durante el campamento de invierno, el curso consta de 6 horas semanales, de 17:00 a 19:00, los lunes, martes y mi\u00e9rcoles.<br \/>\nDurante el campamento de verano, los idiomas se imparten por la ma\u00f1ana y suelen impartirse durante cuatro d\u00edas de 9:00 a 10:45 <strong>Curso<\/strong> intensivo de idiomas Para un aprendizaje m\u00e1s profundo, el curso intensivo de idiomas combina la conversaci\u00f3n con la lectura y la escritura.<br \/>\nDurante el campamento de invierno en la nieve, el curso intensivo consta de 2 horas adicionales que se imparten los viernes de 17:00 a 19:00.<br \/>\nLas clases intensivas de los campamentos de verano se imparten de 09:00 a 12:00, con un total de 12 horas semanales.<br \/>\nEs ideal para estudiantes que estudian para un examen o que desean hacer progresos r\u00e1pidos y completos en sus idiomas en s\u00f3lo una semana. <strong>Curso privado de idiomas<\/strong> Nuestro \u00faltimo curso es para aquellos estudiantes que deseen recibir clases particulares.<br \/>\nSe puede a\u00f1adir a uno de nuestros otros cursos o elegirlo solo para disponer de cualquier n\u00famero de horas semanales.<br \/>\nEl enfoque es flexible, y es un curso estupendo para estudiantes con objetivos de aprendizaje espec\u00edficos.         <\/p>\n\t\t\t\t\t\t<\/div>\n\t\t\t\t\t\t\t\t<\/div>\n\t\t\t\t\t\t\t<\/div>\n\t\t\t\t\t\t\t<\/div>\n\t<\/div>\n<\/div> -->\n<div id=\"cursos-de-idiomas\" data-midnight=\"\" data-column-margin=\"default\" class=\"wpb_row vc_row-fluid vc_row inner_row\" style=\"\"><div class=\"row-bg-wrap\"> <div class=\"row-bg\"><\/div> <\/div><div class=\"row_col_wrap_12_inner col span_12  left\">\n\t<div style=\" \" class=\"vc_col-sm-6 biggerDiv boxNumberBefore wpb_column column_container oneActivityNew vc_column_container col child_column left_margin_0px right_margin_tablet_0px left_margin_tablet_0px left_padding_desktop_100px left_padding_phone_50px top_padding_desktop_50px top_padding_phone_50px right_padding_desktop_250px right_padding_phone_50px bottom_padding_desktop_50px bottom_padding_phone_50px instance-38\" data-using-bg=\"true\" data-padding-pos=\"all\" data-has-bg-color=\"true\" data-bg-color=\"#ffffff\" data-bg-opacity=\"1\" data-animation=\"\" data-delay=\"0\">\n\t\t<div class=\"vc_column-inner pa75\"><div class=\"column-bg-overlay-wrap column-bg-layer \" data-bg-animation=\"none\"><div class=\"column-bg-overlay bradius\" style=\"opacity: 1; background-color: #ffffff;\"><\/div><\/div>\n\t\t<div class=\"wpb_wrapper\">\n\n<div class=\"wpb_text_column wpb_content_element \">\n\t<div class=\"wpb_wrapper\">\n\t\t<h3 style=\"color: #0c347e;\">Cursos de idiomas<\/h3>\n\t<\/div>\n<\/div>\n\n\n\n\n<div class=\"wpb_text_column wpb_content_element \">\n\t<div class=\"wpb_wrapper\">\n <p>Para asegurarnos de ofrecer la mejor ense\u00f1anza posible a los alumnos de nuestros campamentos de invierno en la nieve, colaboramos con la Escuela de Idiomas de Verbier para ofrecer profesores especializados en cada idioma para cada curso.<br \/>\nLos alumnos se agrupan seg\u00fan su nivel de idioma, con un m\u00e1ximo de 8 alumnos por profesor.<br \/>\nDisponemos de tres tipos de cursos, Conversacional, Intensivo y Privado, en franc\u00e9s, ingl\u00e9s, espa\u00f1ol, alem\u00e1n y mandar\u00edn (el mandar\u00edn s\u00f3lo est\u00e1 disponible en verano).<br \/>\nCada uno de nuestros cursos durante nuestro campamento de verano e invierno en la nieve en Suiza sigue unos criterios establecidos para los niveles de competencia ling\u00fc\u00edstica, con certificados detallados y una carpeta de trabajo que los estudiantes pueden llevarse consigo. <strong>Curso de Lengua Conversacional en un Campamento<\/strong> de Invierno <strong>en<\/strong> Suiza Durante el campamento de invierno, el curso consta de 6 horas semanales, de 17:00 a 19:00, los lunes, martes y mi\u00e9rcoles.<br \/>\nDurante el campamento de verano, los idiomas se imparten por la ma\u00f1ana y suelen impartirse durante cuatro d\u00edas de 9:00 a 10:45 <strong>Curso<\/strong> intensivo de idiomas Para un aprendizaje m\u00e1s profundo, el curso intensivo de idiomas combina la conversaci\u00f3n con la lectura y la escritura.<br \/>\nDurante el campamento de invierno en la nieve, el curso intensivo consta de 2 horas adicionales que se imparten los viernes de 17:00 a 19:00.<br \/>\nLas clases intensivas de los campamentos de verano se imparten de 09:00 a 12:00, con un total de 12 horas semanales.<br \/>\nEs ideal para estudiantes que estudian para un examen o que desean hacer progresos r\u00e1pidos y completos en sus idiomas en s\u00f3lo una semana. <strong>Curso privado de idiomas<\/strong> Nuestro \u00faltimo curso es para aquellos estudiantes que deseen recibir clases particulares.<br \/>\nSe puede a\u00f1adir a uno de nuestros otros cursos o elegirlo solo para disponer de cualquier n\u00famero de horas semanales.<br \/>\nEl enfoque es flexible, y es un curso estupendo para estudiantes con objetivos de aprendizaje espec\u00edficos.         <\/p>\n\t<\/div>\n<\/div>\n\n\t\t<\/div>\n\t<\/div>\n\t<\/div>\n\n\t<div class=\"vc_col-sm-6 kboxImageDiv wpb_column column_container vc_column_container col child_column no-extra-padding left_margin_-200px inherit_tablet inherit_phone \" data-padding-pos=\"all\" data-has-bg-color=\"false\" data-bg-color=\"\" data-bg-opacity=\"1\" data-animation=\"\" data-delay=\"0\">\n\t\t<div class=\"vc_column-inner\">\n\t\t<div class=\"wpb_wrapper\">\n\t\t\t<div class=\"img-with-aniamtion-wrap \" data-max-width=\"100%\" data-max-width-mobile=\"default\" data-shadow=\"none\" data-animation=\"none\" style=\"margin-top: -50px; \">\n      <div class=\"inner\">\n        <div class=\"hover-wrap\">\n          <div class=\"hover-wrap-inner\">\n            <img loading=\"lazy\" decoding=\"async\" class=\"img-with-animation skip-lazy imageActivity\" data-delay=\"0\" data-animation=\"none\" src=\"https:\/\/www.leselfes.com\/wp-content\/uploads\/2024\/03\/languagecourses.png\" alt=\"\">\n          <\/div>\n        <\/div>\n      <\/div>\n    <\/div>\n<!-- <div class=\"wpb_text_column wpb_content_element  htagbottom2right\">\n\t<div class=\"wpb_wrapper\">\n\t\t<p>#Adventure<\/p>\n\t<\/div>\n<\/div> -->\n\n\n\n\n\t\t<\/div>\n\t<\/div>\n\t<\/div>\n<\/div><\/div>\n\t\t\t\t\t  <div id=\"horario-flexible\" data-midnight=\"\" data-column-margin=\"default\" class=\"wpb_row vc_row-fluid vc_row inner_row reverseFlex reverse_columns_column_tablet\" style=\"\"><div class=\"row-bg-wrap\"> <div class=\"row-bg\"><\/div> <\/div><div class=\"row_col_wrap_12_inner col span_12  left\">\n  \t<div class=\"vc_col-sm-6 kboxImageDiv wpb_column column_container vc_column_container col child_column no-extra-padding inherit_tablet inherit_phone \" data-padding-pos=\"all\" data-has-bg-color=\"false\" data-bg-color=\"\" data-bg-opacity=\"1\" data-animation=\"\" data-delay=\"0\">\n  \t\t<div class=\"vc_column-inne r\">\n  \t\t<div class=\"wpb_wrapper\">\n  \t\t\t<div class=\"img-with-aniamtion-wrap \" data-max-width=\"100%\" data-max-width-mobile=\"default\" data-shadow=\"none\" data-animation=\"none\" style=\"margin-top: -50px; \">\n        <div class=\"inner\">\n          <div class=\"hover-wrap\">\n            <div class=\"hover-wrap-inner\">\n              <img loading=\"lazy\" decoding=\"async\" class=\"img-with-animation skip-lazy imageActivity\" data-delay=\"0\" data-animation=\"none\" src=\"https:\/\/www.leselfes.com\/wp-content\/uploads\/2024\/03\/afternoonactivities.png\" alt=\"\">\n            <\/div>\n          <\/div>\n        <\/div>\n      <\/div>\n\n\n\n\n\n  \t\t<\/div>\n  \t<\/div>\n  \t<\/div>\n\n  \t<div  class=\"vc_col-sm-6 biggerDiv  oneActivityNew boxNumberBefore wpb_column column_container vc_column_container col child_column left_margin_-200px right_margin_tablet_0px left_margin_tablet_0px left_padding_desktop_250px left_padding_phone_50px top_padding_desktop_50px top_padding_phone_50px right_padding_desktop_100px right_padding_phone_50px bottom_padding_desktop_50px bottom_padding_phone_50px instance-45\" data-using-bg=\"true\" data-padding-pos=\"all\" data-has-bg-color=\"true\" data-bg-color=\"#ffffff\" data-bg-opacity=\"1\" data-animation=\"\" data-delay=\"0\">\n  \t\t<div class=\"vc_column-inner pa75\"><div class=\"column-bg-overlay-wrap column-bg-layer\" data-bg-animation=\"none\"><div class=\"column-bg-overlay bradius\" style=\"opacity: 1; background-color: #ffffff;\"><\/div><\/div>\n  \t\t<div class=\"wpb_wrapper\">\n\n  <div class=\"wpb_text_column wpb_content_element \">\n  \t<div class=\"wpb_wrapper\">\n  \t\t<h3 style=\"color: #0c347e;\">Horario flexible<\/h3>\n  \t<\/div>\n  <\/div>\n\n\n\n\n  <div class=\"wpb_text_column wpb_content_element \">\n  \t<div class=\"wpb_wrapper\">\n <p>Tras regresar de sus actividades vespertinas y disfrutar de una refrescante ducha hacia las 16:30, los campistas que participan en el Campamento de Nieve Les Elfes tienen tres emocionantes opciones para un tiempo flexible de 1,5 a 2 horas antes de la cena.<br \/>\nPueden explorar el encantador pueblo de Verbier, descubrir las tiendas locales y admirar los hermosos chalets de la estaci\u00f3n.<br \/>\nTambi\u00e9n pueden unirse a nuestros animadores en actividades divertidas como patinaje sobre hielo, trineo, escalada, fabricaci\u00f3n de pulseras o nataci\u00f3n.<br \/>\nPara los que prefieran relajarse, nuestro campus ofrece una sala de juegos, una sala de cine y, durante el verano, \u00a1una cama el\u00e1stica para realizar emocionantes saltos!   <\/p>\n  \t<\/div>\n  <\/div>\n\n\n\n\n  \t<\/div>\n  \t<\/div>\n  <\/div><\/div>\n<\/div>\n\t\t\t\t\t\t\t\t\t\t<!-- <div id=\"comida-en-restaurante-privado-de-altura\"  data-midnight=\"\" data-column-margin=\"default\" class=\"wpb_row vc_row-fluid vc_row inner_row vc_row-o-equal-height vc_row-flex vc_row-o-content-middle reverse_columns_column_tablet reverse_columns_column_phone\" style=\"padding-top: 50px; padding-bottom: 50px; \">\n\t\t\t\t\t\t<div class=\"row_col_wrap_12_inner col span_12  left\">\n\t\t\t\t\t\t<div class=\"vc_col-sm-6 videoLeft wpb_column column_container vc_column_container col child_column no-extra-padding inherit_tablet inherit_phone \" data-border-radius=\"20px\" data-padding-pos=\"all\" data-has-bg-color=\"false\" data-bg-color=\"\" data-bg-opacity=\"1\" data-animation=\"\" data-delay=\"0\">\n\t\t\t\t\t\t\t<div class=\"vc_column-inner\">\n\t\t\t\t\t\t\t<div class=\"wpb_wrapper\">\n\t\t\t\t\t            <img decoding=\"async\" class=\"img-with-animation skip-lazy activityImage\"  data-animation=\"none\" src=\"https:\/\/www.leselfes.com\/wp-content\/uploads\/2024\/03\/lunch-restaurant-1.png\" alt=\"\" >\n\n\t\t\t\t\t\t\t<\/div>\n\t\t\t\t\t\t<\/div>\n\t\t\t\t\t\t<\/div>\n\n\t\t\t\t\t\t<div class=\"vc_col-sm-6 wpb_column column_container vc_column_container col child_column right_padding_desktop_100px right_padding_tablet_0px \" data-padding-pos=\"all\" data-has-bg-color=\"false\" data-bg-color=\"\" data-bg-opacity=\"1\" data-animation=\"\" data-delay=\"0\">\n\t\t\t\t\t\t\t<div class=\"vc_column-inner\">\n\t\t\t\t\t\t\t<div class=\"wpb_wrapper\">\n\n\t\t\t\t\t<div class=\"wpb_text_column wpb_content_element  fs53\">\n\t\t\t\t\t\t\t<h2 >Comida en restaurante privado de altura <\/h2>\n\t\t\t\t\t<\/div>\n\t\t\t\t\t\t<div class=\"wpb_text_column wpb_content_element \">\n\t\t\t\t\t\t\t <p>El Campamento Internacional de Nieve Les Elfes tiene la suerte de contar con un restaurante de alta monta\u00f1a privatizado s\u00f3lo para disfrute de sus campistas.<br \/>\nSituado directamente en la cima de la monta\u00f1a a 2&#8217;200m de altitud, nuestro restaurante privado de monta\u00f1a acoge a nuestros alumnos para que disfruten de c\u00e1lidos almuerzos con inmejorables vistas sobre el pueblo de Verbier y algunas de las famosas monta\u00f1as de Suiza (Grand Combin, Dents du Midi).<br \/>\nDurante el campamento de invierno y el campamento de verano, nuestros Chefs de cocina preparar\u00e1n comidas calientes para nuestros j\u00f3venes hu\u00e9spedes, que podr\u00e1n disfrutar sin tener que volver al campus.  <\/p>\n\t\t\t\t\t\t<\/div>\n\t\t\t\t\t\t\t\t<\/div>\n\t\t\t\t\t\t\t<\/div>\n\t\t\t\t\t\t\t<\/div>\n\t<\/div>\n<\/div> -->\n<div id=\"comida-en-restaurante-privado-de-altura\" data-midnight=\"\" data-column-margin=\"default\" class=\"wpb_row vc_row-fluid vc_row inner_row\" style=\"\"><div class=\"row-bg-wrap\"> <div class=\"row-bg\"><\/div> <\/div><div class=\"row_col_wrap_12_inner col span_12  left\">\n\t<div style=\" \" class=\"vc_col-sm-6 biggerDiv boxNumberBefore wpb_column column_container oneActivityNew vc_column_container col child_column left_margin_0px right_margin_tablet_0px left_margin_tablet_0px left_padding_desktop_100px left_padding_phone_50px top_padding_desktop_50px top_padding_phone_50px right_padding_desktop_250px right_padding_phone_50px bottom_padding_desktop_50px bottom_padding_phone_50px instance-38\" data-using-bg=\"true\" data-padding-pos=\"all\" data-has-bg-color=\"true\" data-bg-color=\"#ffffff\" data-bg-opacity=\"1\" data-animation=\"\" data-delay=\"0\">\n\t\t<div class=\"vc_column-inner pa75\"><div class=\"column-bg-overlay-wrap column-bg-layer \" data-bg-animation=\"none\"><div class=\"column-bg-overlay bradius\" style=\"opacity: 1; background-color: #ffffff;\"><\/div><\/div>\n\t\t<div class=\"wpb_wrapper\">\n\n<div class=\"wpb_text_column wpb_content_element \">\n\t<div class=\"wpb_wrapper\">\n\t\t<h3 style=\"color: #0c347e;\">Comida en restaurante privado de altura<\/h3>\n\t<\/div>\n<\/div>\n\n\n\n\n<div class=\"wpb_text_column wpb_content_element \">\n\t<div class=\"wpb_wrapper\">\n <p>El Campamento Internacional de Nieve Les Elfes tiene la suerte de contar con un restaurante de alta monta\u00f1a privatizado s\u00f3lo para disfrute de sus campistas.<br \/>\nSituado directamente en la cima de la monta\u00f1a a 2&#8217;200m de altitud, nuestro restaurante privado de monta\u00f1a acoge a nuestros alumnos para que disfruten de c\u00e1lidos almuerzos con inmejorables vistas sobre el pueblo de Verbier y algunas de las famosas monta\u00f1as de Suiza (Grand Combin, Dents du Midi).<br \/>\nDurante el campamento de invierno y el campamento de verano, nuestros Chefs de cocina preparar\u00e1n comidas calientes para nuestros j\u00f3venes hu\u00e9spedes, que podr\u00e1n disfrutar sin tener que volver al campus.  <\/p>\n\t<\/div>\n<\/div>\n\n\t\t<\/div>\n\t<\/div>\n\t<\/div>\n\n\t<div class=\"vc_col-sm-6 kboxImageDiv wpb_column column_container vc_column_container col child_column no-extra-padding left_margin_-200px inherit_tablet inherit_phone \" data-padding-pos=\"all\" data-has-bg-color=\"false\" data-bg-color=\"\" data-bg-opacity=\"1\" data-animation=\"\" data-delay=\"0\">\n\t\t<div class=\"vc_column-inner\">\n\t\t<div class=\"wpb_wrapper\">\n\t\t\t<div class=\"img-with-aniamtion-wrap \" data-max-width=\"100%\" data-max-width-mobile=\"default\" data-shadow=\"none\" data-animation=\"none\" style=\"margin-top: -50px; \">\n      <div class=\"inner\">\n        <div class=\"hover-wrap\">\n          <div class=\"hover-wrap-inner\">\n            <img loading=\"lazy\" decoding=\"async\" class=\"img-with-animation skip-lazy imageActivity\" data-delay=\"0\" data-animation=\"none\" src=\"https:\/\/www.leselfes.com\/wp-content\/uploads\/2024\/03\/lunch-restaurant-1.png\" alt=\"\">\n          <\/div>\n        <\/div>\n      <\/div>\n    <\/div>\n<!-- <div class=\"wpb_text_column wpb_content_element  htagbottom2right\">\n\t<div class=\"wpb_wrapper\">\n\t\t<p>#Adventure<\/p>\n\t<\/div>\n<\/div> -->\n\n\n\n\n\t\t<\/div>\n\t<\/div>\n\t<\/div>\n<\/div><\/div>\n\t\t\t\t\t  <div id=\"snowboard\" data-midnight=\"\" data-column-margin=\"default\" class=\"wpb_row vc_row-fluid vc_row inner_row reverseFlex reverse_columns_column_tablet\" style=\"\"><div class=\"row-bg-wrap\"> <div class=\"row-bg\"><\/div> <\/div><div class=\"row_col_wrap_12_inner col span_12  left\">\n  \t<div class=\"vc_col-sm-6 kboxImageDiv wpb_column column_container vc_column_container col child_column no-extra-padding inherit_tablet inherit_phone \" data-padding-pos=\"all\" data-has-bg-color=\"false\" data-bg-color=\"\" data-bg-opacity=\"1\" data-animation=\"\" data-delay=\"0\">\n  \t\t<div class=\"vc_column-inne r\">\n  \t\t<div class=\"wpb_wrapper\">\n  \t\t\t<div class=\"img-with-aniamtion-wrap \" data-max-width=\"100%\" data-max-width-mobile=\"default\" data-shadow=\"none\" data-animation=\"none\" style=\"margin-top: -50px; \">\n        <div class=\"inner\">\n          <div class=\"hover-wrap\">\n            <div class=\"hover-wrap-inner\">\n              <img loading=\"lazy\" decoding=\"async\" class=\"img-with-animation skip-lazy imageActivity\" data-delay=\"0\" data-animation=\"none\" src=\"https:\/\/www.leselfes.com\/wp-content\/uploads\/2024\/03\/snowboarding.png\" alt=\"\">\n            <\/div>\n          <\/div>\n        <\/div>\n      <\/div>\n\n\n\n\n\n  \t\t<\/div>\n  \t<\/div>\n  \t<\/div>\n\n  \t<div  class=\"vc_col-sm-6 biggerDiv  oneActivityNew boxNumberBefore wpb_column column_container vc_column_container col child_column left_margin_-200px right_margin_tablet_0px left_margin_tablet_0px left_padding_desktop_250px left_padding_phone_50px top_padding_desktop_50px top_padding_phone_50px right_padding_desktop_100px right_padding_phone_50px bottom_padding_desktop_50px bottom_padding_phone_50px instance-45\" data-using-bg=\"true\" data-padding-pos=\"all\" data-has-bg-color=\"true\" data-bg-color=\"#ffffff\" data-bg-opacity=\"1\" data-animation=\"\" data-delay=\"0\">\n  \t\t<div class=\"vc_column-inner pa75\"><div class=\"column-bg-overlay-wrap column-bg-layer\" data-bg-animation=\"none\"><div class=\"column-bg-overlay bradius\" style=\"opacity: 1; background-color: #ffffff;\"><\/div><\/div>\n  \t\t<div class=\"wpb_wrapper\">\n\n  <div class=\"wpb_text_column wpb_content_element \">\n  \t<div class=\"wpb_wrapper\">\n  \t\t<h3 style=\"color: #0c347e;\">Snowboard<\/h3>\n  \t<\/div>\n  <\/div>\n\n\n\n\n  <div class=\"wpb_text_column wpb_content_element \">\n  \t<div class=\"wpb_wrapper\">\n <p>Los 410 km de pistas de Verbier tambi\u00e9n est\u00e1n a disposici\u00f3n de los aficionados al snowboard; sin embargo, para los principiantes, recomendamos esquiar, ya que conlleva menos riesgos de lesiones.<\/p>\n  \t<\/div>\n  <\/div>\n\n\n\n\n  \t<\/div>\n  \t<\/div>\n  <\/div><\/div>\n<\/div>\n\t\t\t\t\t\t\t\t\t\t<!-- <div id=\"esqu\u00ed\"  data-midnight=\"\" data-column-margin=\"default\" class=\"wpb_row vc_row-fluid vc_row inner_row vc_row-o-equal-height vc_row-flex vc_row-o-content-middle reverse_columns_column_tablet reverse_columns_column_phone\" style=\"padding-top: 50px; padding-bottom: 50px; \">\n\t\t\t\t\t\t<div class=\"row_col_wrap_12_inner col span_12  left\">\n\t\t\t\t\t\t<div class=\"vc_col-sm-6 videoLeft wpb_column column_container vc_column_container col child_column no-extra-padding inherit_tablet inherit_phone \" data-border-radius=\"20px\" data-padding-pos=\"all\" data-has-bg-color=\"false\" data-bg-color=\"\" data-bg-opacity=\"1\" data-animation=\"\" data-delay=\"0\">\n\t\t\t\t\t\t\t<div class=\"vc_column-inner\">\n\t\t\t\t\t\t\t<div class=\"wpb_wrapper\">\n\t\t\t\t\t            <img decoding=\"async\" class=\"img-with-animation skip-lazy activityImage\"  data-animation=\"none\" src=\"https:\/\/www.leselfes.com\/wp-content\/uploads\/2024\/03\/ski.png\" alt=\"\" >\n\n\t\t\t\t\t\t\t<\/div>\n\t\t\t\t\t\t<\/div>\n\t\t\t\t\t\t<\/div>\n\n\t\t\t\t\t\t<div class=\"vc_col-sm-6 wpb_column column_container vc_column_container col child_column right_padding_desktop_100px right_padding_tablet_0px \" data-padding-pos=\"all\" data-has-bg-color=\"false\" data-bg-color=\"\" data-bg-opacity=\"1\" data-animation=\"\" data-delay=\"0\">\n\t\t\t\t\t\t\t<div class=\"vc_column-inner\">\n\t\t\t\t\t\t\t<div class=\"wpb_wrapper\">\n\n\t\t\t\t\t<div class=\"wpb_text_column wpb_content_element  fs53\">\n\t\t\t\t\t\t\t<h2 >Esqu\u00ed <\/h2>\n\t\t\t\t\t<\/div>\n\t\t\t\t\t\t<div class=\"wpb_text_column wpb_content_element \">\n\t\t\t\t\t\t\t <p>Los 410 km de pistas de Verbier tambi\u00e9n est\u00e1n a disposici\u00f3n de los practicantes de snowboard.<br \/>\nA los que se inician en la nieve, les recomendamos que empiecen esquiando para familiarizarse con el deporte. <\/p>\n\t\t\t\t\t\t<\/div>\n\t\t\t\t\t\t\t\t<\/div>\n\t\t\t\t\t\t\t<\/div>\n\t\t\t\t\t\t\t<\/div>\n\t<\/div>\n<\/div> -->\n<div id=\"esqu\u00ed\" data-midnight=\"\" data-column-margin=\"default\" class=\"wpb_row vc_row-fluid vc_row inner_row\" style=\"\"><div class=\"row-bg-wrap\"> <div class=\"row-bg\"><\/div> <\/div><div class=\"row_col_wrap_12_inner col span_12  left\">\n\t<div style=\" \" class=\"vc_col-sm-6 biggerDiv boxNumberBefore wpb_column column_container oneActivityNew vc_column_container col child_column left_margin_0px right_margin_tablet_0px left_margin_tablet_0px left_padding_desktop_100px left_padding_phone_50px top_padding_desktop_50px top_padding_phone_50px right_padding_desktop_250px right_padding_phone_50px bottom_padding_desktop_50px bottom_padding_phone_50px instance-38\" data-using-bg=\"true\" data-padding-pos=\"all\" data-has-bg-color=\"true\" data-bg-color=\"#ffffff\" data-bg-opacity=\"1\" data-animation=\"\" data-delay=\"0\">\n\t\t<div class=\"vc_column-inner pa75\"><div class=\"column-bg-overlay-wrap column-bg-layer \" data-bg-animation=\"none\"><div class=\"column-bg-overlay bradius\" style=\"opacity: 1; background-color: #ffffff;\"><\/div><\/div>\n\t\t<div class=\"wpb_wrapper\">\n\n<div class=\"wpb_text_column wpb_content_element \">\n\t<div class=\"wpb_wrapper\">\n\t\t<h3 style=\"color: #0c347e;\">Esqu\u00ed<\/h3>\n\t<\/div>\n<\/div>\n\n\n\n\n<div class=\"wpb_text_column wpb_content_element \">\n\t<div class=\"wpb_wrapper\">\n <p>Los 410 km de pistas de Verbier tambi\u00e9n est\u00e1n a disposici\u00f3n de los practicantes de snowboard.<br \/>\nA los que se inician en la nieve, les recomendamos que empiecen esquiando para familiarizarse con el deporte. <\/p>\n\t<\/div>\n<\/div>\n\n\t\t<\/div>\n\t<\/div>\n\t<\/div>\n\n\t<div class=\"vc_col-sm-6 kboxImageDiv wpb_column column_container vc_column_container col child_column no-extra-padding left_margin_-200px inherit_tablet inherit_phone \" data-padding-pos=\"all\" data-has-bg-color=\"false\" data-bg-color=\"\" data-bg-opacity=\"1\" data-animation=\"\" data-delay=\"0\">\n\t\t<div class=\"vc_column-inner\">\n\t\t<div class=\"wpb_wrapper\">\n\t\t\t<div class=\"img-with-aniamtion-wrap \" data-max-width=\"100%\" data-max-width-mobile=\"default\" data-shadow=\"none\" data-animation=\"none\" style=\"margin-top: -50px; \">\n      <div class=\"inner\">\n        <div class=\"hover-wrap\">\n          <div class=\"hover-wrap-inner\">\n            <img loading=\"lazy\" decoding=\"async\" class=\"img-with-animation skip-lazy imageActivity\" data-delay=\"0\" data-animation=\"none\" src=\"https:\/\/www.leselfes.com\/wp-content\/uploads\/2024\/03\/ski.png\" alt=\"\">\n          <\/div>\n        <\/div>\n      <\/div>\n    <\/div>\n<!-- <div class=\"wpb_text_column wpb_content_element  htagbottom2right\">\n\t<div class=\"wpb_wrapper\">\n\t\t<p>#Adventure<\/p>\n\t<\/div>\n<\/div> -->\n\n\n\n\n\t\t<\/div>\n\t<\/div>\n\t<\/div>\n<\/div><\/div>\n\t\t\t\t\t  <div id=\"actividades-nocturnas\" data-midnight=\"\" data-column-margin=\"default\" class=\"wpb_row vc_row-fluid vc_row inner_row reverseFlex reverse_columns_column_tablet\" style=\"\"><div class=\"row-bg-wrap\"> <div class=\"row-bg\"><\/div> <\/div><div class=\"row_col_wrap_12_inner col span_12  left\">\n  \t<div class=\"vc_col-sm-6 kboxImageDiv wpb_column column_container vc_column_container col child_column no-extra-padding inherit_tablet inherit_phone \" data-padding-pos=\"all\" data-has-bg-color=\"false\" data-bg-color=\"\" data-bg-opacity=\"1\" data-animation=\"\" data-delay=\"0\">\n  \t\t<div class=\"vc_column-inne r\">\n  \t\t<div class=\"wpb_wrapper\">\n  \t\t\t<div class=\"img-with-aniamtion-wrap \" data-max-width=\"100%\" data-max-width-mobile=\"default\" data-shadow=\"none\" data-animation=\"none\" style=\"margin-top: -50px; \">\n        <div class=\"inner\">\n          <div class=\"hover-wrap\">\n            <div class=\"hover-wrap-inner\">\n              <img loading=\"lazy\" decoding=\"async\" class=\"img-with-animation skip-lazy imageActivity\" data-delay=\"0\" data-animation=\"none\" src=\"https:\/\/www.leselfes.com\/wp-content\/uploads\/2024\/03\/eveningactivities.png\" alt=\"\">\n            <\/div>\n          <\/div>\n        <\/div>\n      <\/div>\n\n\n\n\n\n  \t\t<\/div>\n  \t<\/div>\n  \t<\/div>\n\n  \t<div  class=\"vc_col-sm-6 biggerDiv  oneActivityNew boxNumberBefore wpb_column column_container vc_column_container col child_column left_margin_-200px right_margin_tablet_0px left_margin_tablet_0px left_padding_desktop_250px left_padding_phone_50px top_padding_desktop_50px top_padding_phone_50px right_padding_desktop_100px right_padding_phone_50px bottom_padding_desktop_50px bottom_padding_phone_50px instance-45\" data-using-bg=\"true\" data-padding-pos=\"all\" data-has-bg-color=\"true\" data-bg-color=\"#ffffff\" data-bg-opacity=\"1\" data-animation=\"\" data-delay=\"0\">\n  \t\t<div class=\"vc_column-inner pa75\"><div class=\"column-bg-overlay-wrap column-bg-layer\" data-bg-animation=\"none\"><div class=\"column-bg-overlay bradius\" style=\"opacity: 1; background-color: #ffffff;\"><\/div><\/div>\n  \t\t<div class=\"wpb_wrapper\">\n\n  <div class=\"wpb_text_column wpb_content_element \">\n  \t<div class=\"wpb_wrapper\">\n  \t\t<h3 style=\"color: #0c347e;\">Actividades nocturnas<\/h3>\n  \t<\/div>\n  <\/div>\n\n\n\n\n  <div class=\"wpb_text_column wpb_content_element \">\n  \t<div class=\"wpb_wrapper\">\n <div class=\"modal-body\">  En el Campamento Internacional de Nieve Les Elfes, \u00a1las actividades no terminan despu\u00e9s de la cena!<br \/>\nNuestros programas nocturnos se adaptan a las necesidades de nuestros alumnos.<br \/>\nNuestros grupos participan en un programa de actividades del campamento de nieve desde las 20:00 hasta las 21:00, y nuestros grupos de m\u00e1s edad desde las 20:00 hasta las 21:45, y se acuestan a las 22:00.<br \/>\nLas actividades nocturnas tienen como objetivo ayudar a los acampados a desarrollar sus habilidades de trabajo en equipo, oratoria, liderazgo y comunicaci\u00f3n.<br \/>\nAlgunos ejemplos de actividades son paseos con antorchas, hogueras y malvaviscos, The Apprentice (o Shark Tank para los estadounidenses), pruebas a ciegas y concursos, noches de casino, reposter\u00eda, patinaje sobre hielo, creaci\u00f3n de v\u00eddeos musicales, bolos, noche de discoteca y mucho m\u00e1s.<br \/>\nCada noche es diferente, lo que garantiza una experiencia variada para nuestros j\u00f3venes campistas.       <\/div>\n  \t<\/div>\n  <\/div>\n\n\n\n\n  \t<\/div>\n  \t<\/div>\n  <\/div><\/div>\n<\/div>\n\t\t\t\t<\/div>\n\t\t\t<\/div>\n\t\t<\/div>\n\t<\/div><\/div>\n\t[\/vc_column][\/vc_row][vc_row type=\u00bbfull_width_background\u00bb full_screen_row_position=\u00bbmiddle\u00bb column_margin=\u00bbdefault\u00bb column_direction=\u00bbdefault\u00bb column_direction_tablet=\u00bbdefault\u00bb column_direction_phone=\u00bbdefault\u00bb bg_color=\u00bb#f3f3f6&#8243; scene_position=\u00bbcenter\u00bb top_padding=\u00bb100&#8243; constrain_group_1=\u00bbyes\u00bb bottom_padding=\u00bb100&#8243; text_color=\u00bbdark\u00bb text_align=\u00bbleft\u00bb row_border_radius=\u00bbnone\u00bb row_border_radius_applies=\u00bbbg\u00bb overflow=\u00bbvisible\u00bb overlay_strength=\u00bb0.3&#8243; gradient_direction=\u00bbleft_to_right\u00bb shape_divider_position=\u00bbbottom\u00bb bg_image_animation=\u00bbnone\u00bb gradient_type=\u00bbdefault\u00bb shape_type=\u00bb\u00bb][vc_column column_padding=\u00bbno-extra-padding\u00bb column_padding_tablet=\u00bbinherit\u00bb column_padding_phone=\u00bbinherit\u00bb column_padding_position=\u00bball\u00bb column_element_direction_desktop=\u00bbdefault\u00bb column_element_spacing=\u00bbdefault\u00bb desktop_text_alignment=\u00bbdefault\u00bb tablet_text_alignment=\u00bbdefault\u00bb phone_text_alignment=\u00bbdefault\u00bb background_color_opacity=\u00bb1&#8243; background_hover_color_opacity=\u00bb1&#8243; column_backdrop_filter=\u00bbnone\u00bb column_shadow=\u00bbnone\u00bb column_border_radius=\u00bbnone\u00bb column_link_target=\u00bb_self\u00bb column_position=\u00bbdefault\u00bb gradient_direction=\u00bbleft_to_right\u00bb overlay_strength=\u00bb0.3&#8243; width=\u00bb1\/1&#8243; tablet_width_inherit=\u00bbdefault\u00bb animation_type=\u00bbdefault\u00bb bg_image_animation=\u00bbnone\u00bb border_type=\u00bbsimple\u00bb column_border_width=\u00bbnone\u00bb column_border_style=\u00bbsolid\u00bb][vc_column_text text_direction=\u00bbdefault\u00bb]\n<h2 style=\"color: #0c347e;\">Actividades opcionales<\/h2>\n[\/vc_column_text][divider line_type=\u00bbNo Line\u00bb custom_height=\u00bb50&#8243;]\t[\/vc_column][\/vc_row][vc_row type=\u00bbin_container\u00bb full_screen_row_position=\u00bbmiddle\u00bb column_margin=\u00bbdefault\u00bb column_direction=\u00bbdefault\u00bb column_direction_tablet=\u00bbdefault\u00bb column_direction_phone=\u00bbdefault\u00bb scene_position=\u00bbcenter\u00bb text_color=\u00bbdark\u00bb text_align=\u00bbleft\u00bb row_border_radius=\u00bbnone\u00bb row_border_radius_applies=\u00bbbg\u00bb overflow=\u00bbvisible\u00bb overlay_strength=\u00bb0.3&#8243; gradient_direction=\u00bbleft_to_right\u00bb shape_divider_position=\u00bbbottom\u00bb bg_image_animation=\u00bbnone\u00bb][vc_column column_padding=\u00bbno-extra-padding\u00bb column_padding_tablet=\u00bbinherit\u00bb column_padding_phone=\u00bbinherit\u00bb column_padding_position=\u00bball\u00bb column_element_direction_desktop=\u00bbdefault\u00bb column_element_spacing=\u00bbdefault\u00bb desktop_text_alignment=\u00bbdefault\u00bb tablet_text_alignment=\u00bbdefault\u00bb phone_text_alignment=\u00bbdefault\u00bb background_color_opacity=\u00bb1&#8243; background_hover_color_opacity=\u00bb1&#8243; column_backdrop_filter=\u00bbnone\u00bb column_shadow=\u00bbnone\u00bb column_border_radius=\u00bbnone\u00bb column_link_target=\u00bb_self\u00bb column_position=\u00bbdefault\u00bb gradient_direction=\u00bbleft_to_right\u00bb overlay_strength=\u00bb0.3&#8243; width=\u00bb1\/1&#8243; tablet_width_inherit=\u00bbdefault\u00bb animation_type=\u00bbdefault\u00bb bg_image_animation=\u00bbnone\u00bb border_type=\u00bbsimple\u00bb column_border_width=\u00bbnone\u00bb column_border_style=\u00bbsolid\u00bb][nectar_global_section id=\u00bb66928&#8243;][\/vc_column][\/vc_row]\n","protected":false},"excerpt":{"rendered":"<p>[vc_row type=\u00bbfull_width_background\u00bb full_screen_row_position=\u00bbmiddle\u00bb column_margin=\u00bbdefault\u00bb column_direction=\u00bbdefault\u00bb column_direction_tablet=\u00bbdefault\u00bb column_direction_phone=\u00bbdefault\u00bb bg_image=\u00bb66753&#8243; bg_position=\u00bbcenter center\u00bb background_image_loading=\u00bbdefault\u00bb bg_repeat=\u00bbno-repeat\u00bb full_height=\u00bbyes\u00bb columns_placement=\u00bbstretch\u00bb scene_position=\u00bbcenter\u00bb text_color=\u00bbdark\u00bb text_align=\u00bbleft\u00bb row_border_radius=\u00bbnone\u00bb row_border_radius_applies=\u00bbbg\u00bb overflow=\u00bbvisible\u00bb enable_gradient=\u00bbtrue\u00bb color_overlay=\u00bb#000000&#8243; color_overlay_2=\u00bbrgba(255,255,255,0.01)\u00bb overlay_strength=\u00bb0.5&#8243; gradient_direction=\u00bbtop_to_bottom\u00bb shape_divider_position=\u00bbbottom\u00bb bg_image_animation=\u00bbnone\u00bb gradient_type=\u00bbdefault\u00bb shape_type=\u00bb\u00bb][vc_column column_padding=\u00bbno-extra-padding\u00bb&#8230;<\/p>\n","protected":false},"author":16,"featured_media":0,"parent":90132,"menu_order":0,"comment_status":"closed","ping_status":"closed","template":"","meta":{"_acf_changed":false,"inline_featured_image":false,"footnotes":""},"class_list":["post-90912","page","type-page","status-publish"],"acf":[],"yoast_head":"<!-- This site is optimized with the Yoast SEO Premium plugin v24.2 (Yoast SEO v24.7) - https:\/\/yoast.com\/wordpress\/plugins\/seo\/ -->\n<title>Actividades del campamento de invierno - Les Elfes International Camps Switzerland<\/title>\n<meta name=\"description\" content=\"\u00bfBuscas un campamento de invierno en Europa que ofrezca actividades de invierno inolvidables para los ni\u00f1os? Echa un vistazo a los Campamentos Internacionales Les Elfes en Verbier\" \/>\n<meta name=\"robots\" content=\"index, follow, max-snippet:-1, max-image-preview:large, max-video-preview:-1\" \/>\n<link rel=\"canonical\" href=\"https:\/\/www.leselfes.com\/es\/campamento-de-invierno\/actividades-del-campamento-de-invierno\/\" \/>\n<meta property=\"og:locale\" content=\"es_ES\" \/>\n<meta property=\"og:type\" content=\"article\" \/>\n<meta property=\"og:title\" content=\"Actividades del campamento de invierno\" \/>\n<meta property=\"og:description\" content=\"\u00bfBuscas un campamento de invierno en Europa que ofrezca actividades de invierno inolvidables para los ni\u00f1os? Echa un vistazo a los Campamentos Internacionales Les Elfes en Verbier\" \/>\n<meta property=\"og:url\" content=\"https:\/\/www.leselfes.com\/es\/campamento-de-invierno\/actividades-del-campamento-de-invierno\/\" \/>\n<meta property=\"og:site_name\" content=\"Les Elfes International Camps Switzerland\" \/>\n<meta property=\"article:publisher\" content=\"https:\/\/www.facebook.com\/LesElfesVerbier\" \/>\n<meta property=\"article:modified_time\" content=\"2025-01-10T16:24:36+00:00\" \/>\n<meta property=\"og:image\" content=\"https:\/\/www.leselfes.com\/wp-content\/uploads\/2022\/02\/Les-Elfes-International-summer-camp-Switzerland-Staff-Mobile-591x555-1.jpg\" \/>\n\t<meta property=\"og:image:width\" content=\"591\" \/>\n\t<meta property=\"og:image:height\" content=\"555\" \/>\n\t<meta property=\"og:image:type\" content=\"image\/jpeg\" \/>\n<meta name=\"twitter:card\" content=\"summary_large_image\" \/>\n<meta name=\"twitter:site\" content=\"@LesElfesCamps\" \/>\n<meta name=\"twitter:label1\" content=\"Tiempo de lectura\" \/>\n\t<meta name=\"twitter:data1\" content=\"8 minutos\" \/>\n<script type=\"application\/ld+json\" class=\"yoast-schema-graph\">{\"@context\":\"https:\/\/schema.org\",\"@graph\":[{\"@type\":\"WebPage\",\"@id\":\"https:\/\/www.leselfes.com\/es\/campamento-de-invierno\/actividades-del-campamento-de-invierno\/\",\"url\":\"https:\/\/www.leselfes.com\/es\/campamento-de-invierno\/actividades-del-campamento-de-invierno\/\",\"name\":\"Actividades del campamento de invierno - Les Elfes International Camps Switzerland\",\"isPartOf\":{\"@id\":\"https:\/\/dev.leselfes.com\/#website\"},\"datePublished\":\"2024-04-03T07:06:21+00:00\",\"dateModified\":\"2025-01-10T16:24:36+00:00\",\"description\":\"\u00bfBuscas un campamento de invierno en Europa que ofrezca actividades de invierno inolvidables para los ni\u00f1os? Echa un vistazo a los Campamentos Internacionales Les Elfes en Verbier\",\"breadcrumb\":{\"@id\":\"https:\/\/www.leselfes.com\/es\/campamento-de-invierno\/actividades-del-campamento-de-invierno\/#breadcrumb\"},\"inLanguage\":\"es\",\"potentialAction\":[{\"@type\":\"ReadAction\",\"target\":[\"https:\/\/www.leselfes.com\/es\/campamento-de-invierno\/actividades-del-campamento-de-invierno\/\"]}]},{\"@type\":\"BreadcrumbList\",\"@id\":\"https:\/\/www.leselfes.com\/es\/campamento-de-invierno\/actividades-del-campamento-de-invierno\/#breadcrumb\",\"itemListElement\":[{\"@type\":\"ListItem\",\"position\":1,\"name\":\"Home\",\"item\":\"https:\/\/www.leselfes.com\/es\/inicio\/\"},{\"@type\":\"ListItem\",\"position\":2,\"name\":\"Campamento de invierno\",\"item\":\"https:\/\/www.leselfes.com\/es\/campamento-de-invierno\/\"},{\"@type\":\"ListItem\",\"position\":3,\"name\":\"Actividades del campamento de invierno\"}]},{\"@type\":\"WebSite\",\"@id\":\"https:\/\/dev.leselfes.com\/#website\",\"url\":\"https:\/\/dev.leselfes.com\/\",\"name\":\"Les Elfes International\",\"description\":\"Les Elfes International, Verbier Switzerland. Summer Camp, Winter Camp, Spring Camps.\",\"publisher\":{\"@id\":\"https:\/\/dev.leselfes.com\/#organization\"},\"alternateName\":\"Les Elfes International\",\"potentialAction\":[{\"@type\":\"SearchAction\",\"target\":{\"@type\":\"EntryPoint\",\"urlTemplate\":\"https:\/\/dev.leselfes.com\/?s={search_term_string}\"},\"query-input\":{\"@type\":\"PropertyValueSpecification\",\"valueRequired\":true,\"valueName\":\"search_term_string\"}}],\"inLanguage\":\"es\"},{\"@type\":\"Organization\",\"@id\":\"https:\/\/dev.leselfes.com\/#organization\",\"name\":\"Les Elfes International\",\"alternateName\":\"Les Elfes International\",\"url\":\"https:\/\/dev.leselfes.com\/\",\"logo\":{\"@type\":\"ImageObject\",\"inLanguage\":\"es\",\"@id\":\"https:\/\/dev.leselfes.com\/#\/schema\/logo\/image\/\",\"url\":\"https:\/\/www.leselfes.com\/wp-content\/uploads\/2022\/03\/leselfes-logo.png\",\"contentUrl\":\"https:\/\/www.leselfes.com\/wp-content\/uploads\/2022\/03\/leselfes-logo.png\",\"width\":233,\"height\":51,\"caption\":\"Les Elfes International\"},\"image\":{\"@id\":\"https:\/\/dev.leselfes.com\/#\/schema\/logo\/image\/\"},\"sameAs\":[\"https:\/\/www.facebook.com\/LesElfesVerbier\",\"https:\/\/x.com\/LesElfesCamps\",\"https:\/\/www.instagram.com\/leselfes\",\"https:\/\/www.linkedin.com\/company\/les-elfes-international\",\"https:\/\/www.youtube.com\/user\/LesElfesVerbier\"]}]}<\/script>\n<!-- \/ Yoast SEO Premium plugin. -->","yoast_head_json":{"title":"Actividades del campamento de invierno - Les Elfes International Camps Switzerland","description":"\u00bfBuscas un campamento de invierno en Europa que ofrezca actividades de invierno inolvidables para los ni\u00f1os? Echa un vistazo a los Campamentos Internacionales Les Elfes en Verbier","robots":{"index":"index","follow":"follow","max-snippet":"max-snippet:-1","max-image-preview":"max-image-preview:large","max-video-preview":"max-video-preview:-1"},"canonical":"https:\/\/www.leselfes.com\/es\/campamento-de-invierno\/actividades-del-campamento-de-invierno\/","og_locale":"es_ES","og_type":"article","og_title":"Actividades del campamento de invierno","og_description":"\u00bfBuscas un campamento de invierno en Europa que ofrezca actividades de invierno inolvidables para los ni\u00f1os? Echa un vistazo a los Campamentos Internacionales Les Elfes en Verbier","og_url":"https:\/\/www.leselfes.com\/es\/campamento-de-invierno\/actividades-del-campamento-de-invierno\/","og_site_name":"Les Elfes International Camps Switzerland","article_publisher":"https:\/\/www.facebook.com\/LesElfesVerbier","article_modified_time":"2025-01-10T16:24:36+00:00","og_image":[{"width":591,"height":555,"url":"https:\/\/www.leselfes.com\/wp-content\/uploads\/2022\/02\/Les-Elfes-International-summer-camp-Switzerland-Staff-Mobile-591x555-1.jpg","type":"image\/jpeg"}],"twitter_card":"summary_large_image","twitter_site":"@LesElfesCamps","twitter_misc":{"Tiempo de lectura":"8 minutos"},"schema":{"@context":"https:\/\/schema.org","@graph":[{"@type":"WebPage","@id":"https:\/\/www.leselfes.com\/es\/campamento-de-invierno\/actividades-del-campamento-de-invierno\/","url":"https:\/\/www.leselfes.com\/es\/campamento-de-invierno\/actividades-del-campamento-de-invierno\/","name":"Actividades del campamento de invierno - Les Elfes International Camps Switzerland","isPartOf":{"@id":"https:\/\/dev.leselfes.com\/#website"},"datePublished":"2024-04-03T07:06:21+00:00","dateModified":"2025-01-10T16:24:36+00:00","description":"\u00bfBuscas un campamento de invierno en Europa que ofrezca actividades de invierno inolvidables para los ni\u00f1os? Echa un vistazo a los Campamentos Internacionales Les Elfes en Verbier","breadcrumb":{"@id":"https:\/\/www.leselfes.com\/es\/campamento-de-invierno\/actividades-del-campamento-de-invierno\/#breadcrumb"},"inLanguage":"es","potentialAction":[{"@type":"ReadAction","target":["https:\/\/www.leselfes.com\/es\/campamento-de-invierno\/actividades-del-campamento-de-invierno\/"]}]},{"@type":"BreadcrumbList","@id":"https:\/\/www.leselfes.com\/es\/campamento-de-invierno\/actividades-del-campamento-de-invierno\/#breadcrumb","itemListElement":[{"@type":"ListItem","position":1,"name":"Home","item":"https:\/\/www.leselfes.com\/es\/inicio\/"},{"@type":"ListItem","position":2,"name":"Campamento de invierno","item":"https:\/\/www.leselfes.com\/es\/campamento-de-invierno\/"},{"@type":"ListItem","position":3,"name":"Actividades del campamento de invierno"}]},{"@type":"WebSite","@id":"https:\/\/dev.leselfes.com\/#website","url":"https:\/\/dev.leselfes.com\/","name":"Les Elfes International","description":"Les Elfes International, Verbier Switzerland. Summer Camp, Winter Camp, Spring Camps.","publisher":{"@id":"https:\/\/dev.leselfes.com\/#organization"},"alternateName":"Les Elfes International","potentialAction":[{"@type":"SearchAction","target":{"@type":"EntryPoint","urlTemplate":"https:\/\/dev.leselfes.com\/?s={search_term_string}"},"query-input":{"@type":"PropertyValueSpecification","valueRequired":true,"valueName":"search_term_string"}}],"inLanguage":"es"},{"@type":"Organization","@id":"https:\/\/dev.leselfes.com\/#organization","name":"Les Elfes International","alternateName":"Les Elfes International","url":"https:\/\/dev.leselfes.com\/","logo":{"@type":"ImageObject","inLanguage":"es","@id":"https:\/\/dev.leselfes.com\/#\/schema\/logo\/image\/","url":"https:\/\/www.leselfes.com\/wp-content\/uploads\/2022\/03\/leselfes-logo.png","contentUrl":"https:\/\/www.leselfes.com\/wp-content\/uploads\/2022\/03\/leselfes-logo.png","width":233,"height":51,"caption":"Les Elfes International"},"image":{"@id":"https:\/\/dev.leselfes.com\/#\/schema\/logo\/image\/"},"sameAs":["https:\/\/www.facebook.com\/LesElfesVerbier","https:\/\/x.com\/LesElfesCamps","https:\/\/www.instagram.com\/leselfes","https:\/\/www.linkedin.com\/company\/les-elfes-international","https:\/\/www.youtube.com\/user\/LesElfesVerbier"]}]}},"_links":{"self":[{"href":"https:\/\/www.leselfes.com\/es\/wp-json\/wp\/v2\/pages\/90912"}],"collection":[{"href":"https:\/\/www.leselfes.com\/es\/wp-json\/wp\/v2\/pages"}],"about":[{"href":"https:\/\/www.leselfes.com\/es\/wp-json\/wp\/v2\/types\/page"}],"author":[{"embeddable":true,"href":"https:\/\/www.leselfes.com\/es\/wp-json\/wp\/v2\/users\/16"}],"replies":[{"embeddable":true,"href":"https:\/\/www.leselfes.com\/es\/wp-json\/wp\/v2\/comments?post=90912"}],"version-history":[{"count":2,"href":"https:\/\/www.leselfes.com\/es\/wp-json\/wp\/v2\/pages\/90912\/revisions"}],"predecessor-version":[{"id":97400,"href":"https:\/\/www.leselfes.com\/es\/wp-json\/wp\/v2\/pages\/90912\/revisions\/97400"}],"up":[{"embeddable":true,"href":"https:\/\/www.leselfes.com\/es\/wp-json\/wp\/v2\/pages\/90132"}],"wp:attachment":[{"href":"https:\/\/www.leselfes.com\/es\/wp-json\/wp\/v2\/media?parent=90912"}],"curies":[{"name":"wp","href":"https:\/\/api.w.org\/{rel}","templated":true}]}}