{"id":90984,"date":"2024-04-03T08:57:15","date_gmt":"2024-04-03T06:57:15","guid":{"rendered":"https:\/\/www.leselfes.com\/campamento-de-verano\/actividades-de-los-campamentos-de-verano\/"},"modified":"2026-04-07T15:33:47","modified_gmt":"2026-04-07T13:33:47","slug":"actividades-de-los-campamentos-de-verano","status":"publish","type":"page","link":"https:\/\/www.leselfes.com\/es\/campamento-de-verano\/actividades-de-los-campamentos-de-verano\/","title":{"rendered":"Actividades de los campamentos de verano"},"content":{"rendered":"[vc_row type=\u00bbfull_width_background\u00bb full_screen_row_position=\u00bbmiddle\u00bb column_margin=\u00bbdefault\u00bb column_direction=\u00bbdefault\u00bb column_direction_tablet=\u00bbdefault\u00bb column_direction_phone=\u00bbdefault\u00bb bg_image=\u00bb66936&#8243; bg_position=\u00bbcenter center\u00bb background_image_loading=\u00bbdefault\u00bb bg_repeat=\u00bbno-repeat\u00bb full_height=\u00bbyes\u00bb columns_placement=\u00bbstretch\u00bb scene_position=\u00bbcenter\u00bb text_color=\u00bbdark\u00bb text_align=\u00bbleft\u00bb row_border_radius=\u00bbnone\u00bb row_border_radius_applies=\u00bbbg\u00bb overflow=\u00bbvisible\u00bb enable_gradient=\u00bbtrue\u00bb color_overlay=\u00bb#000000&#8243; color_overlay_2=\u00bbrgba(255,255,255,0.01)\u00bb overlay_strength=\u00bb0.5&#8243; gradient_direction=\u00bbtop_to_bottom\u00bb shape_divider_position=\u00bbbottom\u00bb bg_image_animation=\u00bbnone\u00bb gradient_type=\u00bbdefault\u00bb shape_type=\u00bb\u00bb][vc_column column_padding=\u00bbno-extra-padding\u00bb column_padding_tablet=\u00bbinherit\u00bb column_padding_phone=\u00bbinherit\u00bb column_padding_position=\u00bball\u00bb column_element_direction_desktop=\u00bbdefault\u00bb column_element_spacing=\u00bbdefault\u00bb centered_text=\u00bbtrue\u00bb desktop_text_alignment=\u00bbcenter\u00bb tablet_text_alignment=\u00bbdefault\u00bb phone_text_alignment=\u00bbdefault\u00bb background_color_opacity=\u00bb1&#8243; background_hover_color_opacity=\u00bb1&#8243; column_backdrop_filter=\u00bbnone\u00bb font_color=\u00bb#ffffff\u00bb column_shadow=\u00bbnone\u00bb column_border_radius=\u00bbnone\u00bb column_link_target=\u00bb_self\u00bb column_position=\u00bbdefault\u00bb el_class=\u00bbflexItForButtonBottom\u00bb gradient_direction=\u00bbleft_to_right\u00bb overlay_strength=\u00bb0.3&#8243; width=\u00bb1\/1&#8243; tablet_width_inherit=\u00bbdefault\u00bb animation_type=\u00bbdefault\u00bb bg_image_animation=\u00bbnone\u00bb border_type=\u00bbsimple\u00bb column_border_width=\u00bbnone\u00bb column_border_style=\u00bbsolid\u00bb column_padding_type=\u00bbdefault\u00bb gradient_type=\u00bbdefault\u00bb][divider line_type=\u00bbNo Line\u00bb custom_height=\u00bb200&#8243; custom_height_phone=\u00bb100&#8243;][vc_column_text text_direction=\u00bbdefault\u00bb el_class=\u00bbfs49&#8243;]\n<h1 style=\"text-align: center;\">Actividades de los campamentos de <strong>verano<\/strong><\/h1>\n<p style=\"text-align: center;\">en Verbier, <span class=\"swissFlag\">Suiza<\/span><\/p>\n[\/vc_column_text][vc_row_inner equal_height=\u00bbyes\u00bb content_placement=\u00bbmiddle\u00bb column_margin=\u00bb100px\u00bb column_direction=\u00bbdefault\u00bb column_direction_tablet=\u00bbdefault\u00bb column_direction_phone=\u00bbdefault\u00bb text_align=\u00bbleft\u00bb row_position=\u00bbdefault\u00bb row_position_tablet=\u00bbinherit\u00bb row_position_phone=\u00bbinherit\u00bb overflow=\u00bbvisible\u00bb pointer_events=\u00bball\u00bb class=\u00bbflexGoBottom\u00bb][vc_column_inner column_padding=\u00bbno-extra-padding\u00bb column_padding_tablet=\u00bbinherit\u00bb column_padding_phone=\u00bbinherit\u00bb column_padding_position=\u00bball\u00bb column_element_direction_desktop=\u00bbdefault\u00bb column_element_spacing=\u00bbdefault\u00bb desktop_text_alignment=\u00bbdefault\u00bb tablet_text_alignment=\u00bbdefault\u00bb phone_text_alignment=\u00bbdefault\u00bb background_color_opacity=\u00bb1&#8243; background_hover_color_opacity=\u00bb1&#8243; column_backdrop_filter=\u00bbnone\u00bb column_shadow=\u00bbnone\u00bb column_border_radius=\u00bbnone\u00bb column_link_target=\u00bb_self\u00bb overflow=\u00bbvisible\u00bb gradient_direction=\u00bbleft_to_right\u00bb overlay_strength=\u00bb0.3&#8243; width=\u00bb1\/4&#8243; tablet_width_inherit=\u00bbdefault\u00bb animation_type=\u00bbdefault\u00bb bg_image_animation=\u00bbnone\u00bb border_type=\u00bbsimple\u00bb column_border_width=\u00bbnone\u00bb column_border_style=\u00bbsolid\u00bb column_padding_type=\u00bbdefault\u00bb gradient_type=\u00bbdefault\u00bb offset=\u00bbvc_hidden-md vc_hidden-sm vc_hidden-xs\u00bb][\/vc_column_inner][vc_column_inner column_padding=\u00bbno-extra-padding\u00bb column_padding_tablet=\u00bbinherit\u00bb column_padding_phone=\u00bbinherit\u00bb column_padding_position=\u00bball\u00bb column_element_direction_desktop=\u00bbdefault\u00bb column_element_spacing=\u00bbdefault\u00bb desktop_text_alignment=\u00bbdefault\u00bb tablet_text_alignment=\u00bbdefault\u00bb phone_text_alignment=\u00bbdefault\u00bb background_color=\u00bb#d7844e\u00bb background_color_opacity=\u00bb1&#8243; background_hover_color_opacity=\u00bb1&#8243; column_backdrop_filter=\u00bbnone\u00bb column_shadow=\u00bbnone\u00bb column_border_radius=\u00bbcustom\u00bb top_left_border_radius=\u00bb30&#8243; top_right_border_radius=\u00bb30&#8243; bottom_right_border_radius=\u00bb30&#8243; column_link_target=\u00bb_self\u00bb overflow=\u00bbvisible\u00bb el_class=\u00bbrowCampHeader\u00bb gradient_direction=\u00bbleft_to_right\u00bb overlay_strength=\u00bb0.3&#8243; width=\u00bb1\/4&#8243; tablet_width_inherit=\u00bbdefault\u00bb animation_type=\u00bbdefault\u00bb bg_image_animation=\u00bbnone\u00bb border_type=\u00bbsimple\u00bb column_border_width=\u00bbnone\u00bb column_border_style=\u00bbsolid\u00bb column_padding_type=\u00bbdefault\u00bb gradient_type=\u00bbdefault\u00bb offset=\u00bbvc_col-lg-3 vc_col-md-6 vc_col-xs-12&#8243; column_link=\u00bbhttps:\/\/www.leselfes.com\/es\/campamento-de-verano\/inscribete-en-el-campamento-de-verano\/\u00bb][vc_column_text text_direction=\u00bbdefault\u00bb]<strong>Inscr\u00edbete<\/strong> ahora[\/vc_column_text][\/vc_column_inner][vc_column_inner column_padding=\u00bbno-extra-padding\u00bb column_padding_tablet=\u00bbinherit\u00bb column_padding_phone=\u00bbinherit\u00bb column_padding_position=\u00bball\u00bb column_element_direction_desktop=\u00bbdefault\u00bb column_element_spacing=\u00bbdefault\u00bb desktop_text_alignment=\u00bbdefault\u00bb tablet_text_alignment=\u00bbdefault\u00bb phone_text_alignment=\u00bbdefault\u00bb background_color=\u00bb#e3c215&#8243; background_color_opacity=\u00bb1&#8243; background_hover_color_opacity=\u00bb1&#8243; column_backdrop_filter=\u00bbnone\u00bb column_shadow=\u00bbnone\u00bb column_border_radius=\u00bbcustom\u00bb top_left_border_radius=\u00bb30&#8243; top_right_border_radius=\u00bb30&#8243; bottom_right_border_radius=\u00bb30&#8243; column_link_target=\u00bb_self\u00bb overflow=\u00bbvisible\u00bb el_class=\u00bbrowCampHeader\u00bb gradient_direction=\u00bbleft_to_right\u00bb overlay_strength=\u00bb0.3&#8243; width=\u00bb1\/4&#8243; tablet_width_inherit=\u00bbdefault\u00bb animation_type=\u00bbdefault\u00bb bg_image_animation=\u00bbnone\u00bb border_type=\u00bbsimple\u00bb column_border_width=\u00bbnone\u00bb column_border_style=\u00bbsolid\u00bb column_padding_type=\u00bbdefault\u00bb gradient_type=\u00bbdefault\u00bb offset=\u00bbvc_col-lg-3 vc_col-md-6 vc_col-xs-12&#8243; column_link=\u00bbhttps:\/\/www.leselfes.com\/es\/comprobar-disponibilidad\/\u00bb][vc_column_text text_direction=\u00bbdefault\u00bb]<strong>Comprobar<\/strong> disponibilidad[\/vc_column_text][\/vc_column_inner][vc_column_inner column_padding=\u00bbno-extra-padding\u00bb column_padding_tablet=\u00bbinherit\u00bb column_padding_phone=\u00bbinherit\u00bb column_padding_position=\u00bball\u00bb column_element_direction_desktop=\u00bbdefault\u00bb column_element_spacing=\u00bbdefault\u00bb desktop_text_alignment=\u00bbdefault\u00bb tablet_text_alignment=\u00bbdefault\u00bb phone_text_alignment=\u00bbdefault\u00bb background_color_opacity=\u00bb1&#8243; background_hover_color_opacity=\u00bb1&#8243; column_backdrop_filter=\u00bbnone\u00bb column_shadow=\u00bbnone\u00bb column_border_radius=\u00bbnone\u00bb column_link_target=\u00bb_self\u00bb overflow=\u00bbvisible\u00bb gradient_direction=\u00bbleft_to_right\u00bb overlay_strength=\u00bb0.3&#8243; width=\u00bb1\/4&#8243; tablet_width_inherit=\u00bbdefault\u00bb animation_type=\u00bbdefault\u00bb bg_image_animation=\u00bbnone\u00bb border_type=\u00bbsimple\u00bb column_border_width=\u00bbnone\u00bb column_border_style=\u00bbsolid\u00bb column_padding_type=\u00bbdefault\u00bb gradient_type=\u00bbdefault\u00bb offset=\u00bbvc_hidden-md vc_hidden-sm vc_hidden-xs\u00bb][\/vc_column_inner][\/vc_row_inner][\/vc_column][\/vc_row][vc_row type=\u00bbfull_width_background\u00bb full_screen_row_position=\u00bbmiddle\u00bb column_margin=\u00bbdefault\u00bb column_direction=\u00bbdefault\u00bb column_direction_tablet=\u00bbdefault\u00bb column_direction_phone=\u00bbdefault\u00bb bg_color=\u00bb#f3f3f6&#8243; scene_position=\u00bbcenter\u00bb top_padding=\u00bb100&#8243; constrain_group_1=\u00bbyes\u00bb bottom_padding=\u00bb100&#8243; text_color=\u00bbdark\u00bb text_align=\u00bbleft\u00bb row_border_radius=\u00bbnone\u00bb row_border_radius_applies=\u00bbbg\u00bb overflow=\u00bbvisible\u00bb overlay_strength=\u00bb0.3&#8243; gradient_direction=\u00bbleft_to_right\u00bb shape_divider_position=\u00bbbottom\u00bb bg_image_animation=\u00bbnone\u00bb gradient_type=\u00bbdefault\u00bb shape_type=\u00bb\u00bb][vc_column column_padding=\u00bbno-extra-padding\u00bb column_padding_tablet=\u00bbinherit\u00bb column_padding_phone=\u00bbinherit\u00bb column_padding_position=\u00bball\u00bb column_element_direction_desktop=\u00bbdefault\u00bb column_element_spacing=\u00bbdefault\u00bb desktop_text_alignment=\u00bbdefault\u00bb tablet_text_alignment=\u00bbdefault\u00bb phone_text_alignment=\u00bbdefault\u00bb background_color_opacity=\u00bb1&#8243; background_hover_color_opacity=\u00bb1&#8243; column_backdrop_filter=\u00bbnone\u00bb column_shadow=\u00bbnone\u00bb column_border_radius=\u00bbnone\u00bb column_link_target=\u00bb_self\u00bb column_position=\u00bbdefault\u00bb gradient_direction=\u00bbleft_to_right\u00bb overlay_strength=\u00bb0.3&#8243; width=\u00bb1\/1&#8243; tablet_width_inherit=\u00bbdefault\u00bb animation_type=\u00bbdefault\u00bb bg_image_animation=\u00bbnone\u00bb border_type=\u00bbsimple\u00bb column_border_width=\u00bbnone\u00bb column_border_style=\u00bbsolid\u00bb][vc_column_text el_class=\u00bbfs53&#8243; text_direction=\u00bbdefault\u00bb]\n<h2 style=\"color: #0c347e;\">Todas nuestras actividades<\/h2>\n[\/vc_column_text][divider line_type=\u00bbNo Line\u00bb custom_height=\u00bb50&#8243;]  <div class=\"all_activities_container\">\n\n\n\n\n\n      <div class=\"one_all_activities\">\n      <a href=\"#actividades-lacustres\">\n        <img decoding=\"async\" src=\"https:\/\/www.leselfes.com\/wp-content\/uploads\/2024\/04\/DSC_19581.jpg\" alt=\"\" class=\"image_all_activities\">\n        <span class=\"title_all_activities\">Actividades lacustres<\/span>\n        <\/a>\n    <\/div>\n      <div class=\"one_all_activities\">\n      <a href=\"#barco-bananero\">\n        <img decoding=\"async\" src=\"https:\/\/www.leselfes.com\/wp-content\/uploads\/2024\/04\/DSC_21751.jpg\" alt=\"\" class=\"image_all_activities\">\n        <span class=\"title_all_activities\">Barco bananero<\/span>\n        <\/a>\n    <\/div>\n      <div class=\"one_all_activities\">\n      <a href=\"#cocina\/arte\/teatro-(6-&#8211;-14-a\u00f1os)\">\n        <img decoding=\"async\" src=\"https:\/\/www.leselfes.com\/wp-content\/uploads\/2024\/04\/52782030708_38e450ae93_o1.jpg\" alt=\"\" class=\"image_all_activities\">\n        <span class=\"title_all_activities\">Cocina\/Arte\/Teatro (6 &#8211; 14 a\u00f1os)<\/span>\n        <\/a>\n    <\/div>\n      <div class=\"one_all_activities\">\n      <a href=\"#curso-de-primeros-auxilios-(14-17-a\u00f1os)\">\n        <img decoding=\"async\" src=\"https:\/\/www.leselfes.com\/wp-content\/uploads\/2022\/03\/first-aid-course.webp\" alt=\"\" class=\"image_all_activities\">\n        <span class=\"title_all_activities\">Curso de primeros auxilios (14-17 a\u00f1os)<\/span>\n        <\/a>\n    <\/div>\n      <div class=\"one_all_activities\">\n      <a href=\"#d\u00eda-internacional\">\n        <img decoding=\"async\" src=\"https:\/\/www.leselfes.com\/wp-content\/uploads\/2024\/04\/Summer-camp-2023-activity-and-language-camp-holi-fest-color-party-11.jpg\" alt=\"\" class=\"image_all_activities\">\n        <span class=\"title_all_activities\">D\u00eda Internacional<\/span>\n        <\/a>\n    <\/div>\n      <div class=\"one_all_activities\">\n      <a href=\"#equitaci\u00f3n\">\n        <img decoding=\"async\" src=\"https:\/\/www.leselfes.com\/wp-content\/uploads\/2024\/04\/Horse-riding-31.jpg\" alt=\"\" class=\"image_all_activities\">\n        <span class=\"title_all_activities\">Equitaci\u00f3n<\/span>\n        <\/a>\n    <\/div>\n      <div class=\"one_all_activities\">\n      <a href=\"#etiqueta-rugby\">\n        <img decoding=\"async\" src=\"https:\/\/www.leselfes.com\/wp-content\/uploads\/2024\/04\/53063728915_8920dfa8a3_c.jpg\" alt=\"\" class=\"image_all_activities\">\n        <span class=\"title_all_activities\">Etiqueta rugby<\/span>\n        <\/a>\n    <\/div>\n      <div class=\"one_all_activities\">\n      <a href=\"#etiqueta-y-modales-en-la-mesa-(a-partir-de-6-a\u00f1os)\">\n        <img decoding=\"async\" src=\"https:\/\/www.leselfes.com\/wp-content\/uploads\/2022\/03\/etiquette-table-manner_6_11zon.jpg\" alt=\"\" class=\"image_all_activities\">\n        <span class=\"title_all_activities\">Etiqueta y modales en la mesa (a partir de 6 a\u00f1os)<\/span>\n        <\/a>\n    <\/div>\n      <div class=\"one_all_activities\">\n      <a href=\"#fotograf\u00eda\">\n        <img decoding=\"async\" src=\"https:\/\/www.leselfes.com\/wp-content\/uploads\/2021\/05\/Champex-lac-Newsletter.jpg\" alt=\"\" class=\"image_all_activities\">\n        <span class=\"title_all_activities\">Fotograf\u00eda<\/span>\n        <\/a>\n    <\/div>\n      <div class=\"one_all_activities\">\n      <a href=\"#golf\">\n        <img decoding=\"async\" src=\"https:\/\/www.leselfes.com\/wp-content\/uploads\/2024\/04\/Golf-21.jpg\" alt=\"\" class=\"image_all_activities\">\n        <span class=\"title_all_activities\">Golf<\/span>\n        <\/a>\n    <\/div>\n      <div class=\"one_all_activities\">\n      <a href=\"#laberinto\">\n        <img decoding=\"async\" src=\"https:\/\/www.leselfes.com\/wp-content\/uploads\/2024\/04\/Laby-Evionnaz-scaled11.jpg\" alt=\"\" class=\"image_all_activities\">\n        <span class=\"title_all_activities\">Laberinto<\/span>\n        <\/a>\n    <\/div>\n      <div class=\"one_all_activities\">\n      <a href=\"#nataci\u00f3n\">\n        <img decoding=\"async\" src=\"https:\/\/www.leselfes.com\/wp-content\/uploads\/2024\/03\/Copy-of-Les-Elfes-Summer-camps-water-games-Crans-Montana.png\" alt=\"\" class=\"image_all_activities\">\n        <span class=\"title_all_activities\">Nataci\u00f3n<\/span>\n        <\/a>\n    <\/div>\n      <div class=\"one_all_activities\">\n      <a href=\"#programa-de-formaci\u00f3n-de-l\u00edderes-(12-17-a\u00f1os):\">\n        <img decoding=\"async\" src=\"https:\/\/www.leselfes.com\/wp-content\/uploads\/2024\/04\/ADD_14801.jpg\" alt=\"\" class=\"image_all_activities\">\n        <span class=\"title_all_activities\">Programa de Formaci\u00f3n de L\u00edderes (12-17 a\u00f1os):<\/span>\n        <\/a>\n    <\/div>\n      <div class=\"one_all_activities\">\n      <a href=\"#refugio-de-monta\u00f1a\">\n        <img decoding=\"async\" src=\"https:\/\/www.leselfes.com\/wp-content\/uploads\/2024\/03\/all-of-our-programs-are-entirely-customizable.png\" alt=\"\" class=\"image_all_activities\">\n        <span class=\"title_all_activities\">Refugio de monta\u00f1a<\/span>\n        <\/a>\n    <\/div>\n      <div class=\"one_all_activities\">\n      <a href=\"#senderismo\">\n        <img decoding=\"async\" src=\"https:\/\/www.leselfes.com\/wp-content\/uploads\/2021\/08\/jungfrauregion_lauterbrunnen-kleine-scheidegg_sts0040150-header-1-e1628057953716.jpg\" alt=\"\" class=\"image_all_activities\">\n        <span class=\"title_all_activities\">Senderismo<\/span>\n        <\/a>\n    <\/div>\n      <div class=\"one_all_activities\">\n      <a href=\"#tenis\">\n        <img decoding=\"async\" src=\"https:\/\/www.leselfes.com\/wp-content\/uploads\/2024\/04\/Tennis-drone1.jpg\" alt=\"\" class=\"image_all_activities\">\n        <span class=\"title_all_activities\">Tenis<\/span>\n        <\/a>\n    <\/div>\n      <div class=\"one_all_activities\">\n      <a href=\"#visita-al-zoo\">\n        <img decoding=\"async\" src=\"https:\/\/www.leselfes.com\/wp-content\/uploads\/2024\/04\/53049612513_a50c5bf6d5_c.jpg\" alt=\"\" class=\"image_all_activities\">\n        <span class=\"title_all_activities\">Visita al zoo<\/span>\n        <\/a>\n    <\/div>\n    <\/div>\n[nectar_cta btn_style=\u00bbbasic\u00bb heading_tag=\u00bbspan\u00bb button_color=\u00bbextra-color-1&#8243; button_color_hover=\u00bb#e2836a\u00bb text_color=\u00bb#ffffff\u00bb button_border_thickness=\u00bb0px\u00bb link_type=\u00bbnew_tab\u00bb alignment=\u00bbcenter\u00bb alignment_tablet=\u00bbdefault\u00bb alignment_phone=\u00bbdefault\u00bb display=\u00bbblock\u00bb display_tablet=\u00bbinherit\u00bb display_phone=\u00bbinherit\u00bb icon_family=\u00bbnone\u00bb link_text=\u00bbFECHAS Y PRECIOS &#8211; CAMPAMENTO DE VERANO 2026&#8243; url=\u00bbhttps:\/\/www.leselfes.com\/es\/?page_id=89351&#8243; padding_top=\u00bb10&#8243; padding_bottom=\u00bb10&#8243; padding_left=\u00bb31&#8243; padding_right=\u00bb30&#8243;][\/vc_column][\/vc_row][vc_row type=\u00bbfull_width_background\u00bb full_screen_row_position=\u00bbmiddle\u00bb column_margin=\u00bbdefault\u00bb column_direction=\u00bbdefault\u00bb column_direction_tablet=\u00bbdefault\u00bb column_direction_phone=\u00bbdefault\u00bb bg_color=\u00bb#f3f3f6&#8243; scene_position=\u00bbcenter\u00bb top_padding=\u00bb100&#8243; constrain_group_1=\u00bbyes\u00bb bottom_padding=\u00bb100&#8243; text_color=\u00bbdark\u00bb text_align=\u00bbleft\u00bb row_border_radius=\u00bbnone\u00bb row_border_radius_applies=\u00bbbg\u00bb overflow=\u00bbvisible\u00bb overlay_strength=\u00bb0.3&#8243; gradient_direction=\u00bbleft_to_right\u00bb shape_divider_position=\u00bbbottom\u00bb bg_image_animation=\u00bbnone\u00bb gradient_type=\u00bbdefault\u00bb shape_type=\u00bb\u00bb][vc_column column_padding=\u00bbno-extra-padding\u00bb column_padding_tablet=\u00bbinherit\u00bb column_padding_phone=\u00bbinherit\u00bb column_padding_position=\u00bball\u00bb column_element_direction_desktop=\u00bbdefault\u00bb column_element_spacing=\u00bbdefault\u00bb desktop_text_alignment=\u00bbdefault\u00bb tablet_text_alignment=\u00bbdefault\u00bb phone_text_alignment=\u00bbdefault\u00bb background_color_opacity=\u00bb1&#8243; background_hover_color_opacity=\u00bb1&#8243; column_backdrop_filter=\u00bbnone\u00bb column_shadow=\u00bbnone\u00bb column_border_radius=\u00bbnone\u00bb column_link_target=\u00bb_self\u00bb column_position=\u00bbdefault\u00bb gradient_direction=\u00bbleft_to_right\u00bb overlay_strength=\u00bb0.3&#8243; width=\u00bb1\/1&#8243; tablet_width_inherit=\u00bbdefault\u00bb animation_type=\u00bbdefault\u00bb bg_image_animation=\u00bbnone\u00bb border_type=\u00bbsimple\u00bb column_border_width=\u00bbnone\u00bb column_border_style=\u00bbsolid\u00bb][vc_column_text el_class=\u00bbfs53&#8243; text_direction=\u00bbdefault\u00bb]\n<h2 style=\"color: #0c347e;\">Actividades principales<\/h2>\n[\/vc_column_text][divider line_type=\u00bbNo Line\u00bb custom_height=\u00bb50&#8243;]\n\t<div  data-column-margin=\"default\" data-midnight=\"dark\" class=\"wpb_row vc_row-fluid vc_row full-width-section\" >\n\t\t<div class=\"row_col_wrap_12 col span_12 dark left\">\n\t\t\t<div class=\"vc_col-sm-12 wpb_column column_container vc_column_container col no-extra-padding inherit_tablet inherit_phone \" data-padding-pos=\"all\" data-has-bg-color=\"false\" data-bg-color=\"\" data-bg-opacity=\"1\" data-animation=\"\" data-delay=\"0\">\n\t\t\t<div class=\"vc_column-inner\">\n\t\t\t\t<div class=\"wpb_wrapper\">\n\t\t\t\t\t\t\t\t\t\t\t\t\t\t\t<!-- <div id=\"visita-al-zoo\"  data-midnight=\"\" data-column-margin=\"default\" class=\"wpb_row vc_row-fluid vc_row inner_row vc_row-o-equal-height vc_row-flex vc_row-o-content-middle reverse_columns_column_tablet reverse_columns_column_phone\" style=\"padding-top: 50px; padding-bottom: 50px; \">\n\t\t\t\t\t\t<div class=\"row_col_wrap_12_inner col span_12  left\">\n\t\t\t\t\t\t<div class=\"vc_col-sm-6 videoLeft wpb_column column_container vc_column_container col child_column no-extra-padding inherit_tablet inherit_phone \" data-border-radius=\"20px\" data-padding-pos=\"all\" data-has-bg-color=\"false\" data-bg-color=\"\" data-bg-opacity=\"1\" data-animation=\"\" data-delay=\"0\">\n\t\t\t\t\t\t\t<div class=\"vc_column-inner\">\n\t\t\t\t\t\t\t<div class=\"wpb_wrapper\">\n\t\t\t\t\t            <img decoding=\"async\" class=\"img-with-animation skip-lazy activityImage\"  data-animation=\"none\" src=\"https:\/\/www.leselfes.com\/wp-content\/uploads\/2024\/04\/53049612513_a50c5bf6d5_c.jpg\" alt=\"\" >\n\n\t\t\t\t\t\t\t<\/div>\n\t\t\t\t\t\t<\/div>\n\t\t\t\t\t\t<\/div>\n\n\t\t\t\t\t\t<div class=\"vc_col-sm-6 wpb_column column_container vc_column_container col child_column right_padding_desktop_100px right_padding_tablet_0px \" data-padding-pos=\"all\" data-has-bg-color=\"false\" data-bg-color=\"\" data-bg-opacity=\"1\" data-animation=\"\" data-delay=\"0\">\n\t\t\t\t\t\t\t<div class=\"vc_column-inner\">\n\t\t\t\t\t\t\t<div class=\"wpb_wrapper\">\n\n\t\t\t\t\t<div class=\"wpb_text_column wpb_content_element  fs53\">\n\t\t\t\t\t\t\t<h2 >Visita al zoo <\/h2>\n\t\t\t\t\t<\/div>\n\t\t\t\t\t\t<div class=\"wpb_text_column wpb_content_element \">\n\t\t\t\t\t\t\t <p>El Zoo es siempre un destino encantador para nuestros campistas m\u00e1s j\u00f3venes.<br \/>\nDesde los adorables l\u00e9mures hasta los majestuosos leopardos de las nieves, el Zoo ofrece una fascinante visi\u00f3n de la diversidad de la vida salvaje. <\/p>\n\t\t\t\t\t\t<\/div>\n\t\t\t\t\t\t\t\t<\/div>\n\t\t\t\t\t\t\t<\/div>\n\t\t\t\t\t\t\t<\/div>\n\t<\/div>\n<\/div> -->\n<div id=\"visita-al-zoo\" data-midnight=\"\" data-column-margin=\"default\" class=\"wpb_row vc_row-fluid vc_row inner_row\" style=\"\"><div class=\"row-bg-wrap\"> <div class=\"row-bg\"><\/div> <\/div><div class=\"row_col_wrap_12_inner col span_12  left\">\n\t<div style=\" \" class=\"vc_col-sm-6 biggerDiv boxNumberBefore wpb_column column_container oneActivityNew vc_column_container col child_column left_margin_0px right_margin_tablet_0px left_margin_tablet_0px left_padding_desktop_100px left_padding_phone_50px top_padding_desktop_50px top_padding_phone_50px right_padding_desktop_250px right_padding_phone_50px bottom_padding_desktop_50px bottom_padding_phone_50px instance-38\" data-using-bg=\"true\" data-padding-pos=\"all\" data-has-bg-color=\"true\" data-bg-color=\"#ffffff\" data-bg-opacity=\"1\" data-animation=\"\" data-delay=\"0\">\n\t\t<div class=\"vc_column-inner pa75\"><div class=\"column-bg-overlay-wrap column-bg-layer \" data-bg-animation=\"none\"><div class=\"column-bg-overlay bradius\" style=\"opacity: 1; background-color: #ffffff;\"><\/div><\/div>\n\t\t<div class=\"wpb_wrapper\">\n\n<div class=\"wpb_text_column wpb_content_element \">\n\t<div class=\"wpb_wrapper\">\n\t\t<h3 style=\"color: #0c347e;\">Visita al zoo<\/h3>\n\t<\/div>\n<\/div>\n\n\n\n\n<div class=\"wpb_text_column wpb_content_element \">\n\t<div class=\"wpb_wrapper\">\n <p>El Zoo es siempre un destino encantador para nuestros campistas m\u00e1s j\u00f3venes.<br \/>\nDesde los adorables l\u00e9mures hasta los majestuosos leopardos de las nieves, el Zoo ofrece una fascinante visi\u00f3n de la diversidad de la vida salvaje. <\/p>\n\t<\/div>\n<\/div>\n\n\t\t<\/div>\n\t<\/div>\n\t<\/div>\n\n\t<div class=\"vc_col-sm-6 kboxImageDiv wpb_column column_container vc_column_container col child_column no-extra-padding left_margin_-200px inherit_tablet inherit_phone \" data-padding-pos=\"all\" data-has-bg-color=\"false\" data-bg-color=\"\" data-bg-opacity=\"1\" data-animation=\"\" data-delay=\"0\">\n\t\t<div class=\"vc_column-inner\">\n\t\t<div class=\"wpb_wrapper\">\n\t\t\t<div class=\"img-with-aniamtion-wrap \" data-max-width=\"100%\" data-max-width-mobile=\"default\" data-shadow=\"none\" data-animation=\"none\" style=\"margin-top: -50px; \">\n      <div class=\"inner\">\n        <div class=\"hover-wrap\">\n          <div class=\"hover-wrap-inner\">\n            <img loading=\"lazy\" decoding=\"async\" class=\"img-with-animation skip-lazy imageActivity\" data-delay=\"0\" data-animation=\"none\" src=\"https:\/\/www.leselfes.com\/wp-content\/uploads\/2024\/04\/53049612513_a50c5bf6d5_c.jpg\" alt=\"\">\n          <\/div>\n        <\/div>\n      <\/div>\n    <\/div>\n<!-- <div class=\"wpb_text_column wpb_content_element  htagbottom2right\">\n\t<div class=\"wpb_wrapper\">\n\t\t<p>#Adventure<\/p>\n\t<\/div>\n<\/div> -->\n\n\n\n\n\t\t<\/div>\n\t<\/div>\n\t<\/div>\n<\/div><\/div>\n\t\t\t\t\t  <div id=\"etiqueta-rugby\" data-midnight=\"\" data-column-margin=\"default\" class=\"wpb_row vc_row-fluid vc_row inner_row reverseFlex reverse_columns_column_tablet\" style=\"\"><div class=\"row-bg-wrap\"> <div class=\"row-bg\"><\/div> <\/div><div class=\"row_col_wrap_12_inner col span_12  left\">\n  \t<div class=\"vc_col-sm-6 kboxImageDiv wpb_column column_container vc_column_container col child_column no-extra-padding inherit_tablet inherit_phone \" data-padding-pos=\"all\" data-has-bg-color=\"false\" data-bg-color=\"\" data-bg-opacity=\"1\" data-animation=\"\" data-delay=\"0\">\n  \t\t<div class=\"vc_column-inne r\">\n  \t\t<div class=\"wpb_wrapper\">\n  \t\t\t<div class=\"img-with-aniamtion-wrap \" data-max-width=\"100%\" data-max-width-mobile=\"default\" data-shadow=\"none\" data-animation=\"none\" style=\"margin-top: -50px; \">\n        <div class=\"inner\">\n          <div class=\"hover-wrap\">\n            <div class=\"hover-wrap-inner\">\n              <img loading=\"lazy\" decoding=\"async\" class=\"img-with-animation skip-lazy imageActivity\" data-delay=\"0\" data-animation=\"none\" src=\"https:\/\/www.leselfes.com\/wp-content\/uploads\/2024\/04\/53063728915_8920dfa8a3_c.jpg\" alt=\"\">\n            <\/div>\n          <\/div>\n        <\/div>\n      <\/div>\n\n\n\n\n\n  \t\t<\/div>\n  \t<\/div>\n  \t<\/div>\n\n  \t<div  class=\"vc_col-sm-6 biggerDiv  oneActivityNew boxNumberBefore wpb_column column_container vc_column_container col child_column left_margin_-200px right_margin_tablet_0px left_margin_tablet_0px left_padding_desktop_250px left_padding_phone_50px top_padding_desktop_50px top_padding_phone_50px right_padding_desktop_100px right_padding_phone_50px bottom_padding_desktop_50px bottom_padding_phone_50px instance-45\" data-using-bg=\"true\" data-padding-pos=\"all\" data-has-bg-color=\"true\" data-bg-color=\"#ffffff\" data-bg-opacity=\"1\" data-animation=\"\" data-delay=\"0\">\n  \t\t<div class=\"vc_column-inner pa75\"><div class=\"column-bg-overlay-wrap column-bg-layer\" data-bg-animation=\"none\"><div class=\"column-bg-overlay bradius\" style=\"opacity: 1; background-color: #ffffff;\"><\/div><\/div>\n  \t\t<div class=\"wpb_wrapper\">\n\n  <div class=\"wpb_text_column wpb_content_element \">\n  \t<div class=\"wpb_wrapper\">\n  \t\t<h3 style=\"color: #0c347e;\">Etiqueta rugby<\/h3>\n  \t<\/div>\n  <\/div>\n\n\n\n\n  <div class=\"wpb_text_column wpb_content_element \">\n  \t<div class=\"wpb_wrapper\">\n <p>Experimenta el trepidante deporte del tag rugby.<br \/>\nCon su naturaleza de no contacto y su \u00e9nfasis en el trabajo en equipo y la estrategia, el rugby de etiqueta ofrece una emocionante v\u00eda para que los ni\u00f1os desarrollen sus habilidades atl\u00e9ticas mientras se divierten.<br \/>\nLos campistas pueden aprender los fundamentos del juego, ganar confianza y fomentar la camarader\u00eda con sus compa\u00f1eros en un entorno solidario e integrador.  <\/p>\n  \t<\/div>\n  <\/div>\n\n\n\n\n  \t<\/div>\n  \t<\/div>\n  <\/div><\/div>\n<\/div>\n\t\t\t\t\t\t\t\t\t\t<!-- <div id=\"laberinto\"  data-midnight=\"\" data-column-margin=\"default\" class=\"wpb_row vc_row-fluid vc_row inner_row vc_row-o-equal-height vc_row-flex vc_row-o-content-middle reverse_columns_column_tablet reverse_columns_column_phone\" style=\"padding-top: 50px; padding-bottom: 50px; \">\n\t\t\t\t\t\t<div class=\"row_col_wrap_12_inner col span_12  left\">\n\t\t\t\t\t\t<div class=\"vc_col-sm-6 videoLeft wpb_column column_container vc_column_container col child_column no-extra-padding inherit_tablet inherit_phone \" data-border-radius=\"20px\" data-padding-pos=\"all\" data-has-bg-color=\"false\" data-bg-color=\"\" data-bg-opacity=\"1\" data-animation=\"\" data-delay=\"0\">\n\t\t\t\t\t\t\t<div class=\"vc_column-inner\">\n\t\t\t\t\t\t\t<div class=\"wpb_wrapper\">\n\t\t\t\t\t            <img decoding=\"async\" class=\"img-with-animation skip-lazy activityImage\"  data-animation=\"none\" src=\"https:\/\/www.leselfes.com\/wp-content\/uploads\/2024\/04\/Laby-Evionnaz-scaled11.jpg\" alt=\"\" >\n\n\t\t\t\t\t\t\t<\/div>\n\t\t\t\t\t\t<\/div>\n\t\t\t\t\t\t<\/div>\n\n\t\t\t\t\t\t<div class=\"vc_col-sm-6 wpb_column column_container vc_column_container col child_column right_padding_desktop_100px right_padding_tablet_0px \" data-padding-pos=\"all\" data-has-bg-color=\"false\" data-bg-color=\"\" data-bg-opacity=\"1\" data-animation=\"\" data-delay=\"0\">\n\t\t\t\t\t\t\t<div class=\"vc_column-inner\">\n\t\t\t\t\t\t\t<div class=\"wpb_wrapper\">\n\n\t\t\t\t\t<div class=\"wpb_text_column wpb_content_element  fs53\">\n\t\t\t\t\t\t\t<h2 >Laberinto <\/h2>\n\t\t\t\t\t<\/div>\n\t\t\t\t\t\t<div class=\"wpb_text_column wpb_content_element \">\n\t\t\t\t\t\t\t <p>Los campistas Discovery de entre 6 y 10 a\u00f1os pueden deleitarse con las vueltas y revueltas del laberinto.<br \/>\nCon su atractivo trazado y sus retos interactivos, el laberinto ofrece una experiencia emocionante que fomenta la capacidad de resolver problemas, el trabajo en equipo y la imaginaci\u00f3n.<br \/>\nSupervisados por nuestros animadores, los ni\u00f1os pueden explorar este cautivador laberinto con confianza, creando recuerdos que durar\u00e1n toda la vida.  <\/p>\n\t\t\t\t\t\t<\/div>\n\t\t\t\t\t\t\t\t<\/div>\n\t\t\t\t\t\t\t<\/div>\n\t\t\t\t\t\t\t<\/div>\n\t<\/div>\n<\/div> -->\n<div id=\"laberinto\" data-midnight=\"\" data-column-margin=\"default\" class=\"wpb_row vc_row-fluid vc_row inner_row\" style=\"\"><div class=\"row-bg-wrap\"> <div class=\"row-bg\"><\/div> <\/div><div class=\"row_col_wrap_12_inner col span_12  left\">\n\t<div style=\" \" class=\"vc_col-sm-6 biggerDiv boxNumberBefore wpb_column column_container oneActivityNew vc_column_container col child_column left_margin_0px right_margin_tablet_0px left_margin_tablet_0px left_padding_desktop_100px left_padding_phone_50px top_padding_desktop_50px top_padding_phone_50px right_padding_desktop_250px right_padding_phone_50px bottom_padding_desktop_50px bottom_padding_phone_50px instance-38\" data-using-bg=\"true\" data-padding-pos=\"all\" data-has-bg-color=\"true\" data-bg-color=\"#ffffff\" data-bg-opacity=\"1\" data-animation=\"\" data-delay=\"0\">\n\t\t<div class=\"vc_column-inner pa75\"><div class=\"column-bg-overlay-wrap column-bg-layer \" data-bg-animation=\"none\"><div class=\"column-bg-overlay bradius\" style=\"opacity: 1; background-color: #ffffff;\"><\/div><\/div>\n\t\t<div class=\"wpb_wrapper\">\n\n<div class=\"wpb_text_column wpb_content_element \">\n\t<div class=\"wpb_wrapper\">\n\t\t<h3 style=\"color: #0c347e;\">Laberinto<\/h3>\n\t<\/div>\n<\/div>\n\n\n\n\n<div class=\"wpb_text_column wpb_content_element \">\n\t<div class=\"wpb_wrapper\">\n <p>Los campistas Discovery de entre 6 y 10 a\u00f1os pueden deleitarse con las vueltas y revueltas del laberinto.<br \/>\nCon su atractivo trazado y sus retos interactivos, el laberinto ofrece una experiencia emocionante que fomenta la capacidad de resolver problemas, el trabajo en equipo y la imaginaci\u00f3n.<br \/>\nSupervisados por nuestros animadores, los ni\u00f1os pueden explorar este cautivador laberinto con confianza, creando recuerdos que durar\u00e1n toda la vida.  <\/p>\n\t<\/div>\n<\/div>\n\n\t\t<\/div>\n\t<\/div>\n\t<\/div>\n\n\t<div class=\"vc_col-sm-6 kboxImageDiv wpb_column column_container vc_column_container col child_column no-extra-padding left_margin_-200px inherit_tablet inherit_phone \" data-padding-pos=\"all\" data-has-bg-color=\"false\" data-bg-color=\"\" data-bg-opacity=\"1\" data-animation=\"\" data-delay=\"0\">\n\t\t<div class=\"vc_column-inner\">\n\t\t<div class=\"wpb_wrapper\">\n\t\t\t<div class=\"img-with-aniamtion-wrap \" data-max-width=\"100%\" data-max-width-mobile=\"default\" data-shadow=\"none\" data-animation=\"none\" style=\"margin-top: -50px; \">\n      <div class=\"inner\">\n        <div class=\"hover-wrap\">\n          <div class=\"hover-wrap-inner\">\n            <img loading=\"lazy\" decoding=\"async\" class=\"img-with-animation skip-lazy imageActivity\" data-delay=\"0\" data-animation=\"none\" src=\"https:\/\/www.leselfes.com\/wp-content\/uploads\/2024\/04\/Laby-Evionnaz-scaled11.jpg\" alt=\"\">\n          <\/div>\n        <\/div>\n      <\/div>\n    <\/div>\n<!-- <div class=\"wpb_text_column wpb_content_element  htagbottom2right\">\n\t<div class=\"wpb_wrapper\">\n\t\t<p>#Adventure<\/p>\n\t<\/div>\n<\/div> -->\n\n\n\n\n\t\t<\/div>\n\t<\/div>\n\t<\/div>\n<\/div><\/div>\n\t\t\t\t\t  <div id=\"d\u00eda-internacional\" data-midnight=\"\" data-column-margin=\"default\" class=\"wpb_row vc_row-fluid vc_row inner_row reverseFlex reverse_columns_column_tablet\" style=\"\"><div class=\"row-bg-wrap\"> <div class=\"row-bg\"><\/div> <\/div><div class=\"row_col_wrap_12_inner col span_12  left\">\n  \t<div class=\"vc_col-sm-6 kboxImageDiv wpb_column column_container vc_column_container col child_column no-extra-padding inherit_tablet inherit_phone \" data-padding-pos=\"all\" data-has-bg-color=\"false\" data-bg-color=\"\" data-bg-opacity=\"1\" data-animation=\"\" data-delay=\"0\">\n  \t\t<div class=\"vc_column-inne r\">\n  \t\t<div class=\"wpb_wrapper\">\n  \t\t\t<div class=\"img-with-aniamtion-wrap \" data-max-width=\"100%\" data-max-width-mobile=\"default\" data-shadow=\"none\" data-animation=\"none\" style=\"margin-top: -50px; \">\n        <div class=\"inner\">\n          <div class=\"hover-wrap\">\n            <div class=\"hover-wrap-inner\">\n              <img loading=\"lazy\" decoding=\"async\" class=\"img-with-animation skip-lazy imageActivity\" data-delay=\"0\" data-animation=\"none\" src=\"https:\/\/www.leselfes.com\/wp-content\/uploads\/2024\/04\/Summer-camp-2023-activity-and-language-camp-holi-fest-color-party-11.jpg\" alt=\"\">\n            <\/div>\n          <\/div>\n        <\/div>\n      <\/div>\n\n\n\n\n\n  \t\t<\/div>\n  \t<\/div>\n  \t<\/div>\n\n  \t<div  class=\"vc_col-sm-6 biggerDiv  oneActivityNew boxNumberBefore wpb_column column_container vc_column_container col child_column left_margin_-200px right_margin_tablet_0px left_margin_tablet_0px left_padding_desktop_250px left_padding_phone_50px top_padding_desktop_50px top_padding_phone_50px right_padding_desktop_100px right_padding_phone_50px bottom_padding_desktop_50px bottom_padding_phone_50px instance-45\" data-using-bg=\"true\" data-padding-pos=\"all\" data-has-bg-color=\"true\" data-bg-color=\"#ffffff\" data-bg-opacity=\"1\" data-animation=\"\" data-delay=\"0\">\n  \t\t<div class=\"vc_column-inner pa75\"><div class=\"column-bg-overlay-wrap column-bg-layer\" data-bg-animation=\"none\"><div class=\"column-bg-overlay bradius\" style=\"opacity: 1; background-color: #ffffff;\"><\/div><\/div>\n  \t\t<div class=\"wpb_wrapper\">\n\n  <div class=\"wpb_text_column wpb_content_element \">\n  \t<div class=\"wpb_wrapper\">\n  \t\t<h3 style=\"color: #0c347e;\">D\u00eda Internacional<\/h3>\n  \t<\/div>\n  <\/div>\n\n\n\n\n  <div class=\"wpb_text_column wpb_content_element \">\n  \t<div class=\"wpb_wrapper\">\n <p>En el campamento de verano Les Elfes International, que acoge a campistas de todo el mundo, se hace especial hincapi\u00e9 en apreciar y reconocer las diversas tradiciones y culturas de sus asistentes.<br \/>\nEste enfoque no s\u00f3lo permite a los campistas honrar sus propios or\u00edgenes, sino tambi\u00e9n compartir un poco de su hogar con todos los dem\u00e1s.<br \/>\nCada sesi\u00f3n incluye un d\u00eda especial en el que los acampados pasan la ma\u00f1ana creando presentaciones sobre el pa\u00eds de su elecci\u00f3n.<br \/>\nEsta actividad tiene lugar durante la clase de lengua y est\u00e1 supervisada por los profesores de la Escuela de Idiomas de Verbier.<br \/>\nLas presentaciones abarcan diversos aspectos como la cultura, la cocina, las tradiciones y las lenguas, proporcionando una experiencia de aprendizaje para todos.<br \/>\nLa tarde se llena de emoci\u00f3n cuando el campus de Les Elfes se convierte en una incre\u00edble feria hinchable, con numerosos juegos y actividades (incluido un Twister gigante).<br \/>\nLos festejos concluyen con una vibrante celebraci\u00f3n similar al festival Holi de la India, en la que los campistas lanzan alegremente polvos de colores, aumentando el sentimiento de unidad y diversi\u00f3n.<br \/>\nEste d\u00eda ofrece una oportunidad \u00fanica para que los campistas muestren su patrimonio, practiquen la oratoria y saboreen platos de diferentes culturas.       <\/p>\n  \t<\/div>\n  <\/div>\n\n\n\n\n  \t<\/div>\n  \t<\/div>\n  <\/div><\/div>\n<\/div>\n\t\t\t\t\t\t\t\t\t\t<!-- <div id=\"refugio-de-monta\u00f1a\"  data-midnight=\"\" data-column-margin=\"default\" class=\"wpb_row vc_row-fluid vc_row inner_row vc_row-o-equal-height vc_row-flex vc_row-o-content-middle reverse_columns_column_tablet reverse_columns_column_phone\" style=\"padding-top: 50px; padding-bottom: 50px; \">\n\t\t\t\t\t\t<div class=\"row_col_wrap_12_inner col span_12  left\">\n\t\t\t\t\t\t<div class=\"vc_col-sm-6 videoLeft wpb_column column_container vc_column_container col child_column no-extra-padding inherit_tablet inherit_phone \" data-border-radius=\"20px\" data-padding-pos=\"all\" data-has-bg-color=\"false\" data-bg-color=\"\" data-bg-opacity=\"1\" data-animation=\"\" data-delay=\"0\">\n\t\t\t\t\t\t\t<div class=\"vc_column-inner\">\n\t\t\t\t\t\t\t<div class=\"wpb_wrapper\">\n\t\t\t\t\t            <img decoding=\"async\" class=\"img-with-animation skip-lazy activityImage\"  data-animation=\"none\" src=\"https:\/\/www.leselfes.com\/wp-content\/uploads\/2024\/03\/all-of-our-programs-are-entirely-customizable.png\" alt=\"\" >\n\n\t\t\t\t\t\t\t<\/div>\n\t\t\t\t\t\t<\/div>\n\t\t\t\t\t\t<\/div>\n\n\t\t\t\t\t\t<div class=\"vc_col-sm-6 wpb_column column_container vc_column_container col child_column right_padding_desktop_100px right_padding_tablet_0px \" data-padding-pos=\"all\" data-has-bg-color=\"false\" data-bg-color=\"\" data-bg-opacity=\"1\" data-animation=\"\" data-delay=\"0\">\n\t\t\t\t\t\t\t<div class=\"vc_column-inner\">\n\t\t\t\t\t\t\t<div class=\"wpb_wrapper\">\n\n\t\t\t\t\t<div class=\"wpb_text_column wpb_content_element  fs53\">\n\t\t\t\t\t\t\t<h2 >Refugio de monta\u00f1a <\/h2>\n\t\t\t\t\t<\/div>\n\t\t\t\t\t\t<div class=\"wpb_text_column wpb_content_element \">\n\t\t\t\t\t\t\t <p>Al principio de cada sesi\u00f3n del campamento de verano, los campistas se dividen en grupos de edad y se les lleva a un refugio de monta\u00f1a para pasar una noche en plena naturaleza suiza.<br \/>\nAll\u00ed conocen a los dem\u00e1s campistas que compartir\u00e1n con ellos el campamento de verano y empiezan a formar las primeras amistades.<br \/>\nLa captura de la bandera, la observaci\u00f3n de las estrellas y el fuego de campamento forman parte de la experiencia.  <\/p>\n\t\t\t\t\t\t<\/div>\n\t\t\t\t\t\t\t\t<\/div>\n\t\t\t\t\t\t\t<\/div>\n\t\t\t\t\t\t\t<\/div>\n\t<\/div>\n<\/div> -->\n<div id=\"refugio-de-monta\u00f1a\" data-midnight=\"\" data-column-margin=\"default\" class=\"wpb_row vc_row-fluid vc_row inner_row\" style=\"\"><div class=\"row-bg-wrap\"> <div class=\"row-bg\"><\/div> <\/div><div class=\"row_col_wrap_12_inner col span_12  left\">\n\t<div style=\" \" class=\"vc_col-sm-6 biggerDiv boxNumberBefore wpb_column column_container oneActivityNew vc_column_container col child_column left_margin_0px right_margin_tablet_0px left_margin_tablet_0px left_padding_desktop_100px left_padding_phone_50px top_padding_desktop_50px top_padding_phone_50px right_padding_desktop_250px right_padding_phone_50px bottom_padding_desktop_50px bottom_padding_phone_50px instance-38\" data-using-bg=\"true\" data-padding-pos=\"all\" data-has-bg-color=\"true\" data-bg-color=\"#ffffff\" data-bg-opacity=\"1\" data-animation=\"\" data-delay=\"0\">\n\t\t<div class=\"vc_column-inner pa75\"><div class=\"column-bg-overlay-wrap column-bg-layer \" data-bg-animation=\"none\"><div class=\"column-bg-overlay bradius\" style=\"opacity: 1; background-color: #ffffff;\"><\/div><\/div>\n\t\t<div class=\"wpb_wrapper\">\n\n<div class=\"wpb_text_column wpb_content_element \">\n\t<div class=\"wpb_wrapper\">\n\t\t<h3 style=\"color: #0c347e;\">Refugio de monta\u00f1a<\/h3>\n\t<\/div>\n<\/div>\n\n\n\n\n<div class=\"wpb_text_column wpb_content_element \">\n\t<div class=\"wpb_wrapper\">\n <p>Al principio de cada sesi\u00f3n del campamento de verano, los campistas se dividen en grupos de edad y se les lleva a un refugio de monta\u00f1a para pasar una noche en plena naturaleza suiza.<br \/>\nAll\u00ed conocen a los dem\u00e1s campistas que compartir\u00e1n con ellos el campamento de verano y empiezan a formar las primeras amistades.<br \/>\nLa captura de la bandera, la observaci\u00f3n de las estrellas y el fuego de campamento forman parte de la experiencia.  <\/p>\n\t<\/div>\n<\/div>\n\n\t\t<\/div>\n\t<\/div>\n\t<\/div>\n\n\t<div class=\"vc_col-sm-6 kboxImageDiv wpb_column column_container vc_column_container col child_column no-extra-padding left_margin_-200px inherit_tablet inherit_phone \" data-padding-pos=\"all\" data-has-bg-color=\"false\" data-bg-color=\"\" data-bg-opacity=\"1\" data-animation=\"\" data-delay=\"0\">\n\t\t<div class=\"vc_column-inner\">\n\t\t<div class=\"wpb_wrapper\">\n\t\t\t<div class=\"img-with-aniamtion-wrap \" data-max-width=\"100%\" data-max-width-mobile=\"default\" data-shadow=\"none\" data-animation=\"none\" style=\"margin-top: -50px; \">\n      <div class=\"inner\">\n        <div class=\"hover-wrap\">\n          <div class=\"hover-wrap-inner\">\n            <img loading=\"lazy\" decoding=\"async\" class=\"img-with-animation skip-lazy imageActivity\" data-delay=\"0\" data-animation=\"none\" src=\"https:\/\/www.leselfes.com\/wp-content\/uploads\/2024\/03\/all-of-our-programs-are-entirely-customizable.png\" alt=\"\">\n          <\/div>\n        <\/div>\n      <\/div>\n    <\/div>\n<!-- <div class=\"wpb_text_column wpb_content_element  htagbottom2right\">\n\t<div class=\"wpb_wrapper\">\n\t\t<p>#Adventure<\/p>\n\t<\/div>\n<\/div> -->\n\n\n\n\n\t\t<\/div>\n\t<\/div>\n\t<\/div>\n<\/div><\/div>\n\t\t\t\t\t  <div id=\"barco-bananero\" data-midnight=\"\" data-column-margin=\"default\" class=\"wpb_row vc_row-fluid vc_row inner_row reverseFlex reverse_columns_column_tablet\" style=\"\"><div class=\"row-bg-wrap\"> <div class=\"row-bg\"><\/div> <\/div><div class=\"row_col_wrap_12_inner col span_12  left\">\n  \t<div class=\"vc_col-sm-6 kboxImageDiv wpb_column column_container vc_column_container col child_column no-extra-padding inherit_tablet inherit_phone \" data-padding-pos=\"all\" data-has-bg-color=\"false\" data-bg-color=\"\" data-bg-opacity=\"1\" data-animation=\"\" data-delay=\"0\">\n  \t\t<div class=\"vc_column-inne r\">\n  \t\t<div class=\"wpb_wrapper\">\n  \t\t\t<div class=\"img-with-aniamtion-wrap \" data-max-width=\"100%\" data-max-width-mobile=\"default\" data-shadow=\"none\" data-animation=\"none\" style=\"margin-top: -50px; \">\n        <div class=\"inner\">\n          <div class=\"hover-wrap\">\n            <div class=\"hover-wrap-inner\">\n              <img loading=\"lazy\" decoding=\"async\" class=\"img-with-animation skip-lazy imageActivity\" data-delay=\"0\" data-animation=\"none\" src=\"https:\/\/www.leselfes.com\/wp-content\/uploads\/2024\/04\/DSC_21751.jpg\" alt=\"\">\n            <\/div>\n          <\/div>\n        <\/div>\n      <\/div>\n\n\n\n\n\n  \t\t<\/div>\n  \t<\/div>\n  \t<\/div>\n\n  \t<div  class=\"vc_col-sm-6 biggerDiv  oneActivityNew boxNumberBefore wpb_column column_container vc_column_container col child_column left_margin_-200px right_margin_tablet_0px left_margin_tablet_0px left_padding_desktop_250px left_padding_phone_50px top_padding_desktop_50px top_padding_phone_50px right_padding_desktop_100px right_padding_phone_50px bottom_padding_desktop_50px bottom_padding_phone_50px instance-45\" data-using-bg=\"true\" data-padding-pos=\"all\" data-has-bg-color=\"true\" data-bg-color=\"#ffffff\" data-bg-opacity=\"1\" data-animation=\"\" data-delay=\"0\">\n  \t\t<div class=\"vc_column-inner pa75\"><div class=\"column-bg-overlay-wrap column-bg-layer\" data-bg-animation=\"none\"><div class=\"column-bg-overlay bradius\" style=\"opacity: 1; background-color: #ffffff;\"><\/div><\/div>\n  \t\t<div class=\"wpb_wrapper\">\n\n  <div class=\"wpb_text_column wpb_content_element \">\n  \t<div class=\"wpb_wrapper\">\n  \t\t<h3 style=\"color: #0c347e;\">Barco bananero<\/h3>\n  \t<\/div>\n  <\/div>\n\n\n\n\n  <div class=\"wpb_text_column wpb_content_element \">\n  \t<div class=\"wpb_wrapper\">\n <p>Con hasta 8 ni\u00f1os del campamento de verano en las grandes bananas, los conductores hacen todo lo posible para que los ni\u00f1os vivan una experiencia asc\u00e9tica en el lago, \u00a1y se aseguran de que los ni\u00f1os se caigan al lago, por supuesto!<br \/>\nLos ni\u00f1os del campamento de verano lo intentar\u00e1n muchas veces, \u00a1y siempre es un reto conseguir que se caigan!<br \/>\nTodos nuestros deportes acu\u00e1ticos son muy populares, y nuestra filosof\u00eda en el campamento de verano internacional, como en todas nuestras actividades, es que todos participen.<br \/>\nEntendemos que no todos los ni\u00f1os son nadadores expertos y que incluso pueden ponerse un poco nerviosos en el agua, pero nuestro equipo de personal del campamento de verano est\u00e1 a mano para ense\u00f1arles y asegurarse de que todos disfrutan de una experiencia segura.   <\/p>\n  \t<\/div>\n  <\/div>\n\n\n\n\n  \t<\/div>\n  \t<\/div>\n  <\/div><\/div>\n<\/div>\n\t\t\t\t\t\t\t\t\t\t<!-- <div id=\"actividades-lacustres\"  data-midnight=\"\" data-column-margin=\"default\" class=\"wpb_row vc_row-fluid vc_row inner_row vc_row-o-equal-height vc_row-flex vc_row-o-content-middle reverse_columns_column_tablet reverse_columns_column_phone\" style=\"padding-top: 50px; padding-bottom: 50px; \">\n\t\t\t\t\t\t<div class=\"row_col_wrap_12_inner col span_12  left\">\n\t\t\t\t\t\t<div class=\"vc_col-sm-6 videoLeft wpb_column column_container vc_column_container col child_column no-extra-padding inherit_tablet inherit_phone \" data-border-radius=\"20px\" data-padding-pos=\"all\" data-has-bg-color=\"false\" data-bg-color=\"\" data-bg-opacity=\"1\" data-animation=\"\" data-delay=\"0\">\n\t\t\t\t\t\t\t<div class=\"vc_column-inner\">\n\t\t\t\t\t\t\t<div class=\"wpb_wrapper\">\n\t\t\t\t\t            <img decoding=\"async\" class=\"img-with-animation skip-lazy activityImage\"  data-animation=\"none\" src=\"https:\/\/www.leselfes.com\/wp-content\/uploads\/2024\/04\/DSC_19581.jpg\" alt=\"\" >\n\n\t\t\t\t\t\t\t<\/div>\n\t\t\t\t\t\t<\/div>\n\t\t\t\t\t\t<\/div>\n\n\t\t\t\t\t\t<div class=\"vc_col-sm-6 wpb_column column_container vc_column_container col child_column right_padding_desktop_100px right_padding_tablet_0px \" data-padding-pos=\"all\" data-has-bg-color=\"false\" data-bg-color=\"\" data-bg-opacity=\"1\" data-animation=\"\" data-delay=\"0\">\n\t\t\t\t\t\t\t<div class=\"vc_column-inner\">\n\t\t\t\t\t\t\t<div class=\"wpb_wrapper\">\n\n\t\t\t\t\t<div class=\"wpb_text_column wpb_content_element  fs53\">\n\t\t\t\t\t\t\t<h2 >Actividades lacustres <\/h2>\n\t\t\t\t\t<\/div>\n\t\t\t\t\t\t<div class=\"wpb_text_column wpb_content_element \">\n\t\t\t\t\t\t\t <p>Esqu\u00ed <strong>acu\u00e1tico <\/strong>Muy popular y muy divertido, los ni\u00f1os pueden hacer esqu\u00ed acu\u00e1tico con nuestro barco en Bouveret, no es el m\u00e1s f\u00e1cil de los deportes de campamento de verano, pero es realmente emocionante.<br \/>\nTanto si es la primera vez como si eres un profesional, todos son bienvenidos a intentarlo. <strong>Wakeboard <\/strong>Muchos de nuestros monitores internacionales de campamentos de verano son monitores de snowboard, y el wakeboard es tan popular entre ellos como entre los ni\u00f1os.<br \/>\nEl wakeboard es todo un reto, pero una vez que le has cogido el truco puede proporcionarte horas de diversi\u00f3n en un campamento de verano, \u00a1aunque despu\u00e9s te duelan un poco los brazos! <strong>Tubing <\/strong>Sin duda, la actividad m\u00e1s adrenal\u00ednica del campamento de verano en el lago. Los ni\u00f1os son arrastrados a gran velocidad detr\u00e1s de nuestra lancha motora mientras van sentados en sus tubos (piensa en un donut hinchable) de dos en dos; una vez que el tubo pasa por encima de la estela de la lancha, los tubos se lanzan por los aires, \u00a1lo que suele tener como resultado un campista de verano muy mojado y feliz!<br \/>\nNo te lo pierdas.   <\/p>\n\t\t\t\t\t\t<\/div>\n\t\t\t\t\t\t\t\t<\/div>\n\t\t\t\t\t\t\t<\/div>\n\t\t\t\t\t\t\t<\/div>\n\t<\/div>\n<\/div> -->\n<div id=\"actividades-lacustres\" data-midnight=\"\" data-column-margin=\"default\" class=\"wpb_row vc_row-fluid vc_row inner_row\" style=\"\"><div class=\"row-bg-wrap\"> <div class=\"row-bg\"><\/div> <\/div><div class=\"row_col_wrap_12_inner col span_12  left\">\n\t<div style=\" \" class=\"vc_col-sm-6 biggerDiv boxNumberBefore wpb_column column_container oneActivityNew vc_column_container col child_column left_margin_0px right_margin_tablet_0px left_margin_tablet_0px left_padding_desktop_100px left_padding_phone_50px top_padding_desktop_50px top_padding_phone_50px right_padding_desktop_250px right_padding_phone_50px bottom_padding_desktop_50px bottom_padding_phone_50px instance-38\" data-using-bg=\"true\" data-padding-pos=\"all\" data-has-bg-color=\"true\" data-bg-color=\"#ffffff\" data-bg-opacity=\"1\" data-animation=\"\" data-delay=\"0\">\n\t\t<div class=\"vc_column-inner pa75\"><div class=\"column-bg-overlay-wrap column-bg-layer \" data-bg-animation=\"none\"><div class=\"column-bg-overlay bradius\" style=\"opacity: 1; background-color: #ffffff;\"><\/div><\/div>\n\t\t<div class=\"wpb_wrapper\">\n\n<div class=\"wpb_text_column wpb_content_element \">\n\t<div class=\"wpb_wrapper\">\n\t\t<h3 style=\"color: #0c347e;\">Actividades lacustres<\/h3>\n\t<\/div>\n<\/div>\n\n\n\n\n<div class=\"wpb_text_column wpb_content_element \">\n\t<div class=\"wpb_wrapper\">\n <p>Esqu\u00ed <strong>acu\u00e1tico <\/strong>Muy popular y muy divertido, los ni\u00f1os pueden hacer esqu\u00ed acu\u00e1tico con nuestro barco en Bouveret, no es el m\u00e1s f\u00e1cil de los deportes de campamento de verano, pero es realmente emocionante.<br \/>\nTanto si es la primera vez como si eres un profesional, todos son bienvenidos a intentarlo. <strong>Wakeboard <\/strong>Muchos de nuestros monitores internacionales de campamentos de verano son monitores de snowboard, y el wakeboard es tan popular entre ellos como entre los ni\u00f1os.<br \/>\nEl wakeboard es todo un reto, pero una vez que le has cogido el truco puede proporcionarte horas de diversi\u00f3n en un campamento de verano, \u00a1aunque despu\u00e9s te duelan un poco los brazos! <strong>Tubing <\/strong>Sin duda, la actividad m\u00e1s adrenal\u00ednica del campamento de verano en el lago. Los ni\u00f1os son arrastrados a gran velocidad detr\u00e1s de nuestra lancha motora mientras van sentados en sus tubos (piensa en un donut hinchable) de dos en dos; una vez que el tubo pasa por encima de la estela de la lancha, los tubos se lanzan por los aires, \u00a1lo que suele tener como resultado un campista de verano muy mojado y feliz!<br \/>\nNo te lo pierdas.   <\/p>\n\t<\/div>\n<\/div>\n\n\t\t<\/div>\n\t<\/div>\n\t<\/div>\n\n\t<div class=\"vc_col-sm-6 kboxImageDiv wpb_column column_container vc_column_container col child_column no-extra-padding left_margin_-200px inherit_tablet inherit_phone \" data-padding-pos=\"all\" data-has-bg-color=\"false\" data-bg-color=\"\" data-bg-opacity=\"1\" data-animation=\"\" data-delay=\"0\">\n\t\t<div class=\"vc_column-inner\">\n\t\t<div class=\"wpb_wrapper\">\n\t\t\t<div class=\"img-with-aniamtion-wrap \" data-max-width=\"100%\" data-max-width-mobile=\"default\" data-shadow=\"none\" data-animation=\"none\" style=\"margin-top: -50px; \">\n      <div class=\"inner\">\n        <div class=\"hover-wrap\">\n          <div class=\"hover-wrap-inner\">\n            <img loading=\"lazy\" decoding=\"async\" class=\"img-with-animation skip-lazy imageActivity\" data-delay=\"0\" data-animation=\"none\" src=\"https:\/\/www.leselfes.com\/wp-content\/uploads\/2024\/04\/DSC_19581.jpg\" alt=\"\">\n          <\/div>\n        <\/div>\n      <\/div>\n    <\/div>\n<!-- <div class=\"wpb_text_column wpb_content_element  htagbottom2right\">\n\t<div class=\"wpb_wrapper\">\n\t\t<p>#Adventure<\/p>\n\t<\/div>\n<\/div> -->\n\n\n\n\n\t\t<\/div>\n\t<\/div>\n\t<\/div>\n<\/div><\/div>\n\t\t\t\t\t  <div id=\"nataci\u00f3n\" data-midnight=\"\" data-column-margin=\"default\" class=\"wpb_row vc_row-fluid vc_row inner_row reverseFlex reverse_columns_column_tablet\" style=\"\"><div class=\"row-bg-wrap\"> <div class=\"row-bg\"><\/div> <\/div><div class=\"row_col_wrap_12_inner col span_12  left\">\n  \t<div class=\"vc_col-sm-6 kboxImageDiv wpb_column column_container vc_column_container col child_column no-extra-padding inherit_tablet inherit_phone \" data-padding-pos=\"all\" data-has-bg-color=\"false\" data-bg-color=\"\" data-bg-opacity=\"1\" data-animation=\"\" data-delay=\"0\">\n  \t\t<div class=\"vc_column-inne r\">\n  \t\t<div class=\"wpb_wrapper\">\n  \t\t\t<div class=\"img-with-aniamtion-wrap \" data-max-width=\"100%\" data-max-width-mobile=\"default\" data-shadow=\"none\" data-animation=\"none\" style=\"margin-top: -50px; \">\n        <div class=\"inner\">\n          <div class=\"hover-wrap\">\n            <div class=\"hover-wrap-inner\">\n              <img loading=\"lazy\" decoding=\"async\" class=\"img-with-animation skip-lazy imageActivity\" data-delay=\"0\" data-animation=\"none\" src=\"https:\/\/www.leselfes.com\/wp-content\/uploads\/2024\/03\/Copy-of-Les-Elfes-Summer-camps-water-games-Crans-Montana.png\" alt=\"\">\n            <\/div>\n          <\/div>\n        <\/div>\n      <\/div>\n\n\n\n\n\n  \t\t<\/div>\n  \t<\/div>\n  \t<\/div>\n\n  \t<div  class=\"vc_col-sm-6 biggerDiv  oneActivityNew boxNumberBefore wpb_column column_container vc_column_container col child_column left_margin_-200px right_margin_tablet_0px left_margin_tablet_0px left_padding_desktop_250px left_padding_phone_50px top_padding_desktop_50px top_padding_phone_50px right_padding_desktop_100px right_padding_phone_50px bottom_padding_desktop_50px bottom_padding_phone_50px instance-45\" data-using-bg=\"true\" data-padding-pos=\"all\" data-has-bg-color=\"true\" data-bg-color=\"#ffffff\" data-bg-opacity=\"1\" data-animation=\"\" data-delay=\"0\">\n  \t\t<div class=\"vc_column-inner pa75\"><div class=\"column-bg-overlay-wrap column-bg-layer\" data-bg-animation=\"none\"><div class=\"column-bg-overlay bradius\" style=\"opacity: 1; background-color: #ffffff;\"><\/div><\/div>\n  \t\t<div class=\"wpb_wrapper\">\n\n  <div class=\"wpb_text_column wpb_content_element \">\n  \t<div class=\"wpb_wrapper\">\n  \t\t<h3 style=\"color: #0c347e;\">Nataci\u00f3n<\/h3>\n  \t<\/div>\n  <\/div>\n\n\n\n\n  <div class=\"wpb_text_column wpb_content_element \">\n  \t<div class=\"wpb_wrapper\">\n <p>Junto al campus (a 2 minutos a pie), dentro del campamento de verano, hay una piscina cubierta y al aire libre con un gran jard\u00edn para relajarse.<br \/>\nCada d\u00eda, los ni\u00f1os del campamento de verano pueden elegir pasar unas horas en la piscina, con trampolines.Es un lugar estupendo para mezclarse con el personal y los amigos y refrescarse en el calor de la tarde.<br \/>\nRodeada de monta\u00f1as y a s\u00f3lo 100 metros del campus, los ni\u00f1os pueden tomar un helado, disfrutar de las vistas, aprender nuevas habilidades y divertirse.<br \/>\nTambi\u00e9n se ofrece nataci\u00f3n cada vez que bajamos al lago.<br \/>\nComo la seguridad sigue siendo nuestra m\u00e1xima prioridad, se comprobar\u00e1 la capacidad de nataci\u00f3n de cada campista antes de que pueda entrar en los toboganes o saltar al agua.      <\/p>\n  \t<\/div>\n  <\/div>\n\n\n\n\n  \t<\/div>\n  \t<\/div>\n  <\/div><\/div>\n<\/div>\n\t\t\t\t\t\t\t\t\t\t<!-- <div id=\"senderismo\"  data-midnight=\"\" data-column-margin=\"default\" class=\"wpb_row vc_row-fluid vc_row inner_row vc_row-o-equal-height vc_row-flex vc_row-o-content-middle reverse_columns_column_tablet reverse_columns_column_phone\" style=\"padding-top: 50px; padding-bottom: 50px; \">\n\t\t\t\t\t\t<div class=\"row_col_wrap_12_inner col span_12  left\">\n\t\t\t\t\t\t<div class=\"vc_col-sm-6 videoLeft wpb_column column_container vc_column_container col child_column no-extra-padding inherit_tablet inherit_phone \" data-border-radius=\"20px\" data-padding-pos=\"all\" data-has-bg-color=\"false\" data-bg-color=\"\" data-bg-opacity=\"1\" data-animation=\"\" data-delay=\"0\">\n\t\t\t\t\t\t\t<div class=\"vc_column-inner\">\n\t\t\t\t\t\t\t<div class=\"wpb_wrapper\">\n\t\t\t\t\t            <img decoding=\"async\" class=\"img-with-animation skip-lazy activityImage\"  data-animation=\"none\" src=\"https:\/\/www.leselfes.com\/wp-content\/uploads\/2021\/08\/jungfrauregion_lauterbrunnen-kleine-scheidegg_sts0040150-header-1-e1628057953716.jpg\" alt=\"\" >\n\n\t\t\t\t\t\t\t<\/div>\n\t\t\t\t\t\t<\/div>\n\t\t\t\t\t\t<\/div>\n\n\t\t\t\t\t\t<div class=\"vc_col-sm-6 wpb_column column_container vc_column_container col child_column right_padding_desktop_100px right_padding_tablet_0px \" data-padding-pos=\"all\" data-has-bg-color=\"false\" data-bg-color=\"\" data-bg-opacity=\"1\" data-animation=\"\" data-delay=\"0\">\n\t\t\t\t\t\t\t<div class=\"vc_column-inner\">\n\t\t\t\t\t\t\t<div class=\"wpb_wrapper\">\n\n\t\t\t\t\t<div class=\"wpb_text_column wpb_content_element  fs53\">\n\t\t\t\t\t\t\t<h2 >Senderismo <\/h2>\n\t\t\t\t\t<\/div>\n\t\t\t\t\t\t<div class=\"wpb_text_column wpb_content_element \">\n\t\t\t\t\t\t\t <p>Los campistas de verano recorren los senderos se\u00f1alizados con nuestros monitores formados.<br \/>\nEn la zona de Verbier, 950 km de senderos esperan para llevar a los campistas de verano al coraz\u00f3n de la naturaleza.<br \/>\nTodos los niveles de habilidad de los campamentos de verano son bienvenidos para hacer senderismo.<br \/>\nLos campistas de verano descubrir\u00e1n paisajes coloridos e impresionantes, enormes presas de agua, lagos naturales de monta\u00f1a, bosques salvajes, pueblos tradicionales y reservas naturales.<br \/>\n\u00a1Una vista excepcional de los tesoros de los Alpes garantizada!<br \/>\nTal vez, los visitantes del campamento de verano lleguen incluso a vislumbrar la fauna suiza, como la marmota o el rebeco, un excelente escalador en altitud. Excursi\u00f3n de senderismo de <strong>2 d\u00edas<\/strong> Durante la primera semana de cada sesi\u00f3n del campamento de verano, todos nuestros campistas de verano saldr\u00e1n para una excursi\u00f3n de senderismo de 2 d\u00edas y pasar\u00e1n una noche en la monta\u00f1a.<br \/>\nSi no eres un \u00e1vido excursionista, no te preocupes, el equipo de Les Elfes International se encargar\u00e1 de adaptar el ritmo y la dificultad a las capacidades del grupo.<br \/>\nLos \u00abDiscoveries\u00bb y \u00abExplorers\u00bb dormir\u00e1n en refugios de monta\u00f1a tradicionales, mientras que los \u00abPioneers\u00bb har\u00e1n acampadas de verano en plena naturaleza.<br \/>\nEs una forma perfecta de descubrir los Alpes suizos y disfrutar de unas vistas y una naturaleza impresionantes.<br \/>\nPor la noche, nuestros j\u00f3venes visitantes del campamento de verano disfrutan de un ambiente relajado alrededor de la hoguera.<\/p>\n\t\t\t\t\t\t<\/div>\n\t\t\t\t\t\t\t\t<\/div>\n\t\t\t\t\t\t\t<\/div>\n\t\t\t\t\t\t\t<\/div>\n\t<\/div>\n<\/div> -->\n<div id=\"senderismo\" data-midnight=\"\" data-column-margin=\"default\" class=\"wpb_row vc_row-fluid vc_row inner_row\" style=\"\"><div class=\"row-bg-wrap\"> <div class=\"row-bg\"><\/div> <\/div><div class=\"row_col_wrap_12_inner col span_12  left\">\n\t<div style=\" \" class=\"vc_col-sm-6 biggerDiv boxNumberBefore wpb_column column_container oneActivityNew vc_column_container col child_column left_margin_0px right_margin_tablet_0px left_margin_tablet_0px left_padding_desktop_100px left_padding_phone_50px top_padding_desktop_50px top_padding_phone_50px right_padding_desktop_250px right_padding_phone_50px bottom_padding_desktop_50px bottom_padding_phone_50px instance-38\" data-using-bg=\"true\" data-padding-pos=\"all\" data-has-bg-color=\"true\" data-bg-color=\"#ffffff\" data-bg-opacity=\"1\" data-animation=\"\" data-delay=\"0\">\n\t\t<div class=\"vc_column-inner pa75\"><div class=\"column-bg-overlay-wrap column-bg-layer \" data-bg-animation=\"none\"><div class=\"column-bg-overlay bradius\" style=\"opacity: 1; background-color: #ffffff;\"><\/div><\/div>\n\t\t<div class=\"wpb_wrapper\">\n\n<div class=\"wpb_text_column wpb_content_element \">\n\t<div class=\"wpb_wrapper\">\n\t\t<h3 style=\"color: #0c347e;\">Senderismo<\/h3>\n\t<\/div>\n<\/div>\n\n\n\n\n<div class=\"wpb_text_column wpb_content_element \">\n\t<div class=\"wpb_wrapper\">\n <p>Los campistas de verano recorren los senderos se\u00f1alizados con nuestros monitores formados.<br \/>\nEn la zona de Verbier, 950 km de senderos esperan para llevar a los campistas de verano al coraz\u00f3n de la naturaleza.<br \/>\nTodos los niveles de habilidad de los campamentos de verano son bienvenidos para hacer senderismo.<br \/>\nLos campistas de verano descubrir\u00e1n paisajes coloridos e impresionantes, enormes presas de agua, lagos naturales de monta\u00f1a, bosques salvajes, pueblos tradicionales y reservas naturales.<br \/>\n\u00a1Una vista excepcional de los tesoros de los Alpes garantizada!<br \/>\nTal vez, los visitantes del campamento de verano lleguen incluso a vislumbrar la fauna suiza, como la marmota o el rebeco, un excelente escalador en altitud. Excursi\u00f3n de senderismo de <strong>2 d\u00edas<\/strong> Durante la primera semana de cada sesi\u00f3n del campamento de verano, todos nuestros campistas de verano saldr\u00e1n para una excursi\u00f3n de senderismo de 2 d\u00edas y pasar\u00e1n una noche en la monta\u00f1a.<br \/>\nSi no eres un \u00e1vido excursionista, no te preocupes, el equipo de Les Elfes International se encargar\u00e1 de adaptar el ritmo y la dificultad a las capacidades del grupo.<br \/>\nLos \u00abDiscoveries\u00bb y \u00abExplorers\u00bb dormir\u00e1n en refugios de monta\u00f1a tradicionales, mientras que los \u00abPioneers\u00bb har\u00e1n acampadas de verano en plena naturaleza.<br \/>\nEs una forma perfecta de descubrir los Alpes suizos y disfrutar de unas vistas y una naturaleza impresionantes.<br \/>\nPor la noche, nuestros j\u00f3venes visitantes del campamento de verano disfrutan de un ambiente relajado alrededor de la hoguera.<\/p>\n\t<\/div>\n<\/div>\n\n\t\t<\/div>\n\t<\/div>\n\t<\/div>\n\n\t<div class=\"vc_col-sm-6 kboxImageDiv wpb_column column_container vc_column_container col child_column no-extra-padding left_margin_-200px inherit_tablet inherit_phone \" data-padding-pos=\"all\" data-has-bg-color=\"false\" data-bg-color=\"\" data-bg-opacity=\"1\" data-animation=\"\" data-delay=\"0\">\n\t\t<div class=\"vc_column-inner\">\n\t\t<div class=\"wpb_wrapper\">\n\t\t\t<div class=\"img-with-aniamtion-wrap \" data-max-width=\"100%\" data-max-width-mobile=\"default\" data-shadow=\"none\" data-animation=\"none\" style=\"margin-top: -50px; \">\n      <div class=\"inner\">\n        <div class=\"hover-wrap\">\n          <div class=\"hover-wrap-inner\">\n            <img loading=\"lazy\" decoding=\"async\" class=\"img-with-animation skip-lazy imageActivity\" data-delay=\"0\" data-animation=\"none\" src=\"https:\/\/www.leselfes.com\/wp-content\/uploads\/2021\/08\/jungfrauregion_lauterbrunnen-kleine-scheidegg_sts0040150-header-1-e1628057953716.jpg\" alt=\"\">\n          <\/div>\n        <\/div>\n      <\/div>\n    <\/div>\n<!-- <div class=\"wpb_text_column wpb_content_element  htagbottom2right\">\n\t<div class=\"wpb_wrapper\">\n\t\t<p>#Adventure<\/p>\n\t<\/div>\n<\/div> -->\n\n\n\n\n\t\t<\/div>\n\t<\/div>\n\t<\/div>\n<\/div><\/div>\n\t\t\t\t<\/div>\n\t\t\t<\/div>\n\t\t<\/div>\n\t<\/div><\/div>\n\t[nectar_cta btn_style=\u00bbbasic\u00bb heading_tag=\u00bbspan\u00bb button_color=\u00bbextra-color-1&#8243; button_color_hover=\u00bb#e2836a\u00bb text_color=\u00bb#ffffff\u00bb button_border_thickness=\u00bb0px\u00bb link_type=\u00bbnew_tab\u00bb alignment=\u00bbcenter\u00bb alignment_tablet=\u00bbdefault\u00bb alignment_phone=\u00bbdefault\u00bb display=\u00bbblock\u00bb display_tablet=\u00bbinherit\u00bb display_phone=\u00bbinherit\u00bb icon_family=\u00bbnone\u00bb link_text=\u00bbFECHAS Y PRECIOS &#8211; CAMPAMENTO DE VERANO 2026&#8243; url=\u00bbhttps:\/\/www.leselfes.com\/es\/?page_id=89351&#8243; padding_top=\u00bb10&#8243; padding_bottom=\u00bb10&#8243; padding_left=\u00bb31&#8243; padding_right=\u00bb30&#8243;][nectar_cta btn_style=\u00bbsee-through\u00bb heading_tag=\u00bbh6&#8243; button_color=\u00bbdefault\u00bb button_border_thickness=\u00bb0px\u00bb link_type=\u00bbregular\u00bb alignment=\u00bbleft\u00bb alignment_tablet=\u00bbdefault\u00bb alignment_phone=\u00bbdefault\u00bb display=\u00bbblock\u00bb display_tablet=\u00bbinherit\u00bb display_phone=\u00bbinherit\u00bb][\/vc_column][\/vc_row][vc_row type=\u00bbfull_width_background\u00bb full_screen_row_position=\u00bbmiddle\u00bb column_margin=\u00bbdefault\u00bb column_direction=\u00bbdefault\u00bb column_direction_tablet=\u00bbdefault\u00bb column_direction_phone=\u00bbdefault\u00bb bg_color=\u00bb#f3f3f6&#8243; scene_position=\u00bbcenter\u00bb top_padding=\u00bb100&#8243; constrain_group_1=\u00bbyes\u00bb bottom_padding=\u00bb100&#8243; text_color=\u00bbdark\u00bb text_align=\u00bbleft\u00bb row_border_radius=\u00bbnone\u00bb row_border_radius_applies=\u00bbbg\u00bb overflow=\u00bbvisible\u00bb overlay_strength=\u00bb0.3&#8243; gradient_direction=\u00bbleft_to_right\u00bb shape_divider_position=\u00bbbottom\u00bb bg_image_animation=\u00bbnone\u00bb gradient_type=\u00bbdefault\u00bb shape_type=\u00bb\u00bb][vc_column column_padding=\u00bbno-extra-padding\u00bb column_padding_tablet=\u00bbinherit\u00bb column_padding_phone=\u00bbinherit\u00bb column_padding_position=\u00bball\u00bb column_element_direction_desktop=\u00bbdefault\u00bb column_element_spacing=\u00bbdefault\u00bb desktop_text_alignment=\u00bbdefault\u00bb tablet_text_alignment=\u00bbdefault\u00bb phone_text_alignment=\u00bbdefault\u00bb background_color_opacity=\u00bb1&#8243; background_hover_color_opacity=\u00bb1&#8243; column_backdrop_filter=\u00bbnone\u00bb column_shadow=\u00bbnone\u00bb column_border_radius=\u00bbnone\u00bb column_link_target=\u00bb_self\u00bb column_position=\u00bbdefault\u00bb gradient_direction=\u00bbleft_to_right\u00bb overlay_strength=\u00bb0.3&#8243; width=\u00bb1\/1&#8243; tablet_width_inherit=\u00bbdefault\u00bb animation_type=\u00bbdefault\u00bb bg_image_animation=\u00bbnone\u00bb border_type=\u00bbsimple\u00bb column_border_width=\u00bbnone\u00bb column_border_style=\u00bbsolid\u00bb][vc_column_text el_class=\u00bbfs53&#8243; text_direction=\u00bbdefault\u00bb]\n<h2 style=\"color: #0c347e;\">Actividades opcionales<\/h2>\n[\/vc_column_text][divider line_type=\u00bbNo Line\u00bb custom_height=\u00bb50&#8243;]\t[nectar_cta btn_style=\u00bbbasic\u00bb heading_tag=\u00bbspan\u00bb button_color=\u00bbextra-color-1&#8243; button_color_hover=\u00bb#e2836a\u00bb text_color=\u00bb#ffffff\u00bb button_border_thickness=\u00bb0px\u00bb link_type=\u00bbnew_tab\u00bb alignment=\u00bbcenter\u00bb alignment_tablet=\u00bbdefault\u00bb alignment_phone=\u00bbdefault\u00bb display=\u00bbblock\u00bb display_tablet=\u00bbinherit\u00bb display_phone=\u00bbinherit\u00bb icon_family=\u00bbnone\u00bb link_text=\u00bbFECHAS Y PRECIOS &#8211; CAMPAMENTO DE VERANO 2026&#8243; url=\u00bbhttps:\/\/www.leselfes.com\/es\/?page_id=89351&#8243; padding_top=\u00bb10&#8243; padding_bottom=\u00bb10&#8243; padding_left=\u00bb31&#8243; padding_right=\u00bb30&#8243;][\/vc_column][\/vc_row][vc_row type=\u00bbfull_width_background\u00bb full_screen_row_position=\u00bbmiddle\u00bb column_margin=\u00bbdefault\u00bb column_direction=\u00bbdefault\u00bb column_direction_tablet=\u00bbdefault\u00bb column_direction_phone=\u00bbdefault\u00bb bg_color=\u00bb#f3f3f6&#8243; scene_position=\u00bbcenter\u00bb top_padding=\u00bb100&#8243; constrain_group_1=\u00bbyes\u00bb bottom_padding=\u00bb100&#8243; text_color=\u00bbdark\u00bb text_align=\u00bbleft\u00bb row_border_radius=\u00bbnone\u00bb row_border_radius_applies=\u00bbbg\u00bb overflow=\u00bbvisible\u00bb overlay_strength=\u00bb0.3&#8243; gradient_direction=\u00bbleft_to_right\u00bb shape_divider_position=\u00bbbottom\u00bb bg_image_animation=\u00bbnone\u00bb gradient_type=\u00bbdefault\u00bb shape_type=\u00bb\u00bb][vc_column column_padding=\u00bbno-extra-padding\u00bb column_padding_tablet=\u00bbinherit\u00bb column_padding_phone=\u00bbinherit\u00bb column_padding_position=\u00bball\u00bb column_element_direction_desktop=\u00bbdefault\u00bb column_element_spacing=\u00bbdefault\u00bb desktop_text_alignment=\u00bbdefault\u00bb tablet_text_alignment=\u00bbdefault\u00bb phone_text_alignment=\u00bbdefault\u00bb background_color_opacity=\u00bb1&#8243; background_hover_color_opacity=\u00bb1&#8243; column_backdrop_filter=\u00bbnone\u00bb column_shadow=\u00bbnone\u00bb column_border_radius=\u00bbnone\u00bb column_link_target=\u00bb_self\u00bb column_position=\u00bbdefault\u00bb gradient_direction=\u00bbleft_to_right\u00bb overlay_strength=\u00bb0.3&#8243; width=\u00bb1\/1&#8243; tablet_width_inherit=\u00bbdefault\u00bb animation_type=\u00bbdefault\u00bb bg_image_animation=\u00bbnone\u00bb border_type=\u00bbsimple\u00bb column_border_width=\u00bbnone\u00bb column_border_style=\u00bbsolid\u00bb][vc_column_text el_class=\u00bbfs53&#8243; text_direction=\u00bbdefault\u00bb]\n<h2 style=\"color: #0c347e;\">Talleres<\/h2>\n[\/vc_column_text][vc_column_text text_direction=\u00bbdefault\u00bb]El taller del campamento de verano es una forma estupenda de que los alumnos desarrollen o aprendan las habilidades y talentos del campamento que ya tienen o que desean desbloquear.<br \/>\nUna vez por sesi\u00f3n, los campistas del campamento de verano aprender\u00e1n de profesionales destacados.<br \/>\nEn Verbier, tenemos un entorno y un tel\u00f3n de fondo de campamento de verano fant\u00e1sticos y estimulantes para cualquier joven artista en ciernes, futuro empresario o aspirante a deportista; nuestros talleres alimentar\u00e1n la creatividad y las habilidades de nuestros j\u00f3venes campistas en alza.[\/vc_column_text][divider line_type=\u00bbNo Line\u00bb custom_height=\u00bb100&#8243; custom_height_tablet=\u00bb50&#8243;]\t[nectar_cta btn_style=\u00bbbasic\u00bb heading_tag=\u00bbspan\u00bb button_color=\u00bbextra-color-1&#8243; button_color_hover=\u00bb#e2836a\u00bb text_color=\u00bb#ffffff\u00bb button_border_thickness=\u00bb0px\u00bb link_type=\u00bbnew_tab\u00bb alignment=\u00bbcenter\u00bb alignment_tablet=\u00bbdefault\u00bb alignment_phone=\u00bbdefault\u00bb display=\u00bbblock\u00bb display_tablet=\u00bbinherit\u00bb display_phone=\u00bbinherit\u00bb icon_family=\u00bbnone\u00bb link_text=\u00bbFECHAS Y PRECIOS &#8211; CAMPAMENTO DE VERANO 2026&#8243; url=\u00bbhttps:\/\/www.leselfes.com\/es\/?page_id=89351&#8243; padding_top=\u00bb10&#8243; padding_bottom=\u00bb10&#8243; padding_left=\u00bb31&#8243; padding_right=\u00bb30&#8243;][\/vc_column][\/vc_row][vc_row type=\u00bbin_container\u00bb full_screen_row_position=\u00bbmiddle\u00bb column_margin=\u00bbdefault\u00bb column_direction=\u00bbdefault\u00bb column_direction_tablet=\u00bbdefault\u00bb column_direction_phone=\u00bbdefault\u00bb scene_position=\u00bbcenter\u00bb text_color=\u00bbdark\u00bb text_align=\u00bbleft\u00bb row_border_radius=\u00bbnone\u00bb row_border_radius_applies=\u00bbbg\u00bb overflow=\u00bbvisible\u00bb overlay_strength=\u00bb0.3&#8243; gradient_direction=\u00bbleft_to_right\u00bb shape_divider_position=\u00bbbottom\u00bb bg_image_animation=\u00bbnone\u00bb][vc_column column_padding=\u00bbno-extra-padding\u00bb column_padding_tablet=\u00bbinherit\u00bb column_padding_phone=\u00bbinherit\u00bb column_padding_position=\u00bball\u00bb column_element_direction_desktop=\u00bbdefault\u00bb column_element_spacing=\u00bbdefault\u00bb desktop_text_alignment=\u00bbdefault\u00bb tablet_text_alignment=\u00bbdefault\u00bb phone_text_alignment=\u00bbdefault\u00bb background_color_opacity=\u00bb1&#8243; background_hover_color_opacity=\u00bb1&#8243; column_backdrop_filter=\u00bbnone\u00bb column_shadow=\u00bbnone\u00bb column_border_radius=\u00bbnone\u00bb column_link_target=\u00bb_self\u00bb column_position=\u00bbdefault\u00bb gradient_direction=\u00bbleft_to_right\u00bb overlay_strength=\u00bb0.3&#8243; width=\u00bb1\/1&#8243; tablet_width_inherit=\u00bbdefault\u00bb animation_type=\u00bbdefault\u00bb bg_image_animation=\u00bbnone\u00bb border_type=\u00bbsimple\u00bb column_border_width=\u00bbnone\u00bb column_border_style=\u00bbsolid\u00bb][nectar_global_section id=\u00bb66957&#8243;][\/vc_column][\/vc_row]\n","protected":false},"excerpt":{"rendered":"<p>[vc_row type=\u00bbfull_width_background\u00bb full_screen_row_position=\u00bbmiddle\u00bb column_margin=\u00bbdefault\u00bb column_direction=\u00bbdefault\u00bb column_direction_tablet=\u00bbdefault\u00bb column_direction_phone=\u00bbdefault\u00bb bg_image=\u00bb66936&#8243; bg_position=\u00bbcenter center\u00bb background_image_loading=\u00bbdefault\u00bb bg_repeat=\u00bbno-repeat\u00bb full_height=\u00bbyes\u00bb columns_placement=\u00bbstretch\u00bb scene_position=\u00bbcenter\u00bb text_color=\u00bbdark\u00bb text_align=\u00bbleft\u00bb row_border_radius=\u00bbnone\u00bb row_border_radius_applies=\u00bbbg\u00bb overflow=\u00bbvisible\u00bb enable_gradient=\u00bbtrue\u00bb color_overlay=\u00bb#000000&#8243; color_overlay_2=\u00bbrgba(255,255,255,0.01)\u00bb overlay_strength=\u00bb0.5&#8243; gradient_direction=\u00bbtop_to_bottom\u00bb shape_divider_position=\u00bbbottom\u00bb bg_image_animation=\u00bbnone\u00bb gradient_type=\u00bbdefault\u00bb shape_type=\u00bb\u00bb][vc_column column_padding=\u00bbno-extra-padding\u00bb&#8230;<\/p>\n","protected":false},"author":16,"featured_media":0,"parent":90108,"menu_order":0,"comment_status":"closed","ping_status":"closed","template":"","meta":{"_acf_changed":false,"inline_featured_image":false,"footnotes":""},"class_list":["post-90984","page","type-page","status-publish"],"acf":[],"yoast_head":"<!-- This site is optimized with the Yoast SEO Premium plugin v24.2 (Yoast SEO v24.7) - https:\/\/yoast.com\/wordpress\/plugins\/seo\/ -->\n<title>Actividades de los campamentos de verano - Les Elfes International Camps Switzerland Verbier Suiza<\/title>\n<meta name=\"description\" content=\"\u00a1Explora las diversas actividades de nuestros campamentos de verano! Desde aventuras al aire libre hasta talleres creativos, en los campamentos Les Elfes hay algo para todos.\" \/>\n<meta name=\"robots\" content=\"index, follow, max-snippet:-1, max-image-preview:large, max-video-preview:-1\" \/>\n<link rel=\"canonical\" href=\"https:\/\/www.leselfes.com\/es\/campamento-de-verano\/actividades-de-los-campamentos-de-verano\/\" \/>\n<meta property=\"og:locale\" content=\"es_ES\" \/>\n<meta property=\"og:type\" content=\"article\" \/>\n<meta property=\"og:title\" content=\"Actividades de los campamentos de verano\" \/>\n<meta property=\"og:description\" content=\"\u00a1Explora las diversas actividades de nuestros campamentos de verano! Desde aventuras al aire libre hasta talleres creativos, en los campamentos Les Elfes hay algo para todos.\" \/>\n<meta property=\"og:url\" content=\"https:\/\/www.leselfes.com\/es\/campamento-de-verano\/actividades-de-los-campamentos-de-verano\/\" \/>\n<meta property=\"og:site_name\" content=\"Les Elfes International Camps Switzerland\" \/>\n<meta property=\"article:publisher\" content=\"https:\/\/www.facebook.com\/LesElfesVerbier\" \/>\n<meta property=\"article:modified_time\" content=\"2026-04-07T13:33:47+00:00\" \/>\n<meta property=\"og:image\" content=\"https:\/\/www.leselfes.com\/wp-content\/uploads\/2022\/02\/Les-Elfes-International-summer-camp-Switzerland-Staff-Mobile-591x555-1.jpg\" \/>\n\t<meta property=\"og:image:width\" content=\"591\" \/>\n\t<meta property=\"og:image:height\" content=\"555\" \/>\n\t<meta property=\"og:image:type\" content=\"image\/jpeg\" \/>\n<meta name=\"twitter:card\" content=\"summary_large_image\" \/>\n<meta name=\"twitter:site\" content=\"@LesElfesCamps\" \/>\n<meta name=\"twitter:label1\" content=\"Tiempo de lectura\" \/>\n\t<meta name=\"twitter:data1\" content=\"11 minutos\" \/>\n<script type=\"application\/ld+json\" class=\"yoast-schema-graph\">{\"@context\":\"https:\/\/schema.org\",\"@graph\":[{\"@type\":\"WebPage\",\"@id\":\"https:\/\/www.leselfes.com\/es\/campamento-de-verano\/actividades-de-los-campamentos-de-verano\/\",\"url\":\"https:\/\/www.leselfes.com\/es\/campamento-de-verano\/actividades-de-los-campamentos-de-verano\/\",\"name\":\"Actividades de los campamentos de verano - Les Elfes International Camps Switzerland Verbier Suiza\",\"isPartOf\":{\"@id\":\"https:\/\/dev.leselfes.com\/#website\"},\"datePublished\":\"2024-04-03T06:57:15+00:00\",\"dateModified\":\"2026-04-07T13:33:47+00:00\",\"description\":\"\u00a1Explora las diversas actividades de nuestros campamentos de verano! Desde aventuras al aire libre hasta talleres creativos, en los campamentos Les Elfes hay algo para todos.\",\"breadcrumb\":{\"@id\":\"https:\/\/www.leselfes.com\/es\/campamento-de-verano\/actividades-de-los-campamentos-de-verano\/#breadcrumb\"},\"inLanguage\":\"es\",\"potentialAction\":[{\"@type\":\"ReadAction\",\"target\":[\"https:\/\/www.leselfes.com\/es\/campamento-de-verano\/actividades-de-los-campamentos-de-verano\/\"]}]},{\"@type\":\"BreadcrumbList\",\"@id\":\"https:\/\/www.leselfes.com\/es\/campamento-de-verano\/actividades-de-los-campamentos-de-verano\/#breadcrumb\",\"itemListElement\":[{\"@type\":\"ListItem\",\"position\":1,\"name\":\"Home\",\"item\":\"https:\/\/www.leselfes.com\/es\/inicio\/\"},{\"@type\":\"ListItem\",\"position\":2,\"name\":\"Campamento de verano\",\"item\":\"https:\/\/www.leselfes.com\/es\/campamento-de-verano\/\"},{\"@type\":\"ListItem\",\"position\":3,\"name\":\"Actividades de los campamentos de verano\"}]},{\"@type\":\"WebSite\",\"@id\":\"https:\/\/dev.leselfes.com\/#website\",\"url\":\"https:\/\/dev.leselfes.com\/\",\"name\":\"Les Elfes International\",\"description\":\"Les Elfes International, Verbier Switzerland. Summer Camp, Winter Camp, Spring Camps.\",\"publisher\":{\"@id\":\"https:\/\/dev.leselfes.com\/#organization\"},\"alternateName\":\"Les Elfes International\",\"potentialAction\":[{\"@type\":\"SearchAction\",\"target\":{\"@type\":\"EntryPoint\",\"urlTemplate\":\"https:\/\/dev.leselfes.com\/?s={search_term_string}\"},\"query-input\":{\"@type\":\"PropertyValueSpecification\",\"valueRequired\":true,\"valueName\":\"search_term_string\"}}],\"inLanguage\":\"es\"},{\"@type\":\"Organization\",\"@id\":\"https:\/\/dev.leselfes.com\/#organization\",\"name\":\"Les Elfes International\",\"alternateName\":\"Les Elfes International\",\"url\":\"https:\/\/dev.leselfes.com\/\",\"logo\":{\"@type\":\"ImageObject\",\"inLanguage\":\"es\",\"@id\":\"https:\/\/dev.leselfes.com\/#\/schema\/logo\/image\/\",\"url\":\"https:\/\/www.leselfes.com\/wp-content\/uploads\/2022\/03\/leselfes-logo.png\",\"contentUrl\":\"https:\/\/www.leselfes.com\/wp-content\/uploads\/2022\/03\/leselfes-logo.png\",\"width\":233,\"height\":51,\"caption\":\"Les Elfes International\"},\"image\":{\"@id\":\"https:\/\/dev.leselfes.com\/#\/schema\/logo\/image\/\"},\"sameAs\":[\"https:\/\/www.facebook.com\/LesElfesVerbier\",\"https:\/\/x.com\/LesElfesCamps\",\"https:\/\/www.instagram.com\/leselfes\",\"https:\/\/www.linkedin.com\/company\/les-elfes-international\",\"https:\/\/www.youtube.com\/user\/LesElfesVerbier\"]}]}<\/script>\n<!-- \/ Yoast SEO Premium plugin. -->","yoast_head_json":{"title":"Actividades de los campamentos de verano - Les Elfes International Camps Switzerland Verbier Suiza","description":"\u00a1Explora las diversas actividades de nuestros campamentos de verano! Desde aventuras al aire libre hasta talleres creativos, en los campamentos Les Elfes hay algo para todos.","robots":{"index":"index","follow":"follow","max-snippet":"max-snippet:-1","max-image-preview":"max-image-preview:large","max-video-preview":"max-video-preview:-1"},"canonical":"https:\/\/www.leselfes.com\/es\/campamento-de-verano\/actividades-de-los-campamentos-de-verano\/","og_locale":"es_ES","og_type":"article","og_title":"Actividades de los campamentos de verano","og_description":"\u00a1Explora las diversas actividades de nuestros campamentos de verano! Desde aventuras al aire libre hasta talleres creativos, en los campamentos Les Elfes hay algo para todos.","og_url":"https:\/\/www.leselfes.com\/es\/campamento-de-verano\/actividades-de-los-campamentos-de-verano\/","og_site_name":"Les Elfes International Camps Switzerland","article_publisher":"https:\/\/www.facebook.com\/LesElfesVerbier","article_modified_time":"2026-04-07T13:33:47+00:00","og_image":[{"width":591,"height":555,"url":"https:\/\/www.leselfes.com\/wp-content\/uploads\/2022\/02\/Les-Elfes-International-summer-camp-Switzerland-Staff-Mobile-591x555-1.jpg","type":"image\/jpeg"}],"twitter_card":"summary_large_image","twitter_site":"@LesElfesCamps","twitter_misc":{"Tiempo de lectura":"11 minutos"},"schema":{"@context":"https:\/\/schema.org","@graph":[{"@type":"WebPage","@id":"https:\/\/www.leselfes.com\/es\/campamento-de-verano\/actividades-de-los-campamentos-de-verano\/","url":"https:\/\/www.leselfes.com\/es\/campamento-de-verano\/actividades-de-los-campamentos-de-verano\/","name":"Actividades de los campamentos de verano - Les Elfes International Camps Switzerland Verbier Suiza","isPartOf":{"@id":"https:\/\/dev.leselfes.com\/#website"},"datePublished":"2024-04-03T06:57:15+00:00","dateModified":"2026-04-07T13:33:47+00:00","description":"\u00a1Explora las diversas actividades de nuestros campamentos de verano! Desde aventuras al aire libre hasta talleres creativos, en los campamentos Les Elfes hay algo para todos.","breadcrumb":{"@id":"https:\/\/www.leselfes.com\/es\/campamento-de-verano\/actividades-de-los-campamentos-de-verano\/#breadcrumb"},"inLanguage":"es","potentialAction":[{"@type":"ReadAction","target":["https:\/\/www.leselfes.com\/es\/campamento-de-verano\/actividades-de-los-campamentos-de-verano\/"]}]},{"@type":"BreadcrumbList","@id":"https:\/\/www.leselfes.com\/es\/campamento-de-verano\/actividades-de-los-campamentos-de-verano\/#breadcrumb","itemListElement":[{"@type":"ListItem","position":1,"name":"Home","item":"https:\/\/www.leselfes.com\/es\/inicio\/"},{"@type":"ListItem","position":2,"name":"Campamento de verano","item":"https:\/\/www.leselfes.com\/es\/campamento-de-verano\/"},{"@type":"ListItem","position":3,"name":"Actividades de los campamentos de verano"}]},{"@type":"WebSite","@id":"https:\/\/dev.leselfes.com\/#website","url":"https:\/\/dev.leselfes.com\/","name":"Les Elfes International","description":"Les Elfes International, Verbier Switzerland. Summer Camp, Winter Camp, Spring Camps.","publisher":{"@id":"https:\/\/dev.leselfes.com\/#organization"},"alternateName":"Les Elfes International","potentialAction":[{"@type":"SearchAction","target":{"@type":"EntryPoint","urlTemplate":"https:\/\/dev.leselfes.com\/?s={search_term_string}"},"query-input":{"@type":"PropertyValueSpecification","valueRequired":true,"valueName":"search_term_string"}}],"inLanguage":"es"},{"@type":"Organization","@id":"https:\/\/dev.leselfes.com\/#organization","name":"Les Elfes International","alternateName":"Les Elfes International","url":"https:\/\/dev.leselfes.com\/","logo":{"@type":"ImageObject","inLanguage":"es","@id":"https:\/\/dev.leselfes.com\/#\/schema\/logo\/image\/","url":"https:\/\/www.leselfes.com\/wp-content\/uploads\/2022\/03\/leselfes-logo.png","contentUrl":"https:\/\/www.leselfes.com\/wp-content\/uploads\/2022\/03\/leselfes-logo.png","width":233,"height":51,"caption":"Les Elfes International"},"image":{"@id":"https:\/\/dev.leselfes.com\/#\/schema\/logo\/image\/"},"sameAs":["https:\/\/www.facebook.com\/LesElfesVerbier","https:\/\/x.com\/LesElfesCamps","https:\/\/www.instagram.com\/leselfes","https:\/\/www.linkedin.com\/company\/les-elfes-international","https:\/\/www.youtube.com\/user\/LesElfesVerbier"]}]}},"_links":{"self":[{"href":"https:\/\/www.leselfes.com\/es\/wp-json\/wp\/v2\/pages\/90984"}],"collection":[{"href":"https:\/\/www.leselfes.com\/es\/wp-json\/wp\/v2\/pages"}],"about":[{"href":"https:\/\/www.leselfes.com\/es\/wp-json\/wp\/v2\/types\/page"}],"author":[{"embeddable":true,"href":"https:\/\/www.leselfes.com\/es\/wp-json\/wp\/v2\/users\/16"}],"replies":[{"embeddable":true,"href":"https:\/\/www.leselfes.com\/es\/wp-json\/wp\/v2\/comments?post=90984"}],"version-history":[{"count":3,"href":"https:\/\/www.leselfes.com\/es\/wp-json\/wp\/v2\/pages\/90984\/revisions"}],"predecessor-version":[{"id":117247,"href":"https:\/\/www.leselfes.com\/es\/wp-json\/wp\/v2\/pages\/90984\/revisions\/117247"}],"up":[{"embeddable":true,"href":"https:\/\/www.leselfes.com\/es\/wp-json\/wp\/v2\/pages\/90108"}],"wp:attachment":[{"href":"https:\/\/www.leselfes.com\/es\/wp-json\/wp\/v2\/media?parent=90984"}],"curies":[{"name":"wp","href":"https:\/\/api.w.org\/{rel}","templated":true}]}}