{"id":90998,"date":"2024-02-13T17:33:28","date_gmt":"2024-02-13T16:33:28","guid":{"rendered":"https:\/\/www.leselfes.com\/campamentos-de-verano\/"},"modified":"2025-01-10T17:44:13","modified_gmt":"2025-01-10T16:44:13","slug":"campamento-de-verano-2","status":"publish","type":"page","link":"https:\/\/www.leselfes.com\/es\/campamento-de-verano-2\/","title":{"rendered":"Campamentos de verano"},"content":{"rendered":"[vc_row type=\u00bbfull_width_background\u00bb full_screen_row_position=\u00bbmiddle\u00bb column_margin=\u00bbdefault\u00bb column_direction=\u00bbdefault\u00bb column_direction_tablet=\u00bbdefault\u00bb column_direction_phone=\u00bbdefault\u00bb bg_image=\u00bb63421&#8243; bg_position=\u00bbcenter center\u00bb background_image_loading=\u00bbdefault\u00bb bg_repeat=\u00bbno-repeat\u00bb full_height=\u00bbyes\u00bb columns_placement=\u00bbstretch\u00bb scene_position=\u00bbcenter\u00bb text_color=\u00bbdark\u00bb text_align=\u00bbleft\u00bb row_border_radius=\u00bbnone\u00bb row_border_radius_applies=\u00bbbg\u00bb overflow=\u00bbvisible\u00bb enable_gradient=\u00bbtrue\u00bb color_overlay=\u00bb#000000&#8243; color_overlay_2=\u00bbrgba(255,255,255,0.01)\u00bb overlay_strength=\u00bb0.5&#8243; gradient_direction=\u00bbtop_to_bottom\u00bb shape_divider_position=\u00bbbottom\u00bb bg_image_animation=\u00bbnone\u00bb gradient_type=\u00bbdefault\u00bb shape_type=\u00bb\u00bb][vc_column column_padding=\u00bbno-extra-padding\u00bb column_padding_tablet=\u00bbinherit\u00bb column_padding_phone=\u00bbinherit\u00bb column_padding_position=\u00bball\u00bb column_element_direction_desktop=\u00bbdefault\u00bb column_element_spacing=\u00bbdefault\u00bb centered_text=\u00bbtrue\u00bb desktop_text_alignment=\u00bbcenter\u00bb tablet_text_alignment=\u00bbdefault\u00bb phone_text_alignment=\u00bbdefault\u00bb background_color_opacity=\u00bb1&#8243; background_hover_color_opacity=\u00bb1&#8243; column_backdrop_filter=\u00bbnone\u00bb font_color=\u00bb#ffffff\u00bb column_shadow=\u00bbnone\u00bb column_border_radius=\u00bbnone\u00bb column_link_target=\u00bb_self\u00bb column_position=\u00bbdefault\u00bb el_class=\u00bbflexItForButtonBottom\u00bb gradient_direction=\u00bbleft_to_right\u00bb overlay_strength=\u00bb0.3&#8243; width=\u00bb1\/1&#8243; tablet_width_inherit=\u00bbdefault\u00bb animation_type=\u00bbdefault\u00bb bg_image_animation=\u00bbnone\u00bb border_type=\u00bbsimple\u00bb column_border_width=\u00bbnone\u00bb column_border_style=\u00bbsolid\u00bb column_padding_type=\u00bbdefault\u00bb gradient_type=\u00bbdefault\u00bb][divider line_type=\u00bbNo Line\u00bb custom_height=\u00bb200&#8243; custom_height_phone=\u00bb100&#8243;][vc_column_text text_direction=\u00bbdefault\u00bb el_class=\u00bbfs49&#8243;]\n<h1 style=\"text-align: center;\">Campamentos de <strong>verano<\/strong><\/h1>\n<p style=\"text-align: center;\">en Verbier, <span class=\"swissFlag\">Suiza<\/span><\/p>\n[\/vc_column_text][vc_row_inner equal_height=\u00bbyes\u00bb content_placement=\u00bbmiddle\u00bb column_margin=\u00bb100px\u00bb column_direction=\u00bbdefault\u00bb column_direction_tablet=\u00bbdefault\u00bb column_direction_phone=\u00bbdefault\u00bb text_align=\u00bbleft\u00bb row_position=\u00bbdefault\u00bb row_position_tablet=\u00bbinherit\u00bb row_position_phone=\u00bbinherit\u00bb overflow=\u00bbvisible\u00bb pointer_events=\u00bball\u00bb class=\u00bbflexGoBottom\u00bb][vc_column_inner column_padding=\u00bbno-extra-padding\u00bb column_padding_tablet=\u00bbinherit\u00bb column_padding_phone=\u00bbinherit\u00bb column_padding_position=\u00bball\u00bb column_element_direction_desktop=\u00bbdefault\u00bb column_element_spacing=\u00bbdefault\u00bb desktop_text_alignment=\u00bbdefault\u00bb tablet_text_alignment=\u00bbdefault\u00bb phone_text_alignment=\u00bbdefault\u00bb background_color_opacity=\u00bb1&#8243; background_hover_color_opacity=\u00bb1&#8243; column_backdrop_filter=\u00bbnone\u00bb column_shadow=\u00bbnone\u00bb column_border_radius=\u00bbnone\u00bb column_link_target=\u00bb_self\u00bb overflow=\u00bbvisible\u00bb gradient_direction=\u00bbleft_to_right\u00bb overlay_strength=\u00bb0.3&#8243; width=\u00bb1\/4&#8243; tablet_width_inherit=\u00bbdefault\u00bb animation_type=\u00bbdefault\u00bb bg_image_animation=\u00bbnone\u00bb border_type=\u00bbsimple\u00bb column_border_width=\u00bbnone\u00bb column_border_style=\u00bbsolid\u00bb column_padding_type=\u00bbdefault\u00bb gradient_type=\u00bbdefault\u00bb offset=\u00bbvc_hidden-md vc_hidden-sm vc_hidden-xs\u00bb][\/vc_column_inner][vc_column_inner column_padding=\u00bbno-extra-padding\u00bb column_padding_tablet=\u00bbinherit\u00bb column_padding_phone=\u00bbinherit\u00bb column_padding_position=\u00bball\u00bb column_element_direction_desktop=\u00bbdefault\u00bb column_element_spacing=\u00bbdefault\u00bb desktop_text_alignment=\u00bbdefault\u00bb tablet_text_alignment=\u00bbdefault\u00bb phone_text_alignment=\u00bbdefault\u00bb background_color=\u00bb#d7844e\u00bb background_color_opacity=\u00bb1&#8243; background_hover_color_opacity=\u00bb1&#8243; column_backdrop_filter=\u00bbnone\u00bb column_shadow=\u00bbnone\u00bb column_border_radius=\u00bbcustom\u00bb top_left_border_radius=\u00bb30&#8243; top_right_border_radius=\u00bb30&#8243; bottom_right_border_radius=\u00bb30&#8243; column_link_target=\u00bb_self\u00bb overflow=\u00bbvisible\u00bb el_class=\u00bbrowCampHeader\u00bb gradient_direction=\u00bbleft_to_right\u00bb overlay_strength=\u00bb0.3&#8243; width=\u00bb1\/4&#8243; tablet_width_inherit=\u00bbdefault\u00bb animation_type=\u00bbdefault\u00bb bg_image_animation=\u00bbnone\u00bb border_type=\u00bbsimple\u00bb column_border_width=\u00bbnone\u00bb column_border_style=\u00bbsolid\u00bb column_padding_type=\u00bbdefault\u00bb gradient_type=\u00bbdefault\u00bb offset=\u00bbvc_col-lg-3 vc_col-md-6 vc_col-xs-12&#8243; column_link=\u00bb\/summer-day-camps\/enrolnow\/\u00bb][vc_column_text text_direction=\u00bbdefault\u00bb]<strong>Inscr\u00edbete<\/strong> ahora[\/vc_column_text][\/vc_column_inner][vc_column_inner column_padding=\u00bbno-extra-padding\u00bb column_padding_tablet=\u00bbinherit\u00bb column_padding_phone=\u00bbinherit\u00bb column_padding_position=\u00bball\u00bb column_element_direction_desktop=\u00bbdefault\u00bb column_element_spacing=\u00bbdefault\u00bb desktop_text_alignment=\u00bbdefault\u00bb tablet_text_alignment=\u00bbdefault\u00bb phone_text_alignment=\u00bbdefault\u00bb background_color=\u00bb#e3c215&#8243; background_color_opacity=\u00bb1&#8243; background_hover_color_opacity=\u00bb1&#8243; column_backdrop_filter=\u00bbnone\u00bb column_shadow=\u00bbnone\u00bb column_border_radius=\u00bbcustom\u00bb top_left_border_radius=\u00bb30&#8243; top_right_border_radius=\u00bb30&#8243; bottom_right_border_radius=\u00bb30&#8243; column_link_target=\u00bb_self\u00bb overflow=\u00bbvisible\u00bb el_class=\u00bbrowCampHeader\u00bb gradient_direction=\u00bbleft_to_right\u00bb overlay_strength=\u00bb0.3&#8243; width=\u00bb1\/4&#8243; tablet_width_inherit=\u00bbdefault\u00bb animation_type=\u00bbdefault\u00bb bg_image_animation=\u00bbnone\u00bb border_type=\u00bbsimple\u00bb column_border_width=\u00bbnone\u00bb column_border_style=\u00bbsolid\u00bb column_padding_type=\u00bbdefault\u00bb gradient_type=\u00bbdefault\u00bb offset=\u00bbvc_col-lg-3 vc_col-md-6 vc_col-xs-12&#8243; column_link=\u00bbhttps:\/\/www.leselfes.com\/es\/comprobar-disponibilidad\/\u00bb][vc_column_text text_direction=\u00bbdefault\u00bb]<strong>Comprobar<\/strong> disponibilidad[\/vc_column_text][\/vc_column_inner][vc_column_inner column_padding=\u00bbno-extra-padding\u00bb column_padding_tablet=\u00bbinherit\u00bb column_padding_phone=\u00bbinherit\u00bb column_padding_position=\u00bball\u00bb column_element_direction_desktop=\u00bbdefault\u00bb column_element_spacing=\u00bbdefault\u00bb desktop_text_alignment=\u00bbdefault\u00bb tablet_text_alignment=\u00bbdefault\u00bb phone_text_alignment=\u00bbdefault\u00bb background_color_opacity=\u00bb1&#8243; background_hover_color_opacity=\u00bb1&#8243; column_backdrop_filter=\u00bbnone\u00bb column_shadow=\u00bbnone\u00bb column_border_radius=\u00bbnone\u00bb column_link_target=\u00bb_self\u00bb overflow=\u00bbvisible\u00bb gradient_direction=\u00bbleft_to_right\u00bb overlay_strength=\u00bb0.3&#8243; width=\u00bb1\/4&#8243; tablet_width_inherit=\u00bbdefault\u00bb animation_type=\u00bbdefault\u00bb bg_image_animation=\u00bbnone\u00bb border_type=\u00bbsimple\u00bb column_border_width=\u00bbnone\u00bb column_border_style=\u00bbsolid\u00bb column_padding_type=\u00bbdefault\u00bb gradient_type=\u00bbdefault\u00bb offset=\u00bbvc_hidden-md vc_hidden-sm vc_hidden-xs\u00bb][\/vc_column_inner][\/vc_row_inner][\/vc_column][\/vc_row][vc_row type=\u00bbfull_width_content\u00bb full_screen_row_position=\u00bbmiddle\u00bb column_margin=\u00bbdefault\u00bb equal_height=\u00bbyes\u00bb content_placement=\u00bbtop\u00bb column_direction=\u00bbdefault\u00bb column_direction_tablet=\u00bbdefault\u00bb column_direction_phone=\u00bbdefault\u00bb scene_position=\u00bbcenter\u00bb constrain_group_7=\u00bbyes\u00bb text_color=\u00bbdark\u00bb text_align=\u00bbleft\u00bb row_border_radius=\u00bbnone\u00bb row_border_radius_applies=\u00bbbg\u00bb overflow=\u00bbvisible\u00bb overlay_strength=\u00bb0.3&#8243; gradient_direction=\u00bbleft_to_right\u00bb shape_divider_position=\u00bbbottom\u00bb bg_image_animation=\u00bbnone\u00bb gradient_type=\u00bbdefault\u00bb shape_type=\u00bb\u00bb][vc_column top_padding_desktop=\u00bb100&#8243; constrain_group_100=\u00bbyes\u00bb bottom_padding_desktop=\u00bb100&#8243; top_padding_tablet=\u00bb0&#8243; column_element_direction_desktop=\u00bbdefault\u00bb column_element_spacing=\u00bbdefault\u00bb desktop_text_alignment=\u00bbdefault\u00bb tablet_text_alignment=\u00bbdefault\u00bb phone_text_alignment=\u00bbdefault\u00bb background_color=\u00bb#e3c215&#8243; background_color_opacity=\u00bb1&#8243; background_hover_color_opacity=\u00bb1&#8243; column_backdrop_filter=\u00bbnone\u00bb column_shadow=\u00bbnone\u00bb column_border_radius=\u00bbnone\u00bb column_link_target=\u00bb_self\u00bb column_position=\u00bbdefault\u00bb el_class=\u00bbcancelMdPad\u00bb gradient_direction=\u00bbleft_to_right\u00bb overlay_strength=\u00bb0.3&#8243; width=\u00bb1\/2&#8243; tablet_width_inherit=\u00bbdefault\u00bb animation_type=\u00bbdefault\u00bb bg_image_animation=\u00bbnone\u00bb border_type=\u00bbsimple\u00bb column_border_width=\u00bbnone\u00bb column_border_style=\u00bbsolid\u00bb column_padding_type=\u00bbadvanced\u00bb gradient_type=\u00bbdefault\u00bb offset=\u00bbvc_col-lg-6 vc_col-md-6 vc_col-xs-12&#8243;][vc_row_inner equal_height=\u00bbyes\u00bb content_placement=\u00bbtop\u00bb column_margin=\u00bbdefault\u00bb column_direction=\u00bbdefault\u00bb column_direction_tablet=\u00bbdefault\u00bb column_direction_phone=\u00bbdefault\u00bb text_align=\u00bbleft\u00bb row_position=\u00bbdefault\u00bb row_position_tablet=\u00bbinherit\u00bb row_position_phone=\u00bbinherit\u00bb overflow=\u00bbvisible\u00bb pointer_events=\u00bball\u00bb][vc_column_inner column_padding=\u00bbno-extra-padding\u00bb column_padding_tablet=\u00bbinherit\u00bb column_padding_phone=\u00bbinherit\u00bb column_padding_position=\u00bball\u00bb translate_y=\u00bb-100&#8243; translate_y_tablet=\u00bb0&#8243; translate_y_phone=\u00bb00&#8243; column_element_direction_desktop=\u00bbdefault\u00bb column_element_spacing=\u00bbdefault\u00bb desktop_text_alignment=\u00bbdefault\u00bb tablet_text_alignment=\u00bbdefault\u00bb phone_text_alignment=\u00bbdefault\u00bb background_color_opacity=\u00bb1&#8243; background_hover_color_opacity=\u00bb1&#8243; column_backdrop_filter=\u00bbnone\u00bb column_shadow=\u00bbnone\u00bb column_border_radius=\u00bbnone\u00bb column_link_target=\u00bb_self\u00bb overflow=\u00bbvisible\u00bb el_class=\u00bbinner100 cancelmdtranslate\u00bb gradient_direction=\u00bbleft_to_right\u00bb overlay_strength=\u00bb0.3&#8243; width=\u00bb1\/3&#8243; tablet_width_inherit=\u00bbdefault\u00bb animation_type=\u00bbdefault\u00bb bg_image_animation=\u00bbnone\u00bb border_type=\u00bbsimple\u00bb column_border_width=\u00bbnone\u00bb column_border_style=\u00bbsolid\u00bb column_padding_type=\u00bbdefault\u00bb gradient_type=\u00bbdefault\u00bb][image_with_animation image_url=\u00bb66784&#8243; image_size=\u00bbfull\u00bb animation_type=\u00bbentrance\u00bb animation=\u00bbNone\u00bb animation_movement_type=\u00bbtransform_y\u00bb hover_animation=\u00bbnone\u00bb alignment=\u00bb\u00bb border_radius=\u00bbnone\u00bb box_shadow=\u00bbnone\u00bb image_loading=\u00bbdefault\u00bb max_width=\u00bbcustom\u00bb max_width_custom=\u00bb350&#8243;][\/vc_column_inner][vc_column_inner left_padding_desktop=\u00bb50&#8243; right_padding_desktop=\u00bb100&#8243; left_padding_tablet=\u00bb50&#8243; constrain_group_103=\u00bbyes\u00bb right_padding_tablet=\u00bb50&#8243; left_padding_phone=\u00bb20&#8243; constrain_group_105=\u00bbyes\u00bb right_padding_phone=\u00bb20&#8243; column_element_direction_desktop=\u00bbdefault\u00bb column_element_spacing=\u00bbdefault\u00bb desktop_text_alignment=\u00bbdefault\u00bb tablet_text_alignment=\u00bbdefault\u00bb phone_text_alignment=\u00bbdefault\u00bb background_color_opacity=\u00bb1&#8243; background_hover_color_opacity=\u00bb1&#8243; column_backdrop_filter=\u00bbnone\u00bb font_color=\u00bb#ffffff\u00bb column_shadow=\u00bbnone\u00bb column_border_radius=\u00bbnone\u00bb column_link_target=\u00bb_self\u00bb overflow=\u00bbvisible\u00bb el_class=\u00bbtranslateImage\u00bb gradient_direction=\u00bbleft_to_right\u00bb overlay_strength=\u00bb0.3&#8243; width=\u00bb2\/3&#8243; tablet_width_inherit=\u00bbdefault\u00bb animation_type=\u00bbdefault\u00bb bg_image_animation=\u00bbnone\u00bb border_type=\u00bbsimple\u00bb column_border_width=\u00bbnone\u00bb column_border_style=\u00bbsolid\u00bb column_padding_type=\u00bbadvanced\u00bb gradient_type=\u00bbdefault\u00bb offset=\u00bbvc_col-lg-8 vc_col-md-12 vc_col-xs-12&#8243;][vc_column_text el_class=\u00bbfs35&#8243; text_direction=\u00bbdefault\u00bb]Tras el \u00e9xito de nuestro campamento diurno de invierno, Les Elfes lanza ahora el programa diurno internacional de verano.<br \/>\nSi no te sientes preparado para inscribir a tu hijo en un campamento para dormir, puedes plantearte un campamento de d\u00eda.[\/vc_column_text][\/vc_column_inner][\/vc_row_inner][\/vc_column][vc_column top_padding_desktop=\u00bb100&#8243; constrain_group_100=\u00bbyes\u00bb bottom_padding_desktop=\u00bb100&#8243; left_padding_desktop=\u00bb200&#8243; right_padding_desktop=\u00bb100&#8243; left_padding_tablet=\u00bb50&#8243; constrain_group_103=\u00bbyes\u00bb right_padding_tablet=\u00bb50&#8243; left_padding_phone=\u00bb20&#8243; constrain_group_105=\u00bbyes\u00bb right_padding_phone=\u00bb20&#8243; column_element_direction_desktop=\u00bbdefault\u00bb column_element_spacing=\u00bbdefault\u00bb desktop_text_alignment=\u00bbdefault\u00bb tablet_text_alignment=\u00bbdefault\u00bb phone_text_alignment=\u00bbdefault\u00bb background_color_opacity=\u00bb1&#8243; background_hover_color_opacity=\u00bb1&#8243; column_backdrop_filter=\u00bbnone\u00bb column_shadow=\u00bbnone\u00bb column_border_radius=\u00bbnone\u00bb column_link_target=\u00bb_self\u00bb column_position=\u00bbdefault\u00bb el_class=\u00bbpad-md\u00bb gradient_direction=\u00bbleft_to_right\u00bb overlay_strength=\u00bb0.3&#8243; width=\u00bb1\/2&#8243; tablet_width_inherit=\u00bbdefault\u00bb animation_type=\u00bbdefault\u00bb bg_image_animation=\u00bbnone\u00bb border_type=\u00bbsimple\u00bb column_border_width=\u00bbnone\u00bb column_border_style=\u00bbsolid\u00bb column_padding_type=\u00bbadvanced\u00bb gradient_type=\u00bbdefault\u00bb offset=\u00bbvc_col-lg-6 vc_col-md-6 vc_col-xs-12&#8243;][vc_column_text text_direction=\u00bbdefault\u00bb el_class=\u00bbfs44 removeMaxWidth\u00bb max_width=\u00bb500&#8243;]\n<h2>Programa de Campamento de D\u00eda 2024 para ni\u00f1os de 6 a 17 a\u00f1os &#8211; Verbier, Suiza<\/h2>\n<div id=\"gtx-trans\" style=\"position: absolute; left: -213px; top: -4.75347px;\">\n<div class=\"gtx-trans-icon\"><\/div>\n<\/div>\n[\/vc_column_text][vc_column_text text_direction=\u00bbdefault\u00bb el_class=\u00bbremoveMaxWidth\u00bb]\u00bfTe preguntas cu\u00e1les son las actividades de un d\u00eda perfectas para tu hijo en Verbier?<br \/>\nAdaptado a ni\u00f1os y adolescentes de 6 a 17 a\u00f1os, el Campamento Internacional de Verano Les Elfes promete d\u00edas inolvidables llenos de aventuras al aire libre, clases de idiomas, formaci\u00f3n en liderazgo, manualidades, cocina y mucho m\u00e1s.<br \/>\nTodo ello en un entorno internacional a un paso de la familia.<br \/>\nPadres, \u00a1disfrutad de vuestro tiempo libre mientras transformamos las vacaciones de verano de vuestros hijos en recuerdos inolvidables![\/vc_column_text][divider line_type=\u00bbNo Line\u00bb custom_height=\u00bb25px\u00bb][nectar_cta btn_style=\u00bbbasic\u00bb heading_tag=\u00bbspan\u00bb button_color=\u00bbaccent-color\u00bb button_color_hover=\u00bb#4d8abf\u00bb text_color=\u00bb#ffffff\u00bb text_color_hover=\u00bb#ffffff\u00bb button_border_thickness=\u00bb0px\u00bb link_type=\u00bbnew_tab\u00bb alignment=\u00bbleft\u00bb alignment_tablet=\u00bbdefault\u00bb alignment_phone=\u00bbdefault\u00bb display=\u00bbblock\u00bb display_tablet=\u00bbinherit\u00bb display_phone=\u00bbinherit\u00bb icon_family=\u00bbnone\u00bb link_text=\u00bbCampamento de verano &#8211; Inscr\u00edbete ahora\u00bb padding_top=\u00bb10&#8243; padding_bottom=\u00bb10&#8243; padding_left=\u00bb31&#8243; padding_right=\u00bb30&#8243; url=\u00bbhttps:\/\/www.leselfes.com\/summer-day-camps\/enrolnow\/\u00bb class=\u00bbcE3C215&#8243;][\/vc_column][\/vc_row][vc_row type=\u00bbfull_width_background\u00bb full_screen_row_position=\u00bbmiddle\u00bb column_margin=\u00bbdefault\u00bb column_direction=\u00bbdefault\u00bb column_direction_tablet=\u00bbdefault\u00bb column_direction_phone=\u00bbdefault\u00bb bg_color=\u00bb#f3f3f6&#8243; scene_position=\u00bbcenter\u00bb top_padding=\u00bb100&#8243; bottom_padding=\u00bb150&#8243; text_color=\u00bbdark\u00bb text_align=\u00bbleft\u00bb row_border_radius=\u00bbnone\u00bb row_border_radius_applies=\u00bbbg\u00bb overflow=\u00bbvisible\u00bb overlay_strength=\u00bb0.3&#8243; gradient_direction=\u00bbleft_to_right\u00bb shape_divider_position=\u00bbbottom\u00bb bg_image_animation=\u00bbnone\u00bb gradient_type=\u00bbdefault\u00bb shape_type=\u00bb\u00bb][vc_column column_padding=\u00bbno-extra-padding\u00bb column_padding_tablet=\u00bbinherit\u00bb column_padding_phone=\u00bbinherit\u00bb column_padding_position=\u00bball\u00bb column_element_direction_desktop=\u00bbdefault\u00bb column_element_spacing=\u00bbdefault\u00bb desktop_text_alignment=\u00bbdefault\u00bb tablet_text_alignment=\u00bbdefault\u00bb phone_text_alignment=\u00bbdefault\u00bb background_color_opacity=\u00bb1&#8243; background_hover_color_opacity=\u00bb1&#8243; column_backdrop_filter=\u00bbnone\u00bb column_shadow=\u00bbnone\u00bb column_border_radius=\u00bbnone\u00bb column_link_target=\u00bb_self\u00bb column_position=\u00bbdefault\u00bb gradient_direction=\u00bbleft_to_right\u00bb overlay_strength=\u00bb0.3&#8243; width=\u00bb1\/1&#8243; tablet_width_inherit=\u00bbdefault\u00bb animation_type=\u00bbdefault\u00bb bg_image_animation=\u00bbnone\u00bb border_type=\u00bbsimple\u00bb column_border_width=\u00bbnone\u00bb column_border_style=\u00bbsolid\u00bb][vc_column_text text_direction=\u00bbdefault\u00bb]\n<h2 style=\"text-align: center; color: #0c347e;\">Campamentos para ni\u00f1os y adolescentes de Les Elfes International 4 prioridades principales<\/h2>\n<div id=\"gtx-trans\" style=\"position: absolute; left: 303px; top: -4.75347px;\">\n<div class=\"gtx-trans-icon\"><\/div>\n<\/div>\n[\/vc_column_text][vc_row_inner column_margin=\u00bbdefault\u00bb column_direction=\u00bbdefault\u00bb column_direction_tablet=\u00bbdefault\u00bb column_direction_phone=\u00bbdefault\u00bb top_padding=\u00bb50&#8243; text_align=\u00bbleft\u00bb row_position=\u00bbdefault\u00bb row_position_tablet=\u00bbinherit\u00bb row_position_phone=\u00bbinherit\u00bb overflow=\u00bbvisible\u00bb pointer_events=\u00bball\u00bb][vc_column_inner column_padding=\u00bbno-extra-padding\u00bb column_padding_tablet=\u00bbinherit\u00bb column_padding_phone=\u00bbinherit\u00bb column_padding_position=\u00bball\u00bb column_element_direction_desktop=\u00bbdefault\u00bb column_element_spacing=\u00bbdefault\u00bb centered_text=\u00bbtrue\u00bb desktop_text_alignment=\u00bbcenter\u00bb tablet_text_alignment=\u00bbdefault\u00bb phone_text_alignment=\u00bbdefault\u00bb background_color_opacity=\u00bb1&#8243; background_hover_color_opacity=\u00bb1&#8243; column_backdrop_filter=\u00bbnone\u00bb column_shadow=\u00bbnone\u00bb column_border_radius=\u00bbnone\u00bb column_link_target=\u00bb_self\u00bb overflow=\u00bbvisible\u00bb gradient_direction=\u00bbleft_to_right\u00bb overlay_strength=\u00bb0.3&#8243; width=\u00bb1\/4&#8243; tablet_width_inherit=\u00bbdefault\u00bb animation_type=\u00bbdefault\u00bb bg_image_animation=\u00bbnone\u00bb border_type=\u00bbsimple\u00bb column_border_width=\u00bbnone\u00bb column_border_style=\u00bbsolid\u00bb column_padding_type=\u00bbdefault\u00bb gradient_type=\u00bbdefault\u00bb][image_with_animation image_url=\u00bb67781&#8243; image_size=\u00bbfull\u00bb animation_type=\u00bbentrance\u00bb animation=\u00bbNone\u00bb animation_movement_type=\u00bbtransform_y\u00bb hover_animation=\u00bbnone\u00bb alignment=\u00bb\u00bb border_radius=\u00bbnone\u00bb box_shadow=\u00bbnone\u00bb image_loading=\u00bbdefault\u00bb max_width=\u00bb100%\u00bb max_width_mobile=\u00bbdefault\u00bb][vc_column_text el_class=\u00bbfs44&#8243; text_direction=\u00bbdefault\u00bb]\n<p style=\"text-align: center; color: #0c347e;\">Seguridad<\/p>\n[\/vc_column_text][vc_column_text text_direction=\u00bbdefault\u00bb]La seguridad es de suma importancia para nosotros a la hora de planificar nuestras actividades diurnas de verano.<br \/>\nTrabajamos continuamente con asesores altamente cualificados, tanto dentro como fuera del campamento, para garantizar una experiencia segura y agradable a todos los participantes.[\/vc_column_text][\/vc_column_inner][vc_column_inner column_padding=\u00bbno-extra-padding\u00bb column_padding_tablet=\u00bbinherit\u00bb column_padding_phone=\u00bbinherit\u00bb column_padding_position=\u00bball\u00bb column_element_direction_desktop=\u00bbdefault\u00bb column_element_spacing=\u00bbdefault\u00bb centered_text=\u00bbtrue\u00bb desktop_text_alignment=\u00bbcenter\u00bb tablet_text_alignment=\u00bbdefault\u00bb phone_text_alignment=\u00bbdefault\u00bb background_color_opacity=\u00bb1&#8243; background_hover_color_opacity=\u00bb1&#8243; column_backdrop_filter=\u00bbnone\u00bb column_shadow=\u00bbnone\u00bb column_border_radius=\u00bbnone\u00bb column_link_target=\u00bb_self\u00bb overflow=\u00bbvisible\u00bb gradient_direction=\u00bbleft_to_right\u00bb overlay_strength=\u00bb0.3&#8243; width=\u00bb1\/4&#8243; tablet_width_inherit=\u00bbdefault\u00bb animation_type=\u00bbdefault\u00bb bg_image_animation=\u00bbnone\u00bb border_type=\u00bbsimple\u00bb column_border_width=\u00bbnone\u00bb column_border_style=\u00bbsolid\u00bb column_padding_type=\u00bbdefault\u00bb gradient_type=\u00bbdefault\u00bb][image_with_animation image_url=\u00bb67782&#8243; image_size=\u00bbfull\u00bb animation_type=\u00bbentrance\u00bb animation=\u00bbNone\u00bb animation_movement_type=\u00bbtransform_y\u00bb hover_animation=\u00bbnone\u00bb alignment=\u00bb\u00bb border_radius=\u00bbnone\u00bb box_shadow=\u00bbnone\u00bb image_loading=\u00bbdefault\u00bb max_width=\u00bb100%\u00bb max_width_mobile=\u00bbdefault\u00bb][vc_column_text el_class=\u00bbfs44&#8243; text_direction=\u00bbdefault\u00bb]\n<p style=\"text-align: center; color: #0c347e;\">Diversi\u00f3n<\/p>\n[\/vc_column_text][vc_column_text text_direction=\u00bbdefault\u00bb]Con m\u00e1s de 45 actividades este verano, complementadas con atractivas clases de idiomas y excursiones culturales, \u00a1los ni\u00f1os y adolescentes de nuestro campamento internacional de verano no tienen tiempo para aburrirse![\/vc_column_text][\/vc_column_inner][vc_column_inner column_padding=\u00bbno-extra-padding\u00bb column_padding_tablet=\u00bbinherit\u00bb column_padding_phone=\u00bbinherit\u00bb column_padding_position=\u00bball\u00bb column_element_direction_desktop=\u00bbdefault\u00bb column_element_spacing=\u00bbdefault\u00bb centered_text=\u00bbtrue\u00bb desktop_text_alignment=\u00bbcenter\u00bb tablet_text_alignment=\u00bbdefault\u00bb phone_text_alignment=\u00bbdefault\u00bb background_color_opacity=\u00bb1&#8243; background_hover_color_opacity=\u00bb1&#8243; column_backdrop_filter=\u00bbnone\u00bb column_shadow=\u00bbnone\u00bb column_border_radius=\u00bbnone\u00bb column_link_target=\u00bb_self\u00bb overflow=\u00bbvisible\u00bb gradient_direction=\u00bbleft_to_right\u00bb overlay_strength=\u00bb0.3&#8243; width=\u00bb1\/4&#8243; tablet_width_inherit=\u00bbdefault\u00bb animation_type=\u00bbdefault\u00bb bg_image_animation=\u00bbnone\u00bb border_type=\u00bbsimple\u00bb column_border_width=\u00bbnone\u00bb column_border_style=\u00bbsolid\u00bb column_padding_type=\u00bbdefault\u00bb gradient_type=\u00bbdefault\u00bb][image_with_animation image_url=\u00bb66826&#8243; image_size=\u00bbfull\u00bb animation_type=\u00bbentrance\u00bb animation=\u00bbNone\u00bb animation_movement_type=\u00bbtransform_y\u00bb hover_animation=\u00bbnone\u00bb alignment=\u00bb\u00bb border_radius=\u00bbnone\u00bb box_shadow=\u00bbnone\u00bb image_loading=\u00bbdefault\u00bb max_width=\u00bb100%\u00bb max_width_mobile=\u00bbdefault\u00bb][vc_column_text el_class=\u00bbfs44&#8243; text_direction=\u00bbdefault\u00bb]\n<p style=\"text-align: center; color: #0c347e;\">Inclusi\u00f3n<\/p>\n[\/vc_column_text][vc_column_text text_direction=\u00bbdefault\u00bb]En Les Elfes International, celebramos el rico mosaico de la diversidad cultural; damos prioridad a la creaci\u00f3n de un entorno integrador en el que cada alumno, independientemente de su origen, creencias o apariencia, se sienta escuchado y respetado.[\/vc_column_text][\/vc_column_inner][vc_column_inner column_padding=\u00bbno-extra-padding\u00bb column_padding_tablet=\u00bbinherit\u00bb column_padding_phone=\u00bbinherit\u00bb column_padding_position=\u00bball\u00bb column_element_direction_desktop=\u00bbdefault\u00bb column_element_spacing=\u00bbdefault\u00bb centered_text=\u00bbtrue\u00bb desktop_text_alignment=\u00bbdefault\u00bb tablet_text_alignment=\u00bbdefault\u00bb phone_text_alignment=\u00bbdefault\u00bb background_color_opacity=\u00bb1&#8243; background_hover_color_opacity=\u00bb1&#8243; column_backdrop_filter=\u00bbnone\u00bb column_shadow=\u00bbnone\u00bb column_border_radius=\u00bbnone\u00bb column_link_target=\u00bb_self\u00bb overflow=\u00bbvisible\u00bb gradient_direction=\u00bbleft_to_right\u00bb overlay_strength=\u00bb0.3&#8243; width=\u00bb1\/4&#8243; tablet_width_inherit=\u00bbdefault\u00bb animation_type=\u00bbdefault\u00bb bg_image_animation=\u00bbnone\u00bb border_type=\u00bbsimple\u00bb column_border_width=\u00bbnone\u00bb column_border_style=\u00bbsolid\u00bb column_padding_type=\u00bbdefault\u00bb gradient_type=\u00bbdefault\u00bb][image_with_animation image_url=\u00bb67783&#8243; image_size=\u00bbfull\u00bb animation_type=\u00bbentrance\u00bb animation=\u00bbNone\u00bb animation_movement_type=\u00bbtransform_y\u00bb hover_animation=\u00bbnone\u00bb alignment=\u00bb\u00bb border_radius=\u00bbnone\u00bb box_shadow=\u00bbnone\u00bb image_loading=\u00bbdefault\u00bb max_width=\u00bb100%\u00bb max_width_mobile=\u00bbdefault\u00bb][vc_column_text el_class=\u00bbfs44&#8243; text_direction=\u00bbdefault\u00bb]\n<p style=\"text-align: center; color: #0c347e;\">Desarrollo personal<\/p>\n[\/vc_column_text][vc_column_text text_direction=\u00bbdefault\u00bb]Los ni\u00f1os estar\u00e1n expuestos a muchas oportunidades de trabajar de forma natural sus habilidades de comunicaci\u00f3n personal para mejorar estas importantes \u00e1reas de su desarrollo.[\/vc_column_text][\/vc_column_inner][\/vc_row_inner][divider line_type=\u00bbNo Line\u00bb custom_height=\u00bb50&#8243;][nectar_cta btn_style=\u00bbbasic\u00bb heading_tag=\u00bbspan\u00bb button_color=\u00bbaccent-color\u00bb button_color_hover=\u00bb#4d8abf\u00bb text_color=\u00bb#ffffff\u00bb text_color_hover=\u00bb#ffffff\u00bb button_border_thickness=\u00bb0px\u00bb link_type=\u00bbnew_tab\u00bb alignment=\u00bbcenter\u00bb alignment_tablet=\u00bbcenter\u00bb alignment_phone=\u00bbcenter\u00bb display=\u00bbblock\u00bb display_tablet=\u00bbinherit\u00bb display_phone=\u00bbinherit\u00bb icon_family=\u00bbnone\u00bb link_text=\u00bbSobre nosotros\u00bb padding_top=\u00bb10&#8243; padding_bottom=\u00bb10&#8243; padding_left=\u00bb31&#8243; padding_right=\u00bb30&#8243; url=\u00bbhttps:\/\/www.leselfes.com\/es\/?page_id=90057#priorities\u00bb class=\u00bbcE3C215&#8243;][\/vc_column][\/vc_row][vc_row type=\u00bbfull_width_background\u00bb full_screen_row_position=\u00bbmiddle\u00bb column_margin=\u00bbdefault\u00bb column_direction=\u00bbdefault\u00bb column_direction_tablet=\u00bbdefault\u00bb column_direction_phone=\u00bbdefault\u00bb bg_color=\u00bb#ffffff\u00bb scene_position=\u00bbcenter\u00bb top_padding=\u00bb100&#8243; constrain_group_6=\u00bbyes\u00bb text_color=\u00bbdark\u00bb text_align=\u00bbleft\u00bb row_border_radius=\u00bbnone\u00bb row_border_radius_applies=\u00bbbg\u00bb overflow=\u00bbvisible\u00bb overlay_strength=\u00bb0.3&#8243; gradient_direction=\u00bbleft_to_right\u00bb shape_divider_position=\u00bbbottom\u00bb bg_image_animation=\u00bbnone\u00bb gradient_type=\u00bbdefault\u00bb shape_type=\u00bb\u00bb][vc_column column_padding=\u00bbno-extra-padding\u00bb column_padding_tablet=\u00bbinherit\u00bb column_padding_phone=\u00bbinherit\u00bb column_padding_position=\u00bball\u00bb column_element_direction_desktop=\u00bbdefault\u00bb column_element_spacing=\u00bbdefault\u00bb desktop_text_alignment=\u00bbdefault\u00bb tablet_text_alignment=\u00bbdefault\u00bb phone_text_alignment=\u00bbdefault\u00bb background_color_opacity=\u00bb1&#8243; background_hover_color_opacity=\u00bb1&#8243; column_backdrop_filter=\u00bbnone\u00bb column_shadow=\u00bbnone\u00bb column_border_radius=\u00bbnone\u00bb column_link_target=\u00bb_self\u00bb column_position=\u00bbdefault\u00bb gradient_direction=\u00bbleft_to_right\u00bb overlay_strength=\u00bb0.3&#8243; width=\u00bb1\/1&#8243; tablet_width_inherit=\u00bbdefault\u00bb animation_type=\u00bbdefault\u00bb bg_image_animation=\u00bbnone\u00bb border_type=\u00bbsimple\u00bb column_border_width=\u00bbnone\u00bb column_border_style=\u00bbsolid\u00bb][vc_row_inner column_margin=\u00bbdefault\u00bb column_direction=\u00bbdefault\u00bb column_direction_tablet=\u00bbdefault\u00bb column_direction_phone=\u00bbdefault\u00bb text_align=\u00bbleft\u00bb row_position=\u00bbdefault\u00bb row_position_tablet=\u00bbinherit\u00bb row_position_phone=\u00bbinherit\u00bb overflow=\u00bbvisible\u00bb pointer_events=\u00bball\u00bb][vc_column_inner column_padding=\u00bbno-extra-padding\u00bb column_padding_tablet=\u00bbinherit\u00bb column_padding_phone=\u00bbinherit\u00bb column_padding_position=\u00bball\u00bb column_element_direction_desktop=\u00bbdefault\u00bb column_element_spacing=\u00bbdefault\u00bb centered_text=\u00bbtrue\u00bb desktop_text_alignment=\u00bbcenter\u00bb tablet_text_alignment=\u00bbdefault\u00bb phone_text_alignment=\u00bbdefault\u00bb background_color_opacity=\u00bb1&#8243; background_hover_color_opacity=\u00bb1&#8243; column_backdrop_filter=\u00bbnone\u00bb column_shadow=\u00bbnone\u00bb column_border_radius=\u00bbnone\u00bb column_link_target=\u00bb_self\u00bb overflow=\u00bbvisible\u00bb el_class=\u00bbflexElfAfter\u00bb gradient_direction=\u00bbleft_to_right\u00bb overlay_strength=\u00bb0.3&#8243; width=\u00bb1\/1&#8243; tablet_width_inherit=\u00bbdefault\u00bb animation_type=\u00bbdefault\u00bb bg_image_animation=\u00bbnone\u00bb border_type=\u00bbsimple\u00bb column_border_width=\u00bbnone\u00bb column_border_style=\u00bbsolid\u00bb column_padding_type=\u00bbdefault\u00bb gradient_type=\u00bbdefault\u00bb][vc_column_text css=\u00bb.vc_custom_1718787523251{padding-right: 20px !important;padding-left: 20px !important;}\u00bb text_direction=\u00bbdefault\u00bb max_width=\u00bb900&#8243;]\n<h2 style=\"text-align: center; color: #0c347e;\">Campamento de verano &#8211; Programas y precios<\/h2>\n<div id=\"gtx-trans\" style=\"position: absolute; left: 63px; top: -4.75347px;\">\n<div class=\"gtx-trans-icon\"><\/div>\n<\/div>\n[\/vc_column_text][image_with_animation image_url=\u00bb66744&#8243; image_size=\u00bbfull\u00bb animation_type=\u00bbentrance\u00bb animation=\u00bbNone\u00bb animation_movement_type=\u00bbtransform_y\u00bb hover_animation=\u00bbnone\u00bb alignment=\u00bb\u00bb border_radius=\u00bbnone\u00bb box_shadow=\u00bbnone\u00bb image_loading=\u00bbdefault\u00bb max_width=\u00bb100%\u00bb max_width_mobile=\u00bbdefault\u00bb margin_top=\u00bb-50px\u00bb margin_top_tablet=\u00bb0&#8243;][\/vc_column_inner][\/vc_row_inner][\/vc_column][\/vc_row][vc_row type=\u00bbin_container\u00bb full_screen_row_position=\u00bbmiddle\u00bb column_margin=\u00bb80px\u00bb equal_height=\u00bbyes\u00bb content_placement=\u00bbtop\u00bb column_direction=\u00bbdefault\u00bb column_direction_tablet=\u00bbdefault\u00bb column_direction_phone=\u00bbdefault\u00bb scene_position=\u00bbcenter\u00bb bottom_margin=\u00bb150&#8243; text_color=\u00bbdark\u00bb text_align=\u00bbleft\u00bb row_border_radius=\u00bbnone\u00bb row_border_radius_applies=\u00bbbg\u00bb overflow=\u00bbvisible\u00bb overlay_strength=\u00bb0.3&#8243; gradient_direction=\u00bbleft_to_right\u00bb shape_divider_position=\u00bbbottom\u00bb bg_image_animation=\u00bbnone\u00bb gradient_type=\u00bbdefault\u00bb shape_type=\u00bb\u00bb][vc_column top_padding_desktop=\u00bb50&#8243; bottom_padding_desktop=\u00bb50&#8243; left_padding_desktop=\u00bb80&#8243; constrain_group_101=\u00bbyes\u00bb right_padding_desktop=\u00bb80&#8243; left_padding_tablet=\u00bb50&#8243; constrain_group_103=\u00bbyes\u00bb right_padding_tablet=\u00bb50&#8243; top_margin=\u00bb100&#8243; column_element_direction_desktop=\u00bbdefault\u00bb column_element_spacing=\u00bbdefault\u00bb desktop_text_alignment=\u00bbdefault\u00bb tablet_text_alignment=\u00bbdefault\u00bb phone_text_alignment=\u00bbdefault\u00bb background_color=\u00bb#d96565&#8243; background_color_opacity=\u00bb1&#8243; background_hover_color_opacity=\u00bb1&#8243; column_backdrop_filter=\u00bbnone\u00bb font_color=\u00bb#ffffff\u00bb column_shadow=\u00bbnone\u00bb column_border_radius=\u00bbnone\u00bb column_link_target=\u00bb_self\u00bb column_position=\u00bbdefault\u00bb el_class=\u00bbflexIT\u00bb gradient_direction=\u00bbleft_to_right\u00bb overlay_strength=\u00bb0.3&#8243; width=\u00bb1\/3&#8243; tablet_width_inherit=\u00bbdefault\u00bb animation_type=\u00bbdefault\u00bb bg_image_animation=\u00bbnone\u00bb border_type=\u00bbsimple\u00bb column_border_width=\u00bbnone\u00bb column_border_style=\u00bbsolid\u00bb column_padding_type=\u00bbadvanced\u00bb gradient_type=\u00bbdefault\u00bb offset=\u00bbvc_col-lg-6 vc_col-md-6 vc_col-xs-12&#8243;][image_with_animation image_url=\u00bb67625&#8243; image_size=\u00bbfull\u00bb animation_type=\u00bbentrance\u00bb animation=\u00bbNone\u00bb animation_movement_type=\u00bbtransform_y\u00bb hover_animation=\u00bbnone\u00bb alignment=\u00bbcenter\u00bb border_radius=\u00bbnone\u00bb box_shadow=\u00bbnone\u00bb image_loading=\u00bbdefault\u00bb max_width=\u00bb100%\u00bb max_width_mobile=\u00bbdefault\u00bb margin_top=\u00bb-100&#8243;][vc_column_text css=\u00bb.vc_custom_1711642295576{margin-bottom: 10px !important;}\u00bb el_class=\u00bbfs44&#8243; text_direction=\u00bbdefault\u00bb]\n<p style=\"text-align: center;\">D\u00eda completo<\/p>\n[\/vc_column_text][vc_column_text el_class=\u00bbtime_bg_bleu\u00bb text_direction=\u00bbdefault\u00bb]De 8h30 a 18h30[\/vc_column_text][divider line_type=\u00bbNo Line\u00bb custom_height=\u00bb30&#8243;][vc_column_text css=\u00bb\u00bb text_direction=\u00bbdefault\u00bb el_class=\u00bbflight\u00bb]M\u00e1s de 45 actividades al aire libre supervisadas por personal experimentado de Les Elfes International<\/p>\n<p>8 sesiones obligatorias de clases de conversaci\u00f3n de idiomas (ingl\u00e9s, franc\u00e9s, alem\u00e1n, espa\u00f1ol o mandar\u00edn) organizadas durante 4 ma\u00f1anas a la semana<\/p>\n<p>3 comidas nutritivas y ricas al d\u00eda<\/p>\n<p>Ambiente internacional garantizado por estudiantes visitantes de m\u00e1s de 70 nacionalidades<\/p>\n<p>Pernoctaci\u00f3n opcional en un refugio de monta\u00f1a &#8211; Cargo adicional<\/p>\n<p>Excursi\u00f3n a una de las ciudades emblem\u00e1ticas de Suiza[\/vc_column_text][divider line_type=\u00bbNo Line\u00bb custom_height=\u00bb50&#8243;][vc_row_inner column_margin=\u00bbdefault\u00bb column_direction=\u00bbdefault\u00bb column_direction_tablet=\u00bbdefault\u00bb column_direction_phone=\u00bbdefault\u00bb text_align=\u00bbleft\u00bb row_position=\u00bbdefault\u00bb row_position_tablet=\u00bbinherit\u00bb row_position_phone=\u00bbinherit\u00bb overflow=\u00bbvisible\u00bb pointer_events=\u00bball\u00bb class=\u00bbgoBottom\u00bb][vc_column_inner column_padding=\u00bbno-extra-padding\u00bb column_padding_tablet=\u00bbinherit\u00bb column_padding_phone=\u00bbinherit\u00bb column_padding_position=\u00bball\u00bb column_element_direction_desktop=\u00bbdefault\u00bb column_element_spacing=\u00bbdefault\u00bb centered_text=\u00bbtrue\u00bb desktop_text_alignment=\u00bbcenter\u00bb tablet_text_alignment=\u00bbdefault\u00bb phone_text_alignment=\u00bbdefault\u00bb background_color_opacity=\u00bb1&#8243; background_hover_color_opacity=\u00bb1&#8243; column_backdrop_filter=\u00bbnone\u00bb column_shadow=\u00bbnone\u00bb column_border_radius=\u00bbnone\u00bb column_link_target=\u00bb_self\u00bb overflow=\u00bbvisible\u00bb gradient_direction=\u00bbleft_to_right\u00bb overlay_strength=\u00bb0.3&#8243; width=\u00bb1\/1&#8243; tablet_width_inherit=\u00bbdefault\u00bb animation_type=\u00bbdefault\u00bb bg_image_animation=\u00bbnone\u00bb border_type=\u00bbsimple\u00bb column_border_width=\u00bbnone\u00bb column_border_style=\u00bbsolid\u00bb column_padding_type=\u00bbdefault\u00bb gradient_type=\u00bbdefault\u00bb][vc_column_text text_direction=\u00bbdefault\u00bb]A 350 CHF POR D\u00cdA[\/vc_column_text][nectar_cta btn_style=\u00bbbasic\u00bb heading_tag=\u00bbspan\u00bb button_color=\u00bbwhite\u00bb button_color_hover=\u00bb#ffffff\u00bb text_color=\u00bb#d96565&#8243; text_color_hover=\u00bb#d96565&#8243; button_border_thickness=\u00bb0px\u00bb link_type=\u00bbnew_tab\u00bb alignment=\u00bbleft\u00bb alignment_tablet=\u00bbdefault\u00bb alignment_phone=\u00bbdefault\u00bb display=\u00bbblock\u00bb display_tablet=\u00bbinherit\u00bb display_phone=\u00bbinherit\u00bb icon_family=\u00bbnone\u00bb link_text=\u00bbinscr\u00edbete ahora\u00bb padding_top=\u00bb10&#8243; padding_bottom=\u00bb10&#8243; padding_left=\u00bb31&#8243; padding_right=\u00bb30&#8243; url=\u00bbhttps:\/\/www.leselfes.com\/summer-day-camps\/enrolnow\/\u00bb][\/vc_column_inner][\/vc_row_inner][\/vc_column][vc_column top_padding_desktop=\u00bb50&#8243; bottom_padding_desktop=\u00bb50&#8243; left_padding_desktop=\u00bb80&#8243; constrain_group_101=\u00bbyes\u00bb right_padding_desktop=\u00bb80&#8243; left_padding_tablet=\u00bb50&#8243; constrain_group_103=\u00bbyes\u00bb right_padding_tablet=\u00bb50&#8243; top_margin=\u00bb100&#8243; column_element_direction_desktop=\u00bbdefault\u00bb column_element_spacing=\u00bbdefault\u00bb desktop_text_alignment=\u00bbdefault\u00bb tablet_text_alignment=\u00bbdefault\u00bb phone_text_alignment=\u00bbdefault\u00bb background_color=\u00bb#e2836a\u00bb background_color_opacity=\u00bb1&#8243; background_hover_color_opacity=\u00bb1&#8243; column_backdrop_filter=\u00bbnone\u00bb font_color=\u00bb#ffffff\u00bb column_shadow=\u00bbnone\u00bb column_border_radius=\u00bbnone\u00bb column_link_target=\u00bb_self\u00bb column_position=\u00bbdefault\u00bb el_class=\u00bbflexIT\u00bb gradient_direction=\u00bbleft_to_right\u00bb overlay_strength=\u00bb0.3&#8243; width=\u00bb1\/3&#8243; tablet_width_inherit=\u00bbdefault\u00bb animation_type=\u00bbdefault\u00bb bg_image_animation=\u00bbnone\u00bb border_type=\u00bbsimple\u00bb column_border_width=\u00bbnone\u00bb column_border_style=\u00bbsolid\u00bb column_padding_type=\u00bbadvanced\u00bb gradient_type=\u00bbdefault\u00bb offset=\u00bbvc_col-lg-6 vc_col-md-6 vc_col-xs-12&#8243;][image_with_animation image_url=\u00bb67624&#8243; image_size=\u00bbfull\u00bb animation_type=\u00bbentrance\u00bb animation=\u00bbNone\u00bb animation_movement_type=\u00bbtransform_y\u00bb hover_animation=\u00bbnone\u00bb alignment=\u00bbcenter\u00bb border_radius=\u00bbnone\u00bb box_shadow=\u00bbnone\u00bb image_loading=\u00bbdefault\u00bb max_width=\u00bb100%\u00bb max_width_mobile=\u00bbdefault\u00bb margin_top=\u00bb-100&#8243;][vc_column_text css=\u00bb.vc_custom_1711642304621{margin-bottom: 10px !important;}\u00bb el_class=\u00bbfs44&#8243; text_direction=\u00bbdefault\u00bb]\n<p style=\"text-align: center;\">D\u00eda extra largo<\/p>\n[\/vc_column_text][vc_column_text el_class=\u00bbtime_bg_bleu\u00bb text_direction=\u00bbdefault\u00bb]De 8h30 a 21h30[\/vc_column_text][divider line_type=\u00bbNo Line\u00bb custom_height=\u00bb30&#8243;][vc_column_text css=\u00bb\u00bb text_direction=\u00bbdefault\u00bb el_class=\u00bbflight\u00bb]M\u00e1s de 45 actividades al aire libre supervisadas por personal experimentado de Les Elfes International<\/p>\n<p>8 sesiones obligatorias de clases de conversaci\u00f3n de idiomas (ingl\u00e9s, franc\u00e9s, alem\u00e1n, espa\u00f1ol o mandar\u00edn) organizadas durante 4 ma\u00f1anas a la semana<\/p>\n<p>Actividades nocturnas totalmente supervisadas (noche de discoteca, cena fuera, bolera, etc.)<\/p>\n<p>4 comidas nutritivas y ricas al d\u00eda<\/p>\n<p>Ambiente internacional garantizado por estudiantes visitantes de m\u00e1s de 65 nacionalidades<\/p>\n<p>Pernoctaci\u00f3n opcional en un refugio de monta\u00f1a &#8211; Cargo adicional<\/p>\n<p>Excursi\u00f3n a una de las ciudades emblem\u00e1ticas de Suiza[\/vc_column_text][divider line_type=\u00bbNo Line\u00bb custom_height=\u00bb50&#8243;][vc_row_inner column_margin=\u00bbdefault\u00bb column_direction=\u00bbdefault\u00bb column_direction_tablet=\u00bbdefault\u00bb column_direction_phone=\u00bbdefault\u00bb text_align=\u00bbleft\u00bb row_position=\u00bbdefault\u00bb row_position_tablet=\u00bbinherit\u00bb row_position_phone=\u00bbinherit\u00bb overflow=\u00bbvisible\u00bb pointer_events=\u00bball\u00bb class=\u00bbgoBottom\u00bb][vc_column_inner column_padding=\u00bbno-extra-padding\u00bb column_padding_tablet=\u00bbinherit\u00bb column_padding_phone=\u00bbinherit\u00bb column_padding_position=\u00bball\u00bb column_element_direction_desktop=\u00bbdefault\u00bb column_element_spacing=\u00bbdefault\u00bb centered_text=\u00bbtrue\u00bb desktop_text_alignment=\u00bbcenter\u00bb tablet_text_alignment=\u00bbdefault\u00bb phone_text_alignment=\u00bbdefault\u00bb background_color_opacity=\u00bb1&#8243; background_hover_color_opacity=\u00bb1&#8243; column_backdrop_filter=\u00bbnone\u00bb column_shadow=\u00bbnone\u00bb column_border_radius=\u00bbnone\u00bb column_link_target=\u00bb_self\u00bb overflow=\u00bbvisible\u00bb gradient_direction=\u00bbleft_to_right\u00bb overlay_strength=\u00bb0.3&#8243; width=\u00bb1\/1&#8243; tablet_width_inherit=\u00bbdefault\u00bb animation_type=\u00bbdefault\u00bb bg_image_animation=\u00bbnone\u00bb border_type=\u00bbsimple\u00bb column_border_width=\u00bbnone\u00bb column_border_style=\u00bbsolid\u00bb column_padding_type=\u00bbdefault\u00bb gradient_type=\u00bbdefault\u00bb][vc_column_text text_direction=\u00bbdefault\u00bb]A 450 CHF POR D\u00cdA[\/vc_column_text][nectar_cta btn_style=\u00bbbasic\u00bb heading_tag=\u00bbspan\u00bb button_color=\u00bbwhite\u00bb button_color_hover=\u00bb#ffffff\u00bb text_color=\u00bb#e2836a\u00bb text_color_hover=\u00bb#e2836a\u00bb button_border_thickness=\u00bb0px\u00bb link_type=\u00bbnew_tab\u00bb alignment=\u00bbleft\u00bb alignment_tablet=\u00bbdefault\u00bb alignment_phone=\u00bbdefault\u00bb display=\u00bbblock\u00bb display_tablet=\u00bbinherit\u00bb display_phone=\u00bbinherit\u00bb icon_family=\u00bbnone\u00bb link_text=\u00bbinscr\u00edbete ahora\u00bb padding_top=\u00bb10&#8243; padding_bottom=\u00bb10&#8243; padding_left=\u00bb31&#8243; padding_right=\u00bb30&#8243; class=\u00bbcD7844E\u00bb url=\u00bbhttps:\/\/www.leselfes.com\/summer-day-camps\/enrolnow\/\u00bb][\/vc_column_inner][\/vc_row_inner][\/vc_column][\/vc_row][vc_row type=\u00bbfull_width_background\u00bb full_screen_row_position=\u00bbmiddle\u00bb column_margin=\u00bbdefault\u00bb column_direction=\u00bbdefault\u00bb column_direction_tablet=\u00bbdefault\u00bb column_direction_phone=\u00bbdefault\u00bb bg_color=\u00bbrgba(52,59,104,0.06)\u00bb scene_position=\u00bbcenter\u00bb top_padding=\u00bb100&#8243; bottom_padding=\u00bb50&#8243; text_color=\u00bbdark\u00bb text_align=\u00bbleft\u00bb row_border_radius=\u00bbnone\u00bb row_border_radius_applies=\u00bbbg\u00bb overflow=\u00bbvisible\u00bb overlay_strength=\u00bb0.3&#8243; gradient_direction=\u00bbleft_to_right\u00bb shape_divider_position=\u00bbbottom\u00bb bg_image_animation=\u00bbnone\u00bb gradient_type=\u00bbdefault\u00bb shape_type=\u00bb\u00bb][vc_column column_padding=\u00bbno-extra-padding\u00bb column_padding_tablet=\u00bbinherit\u00bb column_padding_phone=\u00bbinherit\u00bb column_padding_position=\u00bball\u00bb column_element_direction_desktop=\u00bbdefault\u00bb column_element_spacing=\u00bbdefault\u00bb desktop_text_alignment=\u00bbdefault\u00bb tablet_text_alignment=\u00bbdefault\u00bb phone_text_alignment=\u00bbdefault\u00bb background_color_opacity=\u00bb1&#8243; background_hover_color_opacity=\u00bb1&#8243; column_backdrop_filter=\u00bbnone\u00bb column_shadow=\u00bbnone\u00bb column_border_radius=\u00bbnone\u00bb column_link_target=\u00bb_self\u00bb column_position=\u00bbdefault\u00bb gradient_direction=\u00bbleft_to_right\u00bb overlay_strength=\u00bb0.3&#8243; width=\u00bb1\/1&#8243; tablet_width_inherit=\u00bbdefault\u00bb animation_type=\u00bbdefault\u00bb bg_image_animation=\u00bbnone\u00bb border_type=\u00bbsimple\u00bb column_border_width=\u00bbnone\u00bb column_border_style=\u00bbsolid\u00bb][vc_row_inner column_margin=\u00bbdefault\u00bb column_direction=\u00bbdefault\u00bb column_direction_tablet=\u00bbdefault\u00bb column_direction_phone=\u00bbdefault\u00bb text_align=\u00bbleft\u00bb row_position=\u00bbdefault\u00bb row_position_tablet=\u00bbinherit\u00bb row_position_phone=\u00bbinherit\u00bb overflow=\u00bbvisible\u00bb pointer_events=\u00bball\u00bb][vc_column_inner column_padding=\u00bbno-extra-padding\u00bb column_padding_tablet=\u00bbinherit\u00bb column_padding_phone=\u00bbinherit\u00bb column_padding_position=\u00bball\u00bb column_element_direction_desktop=\u00bbdefault\u00bb column_element_spacing=\u00bbdefault\u00bb centered_text=\u00bbtrue\u00bb desktop_text_alignment=\u00bbcenter\u00bb tablet_text_alignment=\u00bbdefault\u00bb phone_text_alignment=\u00bbdefault\u00bb background_color_opacity=\u00bb1&#8243; background_hover_color_opacity=\u00bb1&#8243; column_backdrop_filter=\u00bbnone\u00bb column_shadow=\u00bbnone\u00bb column_border_radius=\u00bbnone\u00bb column_link_target=\u00bb_self\u00bb overflow=\u00bbvisible\u00bb gradient_direction=\u00bbleft_to_right\u00bb overlay_strength=\u00bb0.3&#8243; width=\u00bb1\/1&#8243; tablet_width_inherit=\u00bbdefault\u00bb animation_type=\u00bbdefault\u00bb bg_image_animation=\u00bbnone\u00bb border_type=\u00bbsimple\u00bb column_border_width=\u00bbnone\u00bb column_border_style=\u00bbsolid\u00bb column_padding_type=\u00bbdefault\u00bb gradient_type=\u00bbdefault\u00bb][vc_column_text text_direction=\u00bbdefault\u00bb]\n<h2 style=\"text-align: center; color: #0c347e;\">Programas de 3 d\u00edas para 3 grupos de edad<\/h2>\n[\/vc_column_text][vc_column_text max_width=\u00bb850&#8243; text_direction=\u00bbdefault\u00bb]\n<p style=\"color: #0c347e;\">Los grupos de edad permiten a los participantes en los campamentos de verano encontrar amigos de edades similares de distintos pa\u00edses y aprender un poco sobre otras culturas.<\/p>\n[\/vc_column_text][\/vc_column_inner][\/vc_row_inner][\/vc_column][\/vc_row][vc_row type=\u00bbfull_width_content\u00bb full_screen_row_position=\u00bbmiddle\u00bb column_margin=\u00bb20px\u00bb equal_height=\u00bbyes\u00bb content_placement=\u00bbtop\u00bb column_direction=\u00bbdefault\u00bb column_direction_tablet=\u00bbdefault\u00bb column_direction_phone=\u00bbdefault\u00bb bg_color=\u00bbrgba(52,59,104,0.06)\u00bb scene_position=\u00bbcenter\u00bb left_padding_desktop=\u00bb5%\u00bb constrain_group_2=\u00bbyes\u00bb right_padding_desktop=\u00bb5%\u00bb left_padding_tablet=\u00bb50px\u00bb constrain_group_4=\u00bbyes\u00bb right_padding_tablet=\u00bb50px\u00bb left_padding_phone=\u00bb20px\u00bb constrain_group_6=\u00bbyes\u00bb right_padding_phone=\u00bb20px\u00bb text_color=\u00bbdark\u00bb text_align=\u00bbleft\u00bb row_border_radius=\u00bbnone\u00bb row_border_radius_applies=\u00bbbg\u00bb overflow=\u00bbvisible\u00bb overlay_strength=\u00bb0.3&#8243; gradient_direction=\u00bbleft_to_right\u00bb shape_divider_position=\u00bbbottom\u00bb bg_image_animation=\u00bbnone\u00bb gradient_type=\u00bbdefault\u00bb shape_type=\u00bb\u00bb][vc_column column_padding=\u00bbno-extra-padding\u00bb column_padding_tablet=\u00bbinherit\u00bb column_padding_phone=\u00bbinherit\u00bb column_padding_position=\u00bball\u00bb top_margin=\u00bb50&#8243; top_margin_tablet=\u00bb100&#8243; column_element_direction_desktop=\u00bbdefault\u00bb column_element_spacing=\u00bbdefault\u00bb desktop_text_alignment=\u00bbdefault\u00bb tablet_text_alignment=\u00bbdefault\u00bb phone_text_alignment=\u00bbdefault\u00bb background_color_opacity=\u00bb1&#8243; background_hover_color_opacity=\u00bb1&#8243; column_backdrop_filter=\u00bbnone\u00bb column_shadow=\u00bbnone\u00bb column_border_radius=\u00bbnone\u00bb column_link_target=\u00bb_self\u00bb column_position=\u00bbdefault\u00bb el_class=\u00bbone_summer_programme\u00bb gradient_direction=\u00bbleft_to_right\u00bb overlay_strength=\u00bb0.3&#8243; width=\u00bb1\/3&#8243; tablet_width_inherit=\u00bbdefault\u00bb animation_type=\u00bbdefault\u00bb bg_image_animation=\u00bbnone\u00bb border_type=\u00bbsimple\u00bb column_border_width=\u00bbnone\u00bb column_border_style=\u00bbsolid\u00bb column_padding_type=\u00bbdefault\u00bb gradient_type=\u00bbdefault\u00bb][vc_row_inner column_margin=\u00bbdefault\u00bb column_direction=\u00bbdefault\u00bb column_direction_tablet=\u00bbdefault\u00bb column_direction_phone=\u00bbdefault\u00bb text_align=\u00bbleft\u00bb row_position=\u00bbdefault\u00bb row_position_tablet=\u00bbinherit\u00bb row_position_phone=\u00bbinherit\u00bb overflow=\u00bbvisible\u00bb pointer_events=\u00bball\u00bb][vc_column_inner column_padding=\u00bbno-extra-padding\u00bb column_padding_tablet=\u00bbinherit\u00bb column_padding_phone=\u00bbinherit\u00bb column_padding_position=\u00bball\u00bb column_element_direction_desktop=\u00bbdefault\u00bb column_element_spacing=\u00bbdefault\u00bb desktop_text_alignment=\u00bbdefault\u00bb tablet_text_alignment=\u00bbdefault\u00bb phone_text_alignment=\u00bbdefault\u00bb background_color_opacity=\u00bb1&#8243; background_hover_color_opacity=\u00bb1&#8243; column_backdrop_filter=\u00bbnone\u00bb column_shadow=\u00bbnone\u00bb column_border_radius=\u00bbnone\u00bb column_link_target=\u00bb_self\u00bb overflow=\u00bbvisible\u00bb gradient_direction=\u00bbleft_to_right\u00bb overlay_strength=\u00bb0.3&#8243; width=\u00bb1\/1&#8243; tablet_width_inherit=\u00bbdefault\u00bb animation_type=\u00bbdefault\u00bb bg_image_animation=\u00bbnone\u00bb border_type=\u00bbsimple\u00bb column_border_width=\u00bbnone\u00bb column_border_style=\u00bbsolid\u00bb][vc_column_text text_direction=\u00bbdefault\u00bb el_class=\u00bbrightYellow\u00bb]<span class=\"age\">6-10<\/span><br \/>\na\u00f1os[\/vc_column_text][image_with_animation image_url=\u00bb67067&#8243; image_size=\u00bbfull\u00bb animation_type=\u00bbentrance\u00bb animation=\u00bbNone\u00bb animation_movement_type=\u00bbtransform_y\u00bb hover_animation=\u00bbnone\u00bb alignment=\u00bb\u00bb border_radius=\u00bbcustom\u00bb box_shadow=\u00bbnone\u00bb top_right_border_radius=\u00bb15&#8243; bottom_left_border_radius=\u00bb15&#8243; image_loading=\u00bbdefault\u00bb max_width=\u00bb100%\u00bb max_width_mobile=\u00bbdefault\u00bb el_class=\u00bbofit450&#8243;][vc_column_text el_class=\u00bbfs47 titreProgramme\u00bb text_direction=\u00bbdefault\u00bb]descubrimientos[\/vc_column_text][\/vc_column_inner][\/vc_row_inner][vc_row_inner column_margin=\u00bbdefault\u00bb column_direction=\u00bbdefault\u00bb column_direction_tablet=\u00bbdefault\u00bb column_direction_phone=\u00bbdefault\u00bb text_align=\u00bbleft\u00bb row_position=\u00bbdefault\u00bb row_position_tablet=\u00bbinherit\u00bb row_position_phone=\u00bbinherit\u00bb overflow=\u00bbvisible\u00bb pointer_events=\u00bball\u00bb][vc_column_inner column_padding=\u00bbno-extra-padding\u00bb column_padding_tablet=\u00bbinherit\u00bb column_padding_phone=\u00bbinherit\u00bb column_padding_position=\u00bball\u00bb column_element_direction_desktop=\u00bbdefault\u00bb column_element_spacing=\u00bbdefault\u00bb desktop_text_alignment=\u00bbdefault\u00bb tablet_text_alignment=\u00bbdefault\u00bb phone_text_alignment=\u00bbdefault\u00bb background_color_opacity=\u00bb1&#8243; background_hover_color_opacity=\u00bb1&#8243; column_backdrop_filter=\u00bbnone\u00bb column_shadow=\u00bbnone\u00bb column_border_radius=\u00bbnone\u00bb column_link_target=\u00bb_self\u00bb overflow=\u00bbvisible\u00bb gradient_direction=\u00bbleft_to_right\u00bb overlay_strength=\u00bb0.3&#8243; width=\u00bb1\/1&#8243; tablet_width_inherit=\u00bbdefault\u00bb animation_type=\u00bbdefault\u00bb bg_image_animation=\u00bbnone\u00bb border_type=\u00bbsimple\u00bb column_border_width=\u00bbnone\u00bb column_border_style=\u00bbsolid\u00bb][divider line_type=\u00bbNo Line\u00bb custom_height=\u00bb50&#8243;][vc_column_text text_direction=\u00bbdefault\u00bb]\n<p style=\"color: #0c347e;\">Experimenta el primer campamento de verano internacional ideal con nuestros excepcionales programas de campamento de d\u00eda.<br \/>\nNuestro experimentado personal proporciona una orientaci\u00f3n sensible y una estructura clara, fomentando el desarrollo de los ni\u00f1os.<br \/>\nMantenemos grupos reducidos y ofrecemos una desafiante gama de actividades diurnas, perfectas incluso para los m\u00e1s deportistas.<\/p>\n[\/vc_column_text][divider line_type=\u00bbNo Line\u00bb custom_height=\u00bb30&#8243;][\/vc_column_inner][\/vc_row_inner][vc_row_inner column_margin=\u00bbdefault\u00bb column_direction=\u00bbdefault\u00bb column_direction_tablet=\u00bbdefault\u00bb column_direction_phone=\u00bbdefault\u00bb text_align=\u00bbleft\u00bb row_position=\u00bbdefault\u00bb row_position_tablet=\u00bbinherit\u00bb row_position_phone=\u00bbinherit\u00bb overflow=\u00bbvisible\u00bb pointer_events=\u00bball\u00bb class=\u00bbgoBottom\u00bb][vc_column_inner column_padding=\u00bbno-extra-padding\u00bb column_padding_tablet=\u00bbinherit\u00bb column_padding_phone=\u00bbinherit\u00bb column_padding_position=\u00bball\u00bb column_element_direction_desktop=\u00bbdefault\u00bb column_element_spacing=\u00bbdefault\u00bb centered_text=\u00bbtrue\u00bb desktop_text_alignment=\u00bbcenter\u00bb tablet_text_alignment=\u00bbdefault\u00bb phone_text_alignment=\u00bbdefault\u00bb background_color_opacity=\u00bb1&#8243; background_hover_color_opacity=\u00bb1&#8243; column_backdrop_filter=\u00bbnone\u00bb column_shadow=\u00bbnone\u00bb column_border_radius=\u00bbnone\u00bb column_link_target=\u00bb_self\u00bb overflow=\u00bbvisible\u00bb gradient_direction=\u00bbleft_to_right\u00bb overlay_strength=\u00bb0.3&#8243; width=\u00bb1\/1&#8243; tablet_width_inherit=\u00bbdefault\u00bb animation_type=\u00bbdefault\u00bb bg_image_animation=\u00bbnone\u00bb border_type=\u00bbsimple\u00bb column_border_width=\u00bbnone\u00bb column_border_style=\u00bbsolid\u00bb column_padding_type=\u00bbdefault\u00bb gradient_type=\u00bbdefault\u00bb][nectar_cta btn_style=\u00bbbasic\u00bb heading_tag=\u00bbspan\u00bb button_color=\u00bbaccent-color\u00bb button_color_hover=\u00bb#4d8abf\u00bb text_color=\u00bb#ffffff\u00bb text_color_hover=\u00bb#ffffff\u00bb button_border_thickness=\u00bb0px\u00bb link_type=\u00bbnew_tab\u00bb alignment=\u00bbcenter\u00bb alignment_tablet=\u00bbcenter\u00bb alignment_phone=\u00bbcenter\u00bb display=\u00bbblock\u00bb display_tablet=\u00bbinherit\u00bb display_phone=\u00bbinherit\u00bb icon_family=\u00bbnone\u00bb link_text=\u00bbHORARIO SEMANAL DEL CAMPAMENTO DE D\u00cdA\u00bb padding_top=\u00bb10&#8243; padding_bottom=\u00bb10&#8243; padding_left=\u00bb31&#8243; padding_right=\u00bb30&#8243; class=\u00bbcE3C215&#8243; url=\u00bbhttps:\/\/www.leselfes.com\/es\/campamento-de-verano\/grupo-de-descubrimiento\/\u00bb][\/vc_column_inner][\/vc_row_inner][\/vc_column][vc_column column_padding=\u00bbno-extra-padding\u00bb column_padding_tablet=\u00bbinherit\u00bb column_padding_phone=\u00bbinherit\u00bb column_padding_position=\u00bball\u00bb top_margin=\u00bb50&#8243; top_margin_tablet=\u00bb100&#8243; column_element_direction_desktop=\u00bbdefault\u00bb column_element_spacing=\u00bbdefault\u00bb desktop_text_alignment=\u00bbdefault\u00bb tablet_text_alignment=\u00bbdefault\u00bb phone_text_alignment=\u00bbdefault\u00bb background_color_opacity=\u00bb1&#8243; background_hover_color_opacity=\u00bb1&#8243; column_backdrop_filter=\u00bbnone\u00bb column_shadow=\u00bbnone\u00bb column_border_radius=\u00bbnone\u00bb column_link_target=\u00bb_self\u00bb column_position=\u00bbdefault\u00bb el_class=\u00bbone_summer_programme\u00bb gradient_direction=\u00bbleft_to_right\u00bb overlay_strength=\u00bb0.3&#8243; width=\u00bb1\/3&#8243; tablet_width_inherit=\u00bbdefault\u00bb animation_type=\u00bbdefault\u00bb bg_image_animation=\u00bbnone\u00bb border_type=\u00bbsimple\u00bb column_border_width=\u00bbnone\u00bb column_border_style=\u00bbsolid\u00bb column_padding_type=\u00bbdefault\u00bb gradient_type=\u00bbdefault\u00bb][vc_row_inner column_margin=\u00bbdefault\u00bb column_direction=\u00bbdefault\u00bb column_direction_tablet=\u00bbdefault\u00bb column_direction_phone=\u00bbdefault\u00bb text_align=\u00bbleft\u00bb row_position=\u00bbdefault\u00bb row_position_tablet=\u00bbinherit\u00bb row_position_phone=\u00bbinherit\u00bb overflow=\u00bbvisible\u00bb pointer_events=\u00bball\u00bb][vc_column_inner column_padding=\u00bbno-extra-padding\u00bb column_padding_tablet=\u00bbinherit\u00bb column_padding_phone=\u00bbinherit\u00bb column_padding_position=\u00bball\u00bb column_element_direction_desktop=\u00bbdefault\u00bb column_element_spacing=\u00bbdefault\u00bb desktop_text_alignment=\u00bbdefault\u00bb tablet_text_alignment=\u00bbdefault\u00bb phone_text_alignment=\u00bbdefault\u00bb background_color_opacity=\u00bb1&#8243; background_hover_color_opacity=\u00bb1&#8243; column_backdrop_filter=\u00bbnone\u00bb column_shadow=\u00bbnone\u00bb column_border_radius=\u00bbnone\u00bb column_link_target=\u00bb_self\u00bb overflow=\u00bbvisible\u00bb gradient_direction=\u00bbleft_to_right\u00bb overlay_strength=\u00bb0.3&#8243; width=\u00bb1\/1&#8243; tablet_width_inherit=\u00bbdefault\u00bb animation_type=\u00bbdefault\u00bb bg_image_animation=\u00bbnone\u00bb border_type=\u00bbsimple\u00bb column_border_width=\u00bbnone\u00bb column_border_style=\u00bbsolid\u00bb][vc_column_text text_direction=\u00bbdefault\u00bb el_class=\u00bbrightYellow orange\u00bb]<span class=\"age\">11-14<\/span><br \/>\na\u00f1os[\/vc_column_text][image_with_animation image_url=\u00bb67068&#8243; image_size=\u00bbfull\u00bb animation_type=\u00bbentrance\u00bb animation=\u00bbNone\u00bb animation_movement_type=\u00bbtransform_y\u00bb hover_animation=\u00bbnone\u00bb alignment=\u00bb\u00bb border_radius=\u00bbcustom\u00bb box_shadow=\u00bbnone\u00bb top_right_border_radius=\u00bb15&#8243; bottom_left_border_radius=\u00bb15&#8243; image_loading=\u00bbdefault\u00bb max_width=\u00bb100%\u00bb max_width_mobile=\u00bbdefault\u00bb el_class=\u00bbofit450&#8243;][vc_column_text el_class=\u00bbfs47 titreProgramme\u00bb text_direction=\u00bbdefault\u00bb]exploradores[\/vc_column_text][\/vc_column_inner][\/vc_row_inner][vc_row_inner column_margin=\u00bbdefault\u00bb column_direction=\u00bbdefault\u00bb column_direction_tablet=\u00bbdefault\u00bb column_direction_phone=\u00bbdefault\u00bb text_align=\u00bbleft\u00bb row_position=\u00bbdefault\u00bb row_position_tablet=\u00bbinherit\u00bb row_position_phone=\u00bbinherit\u00bb overflow=\u00bbvisible\u00bb pointer_events=\u00bball\u00bb][vc_column_inner column_padding=\u00bbno-extra-padding\u00bb column_padding_tablet=\u00bbinherit\u00bb column_padding_phone=\u00bbinherit\u00bb column_padding_position=\u00bball\u00bb column_element_direction_desktop=\u00bbdefault\u00bb column_element_spacing=\u00bbdefault\u00bb desktop_text_alignment=\u00bbdefault\u00bb tablet_text_alignment=\u00bbdefault\u00bb phone_text_alignment=\u00bbdefault\u00bb background_color_opacity=\u00bb1&#8243; background_hover_color_opacity=\u00bb1&#8243; column_backdrop_filter=\u00bbnone\u00bb column_shadow=\u00bbnone\u00bb column_border_radius=\u00bbnone\u00bb column_link_target=\u00bb_self\u00bb overflow=\u00bbvisible\u00bb gradient_direction=\u00bbleft_to_right\u00bb overlay_strength=\u00bb0.3&#8243; width=\u00bb1\/1&#8243; tablet_width_inherit=\u00bbdefault\u00bb animation_type=\u00bbdefault\u00bb bg_image_animation=\u00bbnone\u00bb border_type=\u00bbsimple\u00bb column_border_width=\u00bbnone\u00bb column_border_style=\u00bbsolid\u00bb][divider line_type=\u00bbNo Line\u00bb custom_height=\u00bb50&#8243;][vc_column_text text_direction=\u00bbdefault\u00bb]\n<p style=\"color: #0c347e;\">Para nuestros campistas diurnos algo mayores y m\u00e1s experimentados proponemos un programa desafiante al alcance de las actividades veraniegas de aventura.<br \/>\nEn el grupo Explorador, se espera que los acampados sean independientes y est\u00e9n preparados para salir de su zona de confort.<\/p>\n[\/vc_column_text][divider line_type=\u00bbNo Line\u00bb custom_height=\u00bb30&#8243;][\/vc_column_inner][\/vc_row_inner][vc_row_inner column_margin=\u00bbdefault\u00bb column_direction=\u00bbdefault\u00bb column_direction_tablet=\u00bbdefault\u00bb column_direction_phone=\u00bbdefault\u00bb text_align=\u00bbleft\u00bb row_position=\u00bbdefault\u00bb row_position_tablet=\u00bbinherit\u00bb row_position_phone=\u00bbinherit\u00bb overflow=\u00bbvisible\u00bb pointer_events=\u00bball\u00bb class=\u00bbgoBottom\u00bb][vc_column_inner column_padding=\u00bbno-extra-padding\u00bb column_padding_tablet=\u00bbinherit\u00bb column_padding_phone=\u00bbinherit\u00bb column_padding_position=\u00bball\u00bb column_element_direction_desktop=\u00bbdefault\u00bb column_element_spacing=\u00bbdefault\u00bb centered_text=\u00bbtrue\u00bb desktop_text_alignment=\u00bbcenter\u00bb tablet_text_alignment=\u00bbdefault\u00bb phone_text_alignment=\u00bbdefault\u00bb background_color_opacity=\u00bb1&#8243; background_hover_color_opacity=\u00bb1&#8243; column_backdrop_filter=\u00bbnone\u00bb column_shadow=\u00bbnone\u00bb column_border_radius=\u00bbnone\u00bb column_link_target=\u00bb_self\u00bb overflow=\u00bbvisible\u00bb gradient_direction=\u00bbleft_to_right\u00bb overlay_strength=\u00bb0.3&#8243; width=\u00bb1\/1&#8243; tablet_width_inherit=\u00bbdefault\u00bb animation_type=\u00bbdefault\u00bb bg_image_animation=\u00bbnone\u00bb border_type=\u00bbsimple\u00bb column_border_width=\u00bbnone\u00bb column_border_style=\u00bbsolid\u00bb column_padding_type=\u00bbdefault\u00bb gradient_type=\u00bbdefault\u00bb][nectar_cta btn_style=\u00bbbasic\u00bb heading_tag=\u00bbspan\u00bb button_color=\u00bbaccent-color\u00bb button_color_hover=\u00bb#4d8abf\u00bb text_color=\u00bb#ffffff\u00bb text_color_hover=\u00bb#ffffff\u00bb button_border_thickness=\u00bb0px\u00bb link_type=\u00bbnew_tab\u00bb alignment=\u00bbcenter\u00bb alignment_tablet=\u00bbcenter\u00bb alignment_phone=\u00bbcenter\u00bb display=\u00bbblock\u00bb display_tablet=\u00bbinherit\u00bb display_phone=\u00bbinherit\u00bb icon_family=\u00bbnone\u00bb link_text=\u00bbHORARIO SEMANAL DEL CAMPAMENTO DE D\u00cdA\u00bb padding_top=\u00bb10&#8243; padding_bottom=\u00bb10&#8243; padding_left=\u00bb31&#8243; padding_right=\u00bb30&#8243; class=\u00bbce2836a\u00bb url=\u00bbhttps:\/\/www.leselfes.com\/es\/campamento-de-verano\/grupo-de-exploradores\/\u00bb][\/vc_column_inner][\/vc_row_inner][\/vc_column][vc_column column_padding=\u00bbno-extra-padding\u00bb column_padding_tablet=\u00bbinherit\u00bb column_padding_phone=\u00bbinherit\u00bb column_padding_position=\u00bball\u00bb top_margin=\u00bb50&#8243; top_margin_tablet=\u00bb100&#8243; column_element_direction_desktop=\u00bbdefault\u00bb column_element_spacing=\u00bbdefault\u00bb desktop_text_alignment=\u00bbdefault\u00bb tablet_text_alignment=\u00bbdefault\u00bb phone_text_alignment=\u00bbdefault\u00bb background_color_opacity=\u00bb1&#8243; background_hover_color_opacity=\u00bb1&#8243; column_backdrop_filter=\u00bbnone\u00bb column_shadow=\u00bbnone\u00bb column_border_radius=\u00bbnone\u00bb column_link_target=\u00bb_self\u00bb column_position=\u00bbdefault\u00bb el_class=\u00bbone_summer_programme\u00bb gradient_direction=\u00bbleft_to_right\u00bb overlay_strength=\u00bb0.3&#8243; width=\u00bb1\/3&#8243; tablet_width_inherit=\u00bbdefault\u00bb animation_type=\u00bbdefault\u00bb bg_image_animation=\u00bbnone\u00bb border_type=\u00bbsimple\u00bb column_border_width=\u00bbnone\u00bb column_border_style=\u00bbsolid\u00bb column_padding_type=\u00bbdefault\u00bb gradient_type=\u00bbdefault\u00bb][vc_row_inner column_margin=\u00bbdefault\u00bb column_direction=\u00bbdefault\u00bb column_direction_tablet=\u00bbdefault\u00bb column_direction_phone=\u00bbdefault\u00bb text_align=\u00bbleft\u00bb row_position=\u00bbdefault\u00bb row_position_tablet=\u00bbinherit\u00bb row_position_phone=\u00bbinherit\u00bb overflow=\u00bbvisible\u00bb pointer_events=\u00bball\u00bb][vc_column_inner column_padding=\u00bbno-extra-padding\u00bb column_padding_tablet=\u00bbinherit\u00bb column_padding_phone=\u00bbinherit\u00bb column_padding_position=\u00bball\u00bb column_element_direction_desktop=\u00bbdefault\u00bb column_element_spacing=\u00bbdefault\u00bb desktop_text_alignment=\u00bbdefault\u00bb tablet_text_alignment=\u00bbdefault\u00bb phone_text_alignment=\u00bbdefault\u00bb background_color_opacity=\u00bb1&#8243; background_hover_color_opacity=\u00bb1&#8243; column_backdrop_filter=\u00bbnone\u00bb column_shadow=\u00bbnone\u00bb column_border_radius=\u00bbnone\u00bb column_link_target=\u00bb_self\u00bb overflow=\u00bbvisible\u00bb gradient_direction=\u00bbleft_to_right\u00bb overlay_strength=\u00bb0.3&#8243; width=\u00bb1\/1&#8243; tablet_width_inherit=\u00bbdefault\u00bb animation_type=\u00bbdefault\u00bb bg_image_animation=\u00bbnone\u00bb border_type=\u00bbsimple\u00bb column_border_width=\u00bbnone\u00bb column_border_style=\u00bbsolid\u00bb][vc_column_text text_direction=\u00bbdefault\u00bb el_class=\u00bbrightYellow rouge\u00bb]<span class=\"age\">15-17<\/span><br \/>\na\u00f1os[\/vc_column_text][image_with_animation image_url=\u00bb67069&#8243; image_size=\u00bbfull\u00bb animation_type=\u00bbentrance\u00bb animation=\u00bbNone\u00bb animation_movement_type=\u00bbtransform_y\u00bb hover_animation=\u00bbnone\u00bb alignment=\u00bb\u00bb border_radius=\u00bbcustom\u00bb box_shadow=\u00bbnone\u00bb top_right_border_radius=\u00bb15&#8243; bottom_left_border_radius=\u00bb15&#8243; image_loading=\u00bbdefault\u00bb max_width=\u00bb100%\u00bb max_width_mobile=\u00bbdefault\u00bb el_class=\u00bbofit450&#8243;][vc_column_text el_class=\u00bbfs47 titreProgramme\u00bb text_direction=\u00bbdefault\u00bb]pioneros[\/vc_column_text][\/vc_column_inner][\/vc_row_inner][vc_row_inner column_margin=\u00bbdefault\u00bb column_direction=\u00bbdefault\u00bb column_direction_tablet=\u00bbdefault\u00bb column_direction_phone=\u00bbdefault\u00bb text_align=\u00bbleft\u00bb row_position=\u00bbdefault\u00bb row_position_tablet=\u00bbinherit\u00bb row_position_phone=\u00bbinherit\u00bb overflow=\u00bbvisible\u00bb pointer_events=\u00bball\u00bb][vc_column_inner column_padding=\u00bbno-extra-padding\u00bb column_padding_tablet=\u00bbinherit\u00bb column_padding_phone=\u00bbinherit\u00bb column_padding_position=\u00bball\u00bb column_element_direction_desktop=\u00bbdefault\u00bb column_element_spacing=\u00bbdefault\u00bb desktop_text_alignment=\u00bbdefault\u00bb tablet_text_alignment=\u00bbdefault\u00bb phone_text_alignment=\u00bbdefault\u00bb background_color_opacity=\u00bb1&#8243; background_hover_color_opacity=\u00bb1&#8243; column_backdrop_filter=\u00bbnone\u00bb column_shadow=\u00bbnone\u00bb column_border_radius=\u00bbnone\u00bb column_link_target=\u00bb_self\u00bb overflow=\u00bbvisible\u00bb gradient_direction=\u00bbleft_to_right\u00bb overlay_strength=\u00bb0.3&#8243; width=\u00bb1\/1&#8243; tablet_width_inherit=\u00bbdefault\u00bb animation_type=\u00bbdefault\u00bb bg_image_animation=\u00bbnone\u00bb border_type=\u00bbsimple\u00bb column_border_width=\u00bbnone\u00bb column_border_style=\u00bbsolid\u00bb][divider line_type=\u00bbNo Line\u00bb custom_height=\u00bb50&#8243;][vc_column_text text_direction=\u00bbdefault\u00bb]El programa de campamento diurno de verano m\u00e1s desafiante de Les Elfes reconoce la necesidad de que los campistas mayores exploren nuevos deportes y ampl\u00eden sus horizontes.<br \/>\n\u00a1El programa de campamento diurno Pioneros est\u00e1 repleto de aventuras![\/vc_column_text][divider line_type=\u00bbNo Line\u00bb custom_height=\u00bb30&#8243;][\/vc_column_inner][\/vc_row_inner][vc_row_inner column_margin=\u00bbdefault\u00bb column_direction=\u00bbdefault\u00bb column_direction_tablet=\u00bbdefault\u00bb column_direction_phone=\u00bbdefault\u00bb text_align=\u00bbleft\u00bb row_position=\u00bbdefault\u00bb row_position_tablet=\u00bbinherit\u00bb row_position_phone=\u00bbinherit\u00bb overflow=\u00bbvisible\u00bb pointer_events=\u00bball\u00bb class=\u00bbgoBottom\u00bb][vc_column_inner column_padding=\u00bbno-extra-padding\u00bb column_padding_tablet=\u00bbinherit\u00bb column_padding_phone=\u00bbinherit\u00bb column_padding_position=\u00bball\u00bb column_element_direction_desktop=\u00bbdefault\u00bb column_element_spacing=\u00bbdefault\u00bb centered_text=\u00bbtrue\u00bb desktop_text_alignment=\u00bbcenter\u00bb tablet_text_alignment=\u00bbdefault\u00bb phone_text_alignment=\u00bbdefault\u00bb background_color_opacity=\u00bb1&#8243; background_hover_color_opacity=\u00bb1&#8243; column_backdrop_filter=\u00bbnone\u00bb column_shadow=\u00bbnone\u00bb column_border_radius=\u00bbnone\u00bb column_link_target=\u00bb_self\u00bb overflow=\u00bbvisible\u00bb gradient_direction=\u00bbleft_to_right\u00bb overlay_strength=\u00bb0.3&#8243; width=\u00bb1\/1&#8243; tablet_width_inherit=\u00bbdefault\u00bb animation_type=\u00bbdefault\u00bb bg_image_animation=\u00bbnone\u00bb border_type=\u00bbsimple\u00bb column_border_width=\u00bbnone\u00bb column_border_style=\u00bbsolid\u00bb column_padding_type=\u00bbdefault\u00bb gradient_type=\u00bbdefault\u00bb][nectar_cta btn_style=\u00bbbasic\u00bb heading_tag=\u00bbspan\u00bb button_color=\u00bbaccent-color\u00bb button_color_hover=\u00bb#4d8abf\u00bb text_color=\u00bb#ffffff\u00bb text_color_hover=\u00bb#ffffff\u00bb button_border_thickness=\u00bb0px\u00bb link_type=\u00bbnew_tab\u00bb alignment=\u00bbcenter\u00bb alignment_tablet=\u00bbcenter\u00bb alignment_phone=\u00bbcenter\u00bb display=\u00bbblock\u00bb display_tablet=\u00bbinherit\u00bb display_phone=\u00bbinherit\u00bb icon_family=\u00bbnone\u00bb link_text=\u00bbHORARIO SEMANAL DEL CAMPAMENTO DE D\u00cdA\u00bb padding_top=\u00bb10&#8243; padding_bottom=\u00bb10&#8243; padding_left=\u00bb31&#8243; padding_right=\u00bb30&#8243; class=\u00bbcDB6565&#8243; url=\u00bbhttps:\/\/www.leselfes.com\/es\/campamento-de-verano\/grupo-de-pioneros\/\u00bb][\/vc_column_inner][\/vc_row_inner][\/vc_column][\/vc_row][vc_row type=\u00bbfull_width_content\u00bb full_screen_row_position=\u00bbmiddle\u00bb column_margin=\u00bb20px\u00bb equal_height=\u00bbyes\u00bb content_placement=\u00bbtop\u00bb column_direction=\u00bbdefault\u00bb column_direction_tablet=\u00bbdefault\u00bb column_direction_phone=\u00bbdefault\u00bb bg_color=\u00bbrgba(52,59,104,0.06)\u00bb scene_position=\u00bbcenter\u00bb constrain_group_2=\u00bbyes\u00bb constrain_group_4=\u00bbyes\u00bb bottom_padding_phone=\u00bb100&#8243; constrain_group_6=\u00bbyes\u00bb text_color=\u00bbdark\u00bb text_align=\u00bbleft\u00bb row_border_radius=\u00bbnone\u00bb row_border_radius_applies=\u00bbbg\u00bb overflow=\u00bbvisible\u00bb overlay_strength=\u00bb0.3&#8243; gradient_direction=\u00bbleft_to_right\u00bb shape_divider_position=\u00bbbottom\u00bb bg_image_animation=\u00bbnone\u00bb gradient_type=\u00bbdefault\u00bb shape_type=\u00bb\u00bb][vc_column column_padding=\u00bbpadding-5-percent\u00bb column_padding_tablet=\u00bbinherit\u00bb column_padding_phone=\u00bbinherit\u00bb column_padding_position=\u00bball\u00bb top_margin=\u00bb20&#8243; top_margin_tablet=\u00bb100&#8243; column_element_direction_desktop=\u00bbdefault\u00bb column_element_spacing=\u00bbdefault\u00bb centered_text=\u00bbtrue\u00bb desktop_text_alignment=\u00bbdefault\u00bb tablet_text_alignment=\u00bbdefault\u00bb phone_text_alignment=\u00bbdefault\u00bb background_color_opacity=\u00bb1&#8243; background_hover_color_opacity=\u00bb1&#8243; column_backdrop_filter=\u00bbnone\u00bb column_shadow=\u00bbnone\u00bb column_border_radius=\u00bbnone\u00bb column_link_target=\u00bb_self\u00bb column_position=\u00bbdefault\u00bb el_class=\u00bbone_summer_programme\u00bb gradient_direction=\u00bbleft_to_right\u00bb overlay_strength=\u00bb0.3&#8243; width=\u00bb1\/1&#8243; tablet_width_inherit=\u00bbdefault\u00bb animation_type=\u00bbdefault\u00bb bg_image_animation=\u00bbnone\u00bb border_type=\u00bbsimple\u00bb column_border_width=\u00bbnone\u00bb column_border_style=\u00bbsolid\u00bb column_padding_type=\u00bbdefault\u00bb gradient_type=\u00bbdefault\u00bb][vc_column_text text_direction=\u00bbdefault\u00bb]Durante las sesiones 2 y 4 de nuestro campamento diurno, se introduce un 4\u00ba programa para campistas de 13-14 a\u00f1os.<br \/>\nLos aventureros seguir\u00e1n un programa que les preparar\u00e1 para convertirse en pioneros y practicar sus habilidades de trabajo en equipo mientras aprenden a superar poco a poco sus miedos.[\/vc_column_text][\/vc_column][\/vc_row][vc_row type=\u00bbin_container\u00bb full_screen_row_position=\u00bbmiddle\u00bb column_margin=\u00bbdefault\u00bb column_direction=\u00bbdefault\u00bb column_direction_tablet=\u00bbdefault\u00bb column_direction_phone=\u00bbdefault\u00bb scene_position=\u00bbcenter\u00bb top_padding=\u00bb100&#8243; constrain_group_1=\u00bbyes\u00bb bottom_padding=\u00bb100&#8243; text_color=\u00bbdark\u00bb text_align=\u00bbleft\u00bb row_border_radius=\u00bbnone\u00bb row_border_radius_applies=\u00bbbg\u00bb overflow=\u00bbvisible\u00bb overlay_strength=\u00bb0.3&#8243; gradient_direction=\u00bbleft_to_right\u00bb shape_divider_position=\u00bbbottom\u00bb bg_image_animation=\u00bbnone\u00bb gradient_type=\u00bbdefault\u00bb shape_type=\u00bb\u00bb][vc_column column_padding=\u00bbno-extra-padding\u00bb column_padding_tablet=\u00bbinherit\u00bb column_padding_phone=\u00bbinherit\u00bb column_padding_position=\u00bball\u00bb column_element_direction_desktop=\u00bbdefault\u00bb column_element_spacing=\u00bbdefault\u00bb desktop_text_alignment=\u00bbdefault\u00bb tablet_text_alignment=\u00bbdefault\u00bb phone_text_alignment=\u00bbdefault\u00bb background_color_opacity=\u00bb1&#8243; background_hover_color_opacity=\u00bb1&#8243; column_backdrop_filter=\u00bbnone\u00bb column_shadow=\u00bbnone\u00bb column_border_radius=\u00bbnone\u00bb column_link_target=\u00bb_self\u00bb column_position=\u00bbdefault\u00bb gradient_direction=\u00bbleft_to_right\u00bb overlay_strength=\u00bb0.3&#8243; width=\u00bb1\/1&#8243; tablet_width_inherit=\u00bbdefault\u00bb animation_type=\u00bbdefault\u00bb bg_image_animation=\u00bbnone\u00bb border_type=\u00bbsimple\u00bb column_border_width=\u00bbnone\u00bb column_border_style=\u00bbsolid\u00bb][vc_column_text text_direction=\u00bbdefault\u00bb]\n<h2 style=\"color: #0c347e;\">Principales actividades incluidas en el programa diurno de verano<\/h2>\n[\/vc_column_text]\n<div class=\"activities_slider nectar-flickity not-initialized nectar-carousel instance-3 flickity-enabled is-draggable active el-in-view\"\n data-centered-cells=\"false\"\n data-pause-on-hover=\"\"\n data-overflow=\"visible\"\n data-r-bottom-total=\"true\"\n data-stagger=\"\"\n data-drag-scale=\"\"\ndata-wrap=\"no-wrap\"\ndata-spacing=\"default\"\ndata-pagination-alignment=\"default\"\ndata-adaptive-height=\"\"\ndata-border-radius=\"none\"\ndata-column-border=\"\"\ndata-column-padding=\"0\"\ndata-format=\"default\"\ndata-autoplay=\"\"\ndata-autoplay-dur=\"5000\"\ndata-indicator-bg=\"#ffffff\"\ndata-indicator-icon=\"#000000\"\ndata-touch-icon-color=\"#000000\"\n\t\tdata-controls=\"touch_total\"\ndata-desktop-columns=\"3\"\ndata-small-desktop-columns=\"3\"\ndata-tablet-columns=\"2\"\ndata-phone-columns=\"1\"\ndata-column-color=\"\">\n<div class=\"flickity-viewport\">\n\t<div class=\"flickity-slider\">\n\t\t\t\t<div class=\"cell is-selected\">\n\t\t\t <div class=\"inner-wrap-outer\">\n\t\t\t\t <div class=\"inner-wrap\">\n\t\t\t\t\t <a href=\"#refugio-de-monta\u00f1a \" style=\"height:100%\">\n\t\t\t\t\t <div class=\"image_activite_container\" style=\"height:100%\">\n\t\t\t\t\t\t <img decoding=\"async\" style=\"height:100%\"class=\"image_activite\" src=\"https:\/\/www.leselfes.com\/wp-content\/uploads\/2024\/03\/all-of-our-programs-are-entirely-customizable.png\">\n\t\t\t\t\t <\/div>\n\t\t\t\t\t <div class=\"content_activite\">\n\n\n\t\t\t\t\t\t \t<span class=\"titre_activite\">Refugio de monta\u00f1a<\/span>\n\t\t\t\t\t\t <\/div>\n\t\t\t\t\t <\/a>\n\t\t\t\t\t <\/div>\n\t\t\t\t <\/div>\n\t\t\t <\/div>\n\t\t \t\t<div class=\"cell is-selected\">\n\t\t\t <div class=\"inner-wrap-outer\">\n\t\t\t\t <div class=\"inner-wrap\">\n\t\t\t\t\t <a href=\"#d\u00eda-internacional \" style=\"height:100%\">\n\t\t\t\t\t <div class=\"image_activite_container\" style=\"height:100%\">\n\t\t\t\t\t\t <img decoding=\"async\" style=\"height:100%\"class=\"image_activite\" src=\"https:\/\/www.leselfes.com\/wp-content\/uploads\/2024\/04\/Summer-camp-2023-activity-and-language-camp-holi-fest-color-party-11.jpg\">\n\t\t\t\t\t <\/div>\n\t\t\t\t\t <div class=\"content_activite\">\n\n\n\t\t\t\t\t\t \t<span class=\"titre_activite\">D\u00eda Internacional<\/span>\n\t\t\t\t\t\t <\/div>\n\t\t\t\t\t <\/a>\n\t\t\t\t\t <\/div>\n\t\t\t\t <\/div>\n\t\t\t <\/div>\n\t\t \t\t<div class=\"cell is-selected\">\n\t\t\t <div class=\"inner-wrap-outer\">\n\t\t\t\t <div class=\"inner-wrap\">\n\t\t\t\t\t <a href=\"#senderismo \" style=\"height:100%\">\n\t\t\t\t\t <div class=\"image_activite_container\" style=\"height:100%\">\n\t\t\t\t\t\t <img decoding=\"async\" style=\"height:100%\"class=\"image_activite\" src=\"https:\/\/www.leselfes.com\/wp-content\/uploads\/2021\/08\/jungfrauregion_lauterbrunnen-kleine-scheidegg_sts0040150-header-1-e1628057953716.jpg\">\n\t\t\t\t\t <\/div>\n\t\t\t\t\t <div class=\"content_activite\">\n\n\n\t\t\t\t\t\t \t<span class=\"titre_activite\">Senderismo<\/span>\n\t\t\t\t\t\t <\/div>\n\t\t\t\t\t <\/a>\n\t\t\t\t\t <\/div>\n\t\t\t\t <\/div>\n\t\t\t <\/div>\n\t\t \t\t<div class=\"cell is-selected\">\n\t\t\t <div class=\"inner-wrap-outer\">\n\t\t\t\t <div class=\"inner-wrap\">\n\t\t\t\t\t <a href=\"#laberinto \" style=\"height:100%\">\n\t\t\t\t\t <div class=\"image_activite_container\" style=\"height:100%\">\n\t\t\t\t\t\t <img decoding=\"async\" style=\"height:100%\"class=\"image_activite\" src=\"https:\/\/www.leselfes.com\/wp-content\/uploads\/2024\/04\/Laby-Evionnaz-scaled11.jpg\">\n\t\t\t\t\t <\/div>\n\t\t\t\t\t <div class=\"content_activite\">\n\n\n\t\t\t\t\t\t \t<span class=\"titre_activite\">Laberinto<\/span>\n\t\t\t\t\t\t <\/div>\n\t\t\t\t\t <\/a>\n\t\t\t\t\t <\/div>\n\t\t\t\t <\/div>\n\t\t\t <\/div>\n\t\t \t\t<div class=\"cell is-selected\">\n\t\t\t <div class=\"inner-wrap-outer\">\n\t\t\t\t <div class=\"inner-wrap\">\n\t\t\t\t\t <a href=\"#nataci\u00f3n \" style=\"height:100%\">\n\t\t\t\t\t <div class=\"image_activite_container\" style=\"height:100%\">\n\t\t\t\t\t\t <img decoding=\"async\" style=\"height:100%\"class=\"image_activite\" src=\"https:\/\/www.leselfes.com\/wp-content\/uploads\/2024\/03\/Copy-of-Les-Elfes-Summer-camps-water-games-Crans-Montana.png\">\n\t\t\t\t\t <\/div>\n\t\t\t\t\t <div class=\"content_activite\">\n\n\n\t\t\t\t\t\t \t<span class=\"titre_activite\">Nataci\u00f3n<\/span>\n\t\t\t\t\t\t <\/div>\n\t\t\t\t\t <\/a>\n\t\t\t\t\t <\/div>\n\t\t\t\t <\/div>\n\t\t\t <\/div>\n\t\t \t\t<div class=\"cell is-selected\">\n\t\t\t <div class=\"inner-wrap-outer\">\n\t\t\t\t <div class=\"inner-wrap\">\n\t\t\t\t\t <a href=\"#actividades-lacustres \" style=\"height:100%\">\n\t\t\t\t\t <div class=\"image_activite_container\" style=\"height:100%\">\n\t\t\t\t\t\t <img decoding=\"async\" style=\"height:100%\"class=\"image_activite\" src=\"https:\/\/www.leselfes.com\/wp-content\/uploads\/2024\/04\/DSC_19581.jpg\">\n\t\t\t\t\t <\/div>\n\t\t\t\t\t <div class=\"content_activite\">\n\n\n\t\t\t\t\t\t \t<span class=\"titre_activite\">Actividades lacustres<\/span>\n\t\t\t\t\t\t <\/div>\n\t\t\t\t\t <\/a>\n\t\t\t\t\t <\/div>\n\t\t\t\t <\/div>\n\t\t\t <\/div>\n\t\t \t\t<div class=\"cell is-selected\">\n\t\t\t <div class=\"inner-wrap-outer\">\n\t\t\t\t <div class=\"inner-wrap\">\n\t\t\t\t\t <a href=\"#etiqueta-rugby \" style=\"height:100%\">\n\t\t\t\t\t <div class=\"image_activite_container\" style=\"height:100%\">\n\t\t\t\t\t\t <img decoding=\"async\" style=\"height:100%\"class=\"image_activite\" src=\"https:\/\/www.leselfes.com\/wp-content\/uploads\/2024\/04\/53063728915_8920dfa8a3_c.jpg\">\n\t\t\t\t\t <\/div>\n\t\t\t\t\t <div class=\"content_activite\">\n\n\n\t\t\t\t\t\t \t<span class=\"titre_activite\">Etiqueta rugby<\/span>\n\t\t\t\t\t\t <\/div>\n\t\t\t\t\t <\/a>\n\t\t\t\t\t <\/div>\n\t\t\t\t <\/div>\n\t\t\t <\/div>\n\t\t \t\t<div class=\"cell is-selected\">\n\t\t\t <div class=\"inner-wrap-outer\">\n\t\t\t\t <div class=\"inner-wrap\">\n\t\t\t\t\t <a href=\"#barco-bananero \" style=\"height:100%\">\n\t\t\t\t\t <div class=\"image_activite_container\" style=\"height:100%\">\n\t\t\t\t\t\t <img decoding=\"async\" style=\"height:100%\"class=\"image_activite\" src=\"https:\/\/www.leselfes.com\/wp-content\/uploads\/2024\/04\/DSC_21751.jpg\">\n\t\t\t\t\t <\/div>\n\t\t\t\t\t <div class=\"content_activite\">\n\n\n\t\t\t\t\t\t \t<span class=\"titre_activite\">Barco bananero<\/span>\n\t\t\t\t\t\t <\/div>\n\t\t\t\t\t <\/a>\n\t\t\t\t\t <\/div>\n\t\t\t\t <\/div>\n\t\t\t <\/div>\n\t\t \t\t<div class=\"cell is-selected\">\n\t\t\t <div class=\"inner-wrap-outer\">\n\t\t\t\t <div class=\"inner-wrap\">\n\t\t\t\t\t <a href=\"#visita-al-zoo \" style=\"height:100%\">\n\t\t\t\t\t <div class=\"image_activite_container\" style=\"height:100%\">\n\t\t\t\t\t\t <img decoding=\"async\" style=\"height:100%\"class=\"image_activite\" src=\"https:\/\/www.leselfes.com\/wp-content\/uploads\/2024\/04\/53049612513_a50c5bf6d5_c.jpg\">\n\t\t\t\t\t <\/div>\n\t\t\t\t\t <div class=\"content_activite\">\n\n\n\t\t\t\t\t\t \t<span class=\"titre_activite\">Visita al zoo<\/span>\n\t\t\t\t\t\t <\/div>\n\t\t\t\t\t <\/a>\n\t\t\t\t\t <\/div>\n\t\t\t\t <\/div>\n\t\t\t <\/div>\n\t\t \t\t <\/div>\n\n\t <\/div>\n <\/div>\n\n\t[nectar_cta btn_style=\u00bbbasic\u00bb heading_tag=\u00bbspan\u00bb button_color=\u00bbaccent-color\u00bb button_color_hover=\u00bb#4d8abf\u00bb text_color=\u00bb#ffffff\u00bb text_color_hover=\u00bb#ffffff\u00bb button_border_thickness=\u00bb0px\u00bb link_type=\u00bbnew_tab\u00bb alignment=\u00bbleft\u00bb alignment_tablet=\u00bbdefault\u00bb alignment_phone=\u00bbdefault\u00bb display=\u00bbblock\u00bb display_tablet=\u00bbinherit\u00bb display_phone=\u00bbinherit\u00bb icon_family=\u00bbnone\u00bb link_text=\u00bbTodas las actividades del campamento de verano\u00bb padding_top=\u00bb10&#8243; padding_bottom=\u00bb10&#8243; padding_left=\u00bb31&#8243; padding_right=\u00bb30&#8243; url=\u00bbhttps:\/\/www.leselfes.com\/es\/?page_id=90984&#8243; class=\u00bbcE3C215&#8243;][\/vc_column][\/vc_row][vc_row type=\u00bbfull_width_background\u00bb full_screen_row_position=\u00bbmiddle\u00bb column_margin=\u00bbdefault\u00bb column_direction=\u00bbdefault\u00bb column_direction_tablet=\u00bbdefault\u00bb column_direction_phone=\u00bbdefault\u00bb bg_color=\u00bb#d96565&#8243; scene_position=\u00bbcenter\u00bb top_padding=\u00bb100&#8243; constrain_group_1=\u00bbyes\u00bb bottom_padding=\u00bb100&#8243; text_color=\u00bbdark\u00bb text_align=\u00bbleft\u00bb row_border_radius=\u00bbnone\u00bb row_border_radius_applies=\u00bbbg\u00bb overflow=\u00bbvisible\u00bb overlay_strength=\u00bb0.3&#8243; gradient_direction=\u00bbleft_to_right\u00bb shape_divider_position=\u00bbbottom\u00bb bg_image_animation=\u00bbnone\u00bb gradient_type=\u00bbdefault\u00bb shape_type=\u00bb\u00bb][vc_column column_padding=\u00bbno-extra-padding\u00bb column_padding_tablet=\u00bbinherit\u00bb column_padding_phone=\u00bbinherit\u00bb column_padding_position=\u00bball\u00bb column_element_direction_desktop=\u00bbdefault\u00bb column_element_spacing=\u00bbdefault\u00bb desktop_text_alignment=\u00bbdefault\u00bb tablet_text_alignment=\u00bbdefault\u00bb phone_text_alignment=\u00bbdefault\u00bb background_color_opacity=\u00bb1&#8243; background_hover_color_opacity=\u00bb1&#8243; column_backdrop_filter=\u00bbnone\u00bb font_color=\u00bb#ffffff\u00bb column_shadow=\u00bbnone\u00bb column_border_radius=\u00bbnone\u00bb column_link_target=\u00bb_self\u00bb column_position=\u00bbdefault\u00bb gradient_direction=\u00bbleft_to_right\u00bb overlay_strength=\u00bb0.3&#8243; width=\u00bb1\/1&#8243; tablet_width_inherit=\u00bbdefault\u00bb animation_type=\u00bbdefault\u00bb bg_image_animation=\u00bbnone\u00bb border_type=\u00bbsimple\u00bb column_border_width=\u00bbnone\u00bb column_border_style=\u00bbsolid\u00bb column_padding_type=\u00bbdefault\u00bb gradient_type=\u00bbdefault\u00bb][vc_column_text text_direction=\u00bbdefault\u00bb]\n<h2 style=\"text-align: center;\">Campamento de d\u00eda Horario diario<\/h2>\n[\/vc_column_text]  \t\t\t\t<div class=\"flexItTypicalDay\">\n\t\t\n\t\t\t\t <div class=\"cell\" >\n\t\t\t <div class=\"inner-wrap-outer\">\n\t\t\t\t <div class=\"inner-wrap\" >\n\n\t\t\t\t\t \t<div class=\"i\">\n\n\n\t\t\t\t\t\t <div class=\"imgSlot\">\n\t\t\t\t\t\t\t <img decoding=\"async\" src=\"https:\/\/www.leselfes.com\/wp-content\/uploads\/2024\/03\/Groupe-256.png\" alt=\"\">\n\t\t\t\t\t\t <\/div>\n\t\t\t\t\t\t <div class=\"typicalDaySlot\">\n\t\t\t\t\t\t\t\t<div class=\"slotContent\">\n\t\t\t\t\t\t\t\t\t<div class=\"slotheader\">\n\t\t\t\t\t\t\t\t\t\t\t<span class=\"slotTitleText\">Buenos d\u00edas<\/span>\n\t\t\t\t\t\t\t\t\t\t\t\t\t\t\t\t\t\t\t\t\t\t\t<span class=\"slotTime\">8h30 - 12h00<\/span>\n\t\t\t\t\t\t\t\t\t\t\t\t\t\t\t\t\t\t\t\t<\/div>\n\t\t\t\t\t\t\t\t\t<div class=\"slot-inner\">\n\t\t\t\t\t\t\t\t\t\t\t\t\t\t\t\t\t\t\t\t\t<span class=\"slot-inner-desc\">\t<p><strong>8:30 a.m.<\/strong><br \/>\nLos padres dejan a los ni\u00f1os en la oficina principal del campamento Les Elfes . <strong>8:45 a.m.:<\/strong><br \/>\nLos ni\u00f1os son acompa\u00f1ados al campus principal por los conductores de Les Elfes Internacional. Todas las actividades comenzar\u00e1n desde all\u00ed <strong>9:00 &#8211; 10:45:<\/strong><br \/>\nDurante 4 ma\u00f1anas a la semana, los acampados diurnos se unen a los acampados residenciales para 1:45 horas de clases de idiomas <strong>11:00 &#8211; 12:00:<\/strong><br \/>\nLos juegos de trabajo en equipo completan el programa matutino <strong>12:00 &#8211; 13:00:<\/strong><br \/>\nComida en el campus de Les Elfes o comida de picnic durante las excursiones y el d\u00eda del lago<\/p>\n<\/span>\n\n\t\t\t\t\t\t\t\t\t\t\t\t\t\t\t\t\t\t\t\t<\/div>\n\t\t\t\t\t\t\t\t<\/div>\n\t\t\t\t\t\t <\/div>\n\t\t\t\t\t\t \t\t\t\t\t \t<\/div>\n\t\t <\/div>\n\t <\/div>\n <\/div>\n\n\t\t\t\t <div class=\"cell\" >\n\t\t\t <div class=\"inner-wrap-outer\">\n\t\t\t\t <div class=\"inner-wrap\" >\n\n\t\t\t\t\t \t<div class=\"i\">\n\n\n\t\t\t\t\t\t <div class=\"imgSlot\">\n\t\t\t\t\t\t\t <img decoding=\"async\" src=\"https:\/\/www.leselfes.com\/wp-content\/uploads\/2024\/03\/apresski.png\" alt=\"\">\n\t\t\t\t\t\t <\/div>\n\t\t\t\t\t\t <div class=\"typicalDaySlot\">\n\t\t\t\t\t\t\t\t<div class=\"slotContent\">\n\t\t\t\t\t\t\t\t\t<div class=\"slotheader\">\n\t\t\t\t\t\t\t\t\t\t\t<span class=\"slotTitleText\">Por la tarde<\/span>\n\t\t\t\t\t\t\t\t\t\t\t\t\t\t\t\t\t\t\t\t\t\t\t<span class=\"slotTime\">13h00 - 18h30<\/span>\n\t\t\t\t\t\t\t\t\t\t\t\t\t\t\t\t\t\t\t\t<\/div>\n\t\t\t\t\t\t\t\t\t<div class=\"slot-inner\">\n\t\t\t\t\t\t\t\t\t\t\t\t\t\t\t\t\t\t\t\t\t<span class=\"slot-inner-desc\">\t<p>13<strong>:00 &#8211; 16:30:<\/strong><br \/>\nSe organizan m\u00e1s de 40 actividades al aire libre<\/p>\n<p> 9<strong>:00 &#8211; 16:30:<\/strong><br \/>\nUn d\u00eda a la semana organizamos una excursi\u00f3n de d\u00eda completo, un d\u00eda en el lago, un d\u00eda Internacional y un d\u00eda de taller (este \u00faltimo con coste adicional)<\/p>\n<p><strong>16:30 &#8211; 18:30:<\/strong><br \/>\nTiempo flexible con la opci\u00f3n de relajarse, unirse al grupo que va a la piscina o dar un paseo por el pueblo de Verbier<\/p>\n<p><strong>18:30:<\/strong><br \/>\nLos padres vienen al campus a recoger a los ni\u00f1os, que no se quedan hasta la noche<\/p>\n<\/span>\n\n\t\t\t\t\t\t\t\t\t\t\t\t\t\t\t\t\t\t\t\t<\/div>\n\t\t\t\t\t\t\t\t<\/div>\n\t\t\t\t\t\t <\/div>\n\t\t\t\t\t\t \t\t\t\t\t \t<\/div>\n\t\t <\/div>\n\t <\/div>\n <\/div>\n\n\t\t\t\t <div class=\"cell\" >\n\t\t\t <div class=\"inner-wrap-outer\">\n\t\t\t\t <div class=\"inner-wrap\" >\n\n\t\t\t\t\t \t<div class=\"i\">\n\n\n\t\t\t\t\t\t <div class=\"imgSlot\">\n\t\t\t\t\t\t\t <img decoding=\"async\" src=\"https:\/\/www.leselfes.com\/wp-content\/uploads\/2024\/03\/dinner.png\" alt=\"\">\n\t\t\t\t\t\t <\/div>\n\t\t\t\t\t\t <div class=\"typicalDaySlot\">\n\t\t\t\t\t\t\t\t<div class=\"slotContent\">\n\t\t\t\t\t\t\t\t\t<div class=\"slotheader\">\n\t\t\t\t\t\t\t\t\t\t\t<span class=\"slotTitleText\">Por la noche<\/span>\n\t\t\t\t\t\t\t\t\t\t\t\t\t\t\t\t\t\t\t\t\t\t\t<span class=\"slotTime\">18h30 - 21h30<\/span>\n\t\t\t\t\t\t\t\t\t\t\t\t\t\t\t\t\t\t\t\t<\/div>\n\t\t\t\t\t\t\t\t\t<div class=\"slot-inner\">\n\t\t\t\t\t\t\t\t\t\t\t\t\t\t\t\t\t\t\t\t\t<span class=\"slot-inner-desc\">\t<p><strong>18:30 &#8211; 19:30:<\/strong><br \/>\nCena para los ni\u00f1os que se quedan en el campus.<\/p>\n<p><strong>19:30 &#8211; 21:30:<\/strong><br \/>\nSe organizan actividades al aire libre, en el campus o en el centro deportivo<\/p>\n<p><strong>21:30:<\/strong><br \/>\nLos padres vienen al campus a recoger a los ni\u00f1os.<\/p>\n<\/span>\n\n\t\t\t\t\t\t\t\t\t\t\t\t\t\t\t\t\t\t\t\t<\/div>\n\t\t\t\t\t\t\t\t<\/div>\n\t\t\t\t\t\t <\/div>\n\t\t\t\t\t\t \t\t\t\t\t \t<\/div>\n\t\t <\/div>\n\t <\/div>\n <\/div>\n\n<\/div>\n\n[vc_row_inner column_margin=\u00bbdefault\u00bb column_direction=\u00bbdefault\u00bb column_direction_tablet=\u00bbdefault\u00bb column_direction_phone=\u00bbdefault\u00bb top_padding=\u00bb50&#8243; text_align=\u00bbleft\u00bb row_position=\u00bbdefault\u00bb row_position_tablet=\u00bbinherit\u00bb row_position_phone=\u00bbinherit\u00bb overflow=\u00bbvisible\u00bb pointer_events=\u00bball\u00bb][vc_column_inner column_padding=\u00bbno-extra-padding\u00bb column_padding_tablet=\u00bbinherit\u00bb column_padding_phone=\u00bbinherit\u00bb column_padding_position=\u00bball\u00bb column_element_direction_desktop=\u00bbdefault\u00bb column_element_spacing=\u00bbdefault\u00bb centered_text=\u00bbtrue\u00bb desktop_text_alignment=\u00bbcenter\u00bb tablet_text_alignment=\u00bbdefault\u00bb phone_text_alignment=\u00bbdefault\u00bb background_color_opacity=\u00bb1&#8243; background_hover_color_opacity=\u00bb1&#8243; column_backdrop_filter=\u00bbnone\u00bb column_shadow=\u00bbnone\u00bb column_border_radius=\u00bbnone\u00bb column_link_target=\u00bb_self\u00bb overflow=\u00bbvisible\u00bb gradient_direction=\u00bbleft_to_right\u00bb overlay_strength=\u00bb0.3&#8243; width=\u00bb1\/1&#8243; tablet_width_inherit=\u00bbdefault\u00bb animation_type=\u00bbdefault\u00bb bg_image_animation=\u00bbnone\u00bb border_type=\u00bbsimple\u00bb column_border_width=\u00bbnone\u00bb column_border_style=\u00bbsolid\u00bb column_padding_type=\u00bbdefault\u00bb gradient_type=\u00bbdefault\u00bb][nectar_cta btn_style=\u00bbbasic\u00bb heading_tag=\u00bbspan\u00bb button_color=\u00bbaccent-color\u00bb button_color_hover=\u00bb#4d8abf\u00bb text_color=\u00bb#ffffff\u00bb text_color_hover=\u00bb#ffffff\u00bb button_border_thickness=\u00bb0px\u00bb link_type=\u00bbnew_tab\u00bb alignment=\u00bbleft\u00bb alignment_tablet=\u00bbdefault\u00bb alignment_phone=\u00bbdefault\u00bb display=\u00bbblock\u00bb display_tablet=\u00bbinherit\u00bb display_phone=\u00bbinherit\u00bb icon_family=\u00bbnone\u00bb link_text=\u00bbCAMPAMENTO DE VERANO &#8211; INSCR\u00cdBETE AHORA\u00bb padding_top=\u00bb10&#8243; padding_bottom=\u00bb10&#8243; padding_left=\u00bb31&#8243; padding_right=\u00bb30&#8243; url=\u00bbhttps:\/\/www.leselfes.com\/summer-day-camps\/enrolnow\/\u00bb class=\u00bbcE3C215&#8243;][\/vc_column_inner][\/vc_row_inner][\/vc_column][\/vc_row][vc_row type=\u00bbfull_width_background\u00bb full_screen_row_position=\u00bbmiddle\u00bb column_margin=\u00bbdefault\u00bb column_direction=\u00bbdefault\u00bb column_direction_tablet=\u00bbdefault\u00bb column_direction_phone=\u00bbdefault\u00bb bg_color=\u00bb#f3f3f6&#8243; scene_position=\u00bbcenter\u00bb top_padding=\u00bb100&#8243; constrain_group_1=\u00bbyes\u00bb bottom_padding=\u00bb100&#8243; text_color=\u00bbdark\u00bb text_align=\u00bbleft\u00bb row_border_radius=\u00bbnone\u00bb row_border_radius_applies=\u00bbbg\u00bb overflow=\u00bbvisible\u00bb overlay_strength=\u00bb0.3&#8243; gradient_direction=\u00bbleft_to_right\u00bb shape_divider_position=\u00bbbottom\u00bb bg_image_animation=\u00bbnone\u00bb gradient_type=\u00bbdefault\u00bb shape_type=\u00bb\u00bb][vc_column column_padding=\u00bbno-extra-padding\u00bb column_padding_tablet=\u00bbinherit\u00bb column_padding_phone=\u00bbinherit\u00bb column_padding_position=\u00bball\u00bb column_element_direction_desktop=\u00bbdefault\u00bb column_element_spacing=\u00bbdefault\u00bb desktop_text_alignment=\u00bbdefault\u00bb tablet_text_alignment=\u00bbdefault\u00bb phone_text_alignment=\u00bbdefault\u00bb background_color_opacity=\u00bb1&#8243; background_hover_color_opacity=\u00bb1&#8243; column_backdrop_filter=\u00bbnone\u00bb column_shadow=\u00bbnone\u00bb column_border_radius=\u00bbnone\u00bb column_link_target=\u00bb_self\u00bb column_position=\u00bbdefault\u00bb gradient_direction=\u00bbleft_to_right\u00bb overlay_strength=\u00bb0.3&#8243; width=\u00bb1\/1&#8243; tablet_width_inherit=\u00bbdefault\u00bb animation_type=\u00bbdefault\u00bb bg_image_animation=\u00bbnone\u00bb border_type=\u00bbsimple\u00bb column_border_width=\u00bbnone\u00bb column_border_style=\u00bbsolid\u00bb][divider line_type=\u00bbNo Line\u00bb custom_height=\u00bb50&#8243;][divider line_type=\u00bbNo Line\u00bb custom_height=\u00bb50&#8243;][vc_row_inner equal_height=\u00bbyes\u00bb content_placement=\u00bbtop\u00bb column_margin=\u00bbdefault\u00bb column_direction=\u00bbdefault\u00bb column_direction_tablet=\u00bbdefault\u00bb column_direction_phone=\u00bbdefault\u00bb text_align=\u00bbleft\u00bb row_position=\u00bbdefault\u00bb row_position_tablet=\u00bbinherit\u00bb row_position_phone=\u00bbinherit\u00bb overflow=\u00bbvisible\u00bb pointer_events=\u00bball\u00bb][vc_column_inner left_padding_desktop=\u00bb100&#8243; left_padding_tablet=\u00bb0&#8243; right_padding_tablet=\u00bb0&#8243; column_element_direction_desktop=\u00bbdefault\u00bb column_element_spacing=\u00bbdefault\u00bb desktop_text_alignment=\u00bbdefault\u00bb tablet_text_alignment=\u00bbdefault\u00bb phone_text_alignment=\u00bbdefault\u00bb background_color_opacity=\u00bb1&#8243; background_hover_color_opacity=\u00bb1&#8243; column_backdrop_filter=\u00bbnone\u00bb column_shadow=\u00bbnone\u00bb column_border_radius=\u00bbnone\u00bb column_link_target=\u00bb_self\u00bb overflow=\u00bbvisible\u00bb gradient_direction=\u00bbleft_to_right\u00bb overlay_strength=\u00bb0.3&#8243; width=\u00bb1\/2&#8243; tablet_width_inherit=\u00bbdefault\u00bb animation_type=\u00bbdefault\u00bb bg_image_animation=\u00bbnone\u00bb border_type=\u00bbsimple\u00bb column_border_width=\u00bbnone\u00bb column_border_style=\u00bbsolid\u00bb column_padding_type=\u00bbadvanced\u00bb gradient_type=\u00bbdefault\u00bb][vc_column_text el_class=\u00bbfs53&#8243; text_direction=\u00bbdefault\u00bb]\n<h3 style=\"color: #0c347e;\">Comidas deliciosas y nutritivas en los campamentos de verano Les Elfes<\/h3>\n[\/vc_column_text][vc_column_text text_direction=\u00bbdefault\u00bb]En los Campamentos de Verano Les Elfes, sabemos que mantener a los j\u00f3venes aventureros con energ\u00eda es clave para una experiencia inolvidable.<br \/>\nPor eso ofrecemos un men\u00fa delicioso y nutritivo dise\u00f1ado para alimentar sus exploraciones en la monta\u00f1a.<\/p>\n<p>Nuestra variada selecci\u00f3n garantiza que haya algo para cada paladar.<br \/>\nDesde saludables almuerzos calientes hasta energizantes meriendas, todas las comidas son preparadas con ingredientes frescos por nuestro entregado equipo culinario.<br \/>\nSatisfacemos diversas necesidades diet\u00e9ticas, incluidas opciones vegetarianas y halal, para que todos los campistas puedan disfrutar plenamente de su aventura veraniega.[\/vc_column_text][divider line_type=\u00bbNo Line\u00bb custom_height=\u00bb20&#8243;][nectar_cta btn_style=\u00bbbasic\u00bb heading_tag=\u00bbspan\u00bb button_color=\u00bbaccent-color\u00bb button_color_hover=\u00bb#4d8abf\u00bb text_color=\u00bb#ffffff\u00bb text_color_hover=\u00bb#ffffff\u00bb button_border_thickness=\u00bb0px\u00bb link_type=\u00bbnew_tab\u00bb alignment=\u00bbleft\u00bb alignment_tablet=\u00bbdefault\u00bb alignment_phone=\u00bbdefault\u00bb display=\u00bbblock\u00bb display_tablet=\u00bbinherit\u00bb display_phone=\u00bbinherit\u00bb icon_family=\u00bbnone\u00bb link_text=\u00bbm\u00e1s sobre alimentaci\u00f3n\u00bb padding_top=\u00bb10&#8243; padding_bottom=\u00bb10&#8243; padding_left=\u00bb31&#8243; padding_right=\u00bb30&#8243; class=\u00bbcE3C215&#8243; url=\u00bb\/food\/\u00bb][\/vc_column_inner][vc_column_inner column_padding=\u00bbno-extra-padding\u00bb column_padding_tablet=\u00bbinherit\u00bb column_padding_phone=\u00bbinherit\u00bb column_padding_position=\u00bball\u00bb column_element_direction_desktop=\u00bbdefault\u00bb column_element_spacing=\u00bbdefault\u00bb desktop_text_alignment=\u00bbdefault\u00bb tablet_text_alignment=\u00bbdefault\u00bb phone_text_alignment=\u00bbdefault\u00bb background_color_opacity=\u00bb1&#8243; background_hover_color_opacity=\u00bb1&#8243; column_backdrop_filter=\u00bbnone\u00bb column_shadow=\u00bbnone\u00bb column_border_radius=\u00bb20px\u00bb column_link_target=\u00bb_self\u00bb overflow=\u00bbvisible\u00bb el_class=\u00bbaddOverlayOnCells\u00bb gradient_direction=\u00bbleft_to_right\u00bb overlay_strength=\u00bb0.3&#8243; width=\u00bb1\/2&#8243; tablet_width_inherit=\u00bbdefault\u00bb animation_type=\u00bbdefault\u00bb bg_image_animation=\u00bbnone\u00bb border_type=\u00bbsimple\u00bb column_border_width=\u00bbnone\u00bb column_border_style=\u00bbsolid\u00bb column_padding_type=\u00bbdefault\u00bb gradient_type=\u00bbdefault\u00bb][vc_gallery type=\u00bbflickity_style\u00bb images=\u00bb83009,83017,83025,83033&#8243; flickity_spacing=\u00bbdefault\u00bb flickity_controls=\u00bbnext_prev_arrows_overlaid\u00bb flickity_overflow=\u00bbhidden\u00bb flickity_wrap_around=\u00bbwrap\u00bb flickity_desktop_columns=\u00bb1&#8243; flickity_small_desktop_columns=\u00bb1&#8243; flickity_tablet_columns=\u00bb1&#8243; flickity_phone_columns=\u00bb1&#8243; flickity_box_shadow=\u00bbnone\u00bb image_loading=\u00bbdefault\u00bb display_title_caption=\u00bbtrue\u00bb onclick=\u00bblink_no\u00bb el_class=\u00bbcustomGal\u00bb][\/vc_column_inner][\/vc_row_inner][\/vc_column][\/vc_row][vc_row type=\u00bbfull_width_background\u00bb full_screen_row_position=\u00bbmiddle\u00bb column_margin=\u00bbdefault\u00bb column_direction=\u00bbdefault\u00bb column_direction_tablet=\u00bbdefault\u00bb column_direction_phone=\u00bbdefault\u00bb bg_color=\u00bb#4d8abf\u00bb scene_position=\u00bbcenter\u00bb bottom_padding=\u00bb100&#8243; text_color=\u00bbdark\u00bb text_align=\u00bbleft\u00bb row_border_radius=\u00bbnone\u00bb row_border_radius_applies=\u00bbbg\u00bb overflow=\u00bbvisible\u00bb overlay_strength=\u00bb0.3&#8243; gradient_direction=\u00bbleft_to_right\u00bb shape_divider_position=\u00bbbottom\u00bb bg_image_animation=\u00bbnone\u00bb gradient_type=\u00bbdefault\u00bb shape_type=\u00bb\u00bb][vc_column column_padding=\u00bbno-extra-padding\u00bb column_padding_tablet=\u00bbinherit\u00bb column_padding_phone=\u00bbinherit\u00bb column_padding_position=\u00bball\u00bb column_element_direction_desktop=\u00bbdefault\u00bb column_element_spacing=\u00bbdefault\u00bb desktop_text_alignment=\u00bbdefault\u00bb tablet_text_alignment=\u00bbdefault\u00bb phone_text_alignment=\u00bbdefault\u00bb background_color_opacity=\u00bb1&#8243; background_hover_color_opacity=\u00bb1&#8243; column_backdrop_filter=\u00bbnone\u00bb font_color=\u00bb#ffffff\u00bb column_shadow=\u00bbnone\u00bb column_border_radius=\u00bbnone\u00bb column_link_target=\u00bb_self\u00bb column_position=\u00bbdefault\u00bb gradient_direction=\u00bbleft_to_right\u00bb overlay_strength=\u00bb0.3&#8243; width=\u00bb1\/1&#8243; tablet_width_inherit=\u00bbdefault\u00bb animation_type=\u00bbdefault\u00bb bg_image_animation=\u00bbnone\u00bb border_type=\u00bbsimple\u00bb column_border_width=\u00bbnone\u00bb column_border_style=\u00bbsolid\u00bb column_padding_type=\u00bbdefault\u00bb gradient_type=\u00bbdefault\u00bb][vc_row_inner content_placement=\u00bbtop\u00bb column_margin=\u00bb100px\u00bb column_direction=\u00bbdefault\u00bb column_direction_tablet=\u00bbdefault\u00bb column_direction_phone=\u00bbdefault\u00bb text_align=\u00bbleft\u00bb row_position=\u00bbdefault\u00bb row_position_tablet=\u00bbinherit\u00bb row_position_phone=\u00bbinherit\u00bb overflow=\u00bbvisible\u00bb pointer_events=\u00bball\u00bb][vc_column_inner column_padding=\u00bbno-extra-padding\u00bb column_padding_tablet=\u00bbinherit\u00bb column_padding_phone=\u00bbinherit\u00bb column_padding_position=\u00bball\u00bb top_margin=\u00bb-25px\u00bb column_element_direction_desktop=\u00bbdefault\u00bb column_element_spacing=\u00bbdefault\u00bb desktop_text_alignment=\u00bbright\u00bb tablet_text_alignment=\u00bbdefault\u00bb phone_text_alignment=\u00bbdefault\u00bb background_color_opacity=\u00bb1&#8243; background_hover_color_opacity=\u00bb1&#8243; column_backdrop_filter=\u00bbnone\u00bb column_shadow=\u00bbnone\u00bb column_border_radius=\u00bbnone\u00bb column_link_target=\u00bb_self\u00bb overflow=\u00bbvisible\u00bb gradient_direction=\u00bbleft_to_right\u00bb overlay_strength=\u00bb0.3&#8243; width=\u00bb1\/3&#8243; tablet_width_inherit=\u00bbsmall_desktop\u00bb animation_type=\u00bbdefault\u00bb bg_image_animation=\u00bbnone\u00bb border_type=\u00bbsimple\u00bb column_border_width=\u00bbnone\u00bb column_border_style=\u00bbsolid\u00bb column_padding_type=\u00bbdefault\u00bb gradient_type=\u00bbdefault\u00bb offset=\u00bbvc_col-lg-3 vc_col-md-6 vc_col-xs-12&#8243;][image_with_animation image_url=\u00bb66620&#8243; image_size=\u00bbfull\u00bb animation_type=\u00bbentrance\u00bb animation=\u00bbNone\u00bb animation_movement_type=\u00bbtransform_y\u00bb hover_animation=\u00bbnone\u00bb alignment=\u00bbcenter\u00bb border_radius=\u00bbnone\u00bb box_shadow=\u00bbnone\u00bb image_loading=\u00bbdefault\u00bb max_width=\u00bb100%\u00bb max_width_mobile=\u00bbdefault\u00bb][\/vc_column_inner][vc_column_inner column_padding=\u00bbno-extra-padding\u00bb column_padding_tablet=\u00bbinherit\u00bb column_padding_phone=\u00bbinherit\u00bb column_padding_position=\u00bball\u00bb column_element_direction_desktop=\u00bbdefault\u00bb column_element_spacing=\u00bbdefault\u00bb desktop_text_alignment=\u00bbdefault\u00bb tablet_text_alignment=\u00bbdefault\u00bb phone_text_alignment=\u00bbdefault\u00bb background_color_opacity=\u00bb1&#8243; background_hover_color_opacity=\u00bb1&#8243; column_backdrop_filter=\u00bbnone\u00bb column_shadow=\u00bbnone\u00bb column_border_radius=\u00bbnone\u00bb column_link_target=\u00bb_self\u00bb overflow=\u00bbvisible\u00bb gradient_direction=\u00bbleft_to_right\u00bb overlay_strength=\u00bb0.3&#8243; width=\u00bb1\/3&#8243; tablet_width_inherit=\u00bbsmall_desktop\u00bb animation_type=\u00bbdefault\u00bb bg_image_animation=\u00bbnone\u00bb border_type=\u00bbsimple\u00bb column_border_width=\u00bbnone\u00bb column_border_style=\u00bbsolid\u00bb column_padding_type=\u00bbdefault\u00bb gradient_type=\u00bbdefault\u00bb offset=\u00bbvc_col-lg-3 vc_col-md-6 vc_col-xs-12&#8243;][divider line_type=\u00bbNo Line\u00bb custom_height=\u00bb50&#8243; custom_height_tablet=\u00bb50&#8243;][vc_column_text text_direction=\u00bbdefault\u00bb]\n<h2>D\u00f3nde pueden alojarse los padres<\/h2>\n[\/vc_column_text][\/vc_column_inner][vc_column_inner column_padding=\u00bbno-extra-padding\u00bb column_padding_tablet=\u00bbinherit\u00bb column_padding_phone=\u00bbinherit\u00bb column_padding_position=\u00bball\u00bb column_element_direction_desktop=\u00bbdefault\u00bb column_element_spacing=\u00bbdefault\u00bb desktop_text_alignment=\u00bbdefault\u00bb tablet_text_alignment=\u00bbdefault\u00bb phone_text_alignment=\u00bbdefault\u00bb background_color_opacity=\u00bb1&#8243; background_hover_color_opacity=\u00bb1&#8243; column_backdrop_filter=\u00bbnone\u00bb column_shadow=\u00bbnone\u00bb column_border_radius=\u00bbnone\u00bb column_link_target=\u00bb_self\u00bb overflow=\u00bbvisible\u00bb gradient_direction=\u00bbleft_to_right\u00bb overlay_strength=\u00bb0.3&#8243; width=\u00bb1\/3&#8243; tablet_width_inherit=\u00bbdefault\u00bb animation_type=\u00bbdefault\u00bb bg_image_animation=\u00bbnone\u00bb border_type=\u00bbsimple\u00bb column_border_width=\u00bbnone\u00bb column_border_style=\u00bbsolid\u00bb column_padding_type=\u00bbdefault\u00bb gradient_type=\u00bbdefault\u00bb offset=\u00bbvc_col-lg-6 vc_col-md-12 vc_col-xs-12&#8243;][divider line_type=\u00bbNo Line\u00bb custom_height=\u00bb100&#8243; custom_height_tablet=\u00bb50&#8243;][vc_column_text text_direction=\u00bbdefault\u00bb]Mientras tu hijo vive emocionantes aventuras en los Campamentos de Verano Les Elfes, Verbier ofrece una amplia gama de alojamientos para que los padres disfruten de sus vacaciones de verano en familia.[\/vc_column_text][\/vc_column_inner][\/vc_row_inner][divider line_type=\u00bbNo Line\u00bb custom_height=\u00bb50&#8243;][vc_row_inner equal_height=\u00bbyes\u00bb content_placement=\u00bbtop\u00bb column_margin=\u00bbdefault\u00bb column_direction=\u00bbdefault\u00bb column_direction_tablet=\u00bbdefault\u00bb column_direction_phone=\u00bbdefault\u00bb text_align=\u00bbleft\u00bb row_position=\u00bbdefault\u00bb row_position_tablet=\u00bbinherit\u00bb row_position_phone=\u00bbinherit\u00bb overflow=\u00bbvisible\u00bb pointer_events=\u00bball\u00bb][vc_column_inner column_padding=\u00bbpadding-3-percent\u00bb column_padding_tablet=\u00bbinherit\u00bb column_padding_phone=\u00bbinherit\u00bb column_padding_position=\u00bball\u00bb column_element_direction_desktop=\u00bbdefault\u00bb column_element_spacing=\u00bbdefault\u00bb centered_text=\u00bbtrue\u00bb desktop_text_alignment=\u00bbcenter\u00bb tablet_text_alignment=\u00bbdefault\u00bb phone_text_alignment=\u00bbdefault\u00bb background_color=\u00bbrgba(255,255,255,0.09)\u00bb background_color_opacity=\u00bb1&#8243; background_hover_color_opacity=\u00bb1&#8243; column_backdrop_filter=\u00bbnone\u00bb font_color=\u00bb#ffffff\u00bb column_shadow=\u00bbnone\u00bb column_border_radius=\u00bbnone\u00bb column_link_target=\u00bb_self\u00bb overflow=\u00bbvisible\u00bb el_class=\u00bbwhereToStay\u00bb gradient_direction=\u00bbleft_to_right\u00bb overlay_strength=\u00bb0.3&#8243; width=\u00bb1\/3&#8243; tablet_width_inherit=\u00bbdefault\u00bb animation_type=\u00bbdefault\u00bb bg_image_animation=\u00bbnone\u00bb border_type=\u00bbsimple\u00bb column_border_width=\u00bbnone\u00bb column_border_style=\u00bbsolid\u00bb column_padding_type=\u00bbdefault\u00bb gradient_type=\u00bbdefault\u00bb][divider line_type=\u00bbNo Line\u00bb custom_height=\u00bb0&#8243; custom_height_phone=\u00bb25&#8243;][vc_column_text el_class=\u00bbfs35&#8243; text_direction=\u00bbdefault\u00bb]W Verbier[\/vc_column_text][vc_column_text text_direction=\u00bbdefault\u00bb]Situado en el centro de Verbier, cerca del telef\u00e9rico, W Verbier propone 123 habitaciones y suites dise\u00f1adas en una mezcla de estilo urbano y alpino.[\/vc_column_text][vc_column_text text_direction=\u00bbdefault\u00bb]\n<p style=\"text-align: center;\">Descuento disponible<\/p>\n[\/vc_column_text][divider line_type=\u00bbNo Line\u00bb custom_height=\u00bb50&#8243;][nectar_cta btn_style=\u00bbbasic\u00bb heading_tag=\u00bbspan\u00bb button_color=\u00bbextra-color-gradient-1&#8243; button_color_hover=\u00bb#343b68&#8243; text_color=\u00bb#ffffff\u00bb text_color_hover=\u00bb#ffffff\u00bb button_border_thickness=\u00bb0px\u00bb link_type=\u00bbnew_tab\u00bb alignment=\u00bbcenter\u00bb alignment_tablet=\u00bbcenter\u00bb alignment_phone=\u00bbcenter\u00bb display=\u00bbblock\u00bb display_tablet=\u00bbinherit\u00bb display_phone=\u00bbinherit\u00bb icon_family=\u00bbnone\u00bb link_text=\u00bbsitio web oficial\u00bb padding_top=\u00bb10&#8243; padding_bottom=\u00bb10&#8243; padding_left=\u00bb31&#8243; padding_right=\u00bb30&#8243; class=\u00bbgoBottomBtn\u00bb url=\u00bbhttps:\/\/www.marriott.com\/en-us\/hotels\/gvawh-w-verbier\/overview\/\u00bb][divider line_type=\u00bbNo Line\u00bb custom_height=\u00bb25&#8243;][\/vc_column_inner][vc_column_inner column_padding=\u00bbpadding-3-percent\u00bb column_padding_tablet=\u00bbinherit\u00bb column_padding_phone=\u00bbinherit\u00bb column_padding_position=\u00bball\u00bb column_element_direction_desktop=\u00bbdefault\u00bb column_element_spacing=\u00bbdefault\u00bb centered_text=\u00bbtrue\u00bb desktop_text_alignment=\u00bbdefault\u00bb tablet_text_alignment=\u00bbdefault\u00bb phone_text_alignment=\u00bbdefault\u00bb background_color=\u00bbrgba(255,255,255,0.09)\u00bb background_color_opacity=\u00bb1&#8243; background_hover_color_opacity=\u00bb1&#8243; column_backdrop_filter=\u00bbnone\u00bb font_color=\u00bb#ffffff\u00bb column_shadow=\u00bbnone\u00bb column_border_radius=\u00bbnone\u00bb column_link_target=\u00bb_self\u00bb overflow=\u00bbvisible\u00bb el_class=\u00bbwhereToStay\u00bb gradient_direction=\u00bbleft_to_right\u00bb overlay_strength=\u00bb0.3&#8243; width=\u00bb1\/3&#8243; tablet_width_inherit=\u00bbdefault\u00bb animation_type=\u00bbdefault\u00bb bg_image_animation=\u00bbnone\u00bb border_type=\u00bbsimple\u00bb column_border_width=\u00bbnone\u00bb column_border_style=\u00bbsolid\u00bb column_padding_type=\u00bbdefault\u00bb gradient_type=\u00bbdefault\u00bb][divider line_type=\u00bbNo Line\u00bb custom_height=\u00bb25&#8243;][vc_column_text el_class=\u00bbfs35&#8243; text_direction=\u00bbdefault\u00bb]La Vall\u00e9e Blanche[\/vc_column_text][vc_column_text text_direction=\u00bbdefault\u00bb]Un lujoso Chalet de 4 dormitorios situado en el centro de Verbier, cerca de la estaci\u00f3n de remontes de Medran.<br \/>\nLas familias tambi\u00e9n tendr\u00e1n acceso a un servicio de conserjer\u00eda y al spa y gimnasio.[\/vc_column_text][vc_column_text text_direction=\u00bbdefault\u00bb]\n<p style=\"text-align: center;\">Descuento disponible<\/p>\n[\/vc_column_text][divider line_type=\u00bbNo Line\u00bb custom_height=\u00bb50&#8243;][nectar_cta btn_style=\u00bbbasic\u00bb heading_tag=\u00bbspan\u00bb button_color=\u00bbextra-color-gradient-1&#8243; button_color_hover=\u00bb#343b68&#8243; text_color=\u00bb#ffffff\u00bb text_color_hover=\u00bb#ffffff\u00bb button_border_thickness=\u00bb0px\u00bb link_type=\u00bbnew_tab\u00bb alignment=\u00bbcenter\u00bb alignment_tablet=\u00bbcenter\u00bb alignment_phone=\u00bbcenter\u00bb display=\u00bbblock\u00bb display_tablet=\u00bbinherit\u00bb display_phone=\u00bbinherit\u00bb icon_family=\u00bbnone\u00bb link_text=\u00bbsitio web oficial\u00bb padding_top=\u00bb10&#8243; padding_bottom=\u00bb10&#8243; padding_left=\u00bb31&#8243; padding_right=\u00bb30&#8243; class=\u00bbgoBottomBtn\u00bb url=\u00bbhttps:\/\/www.lavalleeblancheverbier.com\/\u00bb][divider line_type=\u00bbNo Line\u00bb custom_height=\u00bb0&#8243; custom_height_phone=\u00bb25&#8243;][\/vc_column_inner][vc_column_inner column_padding=\u00bbpadding-3-percent\u00bb column_padding_tablet=\u00bbinherit\u00bb column_padding_phone=\u00bbinherit\u00bb column_padding_position=\u00bball\u00bb column_element_direction_desktop=\u00bbdefault\u00bb column_element_spacing=\u00bbdefault\u00bb centered_text=\u00bbtrue\u00bb desktop_text_alignment=\u00bbdefault\u00bb tablet_text_alignment=\u00bbdefault\u00bb phone_text_alignment=\u00bbdefault\u00bb background_color=\u00bbrgba(255,255,255,0.09)\u00bb background_color_opacity=\u00bb1&#8243; background_hover_color_opacity=\u00bb1&#8243; column_backdrop_filter=\u00bbnone\u00bb column_shadow=\u00bbnone\u00bb column_border_radius=\u00bbnone\u00bb column_link_target=\u00bb_self\u00bb overflow=\u00bbvisible\u00bb gradient_direction=\u00bbleft_to_right\u00bb overlay_strength=\u00bb0.3&#8243; width=\u00bb1\/3&#8243; tablet_width_inherit=\u00bbdefault\u00bb animation_type=\u00bbdefault\u00bb bg_image_animation=\u00bbnone\u00bb border_type=\u00bbsimple\u00bb column_border_width=\u00bbnone\u00bb column_border_style=\u00bbsolid\u00bb column_padding_type=\u00bbdefault\u00bb gradient_type=\u00bbdefault\u00bb][divider line_type=\u00bbNo Line\u00bb custom_height=\u00bb0&#8243; custom_height_phone=\u00bb25&#8243;][vc_column_text css=\u00bb\u00bb el_class=\u00bbfs35&#8243; text_direction=\u00bbdefault\u00bb]No 14<\/p>\n<div id=\"gtx-trans\" style=\"position: absolute; left: 148px; top: -9.50391px;\">\n<div class=\"gtx-trans-icon\"><\/div>\n<\/div>\n<div id=\"gtx-trans\" style=\"position: absolute; left: 131px; top: -9.50391px;\">\n<div class=\"gtx-trans-icon\"><\/div>\n<\/div>\n[\/vc_column_text][vc_column_text css=\u00bb\u00bb text_direction=\u00bbdefault\u00bb]Chalet de lujo con servicio completo de comidas, con 13 habitaciones que funcionan como hotel o en r\u00e9gimen de uso exclusivo.<br \/>\nEl chalet cuenta con servicio de conserjer\u00eda, un spa reci\u00e9n renovado y personal a tu disposici\u00f3n para satisfacer todas tus necesidades.[\/vc_column_text][vc_column_text text_direction=\u00bbdefault\u00bb]\n<p style=\"text-align: center;\">Descuento disponible<\/p>\n[\/vc_column_text][divider line_type=\u00bbNo Line\u00bb custom_height=\u00bb50&#8243; custom_height_phone=\u00bb25&#8243;][nectar_cta btn_style=\u00bbbasic\u00bb heading_tag=\u00bbspan\u00bb button_color=\u00bbextra-color-gradient-1&#8243; button_color_hover=\u00bb#343b68&#8243; text_color=\u00bb#ffffff\u00bb text_color_hover=\u00bb#ffffff\u00bb button_border_thickness=\u00bb0px\u00bb link_type=\u00bbnew_tab\u00bb alignment=\u00bbcenter\u00bb alignment_tablet=\u00bbcenter\u00bb alignment_phone=\u00bbcenter\u00bb display=\u00bbblock\u00bb display_tablet=\u00bbinherit\u00bb display_phone=\u00bbinherit\u00bb icon_family=\u00bbnone\u00bb link_text=\u00bbsitio web oficial\u00bb padding_top=\u00bb10&#8243; padding_bottom=\u00bb10&#8243; padding_left=\u00bb31&#8243; padding_right=\u00bb30&#8243; class=\u00bbgoBottomBtn\u00bb url=\u00bbhttps:\/\/www.no14verbier.com\/\u00bb][\/vc_column_inner][\/vc_row_inner][\/vc_column][\/vc_row][vc_row type=\u00bbfull_width_content\u00bb full_screen_row_position=\u00bbmiddle\u00bb column_margin=\u00bbdefault\u00bb column_direction=\u00bbdefault\u00bb column_direction_tablet=\u00bbdefault\u00bb column_direction_phone=\u00bbdefault\u00bb bg_color=\u00bb#ffffff\u00bb scene_position=\u00bbcenter\u00bb top_padding=\u00bb100&#8243; constrain_group_1=\u00bbyes\u00bb bottom_padding=\u00bb100&#8243; top_margin_phone=\u00bb100&#8243; text_color=\u00bbdark\u00bb text_align=\u00bbleft\u00bb row_border_radius=\u00bbnone\u00bb row_border_radius_applies=\u00bbbg\u00bb zindex=\u00bb600&#8243; overflow=\u00bbvisible\u00bb overlay_strength=\u00bb0.3&#8243; gradient_direction=\u00bbleft_to_right\u00bb shape_divider_position=\u00bbbottom\u00bb bg_image_animation=\u00bbnone\u00bb gradient_type=\u00bbdefault\u00bb shape_type=\u00bb\u00bb][vc_column column_padding=\u00bbno-extra-padding\u00bb column_padding_tablet=\u00bbinherit\u00bb column_padding_phone=\u00bbinherit\u00bb column_padding_position=\u00bball\u00bb column_element_direction_desktop=\u00bbdefault\u00bb column_element_spacing=\u00bbdefault\u00bb desktop_text_alignment=\u00bbdefault\u00bb tablet_text_alignment=\u00bbdefault\u00bb phone_text_alignment=\u00bbdefault\u00bb background_color_opacity=\u00bb1&#8243; background_hover_color_opacity=\u00bb1&#8243; column_backdrop_filter=\u00bbnone\u00bb column_shadow=\u00bbnone\u00bb column_border_radius=\u00bbnone\u00bb column_link_target=\u00bb_self\u00bb column_position=\u00bbdefault\u00bb gradient_direction=\u00bbleft_to_right\u00bb overlay_strength=\u00bb0.3&#8243; width=\u00bb1\/1&#8243; tablet_width_inherit=\u00bbdefault\u00bb animation_type=\u00bbdefault\u00bb bg_image_animation=\u00bbnone\u00bb border_type=\u00bbsimple\u00bb column_border_width=\u00bbnone\u00bb column_border_style=\u00bbsolid\u00bb column_padding_type=\u00bbdefault\u00bb gradient_type=\u00bbdefault\u00bb][image_with_animation image_url=\u00bb66629&#8243; image_size=\u00bbfull\u00bb animation_type=\u00bbentrance\u00bb animation=\u00bbNone\u00bb animation_movement_type=\u00bbtransform_y\u00bb hover_animation=\u00bbnone\u00bb alignment=\u00bb\u00bb border_radius=\u00bbnone\u00bb box_shadow=\u00bbnone\u00bb image_loading=\u00bbdefault\u00bb max_width=\u00bbcustom\u00bb position_desktop=\u00bbabsolute\u00bb top_position_desktop=\u00bb-250&#8243; right_position_desktop=\u00bb0&#8243; right_position_tablet=\u00bb100&#8243; right_position_phone=\u00bb100&#8243; max_width_custom=\u00bb400&#8243; max_width_custom_tablet=\u00bb200&#8243; el_class=\u00bbcustomMaxWidth\u00bb][vc_row_inner column_margin=\u00bbdefault\u00bb column_direction=\u00bbdefault\u00bb column_direction_tablet=\u00bbdefault\u00bb column_direction_phone=\u00bbdefault\u00bb text_align=\u00bbleft\u00bb row_position=\u00bbdefault\u00bb row_position_tablet=\u00bbinherit\u00bb row_position_phone=\u00bbinherit\u00bb overflow=\u00bbvisible\u00bb pointer_events=\u00bball\u00bb][vc_column_inner column_padding=\u00bbno-extra-padding\u00bb column_padding_tablet=\u00bbinherit\u00bb column_padding_phone=\u00bbinherit\u00bb column_padding_position=\u00bball\u00bb column_element_direction_desktop=\u00bbdefault\u00bb column_element_spacing=\u00bbdefault\u00bb centered_text=\u00bbtrue\u00bb desktop_text_alignment=\u00bbdefault\u00bb tablet_text_alignment=\u00bbdefault\u00bb phone_text_alignment=\u00bbdefault\u00bb background_color_opacity=\u00bb1&#8243; background_hover_color_opacity=\u00bb1&#8243; column_backdrop_filter=\u00bbnone\u00bb column_shadow=\u00bbnone\u00bb column_border_radius=\u00bbnone\u00bb column_link_target=\u00bb_self\u00bb overflow=\u00bbvisible\u00bb gradient_direction=\u00bbleft_to_right\u00bb overlay_strength=\u00bb0.3&#8243; width=\u00bb1\/1&#8243; tablet_width_inherit=\u00bbdefault\u00bb animation_type=\u00bbdefault\u00bb bg_image_animation=\u00bbnone\u00bb border_type=\u00bbsimple\u00bb column_border_width=\u00bbnone\u00bb column_border_style=\u00bbsolid\u00bb column_padding_type=\u00bbdefault\u00bb gradient_type=\u00bbdefault\u00bb][vc_column_text text_direction=\u00bbdefault\u00bb max_width=\u00bb1000&#8243;]\n<h2 style=\"text-align: center;\">Lo que dijeron algunos de los padres<\/h2>\n[\/vc_column_text][\/vc_column_inner][\/vc_row_inner][\/vc_column][\/vc_row][vc_row type=\u00bbfull_width_background\u00bb full_screen_row_position=\u00bbmiddle\u00bb column_margin=\u00bbdefault\u00bb column_direction=\u00bbdefault\u00bb column_direction_tablet=\u00bbdefault\u00bb column_direction_phone=\u00bbdefault\u00bb scene_position=\u00bbcenter\u00bb top_padding=\u00bb50&#8243; bottom_padding=\u00bb0&#8243; top_margin=\u00bb-150px\u00bb text_color=\u00bbdark\u00bb text_align=\u00bbleft\u00bb row_border_radius=\u00bbnone\u00bb row_border_radius_applies=\u00bbbg\u00bb zindex=\u00bb800&#8243; overflow=\u00bbvisible\u00bb overlay_strength=\u00bb0.3&#8243; gradient_direction=\u00bbleft_to_right\u00bb shape_divider_position=\u00bbbottom\u00bb bg_image_animation=\u00bbnone\u00bb gradient_type=\u00bbdefault\u00bb shape_type=\u00bb\u00bb][vc_column column_padding=\u00bbno-extra-padding\u00bb column_padding_tablet=\u00bbinherit\u00bb column_padding_phone=\u00bbinherit\u00bb column_padding_position=\u00bball\u00bb column_element_direction_desktop=\u00bbdefault\u00bb column_element_spacing=\u00bbdefault\u00bb desktop_text_alignment=\u00bbdefault\u00bb tablet_text_alignment=\u00bbdefault\u00bb phone_text_alignment=\u00bbdefault\u00bb background_color_opacity=\u00bb1&#8243; background_hover_color_opacity=\u00bb1&#8243; column_backdrop_filter=\u00bbnone\u00bb column_shadow=\u00bbnone\u00bb column_border_radius=\u00bbnone\u00bb column_link_target=\u00bb_self\u00bb column_position=\u00bbdefault\u00bb gradient_direction=\u00bbleft_to_right\u00bb overlay_strength=\u00bb0.3&#8243; width=\u00bb1\/1&#8243; tablet_width_inherit=\u00bbdefault\u00bb animation_type=\u00bbdefault\u00bb bg_image_animation=\u00bbnone\u00bb border_type=\u00bbsimple\u00bb column_border_width=\u00bbnone\u00bb column_border_style=\u00bbsolid\u00bb column_padding_type=\u00bbdefault\u00bb gradient_type=\u00bbdefault\u00bb][carousel script=\u00bbflickity\u00bb flickity_formatting=\u00bbdefault\u00bb desktop_cols_flickity=\u00bb2&#8243; desktop_small_cols_flickity=\u00bb1&#8243; tablet_cols_flickity=\u00bb1&#8243; phone_cols_flickity=\u00bb1&#8243; flickity_controls=\u00bbdefault\u00bb color=\u00bbdefault\u00bb flickity_overflow=\u00bbhidden\u00bb flickity_wrap_around=\u00bbno-wrap\u00bb pagination_alignment_flickity=\u00bbdefault\u00bb flickity_spacing=\u00bbdefault\u00bb flickity_column_vertical_alignment=\u00bbdefault\u00bb column_padding=\u00bb50px\u00bb flickity_element_spacing=\u00bb40px\u00bb border_radius=\u00bbnone\u00bb][item simple_slider_bg_image_position=\u00bbdefault\u00bb simple_slider_overlay_strength=\u00bb0.3&#8243; simple_slider_bg_image_loading=\u00bbdefault\u00bb id=\u00bb1736527292027-5&#8243; tab_id=\u00bb1736527292027-3&#8243; title=\u00bbItem\u00bb][nectar_single_testimonial testimonial_style=\u00bbbasic\u00bb quote=\u00bbLos ni\u00f1os estaban muy contentos con la experiencia. Estuve 2 horas conduciendo hasta Ginebra con todas las historias fant\u00e1sticas sobre su experiencia en Elfes. Bastante poco com\u00fan en estos tiempos de autoinmersi\u00f3n en nuestros propios dispositivos smartphone.<br \/>\nLes encant\u00f3 todo, sus profesores, el esqu\u00ed, sus nuevos amigos internacionales, la comida, etc.<br \/>\nTambi\u00e9n quiero expresar mi gratitud personal por vuestra r\u00e1pida respuesta para hacer los cambios durante la primera semana, y mantener el nivel durante la segunda. Con vuestro nivel de curiosidad por seguir escuchando y aprendiendo, no hay l\u00edmite donde Les Elfes pueda crecer.<br \/>\nCordialmente,\u00bb name=\u00bbMarcelo\u00bb][\/item][item simple_slider_bg_image_position=\u00bbdefault\u00bb simple_slider_overlay_strength=\u00bb0.3&#8243; simple_slider_bg_image_loading=\u00bbdefault\u00bb id=\u00bb1736527292066-6&#8243; tab_id=\u00bb1736527292066-9&#8243; title=\u00bbItem\u00bb][nectar_single_testimonial testimonial_style=\u00bbbasic\u00bb quote=\u00bbNuestro hijo menor, de 15 a\u00f1os, acaba de pasar 2 semanas en el Campamento de Invierno de Les Elfes desarrollando sus habilidades con el snowboard.<br \/>\nEs su segundo invierno aqu\u00ed y en a\u00f1os anteriores su hermano mayor visit\u00f3 Les Elfes 3 veces.<br \/>\nComo de costumbre, \u00a1s\u00f3lo impresiones positivas tanto para el chico como para nosotros, los padres!<br \/>\n\u00a1Ambiente internacional vibrante, personal excelente y atento, entrenadores profesionales, vistas magn\u00edficas, pistas estupendas, habilidades en la nieve muy mejoradas! \u00a1Enhorabuena a Les Elfes Internacional!<br \/>\nUn cordial saludo,\u00bb name=\u00bbSergey&#8217;s father\u00bb][\/item][item simple_slider_bg_image_position=\u00bbdefault\u00bb simple_slider_overlay_strength=\u00bb0.3&#8243; simple_slider_bg_image_loading=\u00bbdefault\u00bb id=\u00bb1736527292099-7&#8243; tab_id=\u00bb1736527292099-9&#8243; title=\u00bbItem\u00bb][nectar_single_testimonial testimonial_style=\u00bbbasic\u00bb quote=\u00bbMuchas gracias por todo.<br \/>\nNuestro hijo est\u00e1 absolutamente maravillado y m\u00e1s que feliz por haber pasado esta maravillosa semana en vuestro campamento de invierno. No podemos sentirnos m\u00e1s orgullosos y felices de verle tan orgulloso de su trabajo y habi\u00e9ndoselo pasado tan bien. Os agradecemos profundamente el incre\u00edble trabajo y el entusiasta e incre\u00edble equipo de Les Elfes que est\u00e1 detr\u00e1s de este \u00e9xito y felicidad.\u00bb name=\u00bbJule&#8217;s mother\u00bb][\/item][item simple_slider_bg_image_position=\u00bbdefault\u00bb simple_slider_overlay_strength=\u00bb0.3&#8243; simple_slider_bg_image_loading=\u00bbdefault\u00bb id=\u00bb1736527292142-9&#8243; tab_id=\u00bb1736527292142-10&#8243; title=\u00bbItem\u00bb][nectar_single_testimonial testimonial_style=\u00bbbasic\u00bb quote=\u00bbEn primer lugar, me gustar\u00eda daros las gracias a todos por la fant\u00e1stica experiencia que le hab\u00e9is proporcionado a Alessandro.<br \/>\nHa vuelto a casa entusiasmado y est\u00e1 deseando volver el a\u00f1o que viene, \u00a1ser\u00e1 un buen motivo para recordarle que estudie desde el principio del curso!\u00bb name=\u00bbAlessondro&#8217;s mother\u00bb][\/item][item simple_slider_bg_image_position=\u00bbdefault\u00bb simple_slider_overlay_strength=\u00bb0.3&#8243; simple_slider_bg_image_loading=\u00bbdefault\u00bb id=\u00bb1736527292185-2&#8243; tab_id=\u00bb1736527292185-2&#8243; title=\u00bbItem\u00bb][nectar_single_testimonial testimonial_style=\u00bbbasic\u00bb quote=\u00bb\u00a1Muchas gracias por todo! \u00a1Aarya ha vuelto con tantos recuerdos maravillosos que le durar\u00e1n toda la vida&#8230; realmente disfrut\u00f3 esquiando! Ha dicho que ha sido el mejor campamento en el que ha estado nunca&#8230; el a\u00f1o que viene tambi\u00e9n en las vacaciones de primavera seguro que estar\u00e1 all\u00ed&#8230; \u00a1\u00a1\u00a1muchas gracias de nuevo por toda la ayuda y por cuidar tan bien de los chicos!!<br \/>\nEl a\u00f1o que viene mi hijo peque\u00f1o tambi\u00e9n vendr\u00e1 seguro!\u00bb name=\u00bbAarya&#8217;s mother\u00bb][\/item][\/carousel][\/vc_column][\/vc_row][vc_row type=\u00bbin_container\u00bb full_screen_row_position=\u00bbmiddle\u00bb column_margin=\u00bbdefault\u00bb column_direction=\u00bbdefault\u00bb column_direction_tablet=\u00bbdefault\u00bb column_direction_phone=\u00bbdefault\u00bb scene_position=\u00bbcenter\u00bb top_margin=\u00bb100&#8243; text_color=\u00bbdark\u00bb text_align=\u00bbleft\u00bb row_border_radius=\u00bbnone\u00bb row_border_radius_applies=\u00bbbg\u00bb overflow=\u00bbvisible\u00bb overlay_strength=\u00bb0.3&#8243; gradient_direction=\u00bbleft_to_right\u00bb shape_divider_position=\u00bbbottom\u00bb bg_image_animation=\u00bbnone\u00bb gradient_type=\u00bbdefault\u00bb shape_type=\u00bb\u00bb][vc_column column_padding=\u00bbno-extra-padding\u00bb column_padding_tablet=\u00bbinherit\u00bb column_padding_phone=\u00bbinherit\u00bb column_padding_position=\u00bball\u00bb column_element_direction_desktop=\u00bbdefault\u00bb column_element_spacing=\u00bbdefault\u00bb desktop_text_alignment=\u00bbdefault\u00bb tablet_text_alignment=\u00bbdefault\u00bb phone_text_alignment=\u00bbdefault\u00bb background_color_opacity=\u00bb1&#8243; background_hover_color_opacity=\u00bb1&#8243; column_backdrop_filter=\u00bbnone\u00bb column_shadow=\u00bbnone\u00bb column_border_radius=\u00bbnone\u00bb column_link_target=\u00bb_self\u00bb column_position=\u00bbdefault\u00bb gradient_direction=\u00bbleft_to_right\u00bb overlay_strength=\u00bb0.3&#8243; width=\u00bb1\/1&#8243; tablet_width_inherit=\u00bbdefault\u00bb animation_type=\u00bbdefault\u00bb bg_image_animation=\u00bbnone\u00bb border_type=\u00bbsimple\u00bb column_border_width=\u00bbnone\u00bb column_border_style=\u00bbsolid\u00bb][nectar_global_section id=\u00bb66918&#8243;][\/vc_column][\/vc_row]\n","protected":false},"excerpt":{"rendered":"<p>[vc_row type=\u00bbfull_width_background\u00bb full_screen_row_position=\u00bbmiddle\u00bb column_margin=\u00bbdefault\u00bb column_direction=\u00bbdefault\u00bb column_direction_tablet=\u00bbdefault\u00bb column_direction_phone=\u00bbdefault\u00bb bg_image=\u00bb63421&#8243; bg_position=\u00bbcenter center\u00bb background_image_loading=\u00bbdefault\u00bb bg_repeat=\u00bbno-repeat\u00bb full_height=\u00bbyes\u00bb columns_placement=\u00bbstretch\u00bb scene_position=\u00bbcenter\u00bb text_color=\u00bbdark\u00bb text_align=\u00bbleft\u00bb row_border_radius=\u00bbnone\u00bb row_border_radius_applies=\u00bbbg\u00bb overflow=\u00bbvisible\u00bb enable_gradient=\u00bbtrue\u00bb color_overlay=\u00bb#000000&#8243; color_overlay_2=\u00bbrgba(255,255,255,0.01)\u00bb overlay_strength=\u00bb0.5&#8243; gradient_direction=\u00bbtop_to_bottom\u00bb shape_divider_position=\u00bbbottom\u00bb bg_image_animation=\u00bbnone\u00bb gradient_type=\u00bbdefault\u00bb shape_type=\u00bb\u00bb][vc_column column_padding=\u00bbno-extra-padding\u00bb&#8230;<\/p>\n","protected":false},"author":1,"featured_media":0,"parent":0,"menu_order":0,"comment_status":"closed","ping_status":"closed","template":"","meta":{"_acf_changed":false,"inline_featured_image":false,"footnotes":""},"class_list":["post-90998","page","type-page","status-publish"],"acf":[],"yoast_head":"<!-- This site is optimized with the Yoast SEO Premium plugin v24.2 (Yoast SEO v24.7) - https:\/\/yoast.com\/wordpress\/plugins\/seo\/ -->\n<title>Campamento Internacional de Verano - Verbier, Suiza<\/title>\n<meta name=\"description\" content=\"Los Campamentos de Verano Les Elfes en Verbier, Suiza, ofrecen aventuras, idiomas y liderazgo (de 6 a 17 a\u00f1os). Programas de d\u00eda completo o extralargo.\" \/>\n<meta name=\"robots\" content=\"index, follow, max-snippet:-1, max-image-preview:large, max-video-preview:-1\" \/>\n<link rel=\"canonical\" href=\"https:\/\/www.leselfes.com\/es\/campamento-de-verano-2\/\" \/>\n<meta property=\"og:locale\" content=\"es_ES\" \/>\n<meta property=\"og:type\" content=\"article\" \/>\n<meta property=\"og:title\" content=\"Campamentos de verano\" \/>\n<meta property=\"og:description\" content=\"Los Campamentos de Verano Les Elfes en Verbier, Suiza, ofrecen aventuras, idiomas y liderazgo (de 6 a 17 a\u00f1os). Programas de d\u00eda completo o extralargo.\" \/>\n<meta property=\"og:url\" content=\"https:\/\/www.leselfes.com\/es\/campamento-de-verano-2\/\" \/>\n<meta property=\"og:site_name\" content=\"Les Elfes International Camps Switzerland\" \/>\n<meta property=\"article:publisher\" content=\"https:\/\/www.facebook.com\/LesElfesVerbier\" \/>\n<meta property=\"article:modified_time\" content=\"2025-01-10T16:44:13+00:00\" \/>\n<meta property=\"og:image\" content=\"https:\/\/www.leselfes.com\/wp-content\/uploads\/2022\/02\/Les-Elfes-International-summer-camp-Switzerland-Staff-Mobile-591x555-1.jpg\" \/>\n\t<meta property=\"og:image:width\" content=\"591\" \/>\n\t<meta property=\"og:image:height\" content=\"555\" \/>\n\t<meta property=\"og:image:type\" content=\"image\/jpeg\" \/>\n<meta name=\"twitter:card\" content=\"summary_large_image\" \/>\n<meta name=\"twitter:site\" content=\"@LesElfesCamps\" \/>\n<meta name=\"twitter:label1\" content=\"Tiempo de lectura\" \/>\n\t<meta name=\"twitter:data1\" content=\"59 minutos\" \/>\n<script type=\"application\/ld+json\" class=\"yoast-schema-graph\">{\"@context\":\"https:\/\/schema.org\",\"@graph\":[{\"@type\":\"WebPage\",\"@id\":\"https:\/\/www.leselfes.com\/es\/campamento-de-verano-2\/\",\"url\":\"https:\/\/www.leselfes.com\/es\/campamento-de-verano-2\/\",\"name\":\"Campamento Internacional de Verano - Verbier, Suiza\",\"isPartOf\":{\"@id\":\"https:\/\/dev.leselfes.com\/#website\"},\"datePublished\":\"2024-02-13T16:33:28+00:00\",\"dateModified\":\"2025-01-10T16:44:13+00:00\",\"description\":\"Los Campamentos de Verano Les Elfes en Verbier, Suiza, ofrecen aventuras, idiomas y liderazgo (de 6 a 17 a\u00f1os). Programas de d\u00eda completo o extralargo.\",\"breadcrumb\":{\"@id\":\"https:\/\/www.leselfes.com\/es\/campamento-de-verano-2\/#breadcrumb\"},\"inLanguage\":\"es\",\"potentialAction\":[{\"@type\":\"ReadAction\",\"target\":[\"https:\/\/www.leselfes.com\/es\/campamento-de-verano-2\/\"]}]},{\"@type\":\"BreadcrumbList\",\"@id\":\"https:\/\/www.leselfes.com\/es\/campamento-de-verano-2\/#breadcrumb\",\"itemListElement\":[{\"@type\":\"ListItem\",\"position\":1,\"name\":\"Home\",\"item\":\"https:\/\/www.leselfes.com\/es\/inicio\/\"},{\"@type\":\"ListItem\",\"position\":2,\"name\":\"Campamentos de verano\"}]},{\"@type\":\"WebSite\",\"@id\":\"https:\/\/dev.leselfes.com\/#website\",\"url\":\"https:\/\/dev.leselfes.com\/\",\"name\":\"Les Elfes International\",\"description\":\"Les Elfes International, Verbier Switzerland. Summer Camp, Winter Camp, Spring Camps.\",\"publisher\":{\"@id\":\"https:\/\/dev.leselfes.com\/#organization\"},\"alternateName\":\"Les Elfes International\",\"potentialAction\":[{\"@type\":\"SearchAction\",\"target\":{\"@type\":\"EntryPoint\",\"urlTemplate\":\"https:\/\/dev.leselfes.com\/?s={search_term_string}\"},\"query-input\":{\"@type\":\"PropertyValueSpecification\",\"valueRequired\":true,\"valueName\":\"search_term_string\"}}],\"inLanguage\":\"es\"},{\"@type\":\"Organization\",\"@id\":\"https:\/\/dev.leselfes.com\/#organization\",\"name\":\"Les Elfes International\",\"alternateName\":\"Les Elfes International\",\"url\":\"https:\/\/dev.leselfes.com\/\",\"logo\":{\"@type\":\"ImageObject\",\"inLanguage\":\"es\",\"@id\":\"https:\/\/dev.leselfes.com\/#\/schema\/logo\/image\/\",\"url\":\"https:\/\/www.leselfes.com\/wp-content\/uploads\/2022\/03\/leselfes-logo.png\",\"contentUrl\":\"https:\/\/www.leselfes.com\/wp-content\/uploads\/2022\/03\/leselfes-logo.png\",\"width\":233,\"height\":51,\"caption\":\"Les Elfes International\"},\"image\":{\"@id\":\"https:\/\/dev.leselfes.com\/#\/schema\/logo\/image\/\"},\"sameAs\":[\"https:\/\/www.facebook.com\/LesElfesVerbier\",\"https:\/\/x.com\/LesElfesCamps\",\"https:\/\/www.instagram.com\/leselfes\",\"https:\/\/www.linkedin.com\/company\/les-elfes-international\",\"https:\/\/www.youtube.com\/user\/LesElfesVerbier\"]}]}<\/script>\n<!-- \/ Yoast SEO Premium plugin. -->","yoast_head_json":{"title":"Campamento Internacional de Verano - Verbier, Suiza","description":"Los Campamentos de Verano Les Elfes en Verbier, Suiza, ofrecen aventuras, idiomas y liderazgo (de 6 a 17 a\u00f1os). Programas de d\u00eda completo o extralargo.","robots":{"index":"index","follow":"follow","max-snippet":"max-snippet:-1","max-image-preview":"max-image-preview:large","max-video-preview":"max-video-preview:-1"},"canonical":"https:\/\/www.leselfes.com\/es\/campamento-de-verano-2\/","og_locale":"es_ES","og_type":"article","og_title":"Campamentos de verano","og_description":"Los Campamentos de Verano Les Elfes en Verbier, Suiza, ofrecen aventuras, idiomas y liderazgo (de 6 a 17 a\u00f1os). Programas de d\u00eda completo o extralargo.","og_url":"https:\/\/www.leselfes.com\/es\/campamento-de-verano-2\/","og_site_name":"Les Elfes International Camps Switzerland","article_publisher":"https:\/\/www.facebook.com\/LesElfesVerbier","article_modified_time":"2025-01-10T16:44:13+00:00","og_image":[{"width":591,"height":555,"url":"https:\/\/www.leselfes.com\/wp-content\/uploads\/2022\/02\/Les-Elfes-International-summer-camp-Switzerland-Staff-Mobile-591x555-1.jpg","type":"image\/jpeg"}],"twitter_card":"summary_large_image","twitter_site":"@LesElfesCamps","twitter_misc":{"Tiempo de lectura":"59 minutos"},"schema":{"@context":"https:\/\/schema.org","@graph":[{"@type":"WebPage","@id":"https:\/\/www.leselfes.com\/es\/campamento-de-verano-2\/","url":"https:\/\/www.leselfes.com\/es\/campamento-de-verano-2\/","name":"Campamento Internacional de Verano - Verbier, Suiza","isPartOf":{"@id":"https:\/\/dev.leselfes.com\/#website"},"datePublished":"2024-02-13T16:33:28+00:00","dateModified":"2025-01-10T16:44:13+00:00","description":"Los Campamentos de Verano Les Elfes en Verbier, Suiza, ofrecen aventuras, idiomas y liderazgo (de 6 a 17 a\u00f1os). Programas de d\u00eda completo o extralargo.","breadcrumb":{"@id":"https:\/\/www.leselfes.com\/es\/campamento-de-verano-2\/#breadcrumb"},"inLanguage":"es","potentialAction":[{"@type":"ReadAction","target":["https:\/\/www.leselfes.com\/es\/campamento-de-verano-2\/"]}]},{"@type":"BreadcrumbList","@id":"https:\/\/www.leselfes.com\/es\/campamento-de-verano-2\/#breadcrumb","itemListElement":[{"@type":"ListItem","position":1,"name":"Home","item":"https:\/\/www.leselfes.com\/es\/inicio\/"},{"@type":"ListItem","position":2,"name":"Campamentos de verano"}]},{"@type":"WebSite","@id":"https:\/\/dev.leselfes.com\/#website","url":"https:\/\/dev.leselfes.com\/","name":"Les Elfes International","description":"Les Elfes International, Verbier Switzerland. Summer Camp, Winter Camp, Spring Camps.","publisher":{"@id":"https:\/\/dev.leselfes.com\/#organization"},"alternateName":"Les Elfes International","potentialAction":[{"@type":"SearchAction","target":{"@type":"EntryPoint","urlTemplate":"https:\/\/dev.leselfes.com\/?s={search_term_string}"},"query-input":{"@type":"PropertyValueSpecification","valueRequired":true,"valueName":"search_term_string"}}],"inLanguage":"es"},{"@type":"Organization","@id":"https:\/\/dev.leselfes.com\/#organization","name":"Les Elfes International","alternateName":"Les Elfes International","url":"https:\/\/dev.leselfes.com\/","logo":{"@type":"ImageObject","inLanguage":"es","@id":"https:\/\/dev.leselfes.com\/#\/schema\/logo\/image\/","url":"https:\/\/www.leselfes.com\/wp-content\/uploads\/2022\/03\/leselfes-logo.png","contentUrl":"https:\/\/www.leselfes.com\/wp-content\/uploads\/2022\/03\/leselfes-logo.png","width":233,"height":51,"caption":"Les Elfes International"},"image":{"@id":"https:\/\/dev.leselfes.com\/#\/schema\/logo\/image\/"},"sameAs":["https:\/\/www.facebook.com\/LesElfesVerbier","https:\/\/x.com\/LesElfesCamps","https:\/\/www.instagram.com\/leselfes","https:\/\/www.linkedin.com\/company\/les-elfes-international","https:\/\/www.youtube.com\/user\/LesElfesVerbier"]}]}},"_links":{"self":[{"href":"https:\/\/www.leselfes.com\/es\/wp-json\/wp\/v2\/pages\/90998"}],"collection":[{"href":"https:\/\/www.leselfes.com\/es\/wp-json\/wp\/v2\/pages"}],"about":[{"href":"https:\/\/www.leselfes.com\/es\/wp-json\/wp\/v2\/types\/page"}],"author":[{"embeddable":true,"href":"https:\/\/www.leselfes.com\/es\/wp-json\/wp\/v2\/users\/1"}],"replies":[{"embeddable":true,"href":"https:\/\/www.leselfes.com\/es\/wp-json\/wp\/v2\/comments?post=90998"}],"version-history":[{"count":2,"href":"https:\/\/www.leselfes.com\/es\/wp-json\/wp\/v2\/pages\/90998\/revisions"}],"predecessor-version":[{"id":97415,"href":"https:\/\/www.leselfes.com\/es\/wp-json\/wp\/v2\/pages\/90998\/revisions\/97415"}],"wp:attachment":[{"href":"https:\/\/www.leselfes.com\/es\/wp-json\/wp\/v2\/media?parent=90998"}],"curies":[{"name":"wp","href":"https:\/\/api.w.org\/{rel}","templated":true}]}}