{"id":91128,"date":"2023-11-15T01:51:51","date_gmt":"2023-11-15T00:51:51","guid":{"rendered":"https:\/\/www.leselfes.com\/inscribete-en-el-campamento-de-invierno\/gracias-campamento-de-invierno\/"},"modified":"2024-11-12T11:54:34","modified_gmt":"2024-11-12T10:54:34","slug":"gracias-campamento-de-invierno","status":"publish","type":"page","link":"https:\/\/www.leselfes.com\/es\/campamentos-diurnos-de-invierno\/inscribete-en-el-campamento-de-invierno\/gracias-campamento-de-invierno\/","title":{"rendered":"Gracias Campamento de Invierno"},"content":{"rendered":"[vc_row type=\u00bbin_container\u00bb full_screen_row_position=\u00bbmiddle\u00bb column_margin=\u00bbdefault\u00bb column_direction=\u00bbdefault\u00bb column_direction_tablet=\u00bbdefault\u00bb column_direction_phone=\u00bbdefault\u00bb scene_position=\u00bbcenter\u00bb top_padding=\u00bb50&#8243; bottom_padding=\u00bb100&#8243; text_color=\u00bbdark\u00bb text_align=\u00bbleft\u00bb row_border_radius=\u00bbnone\u00bb row_border_radius_applies=\u00bbbg\u00bb overflow=\u00bbvisible\u00bb overlay_strength=\u00bb0.3&#8243; gradient_direction=\u00bbleft_to_right\u00bb shape_divider_position=\u00bbbottom\u00bb bg_image_animation=\u00bbnone\u00bb gradient_type=\u00bbdefault\u00bb shape_type=\u00bb\u00bb][vc_column column_padding=\u00bbno-extra-padding\u00bb column_padding_tablet=\u00bbinherit\u00bb column_padding_phone=\u00bbinherit\u00bb column_padding_position=\u00bball\u00bb column_element_direction_desktop=\u00bbdefault\u00bb column_element_spacing=\u00bbdefault\u00bb desktop_text_alignment=\u00bbdefault\u00bb tablet_text_alignment=\u00bbdefault\u00bb phone_text_alignment=\u00bbdefault\u00bb background_color_opacity=\u00bb1&#8243; background_hover_color_opacity=\u00bb1&#8243; column_backdrop_filter=\u00bbnone\u00bb column_shadow=\u00bbnone\u00bb column_border_radius=\u00bbnone\u00bb column_link_target=\u00bb_self\u00bb column_position=\u00bbdefault\u00bb gradient_direction=\u00bbleft_to_right\u00bb overlay_strength=\u00bb0.3&#8243; width=\u00bb1\/1&#8243; tablet_width_inherit=\u00bbdefault\u00bb animation_type=\u00bbdefault\u00bb bg_image_animation=\u00bbnone\u00bb border_type=\u00bbsimple\u00bb column_border_width=\u00bbnone\u00bb column_border_style=\u00bbsolid\u00bb][vc_column_text]\n<h1 style=\"text-align: center;\"><strong>GRACIAS POR TU RESERVA PARA EL CAMPAMENTO DE INVIERNO<\/strong><\/h1>\n<p style=\"text-align: center;\"><strong> <\/strong><\/p>\n<p style=\"text-align: center;\"><b>Gracias por tu reserva en Les Elfes International<\/b><br \/>\n<strong>Acabamos de enviarte la confirmaci\u00f3n de la reserva a la direcci\u00f3n de correo electr\u00f3nico indicada en el formulario.<\/strong><\/p>\n<p style=\"text-align: center;\"><strong>Por favor, comprueba tus correos no deseados<\/strong><\/p>\n<p style=\"text-align: center;\"><strong>No dudes en ponerte en contacto con nosotros en <a href=\"mailto:headoffice@leselfes.com\">headoffice@leselfes.ch<\/a> o en el +41 (0)27 775 35 90 para cualquier informaci\u00f3n adicional que solicites.<\/strong><\/p>\n[\/vc_column_text][\/vc_column][\/vc_row]\n","protected":false},"excerpt":{"rendered":"<p>[vc_row type=\u00bbin_container\u00bb full_screen_row_position=\u00bbmiddle\u00bb column_margin=\u00bbdefault\u00bb column_direction=\u00bbdefault\u00bb column_direction_tablet=\u00bbdefault\u00bb column_direction_phone=\u00bbdefault\u00bb scene_position=\u00bbcenter\u00bb top_padding=\u00bb50&#8243; bottom_padding=\u00bb100&#8243; text_color=\u00bbdark\u00bb text_align=\u00bbleft\u00bb row_border_radius=\u00bbnone\u00bb row_border_radius_applies=\u00bbbg\u00bb overflow=\u00bbvisible\u00bb overlay_strength=\u00bb0.3&#8243; gradient_direction=\u00bbleft_to_right\u00bb shape_divider_position=\u00bbbottom\u00bb bg_image_animation=\u00bbnone\u00bb gradient_type=\u00bbdefault\u00bb shape_type=\u00bb\u00bb][vc_column column_padding=\u00bbno-extra-padding\u00bb column_padding_tablet=\u00bbinherit\u00bb column_padding_phone=\u00bbinherit\u00bb column_padding_position=\u00bball\u00bb column_element_direction_desktop=\u00bbdefault\u00bb column_element_spacing=\u00bbdefault\u00bb desktop_text_alignment=\u00bbdefault\u00bb tablet_text_alignment=\u00bbdefault\u00bb phone_text_alignment=\u00bbdefault\u00bb&#8230;<\/p>\n","protected":false},"author":1,"featured_media":0,"parent":91057,"menu_order":0,"comment_status":"closed","ping_status":"closed","template":"","meta":{"_acf_changed":false,"inline_featured_image":false,"footnotes":""},"class_list":["post-91128","page","type-page","status-publish"],"acf":[],"yoast_head":"<!-- This site is optimized with the Yoast SEO Premium plugin v24.2 (Yoast SEO v24.7) - https:\/\/yoast.com\/wordpress\/plugins\/seo\/ -->\n<title>Gracias Campamento de Invierno en Europa - Les Elfes International Camps Switzerland- Verbier<\/title>\n<meta name=\"description\" content=\"\u00a1Gracias por inscribirte en nuestros campamentos de invierno en Europa! Prep\u00e1rate para un d\u00eda de aventura, aprendizaje y diversi\u00f3n invernal.\" \/>\n<meta name=\"robots\" content=\"index, follow, max-snippet:-1, max-image-preview:large, max-video-preview:-1\" \/>\n<link rel=\"canonical\" href=\"https:\/\/www.leselfes.com\/es\/campamentos-diurnos-de-invierno\/inscribete-en-el-campamento-de-invierno\/gracias-campamento-de-invierno\/\" \/>\n<meta property=\"og:locale\" content=\"es_ES\" \/>\n<meta property=\"og:type\" content=\"article\" \/>\n<meta property=\"og:title\" content=\"Gracias Campamento de Invierno\" \/>\n<meta property=\"og:description\" content=\"\u00a1Gracias por inscribirte en nuestros campamentos de invierno en Europa! Prep\u00e1rate para un d\u00eda de aventura, aprendizaje y diversi\u00f3n invernal.\" \/>\n<meta property=\"og:url\" content=\"https:\/\/www.leselfes.com\/es\/campamentos-diurnos-de-invierno\/inscribete-en-el-campamento-de-invierno\/gracias-campamento-de-invierno\/\" \/>\n<meta property=\"og:site_name\" content=\"Les Elfes International Camps Switzerland\" \/>\n<meta property=\"article:publisher\" content=\"https:\/\/www.facebook.com\/LesElfesVerbier\" \/>\n<meta property=\"article:modified_time\" content=\"2024-11-12T10:54:34+00:00\" \/>\n<meta property=\"og:image\" content=\"https:\/\/www.leselfes.com\/wp-content\/uploads\/2022\/02\/Les-Elfes-International-summer-camp-Switzerland-Staff-Mobile-591x555-1.jpg\" \/>\n\t<meta property=\"og:image:width\" content=\"591\" \/>\n\t<meta property=\"og:image:height\" content=\"555\" \/>\n\t<meta property=\"og:image:type\" content=\"image\/jpeg\" \/>\n<meta name=\"twitter:card\" content=\"summary_large_image\" \/>\n<meta name=\"twitter:site\" content=\"@LesElfesCamps\" \/>\n<meta name=\"twitter:label1\" content=\"Tiempo de lectura\" \/>\n\t<meta name=\"twitter:data1\" content=\"1 minuto\" \/>\n<script type=\"application\/ld+json\" class=\"yoast-schema-graph\">{\"@context\":\"https:\/\/schema.org\",\"@graph\":[{\"@type\":\"WebPage\",\"@id\":\"https:\/\/www.leselfes.com\/es\/campamentos-diurnos-de-invierno\/inscribete-en-el-campamento-de-invierno\/gracias-campamento-de-invierno\/\",\"url\":\"https:\/\/www.leselfes.com\/es\/campamentos-diurnos-de-invierno\/inscribete-en-el-campamento-de-invierno\/gracias-campamento-de-invierno\/\",\"name\":\"Gracias Campamento de Invierno en Europa - Les Elfes International Camps Switzerland- Verbier\",\"isPartOf\":{\"@id\":\"https:\/\/dev.leselfes.com\/#website\"},\"datePublished\":\"2023-11-15T00:51:51+00:00\",\"dateModified\":\"2024-11-12T10:54:34+00:00\",\"description\":\"\u00a1Gracias por inscribirte en nuestros campamentos de invierno en Europa! Prep\u00e1rate para un d\u00eda de aventura, aprendizaje y diversi\u00f3n invernal.\",\"breadcrumb\":{\"@id\":\"https:\/\/www.leselfes.com\/es\/campamentos-diurnos-de-invierno\/inscribete-en-el-campamento-de-invierno\/gracias-campamento-de-invierno\/#breadcrumb\"},\"inLanguage\":\"es\",\"potentialAction\":[{\"@type\":\"ReadAction\",\"target\":[\"https:\/\/www.leselfes.com\/es\/campamentos-diurnos-de-invierno\/inscribete-en-el-campamento-de-invierno\/gracias-campamento-de-invierno\/\"]}]},{\"@type\":\"BreadcrumbList\",\"@id\":\"https:\/\/www.leselfes.com\/es\/campamentos-diurnos-de-invierno\/inscribete-en-el-campamento-de-invierno\/gracias-campamento-de-invierno\/#breadcrumb\",\"itemListElement\":[{\"@type\":\"ListItem\",\"position\":1,\"name\":\"Home\",\"item\":\"https:\/\/www.leselfes.com\/es\/inicio\/\"},{\"@type\":\"ListItem\",\"position\":2,\"name\":\"Campamentos diurnos de invierno\",\"item\":\"https:\/\/dev.leselfes.com\/es\/campamentos-diurnos-de-invierno\/\"},{\"@type\":\"ListItem\",\"position\":3,\"name\":\"Inscr\u00edbete en el Campamento de Invierno\",\"item\":\"https:\/\/www.leselfes.com\/es\/campamentos-diurnos-de-invierno\/inscribete-en-el-campamento-de-invierno\/\"},{\"@type\":\"ListItem\",\"position\":4,\"name\":\"Gracias Campamento de Invierno\"}]},{\"@type\":\"WebSite\",\"@id\":\"https:\/\/dev.leselfes.com\/#website\",\"url\":\"https:\/\/dev.leselfes.com\/\",\"name\":\"Les Elfes International\",\"description\":\"Les Elfes International, Verbier Switzerland. Summer Camp, Winter Camp, Spring Camps.\",\"publisher\":{\"@id\":\"https:\/\/dev.leselfes.com\/#organization\"},\"alternateName\":\"Les Elfes International\",\"potentialAction\":[{\"@type\":\"SearchAction\",\"target\":{\"@type\":\"EntryPoint\",\"urlTemplate\":\"https:\/\/dev.leselfes.com\/?s={search_term_string}\"},\"query-input\":{\"@type\":\"PropertyValueSpecification\",\"valueRequired\":true,\"valueName\":\"search_term_string\"}}],\"inLanguage\":\"es\"},{\"@type\":\"Organization\",\"@id\":\"https:\/\/dev.leselfes.com\/#organization\",\"name\":\"Les Elfes International\",\"alternateName\":\"Les Elfes International\",\"url\":\"https:\/\/dev.leselfes.com\/\",\"logo\":{\"@type\":\"ImageObject\",\"inLanguage\":\"es\",\"@id\":\"https:\/\/dev.leselfes.com\/#\/schema\/logo\/image\/\",\"url\":\"https:\/\/www.leselfes.com\/wp-content\/uploads\/2022\/03\/leselfes-logo.png\",\"contentUrl\":\"https:\/\/www.leselfes.com\/wp-content\/uploads\/2022\/03\/leselfes-logo.png\",\"width\":233,\"height\":51,\"caption\":\"Les Elfes International\"},\"image\":{\"@id\":\"https:\/\/dev.leselfes.com\/#\/schema\/logo\/image\/\"},\"sameAs\":[\"https:\/\/www.facebook.com\/LesElfesVerbier\",\"https:\/\/x.com\/LesElfesCamps\",\"https:\/\/www.instagram.com\/leselfes\",\"https:\/\/www.linkedin.com\/company\/les-elfes-international\",\"https:\/\/www.youtube.com\/user\/LesElfesVerbier\"]}]}<\/script>\n<!-- \/ Yoast SEO Premium plugin. -->","yoast_head_json":{"title":"Gracias Campamento de Invierno en Europa - Les Elfes International Camps Switzerland- Verbier","description":"\u00a1Gracias por inscribirte en nuestros campamentos de invierno en Europa! Prep\u00e1rate para un d\u00eda de aventura, aprendizaje y diversi\u00f3n invernal.","robots":{"index":"index","follow":"follow","max-snippet":"max-snippet:-1","max-image-preview":"max-image-preview:large","max-video-preview":"max-video-preview:-1"},"canonical":"https:\/\/www.leselfes.com\/es\/campamentos-diurnos-de-invierno\/inscribete-en-el-campamento-de-invierno\/gracias-campamento-de-invierno\/","og_locale":"es_ES","og_type":"article","og_title":"Gracias Campamento de Invierno","og_description":"\u00a1Gracias por inscribirte en nuestros campamentos de invierno en Europa! Prep\u00e1rate para un d\u00eda de aventura, aprendizaje y diversi\u00f3n invernal.","og_url":"https:\/\/www.leselfes.com\/es\/campamentos-diurnos-de-invierno\/inscribete-en-el-campamento-de-invierno\/gracias-campamento-de-invierno\/","og_site_name":"Les Elfes International Camps Switzerland","article_publisher":"https:\/\/www.facebook.com\/LesElfesVerbier","article_modified_time":"2024-11-12T10:54:34+00:00","og_image":[{"width":591,"height":555,"url":"https:\/\/www.leselfes.com\/wp-content\/uploads\/2022\/02\/Les-Elfes-International-summer-camp-Switzerland-Staff-Mobile-591x555-1.jpg","type":"image\/jpeg"}],"twitter_card":"summary_large_image","twitter_site":"@LesElfesCamps","twitter_misc":{"Tiempo de lectura":"1 minuto"},"schema":{"@context":"https:\/\/schema.org","@graph":[{"@type":"WebPage","@id":"https:\/\/www.leselfes.com\/es\/campamentos-diurnos-de-invierno\/inscribete-en-el-campamento-de-invierno\/gracias-campamento-de-invierno\/","url":"https:\/\/www.leselfes.com\/es\/campamentos-diurnos-de-invierno\/inscribete-en-el-campamento-de-invierno\/gracias-campamento-de-invierno\/","name":"Gracias Campamento de Invierno en Europa - Les Elfes International Camps Switzerland- Verbier","isPartOf":{"@id":"https:\/\/dev.leselfes.com\/#website"},"datePublished":"2023-11-15T00:51:51+00:00","dateModified":"2024-11-12T10:54:34+00:00","description":"\u00a1Gracias por inscribirte en nuestros campamentos de invierno en Europa! Prep\u00e1rate para un d\u00eda de aventura, aprendizaje y diversi\u00f3n invernal.","breadcrumb":{"@id":"https:\/\/www.leselfes.com\/es\/campamentos-diurnos-de-invierno\/inscribete-en-el-campamento-de-invierno\/gracias-campamento-de-invierno\/#breadcrumb"},"inLanguage":"es","potentialAction":[{"@type":"ReadAction","target":["https:\/\/www.leselfes.com\/es\/campamentos-diurnos-de-invierno\/inscribete-en-el-campamento-de-invierno\/gracias-campamento-de-invierno\/"]}]},{"@type":"BreadcrumbList","@id":"https:\/\/www.leselfes.com\/es\/campamentos-diurnos-de-invierno\/inscribete-en-el-campamento-de-invierno\/gracias-campamento-de-invierno\/#breadcrumb","itemListElement":[{"@type":"ListItem","position":1,"name":"Home","item":"https:\/\/www.leselfes.com\/es\/inicio\/"},{"@type":"ListItem","position":2,"name":"Campamentos diurnos de invierno","item":"https:\/\/dev.leselfes.com\/es\/campamentos-diurnos-de-invierno\/"},{"@type":"ListItem","position":3,"name":"Inscr\u00edbete en el Campamento de Invierno","item":"https:\/\/www.leselfes.com\/es\/campamentos-diurnos-de-invierno\/inscribete-en-el-campamento-de-invierno\/"},{"@type":"ListItem","position":4,"name":"Gracias Campamento de Invierno"}]},{"@type":"WebSite","@id":"https:\/\/dev.leselfes.com\/#website","url":"https:\/\/dev.leselfes.com\/","name":"Les Elfes International","description":"Les Elfes International, Verbier Switzerland. Summer Camp, Winter Camp, Spring Camps.","publisher":{"@id":"https:\/\/dev.leselfes.com\/#organization"},"alternateName":"Les Elfes International","potentialAction":[{"@type":"SearchAction","target":{"@type":"EntryPoint","urlTemplate":"https:\/\/dev.leselfes.com\/?s={search_term_string}"},"query-input":{"@type":"PropertyValueSpecification","valueRequired":true,"valueName":"search_term_string"}}],"inLanguage":"es"},{"@type":"Organization","@id":"https:\/\/dev.leselfes.com\/#organization","name":"Les Elfes International","alternateName":"Les Elfes International","url":"https:\/\/dev.leselfes.com\/","logo":{"@type":"ImageObject","inLanguage":"es","@id":"https:\/\/dev.leselfes.com\/#\/schema\/logo\/image\/","url":"https:\/\/www.leselfes.com\/wp-content\/uploads\/2022\/03\/leselfes-logo.png","contentUrl":"https:\/\/www.leselfes.com\/wp-content\/uploads\/2022\/03\/leselfes-logo.png","width":233,"height":51,"caption":"Les Elfes International"},"image":{"@id":"https:\/\/dev.leselfes.com\/#\/schema\/logo\/image\/"},"sameAs":["https:\/\/www.facebook.com\/LesElfesVerbier","https:\/\/x.com\/LesElfesCamps","https:\/\/www.instagram.com\/leselfes","https:\/\/www.linkedin.com\/company\/les-elfes-international","https:\/\/www.youtube.com\/user\/LesElfesVerbier"]}]}},"_links":{"self":[{"href":"https:\/\/www.leselfes.com\/es\/wp-json\/wp\/v2\/pages\/91128"}],"collection":[{"href":"https:\/\/www.leselfes.com\/es\/wp-json\/wp\/v2\/pages"}],"about":[{"href":"https:\/\/www.leselfes.com\/es\/wp-json\/wp\/v2\/types\/page"}],"author":[{"embeddable":true,"href":"https:\/\/www.leselfes.com\/es\/wp-json\/wp\/v2\/users\/1"}],"replies":[{"embeddable":true,"href":"https:\/\/www.leselfes.com\/es\/wp-json\/wp\/v2\/comments?post=91128"}],"version-history":[{"count":0,"href":"https:\/\/www.leselfes.com\/es\/wp-json\/wp\/v2\/pages\/91128\/revisions"}],"up":[{"embeddable":true,"href":"https:\/\/www.leselfes.com\/es\/wp-json\/wp\/v2\/pages\/91057"}],"wp:attachment":[{"href":"https:\/\/www.leselfes.com\/es\/wp-json\/wp\/v2\/media?parent=91128"}],"curies":[{"name":"wp","href":"https:\/\/api.w.org\/{rel}","templated":true}]}}