{"id":94514,"date":"2024-04-09T12:13:08","date_gmt":"2024-04-09T10:13:08","guid":{"rendered":"https:\/\/www.leselfes.com\/a-propos-de-nous\/questions-frequemment-posees\/"},"modified":"2025-01-10T13:17:23","modified_gmt":"2025-01-10T12:17:23","slug":"questions-frequemment-posees","status":"publish","type":"page","link":"https:\/\/www.leselfes.com\/fr\/a-propos-de-nous\/questions-frequemment-posees\/","title":{"rendered":"Questions fr\u00e9quemment pos\u00e9es"},"content":{"rendered":"[vc_row type=\u00a0\u00bbfull_width_background\u00a0\u00bb full_screen_row_position=\u00a0\u00bbmiddle\u00a0\u00bb column_margin=\u00a0\u00bbdefault\u00a0\u00bb column_direction=\u00a0\u00bbdefault\u00a0\u00bb column_direction_tablet=\u00a0\u00bbdefault\u00a0\u00bb column_direction_phone=\u00a0\u00bbdefault\u00a0\u00bb bg_image=\u00a0\u00bb66836&Prime; bg_position=\u00a0\u00bbcenter center\u00a0\u00bb background_image_loading=\u00a0\u00bbdefault\u00a0\u00bb bg_repeat=\u00a0\u00bbno-repeat\u00a0\u00bb full_height=\u00a0\u00bbyes\u00a0\u00bb columns_placement=\u00a0\u00bbstretch\u00a0\u00bb scene_position=\u00a0\u00bbcenter\u00a0\u00bb text_color=\u00a0\u00bbdark\u00a0\u00bb text_align=\u00a0\u00bbleft\u00a0\u00bb row_border_radius=\u00a0\u00bbnone\u00a0\u00bb row_border_radius_applies=\u00a0\u00bbbg\u00a0\u00bb overflow=\u00a0\u00bbvisible\u00a0\u00bb enable_gradient=\u00a0\u00bbtrue\u00a0\u00bb color_overlay=\u00a0\u00bb#000000&Prime; color_overlay_2=\u00a0\u00bbrgba(255,255,255,0.01)\u00a0\u00bb overlay_strength=\u00a0\u00bb0.5&Prime; gradient_direction=\u00a0\u00bbtop_to_bottom\u00a0\u00bb shape_divider_position=\u00a0\u00bbbottom\u00a0\u00bb bg_image_animation=\u00a0\u00bbnone\u00a0\u00bb gradient_type=\u00a0\u00bbdefault\u00a0\u00bb shape_type=\u00a0\u00bb\u00a0\u00bb][vc_column column_padding=\u00a0\u00bbno-extra-padding\u00a0\u00bb column_padding_tablet=\u00a0\u00bbinherit\u00a0\u00bb column_padding_phone=\u00a0\u00bbinherit\u00a0\u00bb column_padding_position=\u00a0\u00bball\u00a0\u00bb column_element_direction_desktop=\u00a0\u00bbdefault\u00a0\u00bb column_element_spacing=\u00a0\u00bbdefault\u00a0\u00bb centered_text=\u00a0\u00bbtrue\u00a0\u00bb desktop_text_alignment=\u00a0\u00bbcenter\u00a0\u00bb tablet_text_alignment=\u00a0\u00bbdefault\u00a0\u00bb phone_text_alignment=\u00a0\u00bbdefault\u00a0\u00bb background_color_opacity=\u00a0\u00bb1&Prime; background_hover_color_opacity=\u00a0\u00bb1&Prime; column_backdrop_filter=\u00a0\u00bbnone\u00a0\u00bb font_color=\u00a0\u00bb#ffffff\u00a0\u00bb column_shadow=\u00a0\u00bbnone\u00a0\u00bb column_border_radius=\u00a0\u00bbnone\u00a0\u00bb column_link_target=\u00a0\u00bb_self\u00a0\u00bb column_position=\u00a0\u00bbdefault\u00a0\u00bb el_class=\u00a0\u00bbflexItForButtonBottom\u00a0\u00bb gradient_direction=\u00a0\u00bbleft_to_right\u00a0\u00bb overlay_strength=\u00a0\u00bb0.3&Prime; width=\u00a0\u00bb1\/1&Prime; tablet_width_inherit=\u00a0\u00bbdefault\u00a0\u00bb animation_type=\u00a0\u00bbdefault\u00a0\u00bb bg_image_animation=\u00a0\u00bbnone\u00a0\u00bb border_type=\u00a0\u00bbsimple\u00a0\u00bb column_border_width=\u00a0\u00bbnone\u00a0\u00bb column_border_style=\u00a0\u00bbsolid\u00a0\u00bb column_padding_type=\u00a0\u00bbdefault\u00a0\u00bb gradient_type=\u00a0\u00bbdefault\u00a0\u00bb][divider line_type=\u00a0\u00bbNo Line\u00a0\u00bb custom_height=\u00a0\u00bb200&Prime; custom_height_phone=\u00a0\u00bb100&Prime;][vc_column_text text_direction=\u00a0\u00bbdefault\u00a0\u00bb el_class=\u00a0\u00bbfs49&Prime;]\n<h1 style=\"text-align: center;\"><strong>Questions fr\u00e9quemment pos\u00e9es<\/strong><\/h1>\n<p style=\"text-align: center;\">Camps internationaux toute l&rsquo;ann\u00e9e<br \/>\nVerbier, <span class=\"swissFlag\">Suisse<\/span><\/p>\n[\/vc_column_text][vc_row_inner equal_height=\u00a0\u00bbyes\u00a0\u00bb content_placement=\u00a0\u00bbmiddle\u00a0\u00bb column_margin=\u00a0\u00bb100px\u00a0\u00bb column_direction=\u00a0\u00bbdefault\u00a0\u00bb column_direction_tablet=\u00a0\u00bbdefault\u00a0\u00bb column_direction_phone=\u00a0\u00bbdefault\u00a0\u00bb text_align=\u00a0\u00bbleft\u00a0\u00bb row_position=\u00a0\u00bbdefault\u00a0\u00bb row_position_tablet=\u00a0\u00bbinherit\u00a0\u00bb row_position_phone=\u00a0\u00bbinherit\u00a0\u00bb overflow=\u00a0\u00bbvisible\u00a0\u00bb pointer_events=\u00a0\u00bball\u00a0\u00bb class=\u00a0\u00bbflexGoBottom\u00a0\u00bb][vc_column_inner column_padding=\u00a0\u00bbno-extra-padding\u00a0\u00bb column_padding_tablet=\u00a0\u00bbinherit\u00a0\u00bb column_padding_phone=\u00a0\u00bbinherit\u00a0\u00bb column_padding_position=\u00a0\u00bball\u00a0\u00bb column_element_direction_desktop=\u00a0\u00bbdefault\u00a0\u00bb column_element_spacing=\u00a0\u00bbdefault\u00a0\u00bb desktop_text_alignment=\u00a0\u00bbdefault\u00a0\u00bb tablet_text_alignment=\u00a0\u00bbdefault\u00a0\u00bb phone_text_alignment=\u00a0\u00bbdefault\u00a0\u00bb background_color_opacity=\u00a0\u00bb1&Prime; background_hover_color_opacity=\u00a0\u00bb1&Prime; column_backdrop_filter=\u00a0\u00bbnone\u00a0\u00bb column_shadow=\u00a0\u00bbnone\u00a0\u00bb column_border_radius=\u00a0\u00bbnone\u00a0\u00bb column_link_target=\u00a0\u00bb_self\u00a0\u00bb overflow=\u00a0\u00bbvisible\u00a0\u00bb gradient_direction=\u00a0\u00bbleft_to_right\u00a0\u00bb overlay_strength=\u00a0\u00bb0.3&Prime; width=\u00a0\u00bb1\/4&Prime; tablet_width_inherit=\u00a0\u00bbdefault\u00a0\u00bb animation_type=\u00a0\u00bbdefault\u00a0\u00bb bg_image_animation=\u00a0\u00bbnone\u00a0\u00bb border_type=\u00a0\u00bbsimple\u00a0\u00bb column_border_width=\u00a0\u00bbnone\u00a0\u00bb column_border_style=\u00a0\u00bbsolid\u00a0\u00bb column_padding_type=\u00a0\u00bbdefault\u00a0\u00bb gradient_type=\u00a0\u00bbdefault\u00a0\u00bb offset=\u00a0\u00bbvc_hidden-md vc_hidden-sm vc_hidden-xs\u00a0\u00bb][\/vc_column_inner][vc_column_inner column_padding=\u00a0\u00bbno-extra-padding\u00a0\u00bb column_padding_tablet=\u00a0\u00bbinherit\u00a0\u00bb column_padding_phone=\u00a0\u00bbinherit\u00a0\u00bb column_padding_position=\u00a0\u00bball\u00a0\u00bb column_element_direction_desktop=\u00a0\u00bbdefault\u00a0\u00bb column_element_spacing=\u00a0\u00bbdefault\u00a0\u00bb desktop_text_alignment=\u00a0\u00bbdefault\u00a0\u00bb tablet_text_alignment=\u00a0\u00bbdefault\u00a0\u00bb phone_text_alignment=\u00a0\u00bbdefault\u00a0\u00bb background_color=\u00a0\u00bb#343b68&Prime; background_color_opacity=\u00a0\u00bb1&Prime; background_hover_color_opacity=\u00a0\u00bb1&Prime; column_backdrop_filter=\u00a0\u00bbnone\u00a0\u00bb column_shadow=\u00a0\u00bbnone\u00a0\u00bb column_border_radius=\u00a0\u00bbcustom\u00a0\u00bb top_left_border_radius=\u00a0\u00bb30&Prime; top_right_border_radius=\u00a0\u00bb30&Prime; bottom_right_border_radius=\u00a0\u00bb30&Prime; column_link_target=\u00a0\u00bb_self\u00a0\u00bb overflow=\u00a0\u00bbvisible\u00a0\u00bb el_class=\u00a0\u00bbrowCampHeader enroll-global\u00a0\u00bb gradient_direction=\u00a0\u00bbleft_to_right\u00a0\u00bb overlay_strength=\u00a0\u00bb0.3&Prime; width=\u00a0\u00bb1\/4&Prime; tablet_width_inherit=\u00a0\u00bbdefault\u00a0\u00bb animation_type=\u00a0\u00bbdefault\u00a0\u00bb bg_image_animation=\u00a0\u00bbnone\u00a0\u00bb border_type=\u00a0\u00bbsimple\u00a0\u00bb column_border_width=\u00a0\u00bbnone\u00a0\u00bb column_border_style=\u00a0\u00bbsolid\u00a0\u00bb column_padding_type=\u00a0\u00bbdefault\u00a0\u00bb gradient_type=\u00a0\u00bbdefault\u00a0\u00bb offset=\u00a0\u00bbvc_col-lg-3 vc_col-md-6 vc_col-xs-12&Prime;][vc_column_text text_direction=\u00a0\u00bbdefault\u00a0\u00bb]<strong>S&rsquo;inscrire<\/strong> maintenant[\/vc_column_text][\/vc_column_inner][vc_column_inner column_padding=\u00a0\u00bbno-extra-padding\u00a0\u00bb column_padding_tablet=\u00a0\u00bbinherit\u00a0\u00bb column_padding_phone=\u00a0\u00bbinherit\u00a0\u00bb column_padding_position=\u00a0\u00bball\u00a0\u00bb column_element_direction_desktop=\u00a0\u00bbdefault\u00a0\u00bb column_element_spacing=\u00a0\u00bbdefault\u00a0\u00bb desktop_text_alignment=\u00a0\u00bbdefault\u00a0\u00bb tablet_text_alignment=\u00a0\u00bbdefault\u00a0\u00bb phone_text_alignment=\u00a0\u00bbdefault\u00a0\u00bb background_color=\u00a0\u00bb#4d8abf\u00a0\u00bb background_color_opacity=\u00a0\u00bb1&Prime; background_hover_color_opacity=\u00a0\u00bb1&Prime; column_backdrop_filter=\u00a0\u00bbnone\u00a0\u00bb column_shadow=\u00a0\u00bbnone\u00a0\u00bb column_border_radius=\u00a0\u00bbcustom\u00a0\u00bb top_left_border_radius=\u00a0\u00bb30&Prime; top_right_border_radius=\u00a0\u00bb30&Prime; bottom_right_border_radius=\u00a0\u00bb30&Prime; column_link_target=\u00a0\u00bb_self\u00a0\u00bb overflow=\u00a0\u00bbvisible\u00a0\u00bb el_class=\u00a0\u00bbrowCampHeader\u00a0\u00bb gradient_direction=\u00a0\u00bbleft_to_right\u00a0\u00bb overlay_strength=\u00a0\u00bb0.3&Prime; width=\u00a0\u00bb1\/4&Prime; tablet_width_inherit=\u00a0\u00bbdefault\u00a0\u00bb animation_type=\u00a0\u00bbdefault\u00a0\u00bb bg_image_animation=\u00a0\u00bbnone\u00a0\u00bb border_type=\u00a0\u00bbsimple\u00a0\u00bb column_border_width=\u00a0\u00bbnone\u00a0\u00bb column_border_style=\u00a0\u00bbsolid\u00a0\u00bb column_padding_type=\u00a0\u00bbdefault\u00a0\u00bb gradient_type=\u00a0\u00bbdefault\u00a0\u00bb offset=\u00a0\u00bbvc_col-lg-3 vc_col-md-6 vc_col-xs-12&Prime; column_link=\u00a0\u00bbhttps:\/\/www.leselfes.com\/fr\/dates-et-tarifs\/\u00a0\u00bb][vc_column_text text_direction=\u00a0\u00bbdefault\u00a0\u00bb]<strong>V\u00e9rifier la<\/strong> disponibilit\u00e9[\/vc_column_text][\/vc_column_inner][vc_column_inner column_padding=\u00a0\u00bbno-extra-padding\u00a0\u00bb column_padding_tablet=\u00a0\u00bbinherit\u00a0\u00bb column_padding_phone=\u00a0\u00bbinherit\u00a0\u00bb column_padding_position=\u00a0\u00bball\u00a0\u00bb column_element_direction_desktop=\u00a0\u00bbdefault\u00a0\u00bb column_element_spacing=\u00a0\u00bbdefault\u00a0\u00bb desktop_text_alignment=\u00a0\u00bbdefault\u00a0\u00bb tablet_text_alignment=\u00a0\u00bbdefault\u00a0\u00bb phone_text_alignment=\u00a0\u00bbdefault\u00a0\u00bb background_color_opacity=\u00a0\u00bb1&Prime; background_hover_color_opacity=\u00a0\u00bb1&Prime; column_backdrop_filter=\u00a0\u00bbnone\u00a0\u00bb column_shadow=\u00a0\u00bbnone\u00a0\u00bb column_border_radius=\u00a0\u00bbnone\u00a0\u00bb column_link_target=\u00a0\u00bb_self\u00a0\u00bb overflow=\u00a0\u00bbvisible\u00a0\u00bb gradient_direction=\u00a0\u00bbleft_to_right\u00a0\u00bb overlay_strength=\u00a0\u00bb0.3&Prime; width=\u00a0\u00bb1\/4&Prime; tablet_width_inherit=\u00a0\u00bbdefault\u00a0\u00bb animation_type=\u00a0\u00bbdefault\u00a0\u00bb bg_image_animation=\u00a0\u00bbnone\u00a0\u00bb border_type=\u00a0\u00bbsimple\u00a0\u00bb column_border_width=\u00a0\u00bbnone\u00a0\u00bb column_border_style=\u00a0\u00bbsolid\u00a0\u00bb column_padding_type=\u00a0\u00bbdefault\u00a0\u00bb gradient_type=\u00a0\u00bbdefault\u00a0\u00bb offset=\u00a0\u00bbvc_hidden-md vc_hidden-sm vc_hidden-xs\u00a0\u00bb][\/vc_column_inner][\/vc_row_inner][\/vc_column][\/vc_row][vc_row type=\u00a0\u00bbfull_width_background\u00a0\u00bb full_screen_row_position=\u00a0\u00bbmiddle\u00a0\u00bb column_margin=\u00a0\u00bbdefault\u00a0\u00bb column_direction=\u00a0\u00bbdefault\u00a0\u00bb column_direction_tablet=\u00a0\u00bbdefault\u00a0\u00bb column_direction_phone=\u00a0\u00bbdefault\u00a0\u00bb bg_color=\u00a0\u00bb#f3f3f6&Prime; scene_position=\u00a0\u00bbcenter\u00a0\u00bb top_padding=\u00a0\u00bb100&Prime; constrain_group_1=\u00a0\u00bbyes\u00a0\u00bb bottom_padding=\u00a0\u00bb100&Prime; text_color=\u00a0\u00bbdark\u00a0\u00bb text_align=\u00a0\u00bbleft\u00a0\u00bb row_border_radius=\u00a0\u00bbnone\u00a0\u00bb row_border_radius_applies=\u00a0\u00bbbg\u00a0\u00bb overflow=\u00a0\u00bbvisible\u00a0\u00bb overlay_strength=\u00a0\u00bb0.3&Prime; gradient_direction=\u00a0\u00bbleft_to_right\u00a0\u00bb shape_divider_position=\u00a0\u00bbbottom\u00a0\u00bb bg_image_animation=\u00a0\u00bbnone\u00a0\u00bb gradient_type=\u00a0\u00bbdefault\u00a0\u00bb shape_type=\u00a0\u00bb\u00a0\u00bb][vc_column column_padding=\u00a0\u00bbno-extra-padding\u00a0\u00bb column_padding_tablet=\u00a0\u00bbinherit\u00a0\u00bb column_padding_phone=\u00a0\u00bbinherit\u00a0\u00bb column_padding_position=\u00a0\u00bball\u00a0\u00bb column_element_direction_desktop=\u00a0\u00bbdefault\u00a0\u00bb column_element_spacing=\u00a0\u00bbdefault\u00a0\u00bb desktop_text_alignment=\u00a0\u00bbdefault\u00a0\u00bb tablet_text_alignment=\u00a0\u00bbdefault\u00a0\u00bb phone_text_alignment=\u00a0\u00bbdefault\u00a0\u00bb background_color_opacity=\u00a0\u00bb1&Prime; background_hover_color_opacity=\u00a0\u00bb1&Prime; column_backdrop_filter=\u00a0\u00bbnone\u00a0\u00bb column_shadow=\u00a0\u00bbnone\u00a0\u00bb column_border_radius=\u00a0\u00bbnone\u00a0\u00bb column_link_target=\u00a0\u00bb_self\u00a0\u00bb column_position=\u00a0\u00bbdefault\u00a0\u00bb gradient_direction=\u00a0\u00bbleft_to_right\u00a0\u00bb overlay_strength=\u00a0\u00bb0.3&Prime; width=\u00a0\u00bb1\/1&Prime; tablet_width_inherit=\u00a0\u00bbdefault\u00a0\u00bb animation_type=\u00a0\u00bbdefault\u00a0\u00bb bg_image_animation=\u00a0\u00bbnone\u00a0\u00bb border_type=\u00a0\u00bbsimple\u00a0\u00bb column_border_width=\u00a0\u00bbnone\u00a0\u00bb column_border_style=\u00a0\u00bbsolid\u00a0\u00bb][vc_column_text text_direction=\u00a0\u00bbdefault\u00a0\u00bb]\n<h2 style=\"color: #0c347e;\">Informations g\u00e9n\u00e9rales<\/h2>\n[\/vc_column_text][toggles style=\u00a0\u00bbminimal\u00a0\u00bb][toggle color=\u00a0\u00bbDefault\u00a0\u00bb heading_tag=\u00a0\u00bbdefault\u00a0\u00bb heading_tag_functionality=\u00a0\u00bbdefault\u00a0\u00bb title=\u00a0\u00bbEst-il possible pour mon enfant d&rsquo;avoir une chambre double ?\u00a0\u00bb][vc_column_text text_direction=\u00a0\u00bbdefault\u00a0\u00bb]Oui, il est possible d&rsquo;avoir une chambre double, mais cela est soumis \u00e0 la disponibilit\u00e9 et ne peut \u00eatre garanti.<br \/>\nIl y a un suppl\u00e9ment de 100,-CHF par enfant et par jour pour s\u00e9journer dans une chambre double.[\/vc_column_text][\/toggle][toggle color=\u00a0\u00bbDefault\u00a0\u00bb heading_tag=\u00a0\u00bbdefault\u00a0\u00bb heading_tag_functionality=\u00a0\u00bbdefault\u00a0\u00bb title=\u00a0\u00bbQuel est le meilleur moment pour contacter nos enfants lorsqu&rsquo;ils sont dans votre camp ?\u00a0\u00bb][vc_column_text text_direction=\u00a0\u00bbdefault\u00a0\u00bb]Le meilleur moment pour appeler vos enfants est id\u00e9alement entre 18h00 et 20h00 heure suisse (GMT+1) afin de ne pas perturber les activit\u00e9s.[\/vc_column_text][\/toggle][toggle color=\u00a0\u00bbDefault\u00a0\u00bb heading_tag=\u00a0\u00bbdefault\u00a0\u00bb heading_tag_functionality=\u00a0\u00bbdefault\u00a0\u00bb title=\u00a0\u00bbQuelle est la langue principale du camp ?\u00a0\u00bb][vc_column_text text_direction=\u00a0\u00bbdefault\u00a0\u00bb]M\u00eame si Verbier est situ\u00e9 dans la partie francophone de la Suisse, la principale langue parl\u00e9e dans nos camps de printemps, d&rsquo;\u00e9t\u00e9 ou d&rsquo;hiver est l&rsquo;anglais.<br \/>\nTout notre personnel parle couramment l&rsquo;anglais, mais aussi une autre langue comme le russe, l&rsquo;arabe, le fran\u00e7ais, etc. 70 % de notre personnel est anglophone, 20 % est francophone et 10 % est originaire du monde entier. <strong><br \/>\n<\/strong>[\/vc_column_text][\/toggle][toggle color=\u00a0\u00bbDefault\u00a0\u00bb heading_tag=\u00a0\u00bbdefault\u00a0\u00bb heading_tag_functionality=\u00a0\u00bbdefault\u00a0\u00bb title=\u00a0\u00bbQuelle est la dur\u00e9e maximale du s\u00e9jour de mes enfants au camp ?\u00a0\u00bb][vc_column_text text_direction=\u00a0\u00bbdefault\u00a0\u00bb]Il n&rsquo;y a pas de limite de temps pour le s\u00e9jour de votre enfant dans les camps Les Elfes. Pour les camps d&rsquo;\u00e9t\u00e9, il y a des sessions de 2 semaines et de 3 semaines. La dur\u00e9e minimale du s\u00e9jour est donc de 2 semaines et la dur\u00e9e maximale de 10 semaines.<br \/>\nPour les camps d&rsquo;hiver, la dur\u00e9e minimale du s\u00e9jour est d&rsquo;une semaine.[\/vc_column_text][\/toggle][toggle color=\u00a0\u00bbDefault\u00a0\u00bb heading_tag=\u00a0\u00bbdefault\u00a0\u00bb heading_tag_functionality=\u00a0\u00bbdefault\u00a0\u00bb title=\u00a0\u00bbLes gar\u00e7ons et les filles sont-ils log\u00e9s \u00e0 la m\u00eame enseigne ?\u00a0\u00bb][vc_column_text text_direction=\u00a0\u00bbdefault\u00a0\u00bb]A Verbier, nous proposons des camps de printemps, d&rsquo;\u00e9t\u00e9 et d&rsquo;hiver.<br \/>\nNous avons 2 chalets c\u00f4te \u00e0 c\u00f4te et les gar\u00e7ons et les filles sont s\u00e9par\u00e9s dans les diff\u00e9rents chalets.<br \/>\nChaque chambre accueille 2 \u00e0 4 \u00e9l\u00e8ves de la m\u00eame cat\u00e9gorie d&rsquo;\u00e2ge.<br \/>\nChaque chambre dispose d&rsquo;une salle de bain priv\u00e9e.[\/vc_column_text][\/toggle][toggle color=\u00a0\u00bbDefault\u00a0\u00bb heading_tag=\u00a0\u00bbdefault\u00a0\u00bb heading_tag_functionality=\u00a0\u00bbdefault\u00a0\u00bb title=\u00a0\u00bbEst-il possible d&rsquo;apprendre \u00e0 skier et \u00e0 faire du snowboard ?\u00a0\u00bb][vc_column_text text_direction=\u00a0\u00bbdefault\u00a0\u00bb]Bien s\u00fbr, pas pendant l&rsquo;\u00e9t\u00e9, mais pour des sessions au printemps ou en hiver, il est possible d&rsquo;apprendre le ski une semaine et le snowboard la semaine suivante.<br \/>\nIl n&rsquo;est pas possible de pratiquer le ski ou le snowboard pendant quelques jours seulement et de changer ensuite.[\/vc_column_text][\/toggle][toggle color=\u00a0\u00bbDefault\u00a0\u00bb heading_tag=\u00a0\u00bbdefault\u00a0\u00bb heading_tag_functionality=\u00a0\u00bbdefault\u00a0\u00bb title=\u00a0\u00bbQuelle est la nationalit\u00e9 des enfants participant aux camps ?\u00a0\u00bb][vc_column_text css=\u00a0\u00bb\u00a0\u00bb text_direction=\u00a0\u00bbdefault\u00a0\u00bb]Les \u00e9tudiants internationaux viennent du monde entier et Les Elfes sont fiers d&rsquo;accueillir plus de 75 nationalit\u00e9s diff\u00e9rentes chaque \u00e9t\u00e9 et chaque hiver.<br \/>\nNous accueillons plus de 75 nationalit\u00e9s diff\u00e9rentes dans nos camps d&rsquo;\u00e9t\u00e9 et d&rsquo;hiver.<br \/>\nEn g\u00e9n\u00e9ral, nous nous effor\u00e7ons de diversifier les nationalit\u00e9s en ne comptant pas plus de 15 % de personnes d&rsquo;une m\u00eame nationalit\u00e9 \u00e0 un moment donn\u00e9.<br \/>\nCependant, \u00e0 certaines p\u00e9riodes sp\u00e9cifiques, il peut y avoir une nationalit\u00e9 dominante (camp de printemps).[\/vc_column_text][\/toggle][toggle color=\u00a0\u00bbDefault\u00a0\u00bb heading_tag=\u00a0\u00bbdefault\u00a0\u00bb heading_tag_functionality=\u00a0\u00bbdefault\u00a0\u00bb title=\u00a0\u00bbQuel est le climat en \u00e9t\u00e9 et en hiver ?\u00a0\u00bb][vc_column_text text_direction=\u00a0\u00bbdefault\u00a0\u00bb]En hiver, le climat est de type montagnard, avec des temp\u00e9ratures froides entre 5\u00b0C et -10\u00b0C, et des chutes de neige.<br \/>\nEn \u00e9t\u00e9, la Suisse jouit d&rsquo;un temps magnifique, avec des temp\u00e9ratures comprises entre 15\u00b0C le matin et 25\u00b0C l&rsquo;apr\u00e8s-midi, avec des maxima pouvant atteindre 30\u00b0C.<strong><br \/>\n<\/strong>[\/vc_column_text][\/toggle][toggle color=\u00a0\u00bbDefault\u00a0\u00bb heading_tag=\u00a0\u00bbdefault\u00a0\u00bb heading_tag_functionality=\u00a0\u00bbdefault\u00a0\u00bb title=\u00a0\u00bbQuel est le nombre maximum d&rsquo;\u00e9tudiants que vous pouvez accueillir en m\u00eame temps ?\u00a0\u00bb][vc_column_text css=\u00a0\u00bb\u00a0\u00bb text_direction=\u00a0\u00bbdefault\u00a0\u00bb]Le campus de Verbier compte 35 chambres et 140 lits au total, r\u00e9partis dans deux chalets de style suisse situ\u00e9s l&rsquo;un \u00e0 c\u00f4t\u00e9 de l&rsquo;autre.<br \/>\n<strong><br \/>\n<\/strong>[\/vc_column_text][\/toggle][toggle color=\u00a0\u00bbDefault\u00a0\u00bb heading_tag=\u00a0\u00bbdefault\u00a0\u00bb heading_tag_functionality=\u00a0\u00bbdefault\u00a0\u00bb title=\u00a0\u00bbEn tant que parent, puis-je participer au camp avec mon enfant ?\u00a0\u00bb][vc_column_text css=\u00a0\u00bb\u00a0\u00bb text_direction=\u00a0\u00bbdefault\u00a0\u00bb]Nos camps d&rsquo;hiver et d&rsquo;\u00e9t\u00e9 sont exclusivement destin\u00e9s aux enfants \u00e2g\u00e9s de 6 \u00e0 17 ans. Par cons\u00e9quent, nous n&rsquo;acceptons aucun parent sur notre campus. Nous travaillons en partenariat avec de nombreux h\u00f4tels et agences \u00e0 Verbier au cas o\u00f9 les parents souhaiteraient s\u00e9journer \u00e0 proximit\u00e9. Consultez la <a href=\"https:\/\/www.leselfes.com\/fr\/?page_id=94505\">page des camps de jour<\/a> pour trouver nos partenaires recommand\u00e9s.<br \/>\n<strong><br \/>\n<\/strong>[\/vc_column_text][\/toggle][\/toggles][vc_column_text text_direction=\u00a0\u00bbdefault\u00a0\u00bb]\n<h2 style=\"color: #0c347e;\">Avant l&rsquo;arriv\u00e9e<\/h2>\n[\/vc_column_text][toggles style=\u00a0\u00bbminimal\u00a0\u00bb][toggle color=\u00a0\u00bbDefault\u00a0\u00bb heading_tag=\u00a0\u00bbdefault\u00a0\u00bb heading_tag_functionality=\u00a0\u00bbdefault\u00a0\u00bb title=\u00a0\u00bbLes Elfes peuvent-ils vous aider \u00e0 obtenir un visa ?\u00a0\u00bb][vc_column_text text_direction=\u00a0\u00bbdefault\u00a0\u00bb]Les Elfes sont heureux d&rsquo;\u00e9mettre des lettres d&rsquo;invitation que vous pourrez pr\u00e9senter \u00e0 l&rsquo;ambassade et qui faciliteront la proc\u00e9dure d&rsquo;obtention du visa.<br \/>\nPour les \u00e9tudiants d&rsquo;Ukraine et de Russie, il est obligatoire de pr\u00e9senter l&rsquo;original de la lettre d&rsquo;invitation \u00e0 l&rsquo;ambassade.[\/vc_column_text][\/toggle][toggle color=\u00a0\u00bbDefault\u00a0\u00bb heading_tag=\u00a0\u00bbdefault\u00a0\u00bb heading_tag_functionality=\u00a0\u00bbdefault\u00a0\u00bb title=\u00a0\u00bbLa caution de 1000 CHF est-elle incluse dans le prix ?\u00a0\u00bb][vc_column_text text_direction=\u00a0\u00bbdefault\u00a0\u00bb]Oui et l&rsquo;acompte requis pour garantir l&rsquo;inscription de votre enfant sera d\u00e9duit du montant total de votre facture finale.[\/vc_column_text][\/toggle][toggle color=\u00a0\u00bbDefault\u00a0\u00bb heading_tag=\u00a0\u00bbdefault\u00a0\u00bb heading_tag_functionality=\u00a0\u00bbdefault\u00a0\u00bb title=\u00a0\u00bbQuel type d&rsquo;assurance est requis ?\u00a0\u00bb][vc_column_text text_direction=\u00a0\u00bbdefault\u00a0\u00bb]Il est obligatoire d&rsquo;avoir une assurance maladie et accident.<br \/>\nLes Elfes peuvent vous proposer une police d&rsquo;assurance qui couvre tout. <strong><br \/>\n<\/strong>[\/vc_column_text][\/toggle][toggle color=\u00a0\u00bbDefault\u00a0\u00bb heading_tag=\u00a0\u00bbdefault\u00a0\u00bb heading_tag_functionality=\u00a0\u00bbdefault\u00a0\u00bb title=\u00a0\u00bbPouvez-vous fournir une liste de v\u00eatements aux \u00e9l\u00e8ves ?\u00a0\u00bb][vc_column_text text_direction=\u00a0\u00bbdefault\u00a0\u00bb]Les Elfes vous fournissent une liste de v\u00eatements \u00e0 apporter une fois l&rsquo;inscription de votre enfant termin\u00e9e, en fonction des activit\u00e9s d&rsquo;\u00e9t\u00e9 ou d&rsquo;hiver.<strong><br \/>\n<\/strong>[\/vc_column_text][\/toggle][toggle color=\u00a0\u00bbDefault\u00a0\u00bb heading_tag=\u00a0\u00bbdefault\u00a0\u00bb heading_tag_functionality=\u00a0\u00bbdefault\u00a0\u00bb title=\u00a0\u00bbQuels types de transferts sont propos\u00e9s de l&rsquo;a\u00e9roport au camp et de retour \u00e0 l&rsquo;a\u00e9roport ?\u00a0\u00bb][vc_column_text text_direction=\u00a0\u00bbdefault\u00a0\u00bb]Les Elfes offre la possibilit\u00e9 de transferts aller-retour depuis et vers l&rsquo;a\u00e9roport, prise en charge \u00e0 l&rsquo;a\u00e9roport de Gen\u00e8ve jusqu&rsquo;aux camps des Elfes et retour \u00e0 l&rsquo;a\u00e9roport.<br \/>\nLes Elfes dispose d&rsquo;un bureau d&rsquo;accueil \u00e0 l&rsquo;a\u00e9roport de Gen\u00e8ve pendant l&rsquo;\u00e9t\u00e9 dans le hall d&rsquo;arriv\u00e9e. <strong><br \/>\n<\/strong>Il est \u00e9galement possible d&rsquo;organiser une prise en charge \u00e0 partir d&rsquo;un h\u00f4tel \u00e0 Gen\u00e8ve ou \u00e0 Lausanne.<strong><br \/>\n<\/strong>[\/vc_column_text][\/toggle][\/toggles][vc_column_text text_direction=\u00a0\u00bbdefault\u00a0\u00bb]\n<h2 style=\"color: #0c347e;\">La vie dans les camps internationaux Les Elfes<\/h2>\n[\/vc_column_text][toggles style=\u00a0\u00bbminimal\u00a0\u00bb][toggle color=\u00a0\u00bbDefault\u00a0\u00bb heading_tag=\u00a0\u00bbdefault\u00a0\u00bb heading_tag_functionality=\u00a0\u00bbdefault\u00a0\u00bb title=\u00a0\u00bbQuelle est la diff\u00e9rence entre 8 heures de cours de langue et 15 heures de cours de langue par semaine ?\u00a0\u00bb][vc_column_text text_direction=\u00a0\u00bbdefault\u00a0\u00bb]Pendant l&rsquo;hiver et l&rsquo;\u00e9t\u00e9, 8 heures de cours par semaine permettent aux \u00e9tudiants d&rsquo;apprendre les bases d&rsquo;une nouvelle langue ou d&rsquo;am\u00e9liorer des comp\u00e9tences d\u00e9j\u00e0 acquises \u00e0 l&rsquo;\u00e9cole.<br \/>\nLes cours de langue de 15 heures sont des cours tr\u00e8s intensifs qui permettent d&rsquo;approfondir la grammaire de la nouvelle langue et d&rsquo;amener vos enfants \u00e0 un niveau de comp\u00e9tence avanc\u00e9.[\/vc_column_text][\/toggle][toggle color=\u00a0\u00bbDefault\u00a0\u00bb heading_tag=\u00a0\u00bbdefault\u00a0\u00bb heading_tag_functionality=\u00a0\u00bbdefault\u00a0\u00bb title=\u00a0\u00bbQuelle est la politique en mati\u00e8re de t\u00e9l\u00e9phones portables pour les enfants ?\u00a0\u00bb][vc_column_text text_direction=\u00a0\u00bbdefault\u00a0\u00bb]Les \u00e9tudiants ne sont pas autoris\u00e9s \u00e0 porter un t\u00e9l\u00e9phone portable pendant les activit\u00e9s de jour pour des raisons de s\u00e9curit\u00e9 et pour ne pas perturber les activit\u00e9s.<br \/>\nCependant, chaque jour, ils sont autoris\u00e9s \u00e0 r\u00e9cup\u00e9rer leur t\u00e9l\u00e9phone portable \u00e0 la r\u00e9ception des Elfes et \u00e0 l&rsquo;utiliser de 17h \u00e0 20h. <strong><br \/>\n<\/strong>[\/vc_column_text][\/toggle][toggle color=\u00a0\u00bbDefault\u00a0\u00bb heading_tag=\u00a0\u00bbdefault\u00a0\u00bb heading_tag_functionality=\u00a0\u00bbdefault\u00a0\u00bb title=\u00a0\u00bbQuel type de nourriture est servi aux Elfes ?\u00a0\u00bb][vc_column_text text_direction=\u00a0\u00bbdefault\u00a0\u00bb]Les Elfes veulent offrir aux \u00e9tudiants ce qu&rsquo;il y a de mieux pour eux et c&rsquo;est pourquoi ils servent des menus \u00e9quilibr\u00e9s de nourriture internationale fra\u00eechement pr\u00e9par\u00e9e chaque jour.<br \/>\nLes Elfes peut r\u00e9pondre \u00e0 toutes les demandes sp\u00e9ciales telles que les allergies alimentaires, les r\u00e9gimes religieux, les r\u00e9gimes v\u00e9g\u00e9tariens, etc.[\/vc_column_text][\/toggle][toggle color=\u00a0\u00bbDefault\u00a0\u00bb heading_tag=\u00a0\u00bbdefault\u00a0\u00bb heading_tag_functionality=\u00a0\u00bbdefault\u00a0\u00bb title=\u00a0\u00bbQuelle est la politique en mati\u00e8re de choix des cours de langues ?\u00a0\u00bb][vc_column_text text_direction=\u00a0\u00bbdefault\u00a0\u00bb]Il est possible de choisir d&rsquo;\u00e9tudier plusieurs langues, mais chaque langue doit \u00eatre suivie pendant au moins une semaine et il est possible de choisir une autre langue pour la semaine suivante.<strong><br \/>\n<\/strong>En \u00e9t\u00e9 et en hiver, nous proposons l&rsquo;anglais, le fran\u00e7ais, l&rsquo;allemand ou l&rsquo;espagnol.<strong><br \/>\n<\/strong>[\/vc_column_text][\/toggle][toggle color=\u00a0\u00bbDefault\u00a0\u00bb heading_tag=\u00a0\u00bbdefault\u00a0\u00bb heading_tag_functionality=\u00a0\u00bbdefault\u00a0\u00bb title=\u00a0\u00bbFournissez-vous des sodas et des snacks aux enfants ?\u00a0\u00bb][vc_column_text text_direction=\u00a0\u00bbdefault\u00a0\u00bb]Les enfants participant aux camps d&rsquo;\u00e9t\u00e9 et d&rsquo;hiver n&rsquo;ont pas acc\u00e8s \u00e0 des distributeurs de sodas ou de snacks.<br \/>\nLes Elfes sont situ\u00e9s au c\u0153ur des Alpes suisses et ont acc\u00e8s \u00e0 une eau du robinet de tr\u00e8s haute qualit\u00e9 qui est disponible pour les campeurs \u00e0 tout moment.<br \/>\nUn go\u00fbter est servi tous les jours vers 16h00.<br \/>\nAux Elfes, l&rsquo;\u00e9quipe de cuisine s&rsquo;efforce de rendre chaque repas \u00e9quilibr\u00e9 et d&rsquo;\u00e9viter les aliments transform\u00e9s riches en sucre tels que les bonbons, en les rempla\u00e7ant par des barres de c\u00e9r\u00e9ales, du pain frais avec des confitures et des soupes chaudes. <strong><br \/>\n<\/strong>[\/vc_column_text][\/toggle][\/toggles][vc_column_text text_direction=\u00a0\u00bbdefault\u00a0\u00bb]\n<h2 style=\"color: #0c347e;\">Personnel et s\u00e9curit\u00e9<\/h2>\n[\/vc_column_text][toggles style=\u00a0\u00bbminimal\u00a0\u00bb][toggle color=\u00a0\u00bbDefault\u00a0\u00bb heading_tag=\u00a0\u00bbdefault\u00a0\u00bb heading_tag_functionality=\u00a0\u00bbdefault\u00a0\u00bb title=\u00a0\u00bbVos instructeurs disposent-ils d&rsquo;un t\u00e9l\u00e9phone portable en cas d&rsquo;urgence ?\u00a0\u00bb][vc_column_text text_direction=\u00a0\u00bbdefault\u00a0\u00bb]Tous nos instructeurs portent en permanence un t\u00e9l\u00e9phone portable qui leur permet de r\u00e9agir tr\u00e8s rapidement en cas d&rsquo;urgence.[\/vc_column_text][\/toggle][toggle color=\u00a0\u00bbDefault\u00a0\u00bb heading_tag=\u00a0\u00bbdefault\u00a0\u00bb heading_tag_functionality=\u00a0\u00bbdefault\u00a0\u00bb title=\u00a0\u00bbExiste-t-il un num\u00e9ro d&rsquo;urgence pour contacter le camp ?\u00a0\u00bb][vc_column_text text_direction=\u00a0\u00bbdefault\u00a0\u00bb]Le num\u00e9ro de contact d&rsquo;urgence vous sera communiqu\u00e9 apr\u00e8s l&rsquo;inscription et ne doit \u00eatre utilis\u00e9 qu&rsquo;en cas d&rsquo;urgence.<br \/>\n(ouvert 24h\/24).[\/vc_column_text][\/toggle][toggle color=\u00a0\u00bbDefault\u00a0\u00bb heading_tag=\u00a0\u00bbdefault\u00a0\u00bb heading_tag_functionality=\u00a0\u00bbdefault\u00a0\u00bb title=\u00a0\u00bbY a-t-il des installations m\u00e9dicales \u00e0 proximit\u00e9 ?\u00a0\u00bb][vc_column_text text_direction=\u00a0\u00bbdefault\u00a0\u00bb]Le village de Verbier abrite trois centres m\u00e9dicaux situ\u00e9s \u00e0 quelques minutes de marche du campus des Elfes.<br \/>\nEn cas de blessures ou de maladies plus graves, l&rsquo;h\u00f4pital le plus proche se trouve dans la ville de Martigny, \u00e0 30 minutes de route du campus. <strong><br \/>\n<\/strong>[\/vc_column_text][\/toggle][toggle color=\u00a0\u00bbDefault\u00a0\u00bb heading_tag=\u00a0\u00bbdefault\u00a0\u00bb heading_tag_functionality=\u00a0\u00bbdefault\u00a0\u00bb title=\u00a0\u00bbLes Elfes disposent-ils d&rsquo;un personnel m\u00e9dicalement form\u00e9 ?\u00a0\u00bb][vc_column_text text_direction=\u00a0\u00bbdefault\u00a0\u00bb]Les Elfes engage toujours une infirmi\u00e8re qualifi\u00e9e au sein de son \u00e9quipe.<br \/>\nEn outre, tous les membres du personnel suivent un programme de formation de deux semaines avant le d\u00e9but du camp d&rsquo;hiver et du camp d&rsquo;\u00e9t\u00e9.<br \/>\nPendant cette p\u00e9riode, tous les employ\u00e9s doivent suivre une formation aux premiers secours.<br \/>\nIl n&rsquo;y a cependant pas de m\u00e9decin, ni de psychologue sur le campus \u00e9tant donn\u00e9 la disponibilit\u00e9 de centres m\u00e9dicaux \u00e0 proximit\u00e9.[\/vc_column_text][\/toggle][toggle color=\u00a0\u00bbDefault\u00a0\u00bb heading_tag=\u00a0\u00bbdefault\u00a0\u00bb heading_tag_functionality=\u00a0\u00bbdefault\u00a0\u00bb title=\u00a0\u00bbY a-t-il des objets interdits sur le camp ?\u00a0\u00bb][vc_column_text css=\u00a0\u00bb\u00a0\u00bb text_direction=\u00a0\u00bbdefault\u00a0\u00bb]Aux Elfes International, la consommation de drogues, d&rsquo;alcool, de cigarettes, de vapes, de boissons \u00e9nergisantes et de caf\u00e9 est strictement interdite. La consommation de l&rsquo;une ou l&rsquo;autre de ces substances peut entra\u00eener l&rsquo;expulsion, en fonction des circonstances sp\u00e9cifiques et de l&rsquo;ampleur de la consommation.[\/vc_column_text][\/toggle][\/toggles][\/vc_column][\/vc_row][vc_row type=\u00a0\u00bbin_container\u00a0\u00bb full_screen_row_position=\u00a0\u00bbmiddle\u00a0\u00bb column_margin=\u00a0\u00bbdefault\u00a0\u00bb column_direction=\u00a0\u00bbdefault\u00a0\u00bb column_direction_tablet=\u00a0\u00bbdefault\u00a0\u00bb column_direction_phone=\u00a0\u00bbdefault\u00a0\u00bb scene_position=\u00a0\u00bbcenter\u00a0\u00bb text_color=\u00a0\u00bbdark\u00a0\u00bb text_align=\u00a0\u00bbleft\u00a0\u00bb row_border_radius=\u00a0\u00bbnone\u00a0\u00bb row_border_radius_applies=\u00a0\u00bbbg\u00a0\u00bb overflow=\u00a0\u00bbvisible\u00a0\u00bb overlay_strength=\u00a0\u00bb0.3&Prime; gradient_direction=\u00a0\u00bbleft_to_right\u00a0\u00bb shape_divider_position=\u00a0\u00bbbottom\u00a0\u00bb bg_image_animation=\u00a0\u00bbnone\u00a0\u00bb][vc_column column_padding=\u00a0\u00bbno-extra-padding\u00a0\u00bb column_padding_tablet=\u00a0\u00bbinherit\u00a0\u00bb column_padding_phone=\u00a0\u00bbinherit\u00a0\u00bb column_padding_position=\u00a0\u00bball\u00a0\u00bb column_element_direction_desktop=\u00a0\u00bbdefault\u00a0\u00bb column_element_spacing=\u00a0\u00bbdefault\u00a0\u00bb desktop_text_alignment=\u00a0\u00bbdefault\u00a0\u00bb tablet_text_alignment=\u00a0\u00bbdefault\u00a0\u00bb phone_text_alignment=\u00a0\u00bbdefault\u00a0\u00bb background_color_opacity=\u00a0\u00bb1&Prime; background_hover_color_opacity=\u00a0\u00bb1&Prime; column_backdrop_filter=\u00a0\u00bbnone\u00a0\u00bb column_shadow=\u00a0\u00bbnone\u00a0\u00bb column_border_radius=\u00a0\u00bbnone\u00a0\u00bb column_link_target=\u00a0\u00bb_self\u00a0\u00bb column_position=\u00a0\u00bbdefault\u00a0\u00bb gradient_direction=\u00a0\u00bbleft_to_right\u00a0\u00bb overlay_strength=\u00a0\u00bb0.3&Prime; width=\u00a0\u00bb1\/1&Prime; tablet_width_inherit=\u00a0\u00bbdefault\u00a0\u00bb animation_type=\u00a0\u00bbdefault\u00a0\u00bb bg_image_animation=\u00a0\u00bbnone\u00a0\u00bb border_type=\u00a0\u00bbsimple\u00a0\u00bb column_border_width=\u00a0\u00bbnone\u00a0\u00bb column_border_style=\u00a0\u00bbsolid\u00a0\u00bb][nectar_global_section id=\u00a0\u00bb66918&Prime;][\/vc_column][\/vc_row]\n","protected":false},"excerpt":{"rendered":"<p>[vc_row type=\u00a0\u00bbfull_width_background\u00a0\u00bb full_screen_row_position=\u00a0\u00bbmiddle\u00a0\u00bb column_margin=\u00a0\u00bbdefault\u00a0\u00bb column_direction=\u00a0\u00bbdefault\u00a0\u00bb column_direction_tablet=\u00a0\u00bbdefault\u00a0\u00bb column_direction_phone=\u00a0\u00bbdefault\u00a0\u00bb bg_image=\u00a0\u00bb66836&Prime; bg_position=\u00a0\u00bbcenter center\u00a0\u00bb background_image_loading=\u00a0\u00bbdefault\u00a0\u00bb bg_repeat=\u00a0\u00bbno-repeat\u00a0\u00bb full_height=\u00a0\u00bbyes\u00a0\u00bb columns_placement=\u00a0\u00bbstretch\u00a0\u00bb scene_position=\u00a0\u00bbcenter\u00a0\u00bb text_color=\u00a0\u00bbdark\u00a0\u00bb text_align=\u00a0\u00bbleft\u00a0\u00bb row_border_radius=\u00a0\u00bbnone\u00a0\u00bb row_border_radius_applies=\u00a0\u00bbbg\u00a0\u00bb overflow=\u00a0\u00bbvisible\u00a0\u00bb enable_gradient=\u00a0\u00bbtrue\u00a0\u00bb color_overlay=\u00a0\u00bb#000000&Prime; color_overlay_2=\u00a0\u00bbrgba(255,255,255,0.01)\u00a0\u00bb overlay_strength=\u00a0\u00bb0.5&Prime; gradient_direction=\u00a0\u00bbtop_to_bottom\u00a0\u00bb shape_divider_position=\u00a0\u00bbbottom\u00a0\u00bb bg_image_animation=\u00a0\u00bbnone\u00a0\u00bb gradient_type=\u00a0\u00bbdefault\u00a0\u00bb shape_type=\u00a0\u00bb\u00a0\u00bb][vc_column column_padding=\u00a0\u00bbno-extra-padding\u00a0\u00bb&#8230;<\/p>\n","protected":false},"author":16,"featured_media":0,"parent":90045,"menu_order":0,"comment_status":"closed","ping_status":"closed","template":"","meta":{"_acf_changed":false,"inline_featured_image":false,"footnotes":""},"class_list":["post-94514","page","type-page","status-publish"],"acf":[],"yoast_head":"<!-- This site is optimized with the Yoast SEO Premium plugin v24.2 (Yoast SEO v24.7) - https:\/\/yoast.com\/wordpress\/plugins\/seo\/ -->\n<title>Questions fr\u00e9quemment pos\u00e9es - Les Elfes International Camps Switzerland<\/title>\n<meta name=\"description\" content=\"D\u00e9couvrez toutes les r\u00e9ponses concernant nos camps. Nous proposons des camps internationaux pour les enfants et les adolescents du monde entier.\" \/>\n<meta name=\"robots\" content=\"index, follow, max-snippet:-1, max-image-preview:large, max-video-preview:-1\" \/>\n<link rel=\"canonical\" href=\"https:\/\/www.leselfes.com\/fr\/a-propos-de-nous\/questions-frequemment-posees\/\" \/>\n<meta property=\"og:locale\" content=\"fr_FR\" \/>\n<meta property=\"og:type\" content=\"article\" \/>\n<meta property=\"og:title\" content=\"Questions fr\u00e9quemment pos\u00e9es\" \/>\n<meta property=\"og:description\" content=\"D\u00e9couvrez toutes les r\u00e9ponses concernant nos camps. Nous proposons des camps internationaux pour les enfants et les adolescents du monde entier.\" \/>\n<meta property=\"og:url\" content=\"https:\/\/www.leselfes.com\/fr\/a-propos-de-nous\/questions-frequemment-posees\/\" \/>\n<meta property=\"og:site_name\" content=\"Les Elfes International Camps Switzerland\" \/>\n<meta property=\"article:publisher\" content=\"https:\/\/www.facebook.com\/LesElfesVerbier\" \/>\n<meta property=\"article:modified_time\" content=\"2025-01-10T12:17:23+00:00\" \/>\n<meta property=\"og:image\" content=\"https:\/\/www.leselfes.com\/wp-content\/uploads\/2022\/02\/Les-Elfes-International-summer-camp-Switzerland-Staff-Mobile-591x555-1.jpg\" \/>\n\t<meta property=\"og:image:width\" content=\"591\" \/>\n\t<meta property=\"og:image:height\" content=\"555\" \/>\n\t<meta property=\"og:image:type\" content=\"image\/jpeg\" \/>\n<meta name=\"twitter:card\" content=\"summary_large_image\" \/>\n<meta name=\"twitter:site\" content=\"@LesElfesCamps\" \/>\n<meta name=\"twitter:label1\" content=\"Dur\u00e9e de lecture estim\u00e9e\" \/>\n\t<meta name=\"twitter:data1\" content=\"16 minutes\" \/>\n<script type=\"application\/ld+json\" class=\"yoast-schema-graph\">{\"@context\":\"https:\/\/schema.org\",\"@graph\":[{\"@type\":\"WebPage\",\"@id\":\"https:\/\/www.leselfes.com\/fr\/a-propos-de-nous\/questions-frequemment-posees\/\",\"url\":\"https:\/\/www.leselfes.com\/fr\/a-propos-de-nous\/questions-frequemment-posees\/\",\"name\":\"Questions fr\u00e9quemment pos\u00e9es - Les Elfes International Camps Switzerland\",\"isPartOf\":{\"@id\":\"https:\/\/dev.leselfes.com\/#website\"},\"datePublished\":\"2024-04-09T10:13:08+00:00\",\"dateModified\":\"2025-01-10T12:17:23+00:00\",\"description\":\"D\u00e9couvrez toutes les r\u00e9ponses concernant nos camps. Nous proposons des camps internationaux pour les enfants et les adolescents du monde entier.\",\"breadcrumb\":{\"@id\":\"https:\/\/www.leselfes.com\/fr\/a-propos-de-nous\/questions-frequemment-posees\/#breadcrumb\"},\"inLanguage\":\"fr-FR\",\"potentialAction\":[{\"@type\":\"ReadAction\",\"target\":[\"https:\/\/www.leselfes.com\/fr\/a-propos-de-nous\/questions-frequemment-posees\/\"]}]},{\"@type\":\"BreadcrumbList\",\"@id\":\"https:\/\/www.leselfes.com\/fr\/a-propos-de-nous\/questions-frequemment-posees\/#breadcrumb\",\"itemListElement\":[{\"@type\":\"ListItem\",\"position\":1,\"name\":\"Home\",\"item\":\"https:\/\/www.leselfes.com\/fr\/\"},{\"@type\":\"ListItem\",\"position\":2,\"name\":\"A propos de nous\",\"item\":\"https:\/\/dev.leselfes.com\/fr\/a-propos-de-nous\/\"},{\"@type\":\"ListItem\",\"position\":3,\"name\":\"Questions fr\u00e9quemment pos\u00e9es\"}]},{\"@type\":\"WebSite\",\"@id\":\"https:\/\/dev.leselfes.com\/#website\",\"url\":\"https:\/\/dev.leselfes.com\/\",\"name\":\"Les Elfes International\",\"description\":\"Les Elfes International, Verbier Switzerland. Summer Camp, Winter Camp, Spring Camps.\",\"publisher\":{\"@id\":\"https:\/\/dev.leselfes.com\/#organization\"},\"alternateName\":\"Les Elfes International\",\"potentialAction\":[{\"@type\":\"SearchAction\",\"target\":{\"@type\":\"EntryPoint\",\"urlTemplate\":\"https:\/\/dev.leselfes.com\/?s={search_term_string}\"},\"query-input\":{\"@type\":\"PropertyValueSpecification\",\"valueRequired\":true,\"valueName\":\"search_term_string\"}}],\"inLanguage\":\"fr-FR\"},{\"@type\":\"Organization\",\"@id\":\"https:\/\/dev.leselfes.com\/#organization\",\"name\":\"Les Elfes International\",\"alternateName\":\"Les Elfes International\",\"url\":\"https:\/\/dev.leselfes.com\/\",\"logo\":{\"@type\":\"ImageObject\",\"inLanguage\":\"fr-FR\",\"@id\":\"https:\/\/dev.leselfes.com\/#\/schema\/logo\/image\/\",\"url\":\"https:\/\/www.leselfes.com\/wp-content\/uploads\/2022\/03\/leselfes-logo.png\",\"contentUrl\":\"https:\/\/www.leselfes.com\/wp-content\/uploads\/2022\/03\/leselfes-logo.png\",\"width\":233,\"height\":51,\"caption\":\"Les Elfes International\"},\"image\":{\"@id\":\"https:\/\/dev.leselfes.com\/#\/schema\/logo\/image\/\"},\"sameAs\":[\"https:\/\/www.facebook.com\/LesElfesVerbier\",\"https:\/\/x.com\/LesElfesCamps\",\"https:\/\/www.instagram.com\/leselfes\",\"https:\/\/www.linkedin.com\/company\/les-elfes-international\",\"https:\/\/www.youtube.com\/user\/LesElfesVerbier\"]}]}<\/script>\n<!-- \/ Yoast SEO Premium plugin. -->","yoast_head_json":{"title":"Questions fr\u00e9quemment pos\u00e9es - Les Elfes International Camps Switzerland","description":"D\u00e9couvrez toutes les r\u00e9ponses concernant nos camps. Nous proposons des camps internationaux pour les enfants et les adolescents du monde entier.","robots":{"index":"index","follow":"follow","max-snippet":"max-snippet:-1","max-image-preview":"max-image-preview:large","max-video-preview":"max-video-preview:-1"},"canonical":"https:\/\/www.leselfes.com\/fr\/a-propos-de-nous\/questions-frequemment-posees\/","og_locale":"fr_FR","og_type":"article","og_title":"Questions fr\u00e9quemment pos\u00e9es","og_description":"D\u00e9couvrez toutes les r\u00e9ponses concernant nos camps. Nous proposons des camps internationaux pour les enfants et les adolescents du monde entier.","og_url":"https:\/\/www.leselfes.com\/fr\/a-propos-de-nous\/questions-frequemment-posees\/","og_site_name":"Les Elfes International Camps Switzerland","article_publisher":"https:\/\/www.facebook.com\/LesElfesVerbier","article_modified_time":"2025-01-10T12:17:23+00:00","og_image":[{"width":591,"height":555,"url":"https:\/\/www.leselfes.com\/wp-content\/uploads\/2022\/02\/Les-Elfes-International-summer-camp-Switzerland-Staff-Mobile-591x555-1.jpg","type":"image\/jpeg"}],"twitter_card":"summary_large_image","twitter_site":"@LesElfesCamps","twitter_misc":{"Dur\u00e9e de lecture estim\u00e9e":"16 minutes"},"schema":{"@context":"https:\/\/schema.org","@graph":[{"@type":"WebPage","@id":"https:\/\/www.leselfes.com\/fr\/a-propos-de-nous\/questions-frequemment-posees\/","url":"https:\/\/www.leselfes.com\/fr\/a-propos-de-nous\/questions-frequemment-posees\/","name":"Questions fr\u00e9quemment pos\u00e9es - Les Elfes International Camps Switzerland","isPartOf":{"@id":"https:\/\/dev.leselfes.com\/#website"},"datePublished":"2024-04-09T10:13:08+00:00","dateModified":"2025-01-10T12:17:23+00:00","description":"D\u00e9couvrez toutes les r\u00e9ponses concernant nos camps. Nous proposons des camps internationaux pour les enfants et les adolescents du monde entier.","breadcrumb":{"@id":"https:\/\/www.leselfes.com\/fr\/a-propos-de-nous\/questions-frequemment-posees\/#breadcrumb"},"inLanguage":"fr-FR","potentialAction":[{"@type":"ReadAction","target":["https:\/\/www.leselfes.com\/fr\/a-propos-de-nous\/questions-frequemment-posees\/"]}]},{"@type":"BreadcrumbList","@id":"https:\/\/www.leselfes.com\/fr\/a-propos-de-nous\/questions-frequemment-posees\/#breadcrumb","itemListElement":[{"@type":"ListItem","position":1,"name":"Home","item":"https:\/\/www.leselfes.com\/fr\/"},{"@type":"ListItem","position":2,"name":"A propos de nous","item":"https:\/\/dev.leselfes.com\/fr\/a-propos-de-nous\/"},{"@type":"ListItem","position":3,"name":"Questions fr\u00e9quemment pos\u00e9es"}]},{"@type":"WebSite","@id":"https:\/\/dev.leselfes.com\/#website","url":"https:\/\/dev.leselfes.com\/","name":"Les Elfes International","description":"Les Elfes International, Verbier Switzerland. Summer Camp, Winter Camp, Spring Camps.","publisher":{"@id":"https:\/\/dev.leselfes.com\/#organization"},"alternateName":"Les Elfes International","potentialAction":[{"@type":"SearchAction","target":{"@type":"EntryPoint","urlTemplate":"https:\/\/dev.leselfes.com\/?s={search_term_string}"},"query-input":{"@type":"PropertyValueSpecification","valueRequired":true,"valueName":"search_term_string"}}],"inLanguage":"fr-FR"},{"@type":"Organization","@id":"https:\/\/dev.leselfes.com\/#organization","name":"Les Elfes International","alternateName":"Les Elfes International","url":"https:\/\/dev.leselfes.com\/","logo":{"@type":"ImageObject","inLanguage":"fr-FR","@id":"https:\/\/dev.leselfes.com\/#\/schema\/logo\/image\/","url":"https:\/\/www.leselfes.com\/wp-content\/uploads\/2022\/03\/leselfes-logo.png","contentUrl":"https:\/\/www.leselfes.com\/wp-content\/uploads\/2022\/03\/leselfes-logo.png","width":233,"height":51,"caption":"Les Elfes International"},"image":{"@id":"https:\/\/dev.leselfes.com\/#\/schema\/logo\/image\/"},"sameAs":["https:\/\/www.facebook.com\/LesElfesVerbier","https:\/\/x.com\/LesElfesCamps","https:\/\/www.instagram.com\/leselfes","https:\/\/www.linkedin.com\/company\/les-elfes-international","https:\/\/www.youtube.com\/user\/LesElfesVerbier"]}]}},"_links":{"self":[{"href":"https:\/\/www.leselfes.com\/fr\/wp-json\/wp\/v2\/pages\/94514"}],"collection":[{"href":"https:\/\/www.leselfes.com\/fr\/wp-json\/wp\/v2\/pages"}],"about":[{"href":"https:\/\/www.leselfes.com\/fr\/wp-json\/wp\/v2\/types\/page"}],"author":[{"embeddable":true,"href":"https:\/\/www.leselfes.com\/fr\/wp-json\/wp\/v2\/users\/16"}],"replies":[{"embeddable":true,"href":"https:\/\/www.leselfes.com\/fr\/wp-json\/wp\/v2\/comments?post=94514"}],"version-history":[{"count":1,"href":"https:\/\/www.leselfes.com\/fr\/wp-json\/wp\/v2\/pages\/94514\/revisions"}],"predecessor-version":[{"id":97188,"href":"https:\/\/www.leselfes.com\/fr\/wp-json\/wp\/v2\/pages\/94514\/revisions\/97188"}],"up":[{"embeddable":true,"href":"https:\/\/www.leselfes.com\/fr\/wp-json\/wp\/v2\/pages\/90045"}],"wp:attachment":[{"href":"https:\/\/www.leselfes.com\/fr\/wp-json\/wp\/v2\/media?parent=94514"}],"curies":[{"name":"wp","href":"https:\/\/api.w.org\/{rel}","templated":true}]}}