{"id":91349,"date":"2023-03-30T11:08:11","date_gmt":"2023-03-30T09:08:11","guid":{"rendered":"https:\/\/www.leselfes.com\/les-elfes-international-trabalhe-conosco\/"},"modified":"2025-03-14T13:58:39","modified_gmt":"2025-03-14T12:58:39","slug":"les-elfes-international-trabalhe-conosco","status":"publish","type":"page","link":"https:\/\/www.leselfes.com\/pt-br\/les-elfes-international-trabalhe-conosco\/","title":{"rendered":"Les Elfes International &#8211; Trabalhe conosco"},"content":{"rendered":"[vc_row type=&#8221;full_width_background&#8221; full_screen_row_position=&#8221;middle&#8221; column_margin=&#8221;default&#8221; column_direction=&#8221;default&#8221; column_direction_tablet=&#8221;default&#8221; column_direction_phone=&#8221;default&#8221; bg_image=&#8221;67277&#8243; bg_position=&#8221;center center&#8221; background_image_loading=&#8221;default&#8221; bg_repeat=&#8221;no-repeat&#8221; full_height=&#8221;yes&#8221; columns_placement=&#8221;stretch&#8221; scene_position=&#8221;center&#8221; text_color=&#8221;dark&#8221; text_align=&#8221;left&#8221; row_border_radius=&#8221;none&#8221; row_border_radius_applies=&#8221;bg&#8221; overflow=&#8221;visible&#8221; enable_gradient=&#8221;true&#8221; color_overlay=&#8221;#000000&#8243; color_overlay_2=&#8221;rgba(255,255,255,0.01)&#8221; overlay_strength=&#8221;0.5&#8243; gradient_direction=&#8221;top_to_bottom&#8221; shape_divider_position=&#8221;bottom&#8221; bg_image_animation=&#8221;none&#8221; gradient_type=&#8221;default&#8221; shape_type=&#8221;&#8221;][vc_column column_padding=&#8221;no-extra-padding&#8221; column_padding_tablet=&#8221;inherit&#8221; column_padding_phone=&#8221;inherit&#8221; column_padding_position=&#8221;all&#8221; column_element_direction_desktop=&#8221;default&#8221; column_element_spacing=&#8221;default&#8221; centered_text=&#8221;true&#8221; desktop_text_alignment=&#8221;center&#8221; tablet_text_alignment=&#8221;default&#8221; phone_text_alignment=&#8221;default&#8221; background_color_opacity=&#8221;1&#8243; background_hover_color_opacity=&#8221;1&#8243; column_backdrop_filter=&#8221;none&#8221; font_color=&#8221;#ffffff&#8221; column_shadow=&#8221;none&#8221; column_border_radius=&#8221;none&#8221; column_link_target=&#8221;_self&#8221; column_position=&#8221;default&#8221; el_class=&#8221;flexItForButtonBottom&#8221; gradient_direction=&#8221;left_to_right&#8221; overlay_strength=&#8221;0.3&#8243; width=&#8221;1\/1&#8243; tablet_width_inherit=&#8221;default&#8221; animation_type=&#8221;default&#8221; bg_image_animation=&#8221;none&#8221; border_type=&#8221;simple&#8221; column_border_width=&#8221;none&#8221; column_border_style=&#8221;solid&#8221; column_padding_type=&#8221;default&#8221; gradient_type=&#8221;default&#8221;][divider line_type=&#8221;No Line&#8221; custom_height=&#8221;200&#8243; custom_height_phone=&#8221;100&#8243;][vc_column_text text_direction=&#8221;default&#8221; el_class=&#8221;fs49&#8243;]\n<h1 style=\"text-align: center;\">Trabalhe conosco<\/h1>\n<p style=\"text-align: center;\">Les Elfes<br \/>\nAcampamentos internacionais durante todo o ano<br \/>\nem Verbier, <span class=\"swissFlag\">Su\u00ed\u00e7a<\/span>[\/vc_column_text][vc_row_inner equal_height=&#8221;yes&#8221; content_placement=&#8221;middle&#8221; column_margin=&#8221;100px&#8221; column_direction=&#8221;default&#8221; column_direction_tablet=&#8221;default&#8221; column_direction_phone=&#8221;default&#8221; text_align=&#8221;left&#8221; row_position=&#8221;default&#8221; row_position_tablet=&#8221;inherit&#8221; row_position_phone=&#8221;inherit&#8221; overflow=&#8221;visible&#8221; pointer_events=&#8221;all&#8221; class=&#8221;flexGoBottom&#8221;][vc_column_inner column_padding=&#8221;no-extra-padding&#8221; column_padding_tablet=&#8221;inherit&#8221; column_padding_phone=&#8221;inherit&#8221; column_padding_position=&#8221;all&#8221; column_element_direction_desktop=&#8221;default&#8221; column_element_spacing=&#8221;default&#8221; desktop_text_alignment=&#8221;default&#8221; tablet_text_alignment=&#8221;default&#8221; phone_text_alignment=&#8221;default&#8221; background_color_opacity=&#8221;1&#8243; background_hover_color_opacity=&#8221;1&#8243; column_backdrop_filter=&#8221;none&#8221; column_shadow=&#8221;none&#8221; column_border_radius=&#8221;none&#8221; column_link_target=&#8221;_self&#8221; overflow=&#8221;visible&#8221; gradient_direction=&#8221;left_to_right&#8221; overlay_strength=&#8221;0.3&#8243; width=&#8221;1\/4&#8243; tablet_width_inherit=&#8221;default&#8221; animation_type=&#8221;default&#8221; bg_image_animation=&#8221;none&#8221; border_type=&#8221;simple&#8221; column_border_width=&#8221;none&#8221; column_border_style=&#8221;solid&#8221; column_padding_type=&#8221;default&#8221; gradient_type=&#8221;default&#8221; offset=&#8221;vc_hidden-md vc_hidden-sm vc_hidden-xs&#8221;][\/vc_column_inner][vc_column_inner column_padding=&#8221;no-extra-padding&#8221; column_padding_tablet=&#8221;inherit&#8221; column_padding_phone=&#8221;inherit&#8221; column_padding_position=&#8221;all&#8221; column_element_direction_desktop=&#8221;default&#8221; column_element_spacing=&#8221;default&#8221; desktop_text_alignment=&#8221;default&#8221; tablet_text_alignment=&#8221;default&#8221; phone_text_alignment=&#8221;default&#8221; background_color_opacity=&#8221;1&#8243; background_hover_color_opacity=&#8221;1&#8243; column_backdrop_filter=&#8221;none&#8221; column_shadow=&#8221;none&#8221; column_border_radius=&#8221;none&#8221; column_link_target=&#8221;_self&#8221; overflow=&#8221;visible&#8221; gradient_direction=&#8221;left_to_right&#8221; overlay_strength=&#8221;0.3&#8243; width=&#8221;1\/4&#8243; tablet_width_inherit=&#8221;default&#8221; animation_type=&#8221;default&#8221; bg_image_animation=&#8221;none&#8221; border_type=&#8221;simple&#8221; column_border_width=&#8221;none&#8221; column_border_style=&#8221;solid&#8221; column_padding_type=&#8221;default&#8221; gradient_type=&#8221;default&#8221; offset=&#8221;vc_hidden-md vc_hidden-sm vc_hidden-xs&#8221;][\/vc_column_inner][\/vc_row_inner][\/vc_column][\/vc_row][vc_row type=&#8221;in_container&#8221; full_screen_row_position=&#8221;middle&#8221; column_margin=&#8221;default&#8221; column_direction=&#8221;default&#8221; column_direction_tablet=&#8221;default&#8221; column_direction_phone=&#8221;default&#8221; scene_position=&#8221;center&#8221; top_padding=&#8221;100&#8243; constrain_group_1=&#8221;yes&#8221; bottom_padding=&#8221;100&#8243; text_color=&#8221;dark&#8221; text_align=&#8221;left&#8221; row_border_radius=&#8221;none&#8221; row_border_radius_applies=&#8221;bg&#8221; overflow=&#8221;visible&#8221; overlay_strength=&#8221;0.3&#8243; gradient_direction=&#8221;left_to_right&#8221; shape_divider_position=&#8221;bottom&#8221; bg_image_animation=&#8221;none&#8221; gradient_type=&#8221;default&#8221; shape_type=&#8221;&#8221;][vc_column column_padding=&#8221;no-extra-padding&#8221; column_padding_tablet=&#8221;inherit&#8221; column_padding_phone=&#8221;inherit&#8221; column_padding_position=&#8221;all&#8221; column_element_direction_desktop=&#8221;default&#8221; column_element_spacing=&#8221;default&#8221; desktop_text_alignment=&#8221;default&#8221; tablet_text_alignment=&#8221;default&#8221; phone_text_alignment=&#8221;default&#8221; background_color_opacity=&#8221;1&#8243; background_hover_color_opacity=&#8221;1&#8243; column_backdrop_filter=&#8221;none&#8221; column_shadow=&#8221;none&#8221; column_border_radius=&#8221;none&#8221; column_link_target=&#8221;_self&#8221; column_position=&#8221;default&#8221; gradient_direction=&#8221;left_to_right&#8221; overlay_strength=&#8221;0.3&#8243; width=&#8221;1\/1&#8243; tablet_width_inherit=&#8221;default&#8221; animation_type=&#8221;default&#8221; bg_image_animation=&#8221;none&#8221; border_type=&#8221;simple&#8221; column_border_width=&#8221;none&#8221; column_border_style=&#8221;solid&#8221;][vc_column_text text_direction=&#8221;default&#8221;]Desde 1987, a Les Elfes International, fundada por Philippe e Nicole Stettler, oferece acampamentos de inverno, primavera e ver\u00e3o para crian\u00e7as de 6 a 17 anos em Verbier, Crans-Montana e La Tzoumaz, nos Alpes su\u00ed\u00e7os.<\/p>\n<p>Nossas prioridades s\u00e3o:<\/p>\n<ul>\n<li>a seguran\u00e7a das crian\u00e7as;<\/li>\n<li>o desenvolvimento das crian\u00e7as por meio da socializa\u00e7\u00e3o e de atividades e excurs\u00f5es de qualidade.<\/li>\n<\/ul>\n<p>Nossa miss\u00e3o: as crian\u00e7as saem com lembran\u00e7as que guardar\u00e3o para sempre.<\/p>\n<p>Para completar nossa equipe, estamos procurando pessoas motivadas, respons\u00e1veis e din\u00e2micas que tenham experi\u00eancia de trabalho com crian\u00e7as.<br \/>\nComo voc\u00ea \u00e9 o principal contato com as crian\u00e7as, sua import\u00e2ncia \u00e9 fundamental para nossa miss\u00e3o.<\/p>\n<h3>Requisitos<\/h3>\n<ul>\n<li>Possuir um passaporte da UE. Para outras nacionalidades, s\u00f3 podemos oferecer um contrato GAP (trainee) com validade m\u00e1xima de 90 dias. <\/li>\n<li>Experi\u00eancia de trabalho em um acampamento ou com jovens de 6 a 18 anos de idade<\/li>\n<li>O ingl\u00eas \u00e9 obrigat\u00f3rio, e qualquer outro idioma \u00e9 um diferencial: Toda a comunica\u00e7\u00e3o di\u00e1ria no acampamento entre a equipe e as crian\u00e7as \u00e9 feita em ingl\u00eas.<\/li>\n<li>Ter uma verifica\u00e7\u00e3o CRB (verifica\u00e7\u00e3o de antecedentes criminais) limpa do seu pa\u00eds de origem<\/li>\n<\/ul>\n<h3>Que qualidades estamos procurando?<\/h3>\n<p>Estamos procurando pessoas din\u00e2micas e entusiasmadas que gostem de trabalhar com crian\u00e7as, apoiando-as e incentivando-as a descobrir novas experi\u00eancias\/atividades de forma atenciosa.<\/p>\n<p>Esperamos que voc\u00ea se socialize com as crian\u00e7as, conduza atividades em grupo com pedagogia e seja positivo para oferecer aos nossos campistas f\u00e9rias inesquec\u00edveis.<\/p>\n<p>Para garantir a seguran\u00e7a das crian\u00e7as, procuramos funcion\u00e1rios que sejam pacientes, atenciosos, proativos e capazes de tomar decis\u00f5es em situa\u00e7\u00f5es estressantes.<\/p>\n<p>Para a organiza\u00e7\u00e3o das atividades di\u00e1rias, procuramos pessoas criativas, com esp\u00edrito de equipe, respons\u00e1veis e pontuais.<\/p>\n<p><strong>Abaixo est\u00e3o as vagas abertas; preencha o formul\u00e1rio para o trabalho ao qual voc\u00ea est\u00e1 se candidatando.<\/strong>[\/vc_column_text][\/vc_column][\/vc_row][vc_row type=&#8221;full_width_background&#8221; full_screen_row_position=&#8221;middle&#8221; column_margin=&#8221;default&#8221; column_direction=&#8221;default&#8221; column_direction_tablet=&#8221;default&#8221; column_direction_phone=&#8221;default&#8221; bg_color=&#8221;#f3f3f6&#8243; scene_position=&#8221;center&#8221; top_padding=&#8221;100&#8243; constrain_group_1=&#8221;yes&#8221; bottom_padding=&#8221;100&#8243; text_color=&#8221;dark&#8221; text_align=&#8221;left&#8221; row_border_radius=&#8221;none&#8221; row_border_radius_applies=&#8221;bg&#8221; overflow=&#8221;visible&#8221; overlay_strength=&#8221;0.3&#8243; gradient_direction=&#8221;left_to_right&#8221; shape_divider_position=&#8221;bottom&#8221; bg_image_animation=&#8221;none&#8221; gradient_type=&#8221;default&#8221; shape_type=&#8221;&#8221;][vc_column column_padding=&#8221;no-extra-padding&#8221; column_padding_tablet=&#8221;inherit&#8221; column_padding_phone=&#8221;inherit&#8221; column_padding_position=&#8221;all&#8221; column_element_direction_desktop=&#8221;default&#8221; column_element_spacing=&#8221;default&#8221; desktop_text_alignment=&#8221;default&#8221; tablet_text_alignment=&#8221;default&#8221; phone_text_alignment=&#8221;default&#8221; background_color_opacity=&#8221;1&#8243; background_hover_color_opacity=&#8221;1&#8243; column_backdrop_filter=&#8221;none&#8221; column_shadow=&#8221;none&#8221; column_border_radius=&#8221;none&#8221; column_link_target=&#8221;_self&#8221; column_position=&#8221;default&#8221; gradient_direction=&#8221;left_to_right&#8221; overlay_strength=&#8221;0.3&#8243; width=&#8221;1\/1&#8243; tablet_width_inherit=&#8221;default&#8221; animation_type=&#8221;default&#8221; bg_image_animation=&#8221;none&#8221; border_type=&#8221;simple&#8221; column_border_width=&#8221;none&#8221; column_border_style=&#8221;solid&#8221;][vc_column_text css=&#8221;&#8221; text_direction=&#8221;default&#8221;]\n<h2>Conselheiros de acampamentos de esqui\/snowboard<\/h2>\n<ul>\n<li><strong>Proporcionar um ambiente divertido e seguro para todos os alunos aprenderem e se aperfei\u00e7oarem nas pistas<\/strong><\/li>\n<li><strong>\u00c9 necess\u00e1rio esquiar no n\u00edvel 1<\/strong><\/li>\n<\/ul>\n<p><strong>SUAS PRINCIPAIS TAREFAS:<\/strong><\/p>\n<ul>\n<li>Hor\u00e1rio de trabalho entre 8h e 16h por dia e 3 turnos de anima\u00e7\u00e3o por semana<\/li>\n<li>Trabalhar 6 dias por semana<\/li>\n<li>Contrato sazonal de novembro a maio<\/li>\n<li>Instruir e gerenciar entre 4 e 7 alunos nas pistas<\/li>\n<li>Organizar grupos de esqui com outros instrutores para garantir que os alunos estejam nos n\u00edveis corretos<\/li>\n<li>Almo\u00e7ar e interagir com as crian\u00e7as durante o intervalo do almo\u00e7o<\/li>\n<li>Interagir com os alunos e criar novas mem\u00f3rias para eles<\/li>\n<li>Tirar fotos de todos os alunos do seu grupo de esqui para fazer upload todos os dias em nossas m\u00eddias sociais<\/li>\n<li>Fa\u00e7a parte da equipe de anima\u00e7\u00e3o e ajude por algumas horas \u00e0 tarde\/noite<\/li>\n<li>Crie muitos momentos memor\u00e1veis para os alunos no acampamento<br \/>\nOfere\u00e7a uma premia\u00e7\u00e3o no final da semana para o seu grupo de esqui<\/li>\n<\/ul>\n[\/vc_column_text][nectar_cta btn_style=&#8221;basic&#8221; heading_tag=&#8221;span&#8221; button_color=&#8221;accent-color&#8221; button_color_hover=&#8221;#4d8abf&#8221; text_color=&#8221;#ffffff&#8221; text_color_hover=&#8221;#ffffff&#8221; button_border_thickness=&#8221;0px&#8221; link_type=&#8221;new_tab&#8221; alignment=&#8221;left&#8221; alignment_tablet=&#8221;default&#8221; alignment_phone=&#8221;default&#8221; display=&#8221;block&#8221; display_tablet=&#8221;inherit&#8221; display_phone=&#8221;inherit&#8221; icon_family=&#8221;none&#8221; link_text=&#8221;Iniciar o formul\u00e1rio&#8221; padding_top=&#8221;10&#8243; padding_bottom=&#8221;10&#8243; padding_left=&#8221;31&#8243; padding_right=&#8221;30&#8243; url=&#8221;\/form-ski-snowboard-animator\/&#8221;][\/vc_column][\/vc_row][vc_row type=&#8221;full_width_background&#8221; full_screen_row_position=&#8221;middle&#8221; column_margin=&#8221;default&#8221; column_direction=&#8221;default&#8221; column_direction_tablet=&#8221;default&#8221; column_direction_phone=&#8221;default&#8221; bg_color=&#8221;#f3f3f6&#8243; scene_position=&#8221;center&#8221; top_padding=&#8221;100&#8243; constrain_group_1=&#8221;yes&#8221; bottom_padding=&#8221;100&#8243; text_color=&#8221;dark&#8221; text_align=&#8221;left&#8221; row_border_radius=&#8221;none&#8221; row_border_radius_applies=&#8221;bg&#8221; overflow=&#8221;visible&#8221; overlay_strength=&#8221;0.3&#8243; gradient_direction=&#8221;left_to_right&#8221; shape_divider_position=&#8221;bottom&#8221; bg_image_animation=&#8221;none&#8221; gradient_type=&#8221;default&#8221; shape_type=&#8221;&#8221;][vc_column column_padding=&#8221;no-extra-padding&#8221; column_padding_tablet=&#8221;inherit&#8221; column_padding_phone=&#8221;inherit&#8221; column_padding_position=&#8221;all&#8221; column_element_direction_desktop=&#8221;default&#8221; column_element_spacing=&#8221;default&#8221; desktop_text_alignment=&#8221;default&#8221; tablet_text_alignment=&#8221;default&#8221; phone_text_alignment=&#8221;default&#8221; background_color_opacity=&#8221;1&#8243; background_hover_color_opacity=&#8221;1&#8243; column_backdrop_filter=&#8221;none&#8221; column_shadow=&#8221;none&#8221; column_border_radius=&#8221;none&#8221; column_link_target=&#8221;_self&#8221; column_position=&#8221;default&#8221; gradient_direction=&#8221;left_to_right&#8221; overlay_strength=&#8221;0.3&#8243; width=&#8221;1\/1&#8243; tablet_width_inherit=&#8221;default&#8221; animation_type=&#8221;default&#8221; bg_image_animation=&#8221;none&#8221; border_type=&#8221;simple&#8221; column_border_width=&#8221;none&#8221; column_border_style=&#8221;solid&#8221;][vc_column_text css=&#8221;&#8221; text_direction=&#8221;default&#8221;]\n<h2>Enfermeira<\/h2>\n<ul>\n<li><strong>Necess\u00e1rio: Qualifica\u00e7\u00e3o em enfermagem ou medicina<\/strong><\/li>\n<li><strong>Preferencialmente: Experi\u00eancia anterior em trabalho com crian\u00e7as<\/strong><\/li>\n<\/ul>\n<p><strong>SUAS PRINCIPAIS TAREFAS:<\/strong><\/p>\n<ul>\n<li>Planejar, implementar e avaliar os cuidados de enfermagem para todos os campistas que precisarem<\/li>\n<li>Analise os relat\u00f3rios m\u00e9dicos recebidos antes da chegada das crian\u00e7as<\/li>\n<li>Prestar os primeiros socorros para ferimentos e doen\u00e7as leves<\/li>\n<li>Documentar os medicamentos que s\u00e3o dados aos campistas<\/li>\n<li>Preencher os formul\u00e1rios de acidente e doen\u00e7a<\/li>\n<li>Fazer a liga\u00e7\u00e3o com servi\u00e7os de sa\u00fade externos, como farm\u00e1cias e m\u00e9dicos<\/li>\n<li>Colete os medicamentos dos campistas e guarde-os em um local seguro<\/li>\n<li>Compartilhe informa\u00e7\u00f5es sobre a medica\u00e7\u00e3o di\u00e1ria e a dieta alimentar das crian\u00e7as com os conselheiros do acampamento de esportes na neve<\/li>\n<li>Distribuir medicamentos para as crian\u00e7as conforme as instru\u00e7\u00f5es do m\u00e9dico ou dos pais<\/li>\n<li>Fornecer suporte m\u00e9dico \u00e0 equipe da Les Elfes<\/li>\n<li>Gerenciar o estoque de medicamentos e os kits de primeiros socorros<\/li>\n<\/ul>\n[\/vc_column_text][nectar_cta btn_style=&#8221;basic&#8221; heading_tag=&#8221;span&#8221; button_color=&#8221;accent-color&#8221; button_color_hover=&#8221;#4d8abf&#8221; text_color=&#8221;#ffffff&#8221; text_color_hover=&#8221;#ffffff&#8221; button_border_thickness=&#8221;0px&#8221; link_type=&#8221;new_tab&#8221; alignment=&#8221;left&#8221; alignment_tablet=&#8221;default&#8221; alignment_phone=&#8221;default&#8221; display=&#8221;block&#8221; display_tablet=&#8221;inherit&#8221; display_phone=&#8221;inherit&#8221; icon_family=&#8221;none&#8221; link_text=&#8221;Iniciar o formul\u00e1rio&#8221; padding_top=&#8221;10&#8243; padding_bottom=&#8221;10&#8243; padding_left=&#8221;31&#8243; padding_right=&#8221;30&#8243; url=&#8221;https:\/\/www.leselfes.com\/pt-br\/les-elfes-international-trabalhe-conosco\/formulario-de-enfermeiro\/&#8221;][\/vc_column][\/vc_row]\n","protected":false},"excerpt":{"rendered":"<p>[vc_row type=&#8221;full_width_background&#8221; full_screen_row_position=&#8221;middle&#8221; column_margin=&#8221;default&#8221; column_direction=&#8221;default&#8221; column_direction_tablet=&#8221;default&#8221; column_direction_phone=&#8221;default&#8221; bg_image=&#8221;67277&#8243; bg_position=&#8221;center center&#8221; background_image_loading=&#8221;default&#8221; bg_repeat=&#8221;no-repeat&#8221; full_height=&#8221;yes&#8221; columns_placement=&#8221;stretch&#8221; scene_position=&#8221;center&#8221; text_color=&#8221;dark&#8221; text_align=&#8221;left&#8221; row_border_radius=&#8221;none&#8221; row_border_radius_applies=&#8221;bg&#8221; overflow=&#8221;visible&#8221; enable_gradient=&#8221;true&#8221; color_overlay=&#8221;#000000&#8243; color_overlay_2=&#8221;rgba(255,255,255,0.01)&#8221; overlay_strength=&#8221;0.5&#8243; gradient_direction=&#8221;top_to_bottom&#8221; shape_divider_position=&#8221;bottom&#8221; bg_image_animation=&#8221;none&#8221; gradient_type=&#8221;default&#8221; shape_type=&#8221;&#8221;][vc_column column_padding=&#8221;no-extra-padding&#8221;&#8230;<\/p>\n","protected":false},"author":1,"featured_media":0,"parent":0,"menu_order":0,"comment_status":"closed","ping_status":"closed","template":"","meta":{"_acf_changed":false,"inline_featured_image":false,"footnotes":""},"class_list":["post-91349","page","type-page","status-publish"],"acf":[],"yoast_head":"<!-- This site is optimized with the Yoast SEO Premium plugin v24.2 (Yoast SEO v24.7) - https:\/\/yoast.com\/wordpress\/plugins\/seo\/ -->\n<title>Les Elfes International - Trabalhe conosco - Les Elfes International Camps Switzerland<\/title>\n<meta name=\"description\" content=\"Junte-se \u00e0 nossa equipe nos acampamentos da Les Elfes International! Estamos procurando uma equipe din\u00e2mica para enriquecer nossos programas de inverno, primavera e ver\u00e3o. Inscreva-se hoje mesmo!\" \/>\n<meta name=\"robots\" content=\"index, follow, max-snippet:-1, max-image-preview:large, max-video-preview:-1\" \/>\n<link rel=\"canonical\" href=\"https:\/\/www.leselfes.com\/pt-br\/les-elfes-international-trabalhe-conosco\/\" \/>\n<meta property=\"og:locale\" content=\"pt_BR\" \/>\n<meta property=\"og:type\" content=\"article\" \/>\n<meta property=\"og:title\" content=\"Les Elfes International - Trabalhe conosco\" \/>\n<meta property=\"og:description\" content=\"Junte-se \u00e0 nossa equipe nos acampamentos da Les Elfes International! Estamos procurando uma equipe din\u00e2mica para enriquecer nossos programas de inverno, primavera e ver\u00e3o. Inscreva-se hoje mesmo!\" \/>\n<meta property=\"og:url\" content=\"https:\/\/www.leselfes.com\/pt-br\/les-elfes-international-trabalhe-conosco\/\" \/>\n<meta property=\"og:site_name\" content=\"Les Elfes International Camps Switzerland\" \/>\n<meta property=\"article:publisher\" content=\"https:\/\/www.facebook.com\/LesElfesVerbier\" \/>\n<meta property=\"article:modified_time\" content=\"2025-03-14T12:58:39+00:00\" \/>\n<meta property=\"og:image\" content=\"https:\/\/www.leselfes.com\/wp-content\/uploads\/2022\/02\/Les-Elfes-International-summer-camp-Switzerland-Staff-Mobile-591x555-1.jpg\" \/>\n\t<meta property=\"og:image:width\" content=\"591\" \/>\n\t<meta property=\"og:image:height\" content=\"555\" \/>\n\t<meta property=\"og:image:type\" content=\"image\/jpeg\" \/>\n<meta name=\"twitter:card\" content=\"summary_large_image\" \/>\n<meta name=\"twitter:site\" content=\"@LesElfesCamps\" \/>\n<meta name=\"twitter:label1\" content=\"Est. tempo de leitura\" \/>\n\t<meta name=\"twitter:data1\" content=\"9 minutos\" \/>\n<script type=\"application\/ld+json\" class=\"yoast-schema-graph\">{\"@context\":\"https:\/\/schema.org\",\"@graph\":[{\"@type\":\"WebPage\",\"@id\":\"https:\/\/www.leselfes.com\/pt-br\/les-elfes-international-trabalhe-conosco\/\",\"url\":\"https:\/\/www.leselfes.com\/pt-br\/les-elfes-international-trabalhe-conosco\/\",\"name\":\"Les Elfes International - Trabalhe conosco - Les Elfes International Camps Switzerland\",\"isPartOf\":{\"@id\":\"https:\/\/dev.leselfes.com\/#website\"},\"datePublished\":\"2023-03-30T09:08:11+00:00\",\"dateModified\":\"2025-03-14T12:58:39+00:00\",\"description\":\"Junte-se \u00e0 nossa equipe nos acampamentos da Les Elfes International! Estamos procurando uma equipe din\u00e2mica para enriquecer nossos programas de inverno, primavera e ver\u00e3o. Inscreva-se hoje mesmo!\",\"breadcrumb\":{\"@id\":\"https:\/\/www.leselfes.com\/pt-br\/les-elfes-international-trabalhe-conosco\/#breadcrumb\"},\"inLanguage\":\"pt-BR\",\"potentialAction\":[{\"@type\":\"ReadAction\",\"target\":[\"https:\/\/www.leselfes.com\/pt-br\/les-elfes-international-trabalhe-conosco\/\"]}]},{\"@type\":\"BreadcrumbList\",\"@id\":\"https:\/\/www.leselfes.com\/pt-br\/les-elfes-international-trabalhe-conosco\/#breadcrumb\",\"itemListElement\":[{\"@type\":\"ListItem\",\"position\":1,\"name\":\"Home\",\"item\":\"https:\/\/www.leselfes.com\/pt-br\/\"},{\"@type\":\"ListItem\",\"position\":2,\"name\":\"Les Elfes International &#8211; Trabalhe conosco\"}]},{\"@type\":\"WebSite\",\"@id\":\"https:\/\/dev.leselfes.com\/#website\",\"url\":\"https:\/\/dev.leselfes.com\/\",\"name\":\"Les Elfes International\",\"description\":\"Les Elfes International, Verbier Switzerland. Summer Camp, Winter Camp, Spring Camps.\",\"publisher\":{\"@id\":\"https:\/\/dev.leselfes.com\/#organization\"},\"alternateName\":\"Les Elfes International\",\"potentialAction\":[{\"@type\":\"SearchAction\",\"target\":{\"@type\":\"EntryPoint\",\"urlTemplate\":\"https:\/\/dev.leselfes.com\/?s={search_term_string}\"},\"query-input\":{\"@type\":\"PropertyValueSpecification\",\"valueRequired\":true,\"valueName\":\"search_term_string\"}}],\"inLanguage\":\"pt-BR\"},{\"@type\":\"Organization\",\"@id\":\"https:\/\/dev.leselfes.com\/#organization\",\"name\":\"Les Elfes International\",\"alternateName\":\"Les Elfes International\",\"url\":\"https:\/\/dev.leselfes.com\/\",\"logo\":{\"@type\":\"ImageObject\",\"inLanguage\":\"pt-BR\",\"@id\":\"https:\/\/dev.leselfes.com\/#\/schema\/logo\/image\/\",\"url\":\"https:\/\/www.leselfes.com\/wp-content\/uploads\/2022\/03\/leselfes-logo.png\",\"contentUrl\":\"https:\/\/www.leselfes.com\/wp-content\/uploads\/2022\/03\/leselfes-logo.png\",\"width\":233,\"height\":51,\"caption\":\"Les Elfes International\"},\"image\":{\"@id\":\"https:\/\/dev.leselfes.com\/#\/schema\/logo\/image\/\"},\"sameAs\":[\"https:\/\/www.facebook.com\/LesElfesVerbier\",\"https:\/\/x.com\/LesElfesCamps\",\"https:\/\/www.instagram.com\/leselfes\",\"https:\/\/www.linkedin.com\/company\/les-elfes-international\",\"https:\/\/www.youtube.com\/user\/LesElfesVerbier\"]}]}<\/script>\n<!-- \/ Yoast SEO Premium plugin. -->","yoast_head_json":{"title":"Les Elfes International - Trabalhe conosco - Les Elfes International Camps Switzerland","description":"Junte-se \u00e0 nossa equipe nos acampamentos da Les Elfes International! Estamos procurando uma equipe din\u00e2mica para enriquecer nossos programas de inverno, primavera e ver\u00e3o. Inscreva-se hoje mesmo!","robots":{"index":"index","follow":"follow","max-snippet":"max-snippet:-1","max-image-preview":"max-image-preview:large","max-video-preview":"max-video-preview:-1"},"canonical":"https:\/\/www.leselfes.com\/pt-br\/les-elfes-international-trabalhe-conosco\/","og_locale":"pt_BR","og_type":"article","og_title":"Les Elfes International - Trabalhe conosco","og_description":"Junte-se \u00e0 nossa equipe nos acampamentos da Les Elfes International! Estamos procurando uma equipe din\u00e2mica para enriquecer nossos programas de inverno, primavera e ver\u00e3o. Inscreva-se hoje mesmo!","og_url":"https:\/\/www.leselfes.com\/pt-br\/les-elfes-international-trabalhe-conosco\/","og_site_name":"Les Elfes International Camps Switzerland","article_publisher":"https:\/\/www.facebook.com\/LesElfesVerbier","article_modified_time":"2025-03-14T12:58:39+00:00","og_image":[{"width":591,"height":555,"url":"https:\/\/www.leselfes.com\/wp-content\/uploads\/2022\/02\/Les-Elfes-International-summer-camp-Switzerland-Staff-Mobile-591x555-1.jpg","type":"image\/jpeg"}],"twitter_card":"summary_large_image","twitter_site":"@LesElfesCamps","twitter_misc":{"Est. tempo de leitura":"9 minutos"},"schema":{"@context":"https:\/\/schema.org","@graph":[{"@type":"WebPage","@id":"https:\/\/www.leselfes.com\/pt-br\/les-elfes-international-trabalhe-conosco\/","url":"https:\/\/www.leselfes.com\/pt-br\/les-elfes-international-trabalhe-conosco\/","name":"Les Elfes International - Trabalhe conosco - Les Elfes International Camps Switzerland","isPartOf":{"@id":"https:\/\/dev.leselfes.com\/#website"},"datePublished":"2023-03-30T09:08:11+00:00","dateModified":"2025-03-14T12:58:39+00:00","description":"Junte-se \u00e0 nossa equipe nos acampamentos da Les Elfes International! Estamos procurando uma equipe din\u00e2mica para enriquecer nossos programas de inverno, primavera e ver\u00e3o. Inscreva-se hoje mesmo!","breadcrumb":{"@id":"https:\/\/www.leselfes.com\/pt-br\/les-elfes-international-trabalhe-conosco\/#breadcrumb"},"inLanguage":"pt-BR","potentialAction":[{"@type":"ReadAction","target":["https:\/\/www.leselfes.com\/pt-br\/les-elfes-international-trabalhe-conosco\/"]}]},{"@type":"BreadcrumbList","@id":"https:\/\/www.leselfes.com\/pt-br\/les-elfes-international-trabalhe-conosco\/#breadcrumb","itemListElement":[{"@type":"ListItem","position":1,"name":"Home","item":"https:\/\/www.leselfes.com\/pt-br\/"},{"@type":"ListItem","position":2,"name":"Les Elfes International &#8211; Trabalhe conosco"}]},{"@type":"WebSite","@id":"https:\/\/dev.leselfes.com\/#website","url":"https:\/\/dev.leselfes.com\/","name":"Les Elfes International","description":"Les Elfes International, Verbier Switzerland. Summer Camp, Winter Camp, Spring Camps.","publisher":{"@id":"https:\/\/dev.leselfes.com\/#organization"},"alternateName":"Les Elfes International","potentialAction":[{"@type":"SearchAction","target":{"@type":"EntryPoint","urlTemplate":"https:\/\/dev.leselfes.com\/?s={search_term_string}"},"query-input":{"@type":"PropertyValueSpecification","valueRequired":true,"valueName":"search_term_string"}}],"inLanguage":"pt-BR"},{"@type":"Organization","@id":"https:\/\/dev.leselfes.com\/#organization","name":"Les Elfes International","alternateName":"Les Elfes International","url":"https:\/\/dev.leselfes.com\/","logo":{"@type":"ImageObject","inLanguage":"pt-BR","@id":"https:\/\/dev.leselfes.com\/#\/schema\/logo\/image\/","url":"https:\/\/www.leselfes.com\/wp-content\/uploads\/2022\/03\/leselfes-logo.png","contentUrl":"https:\/\/www.leselfes.com\/wp-content\/uploads\/2022\/03\/leselfes-logo.png","width":233,"height":51,"caption":"Les Elfes International"},"image":{"@id":"https:\/\/dev.leselfes.com\/#\/schema\/logo\/image\/"},"sameAs":["https:\/\/www.facebook.com\/LesElfesVerbier","https:\/\/x.com\/LesElfesCamps","https:\/\/www.instagram.com\/leselfes","https:\/\/www.linkedin.com\/company\/les-elfes-international","https:\/\/www.youtube.com\/user\/LesElfesVerbier"]}]}},"_links":{"self":[{"href":"https:\/\/www.leselfes.com\/pt-br\/wp-json\/wp\/v2\/pages\/91349"}],"collection":[{"href":"https:\/\/www.leselfes.com\/pt-br\/wp-json\/wp\/v2\/pages"}],"about":[{"href":"https:\/\/www.leselfes.com\/pt-br\/wp-json\/wp\/v2\/types\/page"}],"author":[{"embeddable":true,"href":"https:\/\/www.leselfes.com\/pt-br\/wp-json\/wp\/v2\/users\/1"}],"replies":[{"embeddable":true,"href":"https:\/\/www.leselfes.com\/pt-br\/wp-json\/wp\/v2\/comments?post=91349"}],"version-history":[{"count":5,"href":"https:\/\/www.leselfes.com\/pt-br\/wp-json\/wp\/v2\/pages\/91349\/revisions"}],"predecessor-version":[{"id":110570,"href":"https:\/\/www.leselfes.com\/pt-br\/wp-json\/wp\/v2\/pages\/91349\/revisions\/110570"}],"wp:attachment":[{"href":"https:\/\/www.leselfes.com\/pt-br\/wp-json\/wp\/v2\/media?parent=91349"}],"curies":[{"name":"wp","href":"https:\/\/api.w.org\/{rel}","templated":true}]}}