{"id":85761,"date":"2019-09-12T08:54:41","date_gmt":"2019-09-12T06:54:41","guid":{"rendered":"https:\/\/www.leselfes.com\/politica-de-privacidade\/"},"modified":"2024-10-02T17:36:06","modified_gmt":"2024-10-02T15:36:06","slug":"politica-de-privacidade","status":"publish","type":"page","link":"https:\/\/www.leselfes.com\/pt-pt\/politica-de-privacidade\/","title":{"rendered":"Pol\u00edtica de privacidade"},"content":{"rendered":"[vc_row type=&#8221;in_container&#8221; full_screen_row_position=&#8221;middle&#8221; column_margin=&#8221;default&#8221; column_direction=&#8221;default&#8221; column_direction_tablet=&#8221;default&#8221; column_direction_phone=&#8221;default&#8221; scene_position=&#8221;center&#8221; top_padding=&#8221;0&#8243; bottom_padding=&#8221;100&#8243; text_color=&#8221;dark&#8221; text_align=&#8221;left&#8221; row_border_radius=&#8221;none&#8221; row_border_radius_applies=&#8221;bg&#8221; overflow=&#8221;visible&#8221; overlay_strength=&#8221;0.3&#8243; gradient_direction=&#8221;left_to_right&#8221; shape_divider_position=&#8221;bottom&#8221; bg_image_animation=&#8221;none&#8221; gradient_type=&#8221;default&#8221; shape_type=&#8221;&#8221;][vc_column column_padding=&#8221;no-extra-padding&#8221; column_padding_tablet=&#8221;inherit&#8221; column_padding_phone=&#8221;inherit&#8221; column_padding_position=&#8221;all&#8221; column_element_direction_desktop=&#8221;default&#8221; column_element_spacing=&#8221;default&#8221; desktop_text_alignment=&#8221;default&#8221; tablet_text_alignment=&#8221;default&#8221; phone_text_alignment=&#8221;default&#8221; background_color_opacity=&#8221;1&#8243; background_hover_color_opacity=&#8221;1&#8243; column_backdrop_filter=&#8221;none&#8221; column_shadow=&#8221;none&#8221; column_border_radius=&#8221;none&#8221; column_link_target=&#8221;_self&#8221; column_position=&#8221;default&#8221; gradient_direction=&#8221;left_to_right&#8221; overlay_strength=&#8221;0.3&#8243; width=&#8221;1\/1&#8243; tablet_width_inherit=&#8221;default&#8221; animation_type=&#8221;default&#8221; bg_image_animation=&#8221;none&#8221; border_type=&#8221;simple&#8221; column_border_width=&#8221;none&#8221; column_border_style=&#8221;solid&#8221;][vc_column_text text_direction=&#8221;default&#8221;]\n<h1 style=\"text-align: center;\">Pol\u00edtica de privacidade<\/h1>\n[\/vc_column_text][divider line_type=&#8221;No Line&#8221; custom_height=&#8221;50&#8243;][vc_column_text el_class=&#8221;fs35&#8243; text_direction=&#8221;default&#8221;]\n<h2>Que dados pessoais recolhemos e porque os recolhemos<\/h2>\n[\/vc_column_text][vc_column_text text_direction=&#8221;default&#8221;]\n<h3>Coment\u00e1rios<\/h3>\n<p>  Quando os visitantes deixam coment\u00e1rios no site, recolhemos os dados apresentados no formul\u00e1rio de coment\u00e1rios, bem como o endere\u00e7o IP do visitante e a cadeia de agentes do utilizador do browser para ajudar na dete\u00e7\u00e3o de spam.<br \/>\nUma cadeia an\u00f3nima criada a partir do teu endere\u00e7o de e-mail (tamb\u00e9m designada por hash) pode ser fornecida ao servi\u00e7o Gravatar para verificar se o est\u00e1s a utilizar.<br \/>\nA pol\u00edtica de privacidade do servi\u00e7o Gravatar est\u00e1 dispon\u00edvel aqui: https:\/\/automattic.com\/privacy\/. Ap\u00f3s a aprova\u00e7\u00e3o do teu coment\u00e1rio, a tua fotografia de perfil fica vis\u00edvel para o p\u00fablico no contexto do teu coment\u00e1rio.    <\/p>\n<h3>Meios de comunica\u00e7\u00e3o social<\/h3>\n<p>  Se carregares imagens para o s\u00edtio Web, deves evitar carregar imagens com dados de localiza\u00e7\u00e3o incorporados (EXIF GPS).<br \/>\nOs visitantes do s\u00edtio Web podem descarregar e extrair quaisquer dados de localiza\u00e7\u00e3o das imagens no s\u00edtio Web.   <\/p>\n<h3>Cookies<\/h3>\n<p>  Se deixares um coment\u00e1rio no nosso site, podes optar por guardar o teu nome, endere\u00e7o de e-mail e site nos cookies.<br \/>\nEstes s\u00e3o para tua conveni\u00eancia, para que n\u00e3o tenhas de preencher os teus dados novamente quando deixares outro coment\u00e1rio.<br \/>\nEstes cookies t\u00eam a dura\u00e7\u00e3o de um ano.<br \/>\nSe tiveres uma conta e iniciares sess\u00e3o neste site, definiremos um cookie tempor\u00e1rio para determinar se o teu browser aceita cookies.<br \/>\nEste cookie n\u00e3o cont\u00e9m dados pessoais e \u00e9 eliminado quando fechas o teu browser.<br \/>\nQuando inicias sess\u00e3o, tamb\u00e9m configuramos v\u00e1rios cookies para guardar as tuas informa\u00e7\u00f5es de in\u00edcio de sess\u00e3o e as tuas op\u00e7\u00f5es de visualiza\u00e7\u00e3o do ecr\u00e3.<br \/>\nOs cookies de in\u00edcio de sess\u00e3o duram dois dias e os cookies de op\u00e7\u00f5es de ecr\u00e3 duram um ano.<br \/>\nSe seleccionares &#8220;Lembrar-me&#8221;, o teu in\u00edcio de sess\u00e3o persistir\u00e1 durante duas semanas.<br \/>\nSe terminares a sess\u00e3o na tua conta, os cookies de in\u00edcio de sess\u00e3o ser\u00e3o removidos.<br \/>\nSe editares ou publicares um artigo, ser\u00e1 guardado um cookie adicional no teu browser.<br \/>\nEste cookie n\u00e3o inclui dados pessoais e indica simplesmente o ID de publica\u00e7\u00e3o do artigo que acabaste de editar.<br \/>\nExpira ao fim de 1 dia.             <\/p>\n<h3>Conte\u00fado incorporado de outros s\u00edtios Web<\/h3>\n<p>  Os artigos deste s\u00edtio podem incluir conte\u00fados incorporados (por exemplo, v\u00eddeos, imagens, artigos, etc.).<br \/>\nO conte\u00fado incorporado de outros s\u00edtios Web comporta-se exatamente da mesma forma como se o visitante tivesse visitado o outro s\u00edtio Web.<br \/>\nEstes sites podem recolher dados sobre ti, utilizar cookies, incorporar rastreio adicional de terceiros e monitorizar a tua intera\u00e7\u00e3o com esse conte\u00fado incorporado, incluindo o rastreio da tua intera\u00e7\u00e3o com o conte\u00fado incorporado se tiveres uma conta e estiveres ligado a esse site.<\/p>\n[\/vc_column_text][vc_column_text el_class=&#8221;fs35&#8243; text_direction=&#8221;default&#8221;]\n<h2>Durante quanto tempo conservamos os teus dados<\/h2>\n[\/vc_column_text][vc_column_text text_direction=&#8221;default&#8221;]\n<p>Se deixares um coment\u00e1rio, o coment\u00e1rio e os seus metadados s\u00e3o mantidos indefinidamente.<br \/>\nIsto \u00e9 para que possamos reconhecer e aprovar automaticamente quaisquer coment\u00e1rios posteriores, em vez de os mantermos numa fila de modera\u00e7\u00e3o.<br \/>\nPara os utilizadores que se registam no nosso Web site (caso existam), tamb\u00e9m guardamos as informa\u00e7\u00f5es pessoais que fornecem no seu perfil de utilizador.<br \/>\nTodos os utilizadores podem ver, editar ou eliminar as suas informa\u00e7\u00f5es pessoais em qualquer altura (exceto que n\u00e3o podem alterar o seu nome de utilizador).<br \/>\nOs administradores do site tamb\u00e9m podem ver e editar essas informa\u00e7\u00f5es.<\/p>\n[\/vc_column_text][vc_column_text el_class=&#8221;fs35&#8243; text_direction=&#8221;default&#8221;]\n<h2>Que direitos tens sobre os teus dados<\/h2>\n[\/vc_column_text][vc_column_text text_direction=&#8221;default&#8221;]\n<p>Se tens uma conta neste s\u00edtio ou deixaste coment\u00e1rios, podes pedir para receber um ficheiro exportado dos dados pessoais que temos sobre ti, incluindo quaisquer dados que nos tenhas fornecido.<br \/>\nTamb\u00e9m podes pedir que apaguemos quaisquer dados pessoais que tenhamos sobre ti.<br \/>\nIsto n\u00e3o inclui quaisquer dados que sejamos obrigados a manter para fins administrativos, legais ou de seguran\u00e7a.<\/p>\n[\/vc_column_text][vc_column_text el_class=&#8221;fs35&#8243; text_direction=&#8221;default&#8221;]\n<h2>Para onde enviamos os teus dados<\/h2>\n[\/vc_column_text][vc_column_text text_direction=&#8221;default&#8221;]\n<p>Os coment\u00e1rios dos visitantes podem ser verificados atrav\u00e9s de um servi\u00e7o autom\u00e1tico de dete\u00e7\u00e3o de spam.<\/p>\n[\/vc_column_text][\/vc_column][\/vc_row]\n","protected":false},"excerpt":{"rendered":"<p>[vc_row type=&#8221;in_container&#8221; full_screen_row_position=&#8221;middle&#8221; column_margin=&#8221;default&#8221; column_direction=&#8221;default&#8221; column_direction_tablet=&#8221;default&#8221; column_direction_phone=&#8221;default&#8221; scene_position=&#8221;center&#8221; top_padding=&#8221;0&#8243; bottom_padding=&#8221;100&#8243; text_color=&#8221;dark&#8221; text_align=&#8221;left&#8221; row_border_radius=&#8221;none&#8221; row_border_radius_applies=&#8221;bg&#8221; overflow=&#8221;visible&#8221; overlay_strength=&#8221;0.3&#8243; gradient_direction=&#8221;left_to_right&#8221; shape_divider_position=&#8221;bottom&#8221; bg_image_animation=&#8221;none&#8221; gradient_type=&#8221;default&#8221; shape_type=&#8221;&#8221;][vc_column column_padding=&#8221;no-extra-padding&#8221; column_padding_tablet=&#8221;inherit&#8221; column_padding_phone=&#8221;inherit&#8221; column_padding_position=&#8221;all&#8221; column_element_direction_desktop=&#8221;default&#8221; column_element_spacing=&#8221;default&#8221; desktop_text_alignment=&#8221;default&#8221; tablet_text_alignment=&#8221;default&#8221; phone_text_alignment=&#8221;default&#8221;&#8230;<\/p>\n","protected":false},"author":1,"featured_media":0,"parent":0,"menu_order":0,"comment_status":"closed","ping_status":"closed","template":"","meta":{"_acf_changed":false,"inline_featured_image":false,"footnotes":""},"class_list":["post-85761","page","type-page","status-publish"],"acf":[],"yoast_head":"<!-- This site is optimized with the Yoast SEO Premium plugin v24.2 (Yoast SEO v24.7) - https:\/\/yoast.com\/wordpress\/plugins\/seo\/ -->\n<title>Pol\u00edtica de privacidade - Les Elfes International Camps Switzerland<\/title>\n<meta name=\"description\" content=\"Reveja nossa Pol\u00edtica de Privacidade para entender como os acampamentos Les Elfes International protegem suas informa\u00e7\u00f5es pessoais e respeitam sua privacidade.\" \/>\n<meta name=\"robots\" content=\"index, follow, max-snippet:-1, max-image-preview:large, max-video-preview:-1\" \/>\n<link rel=\"canonical\" href=\"https:\/\/www.leselfes.com\/pt-pt\/politica-de-privacidade\/\" \/>\n<meta property=\"og:locale\" content=\"pt_PT\" \/>\n<meta property=\"og:type\" content=\"article\" \/>\n<meta property=\"og:title\" content=\"Pol\u00edtica de privacidade\" \/>\n<meta property=\"og:description\" content=\"Reveja nossa Pol\u00edtica de Privacidade para entender como os acampamentos Les Elfes International protegem suas informa\u00e7\u00f5es pessoais e respeitam sua privacidade.\" \/>\n<meta property=\"og:url\" content=\"https:\/\/www.leselfes.com\/pt-pt\/politica-de-privacidade\/\" \/>\n<meta property=\"og:site_name\" content=\"Les Elfes International Camps Switzerland\" \/>\n<meta property=\"article:publisher\" content=\"https:\/\/www.facebook.com\/LesElfesVerbier\" \/>\n<meta property=\"article:modified_time\" content=\"2024-10-02T15:36:06+00:00\" \/>\n<meta property=\"og:image\" content=\"https:\/\/www.leselfes.com\/wp-content\/uploads\/2022\/02\/Les-Elfes-International-summer-camp-Switzerland-Staff-Mobile-591x555-1.jpg\" \/>\n\t<meta property=\"og:image:width\" content=\"591\" \/>\n\t<meta property=\"og:image:height\" content=\"555\" \/>\n\t<meta property=\"og:image:type\" content=\"image\/jpeg\" \/>\n<meta name=\"twitter:card\" content=\"summary_large_image\" \/>\n<meta name=\"twitter:site\" content=\"@LesElfesCamps\" \/>\n<meta name=\"twitter:label1\" content=\"Tempo estimado de leitura\" \/>\n\t<meta name=\"twitter:data1\" content=\"5 minutos\" \/>\n<script type=\"application\/ld+json\" class=\"yoast-schema-graph\">{\"@context\":\"https:\/\/schema.org\",\"@graph\":[{\"@type\":\"WebPage\",\"@id\":\"https:\/\/www.leselfes.com\/pt-pt\/politica-de-privacidade\/\",\"url\":\"https:\/\/www.leselfes.com\/pt-pt\/politica-de-privacidade\/\",\"name\":\"Pol\u00edtica de privacidade - Les Elfes International Camps Switzerland\",\"isPartOf\":{\"@id\":\"https:\/\/dev.leselfes.com\/#website\"},\"datePublished\":\"2019-09-12T06:54:41+00:00\",\"dateModified\":\"2024-10-02T15:36:06+00:00\",\"description\":\"Reveja nossa Pol\u00edtica de Privacidade para entender como os acampamentos Les Elfes International protegem suas informa\u00e7\u00f5es pessoais e respeitam sua privacidade.\",\"breadcrumb\":{\"@id\":\"https:\/\/www.leselfes.com\/pt-pt\/politica-de-privacidade\/#breadcrumb\"},\"inLanguage\":\"pt-PT\",\"potentialAction\":[{\"@type\":\"ReadAction\",\"target\":[\"https:\/\/www.leselfes.com\/pt-pt\/politica-de-privacidade\/\"]}]},{\"@type\":\"BreadcrumbList\",\"@id\":\"https:\/\/www.leselfes.com\/pt-pt\/politica-de-privacidade\/#breadcrumb\",\"itemListElement\":[{\"@type\":\"ListItem\",\"position\":1,\"name\":\"Home\",\"item\":\"https:\/\/www.leselfes.com\/pt-pt\/\"},{\"@type\":\"ListItem\",\"position\":2,\"name\":\"Pol\u00edtica de privacidade\"}]},{\"@type\":\"WebSite\",\"@id\":\"https:\/\/dev.leselfes.com\/#website\",\"url\":\"https:\/\/dev.leselfes.com\/\",\"name\":\"Les Elfes International\",\"description\":\"Les Elfes International, Verbier Switzerland. Summer Camp, Winter Camp, Spring Camps.\",\"publisher\":{\"@id\":\"https:\/\/dev.leselfes.com\/#organization\"},\"alternateName\":\"Les Elfes International\",\"potentialAction\":[{\"@type\":\"SearchAction\",\"target\":{\"@type\":\"EntryPoint\",\"urlTemplate\":\"https:\/\/dev.leselfes.com\/?s={search_term_string}\"},\"query-input\":{\"@type\":\"PropertyValueSpecification\",\"valueRequired\":true,\"valueName\":\"search_term_string\"}}],\"inLanguage\":\"pt-PT\"},{\"@type\":\"Organization\",\"@id\":\"https:\/\/dev.leselfes.com\/#organization\",\"name\":\"Les Elfes International\",\"alternateName\":\"Les Elfes International\",\"url\":\"https:\/\/dev.leselfes.com\/\",\"logo\":{\"@type\":\"ImageObject\",\"inLanguage\":\"pt-PT\",\"@id\":\"https:\/\/dev.leselfes.com\/#\/schema\/logo\/image\/\",\"url\":\"https:\/\/www.leselfes.com\/wp-content\/uploads\/2022\/03\/leselfes-logo.png\",\"contentUrl\":\"https:\/\/www.leselfes.com\/wp-content\/uploads\/2022\/03\/leselfes-logo.png\",\"width\":233,\"height\":51,\"caption\":\"Les Elfes International\"},\"image\":{\"@id\":\"https:\/\/dev.leselfes.com\/#\/schema\/logo\/image\/\"},\"sameAs\":[\"https:\/\/www.facebook.com\/LesElfesVerbier\",\"https:\/\/x.com\/LesElfesCamps\",\"https:\/\/www.instagram.com\/leselfes\",\"https:\/\/www.linkedin.com\/company\/les-elfes-international\",\"https:\/\/www.youtube.com\/user\/LesElfesVerbier\"]}]}<\/script>\n<!-- \/ Yoast SEO Premium plugin. -->","yoast_head_json":{"title":"Pol\u00edtica de privacidade - Les Elfes International Camps Switzerland","description":"Reveja nossa Pol\u00edtica de Privacidade para entender como os acampamentos Les Elfes International protegem suas informa\u00e7\u00f5es pessoais e respeitam sua privacidade.","robots":{"index":"index","follow":"follow","max-snippet":"max-snippet:-1","max-image-preview":"max-image-preview:large","max-video-preview":"max-video-preview:-1"},"canonical":"https:\/\/www.leselfes.com\/pt-pt\/politica-de-privacidade\/","og_locale":"pt_PT","og_type":"article","og_title":"Pol\u00edtica de privacidade","og_description":"Reveja nossa Pol\u00edtica de Privacidade para entender como os acampamentos Les Elfes International protegem suas informa\u00e7\u00f5es pessoais e respeitam sua privacidade.","og_url":"https:\/\/www.leselfes.com\/pt-pt\/politica-de-privacidade\/","og_site_name":"Les Elfes International Camps Switzerland","article_publisher":"https:\/\/www.facebook.com\/LesElfesVerbier","article_modified_time":"2024-10-02T15:36:06+00:00","og_image":[{"width":591,"height":555,"url":"https:\/\/www.leselfes.com\/wp-content\/uploads\/2022\/02\/Les-Elfes-International-summer-camp-Switzerland-Staff-Mobile-591x555-1.jpg","type":"image\/jpeg"}],"twitter_card":"summary_large_image","twitter_site":"@LesElfesCamps","twitter_misc":{"Tempo estimado de leitura":"5 minutos"},"schema":{"@context":"https:\/\/schema.org","@graph":[{"@type":"WebPage","@id":"https:\/\/www.leselfes.com\/pt-pt\/politica-de-privacidade\/","url":"https:\/\/www.leselfes.com\/pt-pt\/politica-de-privacidade\/","name":"Pol\u00edtica de privacidade - Les Elfes International Camps Switzerland","isPartOf":{"@id":"https:\/\/dev.leselfes.com\/#website"},"datePublished":"2019-09-12T06:54:41+00:00","dateModified":"2024-10-02T15:36:06+00:00","description":"Reveja nossa Pol\u00edtica de Privacidade para entender como os acampamentos Les Elfes International protegem suas informa\u00e7\u00f5es pessoais e respeitam sua privacidade.","breadcrumb":{"@id":"https:\/\/www.leselfes.com\/pt-pt\/politica-de-privacidade\/#breadcrumb"},"inLanguage":"pt-PT","potentialAction":[{"@type":"ReadAction","target":["https:\/\/www.leselfes.com\/pt-pt\/politica-de-privacidade\/"]}]},{"@type":"BreadcrumbList","@id":"https:\/\/www.leselfes.com\/pt-pt\/politica-de-privacidade\/#breadcrumb","itemListElement":[{"@type":"ListItem","position":1,"name":"Home","item":"https:\/\/www.leselfes.com\/pt-pt\/"},{"@type":"ListItem","position":2,"name":"Pol\u00edtica de privacidade"}]},{"@type":"WebSite","@id":"https:\/\/dev.leselfes.com\/#website","url":"https:\/\/dev.leselfes.com\/","name":"Les Elfes International","description":"Les Elfes International, Verbier Switzerland. Summer Camp, Winter Camp, Spring Camps.","publisher":{"@id":"https:\/\/dev.leselfes.com\/#organization"},"alternateName":"Les Elfes International","potentialAction":[{"@type":"SearchAction","target":{"@type":"EntryPoint","urlTemplate":"https:\/\/dev.leselfes.com\/?s={search_term_string}"},"query-input":{"@type":"PropertyValueSpecification","valueRequired":true,"valueName":"search_term_string"}}],"inLanguage":"pt-PT"},{"@type":"Organization","@id":"https:\/\/dev.leselfes.com\/#organization","name":"Les Elfes International","alternateName":"Les Elfes International","url":"https:\/\/dev.leselfes.com\/","logo":{"@type":"ImageObject","inLanguage":"pt-PT","@id":"https:\/\/dev.leselfes.com\/#\/schema\/logo\/image\/","url":"https:\/\/www.leselfes.com\/wp-content\/uploads\/2022\/03\/leselfes-logo.png","contentUrl":"https:\/\/www.leselfes.com\/wp-content\/uploads\/2022\/03\/leselfes-logo.png","width":233,"height":51,"caption":"Les Elfes International"},"image":{"@id":"https:\/\/dev.leselfes.com\/#\/schema\/logo\/image\/"},"sameAs":["https:\/\/www.facebook.com\/LesElfesVerbier","https:\/\/x.com\/LesElfesCamps","https:\/\/www.instagram.com\/leselfes","https:\/\/www.linkedin.com\/company\/les-elfes-international","https:\/\/www.youtube.com\/user\/LesElfesVerbier"]}]}},"_links":{"self":[{"href":"https:\/\/www.leselfes.com\/pt-pt\/wp-json\/wp\/v2\/pages\/85761"}],"collection":[{"href":"https:\/\/www.leselfes.com\/pt-pt\/wp-json\/wp\/v2\/pages"}],"about":[{"href":"https:\/\/www.leselfes.com\/pt-pt\/wp-json\/wp\/v2\/types\/page"}],"author":[{"embeddable":true,"href":"https:\/\/www.leselfes.com\/pt-pt\/wp-json\/wp\/v2\/users\/1"}],"replies":[{"embeddable":true,"href":"https:\/\/www.leselfes.com\/pt-pt\/wp-json\/wp\/v2\/comments?post=85761"}],"version-history":[{"count":0,"href":"https:\/\/www.leselfes.com\/pt-pt\/wp-json\/wp\/v2\/pages\/85761\/revisions"}],"wp:attachment":[{"href":"https:\/\/www.leselfes.com\/pt-pt\/wp-json\/wp\/v2\/media?parent=85761"}],"curies":[{"name":"wp","href":"https:\/\/api.w.org\/{rel}","templated":true}]}}