{"id":85999,"date":"2024-04-03T08:57:15","date_gmt":"2024-04-03T06:57:15","guid":{"rendered":"https:\/\/www.leselfes.com\/acampamento-de-verao\/actividades-dos-campos-de-ferias\/"},"modified":"2026-04-07T15:36:23","modified_gmt":"2026-04-07T13:36:23","slug":"actividades-dos-campos-de-ferias","status":"publish","type":"page","link":"https:\/\/www.leselfes.com\/pt-pt\/acampamento-de-verao\/actividades-dos-campos-de-ferias\/","title":{"rendered":"Actividades dos campos de f\u00e9rias"},"content":{"rendered":"[vc_row type=&#8221;full_width_background&#8221; full_screen_row_position=&#8221;middle&#8221; column_margin=&#8221;default&#8221; column_direction=&#8221;default&#8221; column_direction_tablet=&#8221;default&#8221; column_direction_phone=&#8221;default&#8221; bg_image=&#8221;66936&#8243; bg_position=&#8221;center center&#8221; background_image_loading=&#8221;default&#8221; bg_repeat=&#8221;no-repeat&#8221; full_height=&#8221;yes&#8221; columns_placement=&#8221;stretch&#8221; scene_position=&#8221;center&#8221; text_color=&#8221;dark&#8221; text_align=&#8221;left&#8221; row_border_radius=&#8221;none&#8221; row_border_radius_applies=&#8221;bg&#8221; overflow=&#8221;visible&#8221; enable_gradient=&#8221;true&#8221; color_overlay=&#8221;#000000&#8243; color_overlay_2=&#8221;rgba(255,255,255,0.01)&#8221; overlay_strength=&#8221;0.5&#8243; gradient_direction=&#8221;top_to_bottom&#8221; shape_divider_position=&#8221;bottom&#8221; bg_image_animation=&#8221;none&#8221; gradient_type=&#8221;default&#8221; shape_type=&#8221;&#8221;][vc_column column_padding=&#8221;no-extra-padding&#8221; column_padding_tablet=&#8221;inherit&#8221; column_padding_phone=&#8221;inherit&#8221; column_padding_position=&#8221;all&#8221; column_element_direction_desktop=&#8221;default&#8221; column_element_spacing=&#8221;default&#8221; centered_text=&#8221;true&#8221; desktop_text_alignment=&#8221;center&#8221; tablet_text_alignment=&#8221;default&#8221; phone_text_alignment=&#8221;default&#8221; background_color_opacity=&#8221;1&#8243; background_hover_color_opacity=&#8221;1&#8243; column_backdrop_filter=&#8221;none&#8221; font_color=&#8221;#ffffff&#8221; column_shadow=&#8221;none&#8221; column_border_radius=&#8221;none&#8221; column_link_target=&#8221;_self&#8221; column_position=&#8221;default&#8221; el_class=&#8221;flexItForButtonBottom&#8221; gradient_direction=&#8221;left_to_right&#8221; overlay_strength=&#8221;0.3&#8243; width=&#8221;1\/1&#8243; tablet_width_inherit=&#8221;default&#8221; animation_type=&#8221;default&#8221; bg_image_animation=&#8221;none&#8221; border_type=&#8221;simple&#8221; column_border_width=&#8221;none&#8221; column_border_style=&#8221;solid&#8221; column_padding_type=&#8221;default&#8221; gradient_type=&#8221;default&#8221;][divider line_type=&#8221;No Line&#8221; custom_height=&#8221;200&#8243; custom_height_phone=&#8221;100&#8243;][vc_column_text text_direction=&#8221;default&#8221; el_class=&#8221;fs49&#8243;]\n<h1 style=\"text-align: center;\">Actividades dos campos <strong>de f\u00e9rias<\/strong><\/h1>\n<p style=\"text-align: center;\">em Verbier, <span class=\"swissFlag\">Su\u00ed\u00e7a<\/span><\/p>\n[\/vc_column_text][vc_row_inner equal_height=&#8221;yes&#8221; content_placement=&#8221;middle&#8221; column_margin=&#8221;100px&#8221; column_direction=&#8221;default&#8221; column_direction_tablet=&#8221;default&#8221; column_direction_phone=&#8221;default&#8221; text_align=&#8221;left&#8221; row_position=&#8221;default&#8221; row_position_tablet=&#8221;inherit&#8221; row_position_phone=&#8221;inherit&#8221; overflow=&#8221;visible&#8221; pointer_events=&#8221;all&#8221; class=&#8221;flexGoBottom&#8221;][vc_column_inner column_padding=&#8221;no-extra-padding&#8221; column_padding_tablet=&#8221;inherit&#8221; column_padding_phone=&#8221;inherit&#8221; column_padding_position=&#8221;all&#8221; column_element_direction_desktop=&#8221;default&#8221; column_element_spacing=&#8221;default&#8221; desktop_text_alignment=&#8221;default&#8221; tablet_text_alignment=&#8221;default&#8221; phone_text_alignment=&#8221;default&#8221; background_color_opacity=&#8221;1&#8243; background_hover_color_opacity=&#8221;1&#8243; column_backdrop_filter=&#8221;none&#8221; column_shadow=&#8221;none&#8221; column_border_radius=&#8221;none&#8221; column_link_target=&#8221;_self&#8221; overflow=&#8221;visible&#8221; gradient_direction=&#8221;left_to_right&#8221; overlay_strength=&#8221;0.3&#8243; width=&#8221;1\/4&#8243; tablet_width_inherit=&#8221;default&#8221; animation_type=&#8221;default&#8221; bg_image_animation=&#8221;none&#8221; border_type=&#8221;simple&#8221; column_border_width=&#8221;none&#8221; column_border_style=&#8221;solid&#8221; column_padding_type=&#8221;default&#8221; gradient_type=&#8221;default&#8221; offset=&#8221;vc_hidden-md vc_hidden-sm vc_hidden-xs&#8221;][\/vc_column_inner][vc_column_inner column_padding=&#8221;no-extra-padding&#8221; column_padding_tablet=&#8221;inherit&#8221; column_padding_phone=&#8221;inherit&#8221; column_padding_position=&#8221;all&#8221; column_element_direction_desktop=&#8221;default&#8221; column_element_spacing=&#8221;default&#8221; desktop_text_alignment=&#8221;default&#8221; tablet_text_alignment=&#8221;default&#8221; phone_text_alignment=&#8221;default&#8221; background_color=&#8221;#d7844e&#8221; background_color_opacity=&#8221;1&#8243; background_hover_color_opacity=&#8221;1&#8243; column_backdrop_filter=&#8221;none&#8221; column_shadow=&#8221;none&#8221; column_border_radius=&#8221;custom&#8221; top_left_border_radius=&#8221;30&#8243; top_right_border_radius=&#8221;30&#8243; bottom_right_border_radius=&#8221;30&#8243; column_link_target=&#8221;_self&#8221; overflow=&#8221;visible&#8221; el_class=&#8221;rowCampHeader&#8221; gradient_direction=&#8221;left_to_right&#8221; overlay_strength=&#8221;0.3&#8243; width=&#8221;1\/4&#8243; tablet_width_inherit=&#8221;default&#8221; animation_type=&#8221;default&#8221; bg_image_animation=&#8221;none&#8221; border_type=&#8221;simple&#8221; column_border_width=&#8221;none&#8221; column_border_style=&#8221;solid&#8221; column_padding_type=&#8221;default&#8221; gradient_type=&#8221;default&#8221; offset=&#8221;vc_col-lg-3 vc_col-md-6 vc_col-xs-12&#8243; column_link=&#8221;https:\/\/www.leselfes.com\/pt-pt\/acampamento-de-verao\/inscreve-te-no-campo-de-ferias\/&#8221;][vc_column_text text_direction=&#8221;default&#8221;]<strong>Inscreve-te<\/strong> agora[\/vc_column_text][\/vc_column_inner][vc_column_inner column_padding=&#8221;no-extra-padding&#8221; column_padding_tablet=&#8221;inherit&#8221; column_padding_phone=&#8221;inherit&#8221; column_padding_position=&#8221;all&#8221; column_element_direction_desktop=&#8221;default&#8221; column_element_spacing=&#8221;default&#8221; desktop_text_alignment=&#8221;default&#8221; tablet_text_alignment=&#8221;default&#8221; phone_text_alignment=&#8221;default&#8221; background_color=&#8221;#e3c215&#8243; background_color_opacity=&#8221;1&#8243; background_hover_color_opacity=&#8221;1&#8243; column_backdrop_filter=&#8221;none&#8221; column_shadow=&#8221;none&#8221; column_border_radius=&#8221;custom&#8221; top_left_border_radius=&#8221;30&#8243; top_right_border_radius=&#8221;30&#8243; bottom_right_border_radius=&#8221;30&#8243; column_link_target=&#8221;_self&#8221; overflow=&#8221;visible&#8221; el_class=&#8221;rowCampHeader&#8221; gradient_direction=&#8221;left_to_right&#8221; overlay_strength=&#8221;0.3&#8243; width=&#8221;1\/4&#8243; tablet_width_inherit=&#8221;default&#8221; animation_type=&#8221;default&#8221; bg_image_animation=&#8221;none&#8221; border_type=&#8221;simple&#8221; column_border_width=&#8221;none&#8221; column_border_style=&#8221;solid&#8221; column_padding_type=&#8221;default&#8221; gradient_type=&#8221;default&#8221; offset=&#8221;vc_col-lg-3 vc_col-md-6 vc_col-xs-12&#8243; column_link=&#8221;https:\/\/www.leselfes.com\/pt-pt\/verifica-a-disponibilidade\/&#8221;][vc_column_text text_direction=&#8221;default&#8221;]<strong>Verifica a<\/strong> disponibilidade[\/vc_column_text][\/vc_column_inner][vc_column_inner column_padding=&#8221;no-extra-padding&#8221; column_padding_tablet=&#8221;inherit&#8221; column_padding_phone=&#8221;inherit&#8221; column_padding_position=&#8221;all&#8221; column_element_direction_desktop=&#8221;default&#8221; column_element_spacing=&#8221;default&#8221; desktop_text_alignment=&#8221;default&#8221; tablet_text_alignment=&#8221;default&#8221; phone_text_alignment=&#8221;default&#8221; background_color_opacity=&#8221;1&#8243; background_hover_color_opacity=&#8221;1&#8243; column_backdrop_filter=&#8221;none&#8221; column_shadow=&#8221;none&#8221; column_border_radius=&#8221;none&#8221; column_link_target=&#8221;_self&#8221; overflow=&#8221;visible&#8221; gradient_direction=&#8221;left_to_right&#8221; overlay_strength=&#8221;0.3&#8243; width=&#8221;1\/4&#8243; tablet_width_inherit=&#8221;default&#8221; animation_type=&#8221;default&#8221; bg_image_animation=&#8221;none&#8221; border_type=&#8221;simple&#8221; column_border_width=&#8221;none&#8221; column_border_style=&#8221;solid&#8221; column_padding_type=&#8221;default&#8221; gradient_type=&#8221;default&#8221; offset=&#8221;vc_hidden-md vc_hidden-sm vc_hidden-xs&#8221;][\/vc_column_inner][\/vc_row_inner][\/vc_column][\/vc_row][vc_row type=&#8221;full_width_background&#8221; full_screen_row_position=&#8221;middle&#8221; column_margin=&#8221;default&#8221; column_direction=&#8221;default&#8221; column_direction_tablet=&#8221;default&#8221; column_direction_phone=&#8221;default&#8221; bg_color=&#8221;#f3f3f6&#8243; scene_position=&#8221;center&#8221; top_padding=&#8221;100&#8243; constrain_group_1=&#8221;yes&#8221; bottom_padding=&#8221;100&#8243; text_color=&#8221;dark&#8221; text_align=&#8221;left&#8221; row_border_radius=&#8221;none&#8221; row_border_radius_applies=&#8221;bg&#8221; overflow=&#8221;visible&#8221; overlay_strength=&#8221;0.3&#8243; gradient_direction=&#8221;left_to_right&#8221; shape_divider_position=&#8221;bottom&#8221; bg_image_animation=&#8221;none&#8221; gradient_type=&#8221;default&#8221; shape_type=&#8221;&#8221;][vc_column column_padding=&#8221;no-extra-padding&#8221; column_padding_tablet=&#8221;inherit&#8221; column_padding_phone=&#8221;inherit&#8221; column_padding_position=&#8221;all&#8221; column_element_direction_desktop=&#8221;default&#8221; column_element_spacing=&#8221;default&#8221; desktop_text_alignment=&#8221;default&#8221; tablet_text_alignment=&#8221;default&#8221; phone_text_alignment=&#8221;default&#8221; background_color_opacity=&#8221;1&#8243; background_hover_color_opacity=&#8221;1&#8243; column_backdrop_filter=&#8221;none&#8221; column_shadow=&#8221;none&#8221; column_border_radius=&#8221;none&#8221; column_link_target=&#8221;_self&#8221; column_position=&#8221;default&#8221; gradient_direction=&#8221;left_to_right&#8221; overlay_strength=&#8221;0.3&#8243; width=&#8221;1\/1&#8243; tablet_width_inherit=&#8221;default&#8221; animation_type=&#8221;default&#8221; bg_image_animation=&#8221;none&#8221; border_type=&#8221;simple&#8221; column_border_width=&#8221;none&#8221; column_border_style=&#8221;solid&#8221;][vc_column_text el_class=&#8221;fs53&#8243; text_direction=&#8221;default&#8221;]\n<h2 style=\"color: #0c347e;\">Todas as nossas actividades<\/h2>\n[\/vc_column_text][divider line_type=&#8221;No Line&#8221; custom_height=&#8221;50&#8243;]  <div class=\"all_activities_container\">\n\n\n\n\n\n      <div class=\"one_all_activities\">\n      <a href=\"#actividades-no-lago\">\n        <img decoding=\"async\" src=\"https:\/\/www.leselfes.com\/wp-content\/uploads\/2024\/04\/DSC_19581.jpg\" alt=\"\" class=\"image_all_activities\">\n        <span class=\"title_all_activities\">Actividades no lago<\/span>\n        <\/a>\n    <\/div>\n      <div class=\"one_all_activities\">\n      <a href=\"#andar-a-cavalo\">\n        <img decoding=\"async\" src=\"https:\/\/www.leselfes.com\/wp-content\/uploads\/2024\/04\/Horse-riding-31.jpg\" alt=\"\" class=\"image_all_activities\">\n        <span class=\"title_all_activities\">Andar a cavalo<\/span>\n        <\/a>\n    <\/div>\n      <div class=\"one_all_activities\">\n      <a href=\"#banana-boat\">\n        <img decoding=\"async\" src=\"https:\/\/www.leselfes.com\/wp-content\/uploads\/2024\/04\/DSC_21751.jpg\" alt=\"\" class=\"image_all_activities\">\n        <span class=\"title_all_activities\">Banana boat<\/span>\n        <\/a>\n    <\/div>\n      <div class=\"one_all_activities\">\n      <a href=\"#cabana-de-montanha\">\n        <img decoding=\"async\" src=\"https:\/\/www.leselfes.com\/wp-content\/uploads\/2024\/03\/all-of-our-programs-are-entirely-customizable.png\" alt=\"\" class=\"image_all_activities\">\n        <span class=\"title_all_activities\">Cabana de montanha<\/span>\n        <\/a>\n    <\/div>\n      <div class=\"one_all_activities\">\n      <a href=\"#caminhadas\">\n        <img decoding=\"async\" src=\"https:\/\/www.leselfes.com\/wp-content\/uploads\/2021\/08\/jungfrauregion_lauterbrunnen-kleine-scheidegg_sts0040150-header-1-e1628057953716.jpg\" alt=\"\" class=\"image_all_activities\">\n        <span class=\"title_all_activities\">Caminhadas<\/span>\n        <\/a>\n    <\/div>\n      <div class=\"one_all_activities\">\n      <a href=\"#cozinha\/artes\/teatro-(6-&#8211;-14-anos)\">\n        <img decoding=\"async\" src=\"https:\/\/www.leselfes.com\/wp-content\/uploads\/2024\/04\/52782030708_38e450ae93_o1.jpg\" alt=\"\" class=\"image_all_activities\">\n        <span class=\"title_all_activities\">Cozinha\/Artes\/Teatro (6 &#8211; 14 anos)<\/span>\n        <\/a>\n    <\/div>\n      <div class=\"one_all_activities\">\n      <a href=\"#curso-de-primeiros-socorros-(14-17-anos)\">\n        <img decoding=\"async\" src=\"https:\/\/www.leselfes.com\/wp-content\/uploads\/2022\/03\/first-aid-course.webp\" alt=\"\" class=\"image_all_activities\">\n        <span class=\"title_all_activities\">Curso de primeiros socorros (14-17 anos)<\/span>\n        <\/a>\n    <\/div>\n      <div class=\"one_all_activities\">\n      <a href=\"#dia-internacional\">\n        <img decoding=\"async\" src=\"https:\/\/www.leselfes.com\/wp-content\/uploads\/2024\/04\/Summer-camp-2023-activity-and-language-camp-holi-fest-color-party-11.jpg\" alt=\"\" class=\"image_all_activities\">\n        <span class=\"title_all_activities\">Dia Internacional<\/span>\n        <\/a>\n    <\/div>\n      <div class=\"one_all_activities\">\n      <a href=\"#etiqueta-e-boas-maneiras-\u00e0-mesa-(a-partir-dos-6-anos)\">\n        <img decoding=\"async\" src=\"https:\/\/www.leselfes.com\/wp-content\/uploads\/2022\/03\/etiquette-table-manner_6_11zon.jpg\" alt=\"\" class=\"image_all_activities\">\n        <span class=\"title_all_activities\">Etiqueta e boas maneiras \u00e0 mesa (a partir dos 6 anos)<\/span>\n        <\/a>\n    <\/div>\n      <div class=\"one_all_activities\">\n      <a href=\"#etiqueta-rugby\">\n        <img decoding=\"async\" src=\"https:\/\/www.leselfes.com\/wp-content\/uploads\/2024\/04\/53063728915_8920dfa8a3_c.jpg\" alt=\"\" class=\"image_all_activities\">\n        <span class=\"title_all_activities\">Etiqueta rugby<\/span>\n        <\/a>\n    <\/div>\n      <div class=\"one_all_activities\">\n      <a href=\"#fotografia\">\n        <img decoding=\"async\" src=\"https:\/\/www.leselfes.com\/wp-content\/uploads\/2021\/05\/Champex-lac-Newsletter.jpg\" alt=\"\" class=\"image_all_activities\">\n        <span class=\"title_all_activities\">Fotografia<\/span>\n        <\/a>\n    <\/div>\n      <div class=\"one_all_activities\">\n      <a href=\"#golfe\">\n        <img decoding=\"async\" src=\"https:\/\/www.leselfes.com\/wp-content\/uploads\/2024\/04\/Golf-21.jpg\" alt=\"\" class=\"image_all_activities\">\n        <span class=\"title_all_activities\">Golfe<\/span>\n        <\/a>\n    <\/div>\n      <div class=\"one_all_activities\">\n      <a href=\"#labirinto\">\n        <img decoding=\"async\" src=\"https:\/\/www.leselfes.com\/wp-content\/uploads\/2024\/04\/Laby-Evionnaz-scaled11.jpg\" alt=\"\" class=\"image_all_activities\">\n        <span class=\"title_all_activities\">Labirinto<\/span>\n        <\/a>\n    <\/div>\n      <div class=\"one_all_activities\">\n      <a href=\"#nata\u00e7\u00e3o\">\n        <img decoding=\"async\" src=\"https:\/\/www.leselfes.com\/wp-content\/uploads\/2024\/03\/Copy-of-Les-Elfes-Summer-camps-water-games-Crans-Montana.png\" alt=\"\" class=\"image_all_activities\">\n        <span class=\"title_all_activities\">Nata\u00e7\u00e3o<\/span>\n        <\/a>\n    <\/div>\n      <div class=\"one_all_activities\">\n      <a href=\"#programa-de-forma\u00e7\u00e3o-de-l\u00edderes-(12-17-anos):\">\n        <img decoding=\"async\" src=\"https:\/\/www.leselfes.com\/wp-content\/uploads\/2024\/04\/ADD_14801.jpg\" alt=\"\" class=\"image_all_activities\">\n        <span class=\"title_all_activities\">Programa de forma\u00e7\u00e3o de l\u00edderes (12-17 anos):<\/span>\n        <\/a>\n    <\/div>\n      <div class=\"one_all_activities\">\n      <a href=\"#t\u00e9nis\">\n        <img decoding=\"async\" src=\"https:\/\/www.leselfes.com\/wp-content\/uploads\/2024\/04\/Tennis-drone1.jpg\" alt=\"\" class=\"image_all_activities\">\n        <span class=\"title_all_activities\">T\u00e9nis<\/span>\n        <\/a>\n    <\/div>\n      <div class=\"one_all_activities\">\n      <a href=\"#visita-ao-zoo\">\n        <img decoding=\"async\" src=\"https:\/\/www.leselfes.com\/wp-content\/uploads\/2024\/04\/53049612513_a50c5bf6d5_c.jpg\" alt=\"\" class=\"image_all_activities\">\n        <span class=\"title_all_activities\">Visita ao Zoo<\/span>\n        <\/a>\n    <\/div>\n    <\/div>\n[nectar_cta btn_style=&#8221;basic&#8221; heading_tag=&#8221;span&#8221; button_color=&#8221;extra-color-1&#8243; button_color_hover=&#8221;#e2836a&#8221; text_color=&#8221;#ffffff&#8221; button_border_thickness=&#8221;0px&#8221; link_type=&#8221;new_tab&#8221; alignment=&#8221;center&#8221; alignment_tablet=&#8221;default&#8221; alignment_phone=&#8221;default&#8221; display=&#8221;block&#8221; display_tablet=&#8221;inherit&#8221; display_phone=&#8221;inherit&#8221; icon_family=&#8221;none&#8221; link_text=&#8221;DATAS E PRE\u00c7OS &#8211; CAMPO DE F\u00c9RIAS 2026&#8243; url=&#8221;https:\/\/www.leselfes.com\/pt-pt\/?page_id=85686&#8243; padding_top=&#8221;10&#8243; padding_bottom=&#8221;10&#8243; padding_left=&#8221;31&#8243; padding_right=&#8221;30&#8243;][\/vc_column][\/vc_row][vc_row type=&#8221;full_width_background&#8221; full_screen_row_position=&#8221;middle&#8221; column_margin=&#8221;default&#8221; column_direction=&#8221;default&#8221; column_direction_tablet=&#8221;default&#8221; column_direction_phone=&#8221;default&#8221; bg_color=&#8221;#f3f3f6&#8243; scene_position=&#8221;center&#8221; top_padding=&#8221;100&#8243; constrain_group_1=&#8221;yes&#8221; bottom_padding=&#8221;100&#8243; text_color=&#8221;dark&#8221; text_align=&#8221;left&#8221; row_border_radius=&#8221;none&#8221; row_border_radius_applies=&#8221;bg&#8221; overflow=&#8221;visible&#8221; overlay_strength=&#8221;0.3&#8243; gradient_direction=&#8221;left_to_right&#8221; shape_divider_position=&#8221;bottom&#8221; bg_image_animation=&#8221;none&#8221; gradient_type=&#8221;default&#8221; shape_type=&#8221;&#8221;][vc_column column_padding=&#8221;no-extra-padding&#8221; column_padding_tablet=&#8221;inherit&#8221; column_padding_phone=&#8221;inherit&#8221; column_padding_position=&#8221;all&#8221; column_element_direction_desktop=&#8221;default&#8221; column_element_spacing=&#8221;default&#8221; desktop_text_alignment=&#8221;default&#8221; tablet_text_alignment=&#8221;default&#8221; phone_text_alignment=&#8221;default&#8221; background_color_opacity=&#8221;1&#8243; background_hover_color_opacity=&#8221;1&#8243; column_backdrop_filter=&#8221;none&#8221; column_shadow=&#8221;none&#8221; column_border_radius=&#8221;none&#8221; column_link_target=&#8221;_self&#8221; column_position=&#8221;default&#8221; gradient_direction=&#8221;left_to_right&#8221; overlay_strength=&#8221;0.3&#8243; width=&#8221;1\/1&#8243; tablet_width_inherit=&#8221;default&#8221; animation_type=&#8221;default&#8221; bg_image_animation=&#8221;none&#8221; border_type=&#8221;simple&#8221; column_border_width=&#8221;none&#8221; column_border_style=&#8221;solid&#8221;][vc_column_text el_class=&#8221;fs53&#8243; text_direction=&#8221;default&#8221;]\n<h2 style=\"color: #0c347e;\">Principais actividades<\/h2>\n[\/vc_column_text][divider line_type=&#8221;No Line&#8221; custom_height=&#8221;50&#8243;]\n\t<div  data-column-margin=\"default\" data-midnight=\"dark\" class=\"wpb_row vc_row-fluid vc_row full-width-section\" >\n\t\t<div class=\"row_col_wrap_12 col span_12 dark left\">\n\t\t\t<div class=\"vc_col-sm-12 wpb_column column_container vc_column_container col no-extra-padding inherit_tablet inherit_phone \" data-padding-pos=\"all\" data-has-bg-color=\"false\" data-bg-color=\"\" data-bg-opacity=\"1\" data-animation=\"\" data-delay=\"0\">\n\t\t\t<div class=\"vc_column-inner\">\n\t\t\t\t<div class=\"wpb_wrapper\">\n\t\t\t\t\t\t\t\t\t\t\t\t\t\t\t<!-- <div id=\"visita-ao-zoo\"  data-midnight=\"\" data-column-margin=\"default\" class=\"wpb_row vc_row-fluid vc_row inner_row vc_row-o-equal-height vc_row-flex vc_row-o-content-middle reverse_columns_column_tablet reverse_columns_column_phone\" style=\"padding-top: 50px; padding-bottom: 50px; \">\n\t\t\t\t\t\t<div class=\"row_col_wrap_12_inner col span_12  left\">\n\t\t\t\t\t\t<div class=\"vc_col-sm-6 videoLeft wpb_column column_container vc_column_container col child_column no-extra-padding inherit_tablet inherit_phone \" data-border-radius=\"20px\" data-padding-pos=\"all\" data-has-bg-color=\"false\" data-bg-color=\"\" data-bg-opacity=\"1\" data-animation=\"\" data-delay=\"0\">\n\t\t\t\t\t\t\t<div class=\"vc_column-inner\">\n\t\t\t\t\t\t\t<div class=\"wpb_wrapper\">\n\t\t\t\t\t            <img decoding=\"async\" class=\"img-with-animation skip-lazy activityImage\"  data-animation=\"none\" src=\"https:\/\/www.leselfes.com\/wp-content\/uploads\/2024\/04\/53049612513_a50c5bf6d5_c.jpg\" alt=\"\" >\n\n\t\t\t\t\t\t\t<\/div>\n\t\t\t\t\t\t<\/div>\n\t\t\t\t\t\t<\/div>\n\n\t\t\t\t\t\t<div class=\"vc_col-sm-6 wpb_column column_container vc_column_container col child_column right_padding_desktop_100px right_padding_tablet_0px \" data-padding-pos=\"all\" data-has-bg-color=\"false\" data-bg-color=\"\" data-bg-opacity=\"1\" data-animation=\"\" data-delay=\"0\">\n\t\t\t\t\t\t\t<div class=\"vc_column-inner\">\n\t\t\t\t\t\t\t<div class=\"wpb_wrapper\">\n\n\t\t\t\t\t<div class=\"wpb_text_column wpb_content_element  fs53\">\n\t\t\t\t\t\t\t<h2 >Visita ao Zoo <\/h2>\n\t\t\t\t\t<\/div>\n\t\t\t\t\t\t<div class=\"wpb_text_column wpb_content_element \">\n\t\t\t\t\t\t\t <p>O Jardim Zool\u00f3gico \u00e9 sempre um destino encantador para os nossos campistas mais jovens.<br \/>\nDesde os ador\u00e1veis l\u00e9mures at\u00e9 aos majestosos leopardos das neves, o Jardim Zool\u00f3gico oferece-te uma vis\u00e3o fascinante da diversidade da vida selvagem. <\/p>\n\t\t\t\t\t\t<\/div>\n\t\t\t\t\t\t\t\t<\/div>\n\t\t\t\t\t\t\t<\/div>\n\t\t\t\t\t\t\t<\/div>\n\t<\/div>\n<\/div> -->\n<div id=\"visita-ao-zoo\" data-midnight=\"\" data-column-margin=\"default\" class=\"wpb_row vc_row-fluid vc_row inner_row\" style=\"\"><div class=\"row-bg-wrap\"> <div class=\"row-bg\"><\/div> <\/div><div class=\"row_col_wrap_12_inner col span_12  left\">\n\t<div style=\" \" class=\"vc_col-sm-6 biggerDiv boxNumberBefore wpb_column column_container oneActivityNew vc_column_container col child_column left_margin_0px right_margin_tablet_0px left_margin_tablet_0px left_padding_desktop_100px left_padding_phone_50px top_padding_desktop_50px top_padding_phone_50px right_padding_desktop_250px right_padding_phone_50px bottom_padding_desktop_50px bottom_padding_phone_50px instance-38\" data-using-bg=\"true\" data-padding-pos=\"all\" data-has-bg-color=\"true\" data-bg-color=\"#ffffff\" data-bg-opacity=\"1\" data-animation=\"\" data-delay=\"0\">\n\t\t<div class=\"vc_column-inner pa75\"><div class=\"column-bg-overlay-wrap column-bg-layer \" data-bg-animation=\"none\"><div class=\"column-bg-overlay bradius\" style=\"opacity: 1; background-color: #ffffff;\"><\/div><\/div>\n\t\t<div class=\"wpb_wrapper\">\n\n<div class=\"wpb_text_column wpb_content_element \">\n\t<div class=\"wpb_wrapper\">\n\t\t<h3 style=\"color: #0c347e;\">Visita ao Zoo<\/h3>\n\t<\/div>\n<\/div>\n\n\n\n\n<div class=\"wpb_text_column wpb_content_element \">\n\t<div class=\"wpb_wrapper\">\n <p>O Jardim Zool\u00f3gico \u00e9 sempre um destino encantador para os nossos campistas mais jovens.<br \/>\nDesde os ador\u00e1veis l\u00e9mures at\u00e9 aos majestosos leopardos das neves, o Jardim Zool\u00f3gico oferece-te uma vis\u00e3o fascinante da diversidade da vida selvagem. <\/p>\n\t<\/div>\n<\/div>\n\n\t\t<\/div>\n\t<\/div>\n\t<\/div>\n\n\t<div class=\"vc_col-sm-6 kboxImageDiv wpb_column column_container vc_column_container col child_column no-extra-padding left_margin_-200px inherit_tablet inherit_phone \" data-padding-pos=\"all\" data-has-bg-color=\"false\" data-bg-color=\"\" data-bg-opacity=\"1\" data-animation=\"\" data-delay=\"0\">\n\t\t<div class=\"vc_column-inner\">\n\t\t<div class=\"wpb_wrapper\">\n\t\t\t<div class=\"img-with-aniamtion-wrap \" data-max-width=\"100%\" data-max-width-mobile=\"default\" data-shadow=\"none\" data-animation=\"none\" style=\"margin-top: -50px; \">\n      <div class=\"inner\">\n        <div class=\"hover-wrap\">\n          <div class=\"hover-wrap-inner\">\n            <img loading=\"lazy\" decoding=\"async\" class=\"img-with-animation skip-lazy imageActivity\" data-delay=\"0\" data-animation=\"none\" src=\"https:\/\/www.leselfes.com\/wp-content\/uploads\/2024\/04\/53049612513_a50c5bf6d5_c.jpg\" alt=\"\">\n          <\/div>\n        <\/div>\n      <\/div>\n    <\/div>\n<!-- <div class=\"wpb_text_column wpb_content_element  htagbottom2right\">\n\t<div class=\"wpb_wrapper\">\n\t\t<p>#Adventure<\/p>\n\t<\/div>\n<\/div> -->\n\n\n\n\n\t\t<\/div>\n\t<\/div>\n\t<\/div>\n<\/div><\/div>\n\t\t\t\t\t  <div id=\"etiqueta-rugby\" data-midnight=\"\" data-column-margin=\"default\" class=\"wpb_row vc_row-fluid vc_row inner_row reverseFlex reverse_columns_column_tablet\" style=\"\"><div class=\"row-bg-wrap\"> <div class=\"row-bg\"><\/div> <\/div><div class=\"row_col_wrap_12_inner col span_12  left\">\n  \t<div class=\"vc_col-sm-6 kboxImageDiv wpb_column column_container vc_column_container col child_column no-extra-padding inherit_tablet inherit_phone \" data-padding-pos=\"all\" data-has-bg-color=\"false\" data-bg-color=\"\" data-bg-opacity=\"1\" data-animation=\"\" data-delay=\"0\">\n  \t\t<div class=\"vc_column-inne r\">\n  \t\t<div class=\"wpb_wrapper\">\n  \t\t\t<div class=\"img-with-aniamtion-wrap \" data-max-width=\"100%\" data-max-width-mobile=\"default\" data-shadow=\"none\" data-animation=\"none\" style=\"margin-top: -50px; \">\n        <div class=\"inner\">\n          <div class=\"hover-wrap\">\n            <div class=\"hover-wrap-inner\">\n              <img loading=\"lazy\" decoding=\"async\" class=\"img-with-animation skip-lazy imageActivity\" data-delay=\"0\" data-animation=\"none\" src=\"https:\/\/www.leselfes.com\/wp-content\/uploads\/2024\/04\/53063728915_8920dfa8a3_c.jpg\" alt=\"\">\n            <\/div>\n          <\/div>\n        <\/div>\n      <\/div>\n\n\n\n\n\n  \t\t<\/div>\n  \t<\/div>\n  \t<\/div>\n\n  \t<div  class=\"vc_col-sm-6 biggerDiv  oneActivityNew boxNumberBefore wpb_column column_container vc_column_container col child_column left_margin_-200px right_margin_tablet_0px left_margin_tablet_0px left_padding_desktop_250px left_padding_phone_50px top_padding_desktop_50px top_padding_phone_50px right_padding_desktop_100px right_padding_phone_50px bottom_padding_desktop_50px bottom_padding_phone_50px instance-45\" data-using-bg=\"true\" data-padding-pos=\"all\" data-has-bg-color=\"true\" data-bg-color=\"#ffffff\" data-bg-opacity=\"1\" data-animation=\"\" data-delay=\"0\">\n  \t\t<div class=\"vc_column-inner pa75\"><div class=\"column-bg-overlay-wrap column-bg-layer\" data-bg-animation=\"none\"><div class=\"column-bg-overlay bradius\" style=\"opacity: 1; background-color: #ffffff;\"><\/div><\/div>\n  \t\t<div class=\"wpb_wrapper\">\n\n  <div class=\"wpb_text_column wpb_content_element \">\n  \t<div class=\"wpb_wrapper\">\n  \t\t<h3 style=\"color: #0c347e;\">Etiqueta rugby<\/h3>\n  \t<\/div>\n  <\/div>\n\n\n\n\n  <div class=\"wpb_text_column wpb_content_element \">\n  \t<div class=\"wpb_wrapper\">\n <p>Experimenta o desporto de ritmo acelerado do tag rugby.<br \/>\nCom a sua natureza sem contacto e \u00eanfase no trabalho de equipa e na estrat\u00e9gia, o tag rugby oferece uma via emocionante para as crian\u00e7as desenvolverem as suas capacidades atl\u00e9ticas enquanto se divertem.<br \/>\nOs campistas podem aprender os fundamentos do jogo, ganhar confian\u00e7a e fomentar a camaradagem com os seus pares num ambiente de apoio e inclus\u00e3o  <\/p>\n  \t<\/div>\n  <\/div>\n\n\n\n\n  \t<\/div>\n  \t<\/div>\n  <\/div><\/div>\n<\/div>\n\t\t\t\t\t\t\t\t\t\t<!-- <div id=\"labirinto\"  data-midnight=\"\" data-column-margin=\"default\" class=\"wpb_row vc_row-fluid vc_row inner_row vc_row-o-equal-height vc_row-flex vc_row-o-content-middle reverse_columns_column_tablet reverse_columns_column_phone\" style=\"padding-top: 50px; padding-bottom: 50px; \">\n\t\t\t\t\t\t<div class=\"row_col_wrap_12_inner col span_12  left\">\n\t\t\t\t\t\t<div class=\"vc_col-sm-6 videoLeft wpb_column column_container vc_column_container col child_column no-extra-padding inherit_tablet inherit_phone \" data-border-radius=\"20px\" data-padding-pos=\"all\" data-has-bg-color=\"false\" data-bg-color=\"\" data-bg-opacity=\"1\" data-animation=\"\" data-delay=\"0\">\n\t\t\t\t\t\t\t<div class=\"vc_column-inner\">\n\t\t\t\t\t\t\t<div class=\"wpb_wrapper\">\n\t\t\t\t\t            <img decoding=\"async\" class=\"img-with-animation skip-lazy activityImage\"  data-animation=\"none\" src=\"https:\/\/www.leselfes.com\/wp-content\/uploads\/2024\/04\/Laby-Evionnaz-scaled11.jpg\" alt=\"\" >\n\n\t\t\t\t\t\t\t<\/div>\n\t\t\t\t\t\t<\/div>\n\t\t\t\t\t\t<\/div>\n\n\t\t\t\t\t\t<div class=\"vc_col-sm-6 wpb_column column_container vc_column_container col child_column right_padding_desktop_100px right_padding_tablet_0px \" data-padding-pos=\"all\" data-has-bg-color=\"false\" data-bg-color=\"\" data-bg-opacity=\"1\" data-animation=\"\" data-delay=\"0\">\n\t\t\t\t\t\t\t<div class=\"vc_column-inner\">\n\t\t\t\t\t\t\t<div class=\"wpb_wrapper\">\n\n\t\t\t\t\t<div class=\"wpb_text_column wpb_content_element  fs53\">\n\t\t\t\t\t\t\t<h2 >Labirinto <\/h2>\n\t\t\t\t\t<\/div>\n\t\t\t\t\t\t<div class=\"wpb_text_column wpb_content_element \">\n\t\t\t\t\t\t\t <p>Os campistas do Discovery com idades entre os 6 e os 10 anos podem deliciar-se com as voltas e reviravoltas do labirinto.<br \/>\nCom a sua disposi\u00e7\u00e3o envolvente e desafios interactivos, o labirinto oferece uma experi\u00eancia emocionante que incentiva as capacidades de resolu\u00e7\u00e3o de problemas, o trabalho de equipa e a imagina\u00e7\u00e3o.<br \/>\nSupervisionadas pelos nossos animadores, as crian\u00e7as podem explorar este labirinto cativante com confian\u00e7a, criando mem\u00f3rias que durar\u00e3o para toda a vida  <\/p>\n\t\t\t\t\t\t<\/div>\n\t\t\t\t\t\t\t\t<\/div>\n\t\t\t\t\t\t\t<\/div>\n\t\t\t\t\t\t\t<\/div>\n\t<\/div>\n<\/div> -->\n<div id=\"labirinto\" data-midnight=\"\" data-column-margin=\"default\" class=\"wpb_row vc_row-fluid vc_row inner_row\" style=\"\"><div class=\"row-bg-wrap\"> <div class=\"row-bg\"><\/div> <\/div><div class=\"row_col_wrap_12_inner col span_12  left\">\n\t<div style=\" \" class=\"vc_col-sm-6 biggerDiv boxNumberBefore wpb_column column_container oneActivityNew vc_column_container col child_column left_margin_0px right_margin_tablet_0px left_margin_tablet_0px left_padding_desktop_100px left_padding_phone_50px top_padding_desktop_50px top_padding_phone_50px right_padding_desktop_250px right_padding_phone_50px bottom_padding_desktop_50px bottom_padding_phone_50px instance-38\" data-using-bg=\"true\" data-padding-pos=\"all\" data-has-bg-color=\"true\" data-bg-color=\"#ffffff\" data-bg-opacity=\"1\" data-animation=\"\" data-delay=\"0\">\n\t\t<div class=\"vc_column-inner pa75\"><div class=\"column-bg-overlay-wrap column-bg-layer \" data-bg-animation=\"none\"><div class=\"column-bg-overlay bradius\" style=\"opacity: 1; background-color: #ffffff;\"><\/div><\/div>\n\t\t<div class=\"wpb_wrapper\">\n\n<div class=\"wpb_text_column wpb_content_element \">\n\t<div class=\"wpb_wrapper\">\n\t\t<h3 style=\"color: #0c347e;\">Labirinto<\/h3>\n\t<\/div>\n<\/div>\n\n\n\n\n<div class=\"wpb_text_column wpb_content_element \">\n\t<div class=\"wpb_wrapper\">\n <p>Os campistas do Discovery com idades entre os 6 e os 10 anos podem deliciar-se com as voltas e reviravoltas do labirinto.<br \/>\nCom a sua disposi\u00e7\u00e3o envolvente e desafios interactivos, o labirinto oferece uma experi\u00eancia emocionante que incentiva as capacidades de resolu\u00e7\u00e3o de problemas, o trabalho de equipa e a imagina\u00e7\u00e3o.<br \/>\nSupervisionadas pelos nossos animadores, as crian\u00e7as podem explorar este labirinto cativante com confian\u00e7a, criando mem\u00f3rias que durar\u00e3o para toda a vida  <\/p>\n\t<\/div>\n<\/div>\n\n\t\t<\/div>\n\t<\/div>\n\t<\/div>\n\n\t<div class=\"vc_col-sm-6 kboxImageDiv wpb_column column_container vc_column_container col child_column no-extra-padding left_margin_-200px inherit_tablet inherit_phone \" data-padding-pos=\"all\" data-has-bg-color=\"false\" data-bg-color=\"\" data-bg-opacity=\"1\" data-animation=\"\" data-delay=\"0\">\n\t\t<div class=\"vc_column-inner\">\n\t\t<div class=\"wpb_wrapper\">\n\t\t\t<div class=\"img-with-aniamtion-wrap \" data-max-width=\"100%\" data-max-width-mobile=\"default\" data-shadow=\"none\" data-animation=\"none\" style=\"margin-top: -50px; \">\n      <div class=\"inner\">\n        <div class=\"hover-wrap\">\n          <div class=\"hover-wrap-inner\">\n            <img loading=\"lazy\" decoding=\"async\" class=\"img-with-animation skip-lazy imageActivity\" data-delay=\"0\" data-animation=\"none\" src=\"https:\/\/www.leselfes.com\/wp-content\/uploads\/2024\/04\/Laby-Evionnaz-scaled11.jpg\" alt=\"\">\n          <\/div>\n        <\/div>\n      <\/div>\n    <\/div>\n<!-- <div class=\"wpb_text_column wpb_content_element  htagbottom2right\">\n\t<div class=\"wpb_wrapper\">\n\t\t<p>#Adventure<\/p>\n\t<\/div>\n<\/div> -->\n\n\n\n\n\t\t<\/div>\n\t<\/div>\n\t<\/div>\n<\/div><\/div>\n\t\t\t\t\t  <div id=\"dia-internacional\" data-midnight=\"\" data-column-margin=\"default\" class=\"wpb_row vc_row-fluid vc_row inner_row reverseFlex reverse_columns_column_tablet\" style=\"\"><div class=\"row-bg-wrap\"> <div class=\"row-bg\"><\/div> <\/div><div class=\"row_col_wrap_12_inner col span_12  left\">\n  \t<div class=\"vc_col-sm-6 kboxImageDiv wpb_column column_container vc_column_container col child_column no-extra-padding inherit_tablet inherit_phone \" data-padding-pos=\"all\" data-has-bg-color=\"false\" data-bg-color=\"\" data-bg-opacity=\"1\" data-animation=\"\" data-delay=\"0\">\n  \t\t<div class=\"vc_column-inne r\">\n  \t\t<div class=\"wpb_wrapper\">\n  \t\t\t<div class=\"img-with-aniamtion-wrap \" data-max-width=\"100%\" data-max-width-mobile=\"default\" data-shadow=\"none\" data-animation=\"none\" style=\"margin-top: -50px; \">\n        <div class=\"inner\">\n          <div class=\"hover-wrap\">\n            <div class=\"hover-wrap-inner\">\n              <img loading=\"lazy\" decoding=\"async\" class=\"img-with-animation skip-lazy imageActivity\" data-delay=\"0\" data-animation=\"none\" src=\"https:\/\/www.leselfes.com\/wp-content\/uploads\/2024\/04\/Summer-camp-2023-activity-and-language-camp-holi-fest-color-party-11.jpg\" alt=\"\">\n            <\/div>\n          <\/div>\n        <\/div>\n      <\/div>\n\n\n\n\n\n  \t\t<\/div>\n  \t<\/div>\n  \t<\/div>\n\n  \t<div  class=\"vc_col-sm-6 biggerDiv  oneActivityNew boxNumberBefore wpb_column column_container vc_column_container col child_column left_margin_-200px right_margin_tablet_0px left_margin_tablet_0px left_padding_desktop_250px left_padding_phone_50px top_padding_desktop_50px top_padding_phone_50px right_padding_desktop_100px right_padding_phone_50px bottom_padding_desktop_50px bottom_padding_phone_50px instance-45\" data-using-bg=\"true\" data-padding-pos=\"all\" data-has-bg-color=\"true\" data-bg-color=\"#ffffff\" data-bg-opacity=\"1\" data-animation=\"\" data-delay=\"0\">\n  \t\t<div class=\"vc_column-inner pa75\"><div class=\"column-bg-overlay-wrap column-bg-layer\" data-bg-animation=\"none\"><div class=\"column-bg-overlay bradius\" style=\"opacity: 1; background-color: #ffffff;\"><\/div><\/div>\n  \t\t<div class=\"wpb_wrapper\">\n\n  <div class=\"wpb_text_column wpb_content_element \">\n  \t<div class=\"wpb_wrapper\">\n  \t\t<h3 style=\"color: #0c347e;\">Dia Internacional<\/h3>\n  \t<\/div>\n  <\/div>\n\n\n\n\n  <div class=\"wpb_text_column wpb_content_element \">\n  \t<div class=\"wpb_wrapper\">\n <p>No acampamento de ver\u00e3o Les Elfes International, que recebe campistas de todo o mundo, h\u00e1 uma forte \u00eanfase em apreciar e reconhecer as diversas tradi\u00e7\u00f5es e culturas dos seus participantes.<br \/>\nEsta abordagem n\u00e3o s\u00f3 permite que os campistas honrem as suas pr\u00f3prias origens, mas tamb\u00e9m que partilhem um pouco da sua casa com todos os outros.<br \/>\nCada sess\u00e3o inclui um dia especial em que os campistas passam a manh\u00e3 a criar apresenta\u00e7\u00f5es sobre o pa\u00eds que escolheram.<br \/>\nEsta atividade tem lugar durante a aula de l\u00ednguas e \u00e9 supervisionada pelos professores da Escola de L\u00ednguas de Verbier.<br \/>\nAs apresenta\u00e7\u00f5es abrangem v\u00e1rios aspectos como a cultura, a gastronomia, as tradi\u00e7\u00f5es e as l\u00ednguas, proporcionando uma experi\u00eancia de aprendizagem para todos.<br \/>\nA tarde \u00e9 animada com a transforma\u00e7\u00e3o do campus Les Elfes numa incr\u00edvel feira insufl\u00e1vel, com in\u00fameros jogos e actividades (incluindo um Twister gigante).<br \/>\nAs festividades terminam com uma celebra\u00e7\u00e3o vibrante semelhante ao festival Holi da \u00cdndia, onde os campistas atiram alegremente p\u00f3s coloridos, aumentando o sentido de unidade e divers\u00e3o.<br \/>\nEste dia oferece uma oportunidade \u00fanica para os campistas mostrarem a sua heran\u00e7a, praticarem falar em p\u00fablico e saborearem pratos de diferentes culturas.       <\/p>\n  \t<\/div>\n  <\/div>\n\n\n\n\n  \t<\/div>\n  \t<\/div>\n  <\/div><\/div>\n<\/div>\n\t\t\t\t\t\t\t\t\t\t<!-- <div id=\"cabana-de-montanha\"  data-midnight=\"\" data-column-margin=\"default\" class=\"wpb_row vc_row-fluid vc_row inner_row vc_row-o-equal-height vc_row-flex vc_row-o-content-middle reverse_columns_column_tablet reverse_columns_column_phone\" style=\"padding-top: 50px; padding-bottom: 50px; \">\n\t\t\t\t\t\t<div class=\"row_col_wrap_12_inner col span_12  left\">\n\t\t\t\t\t\t<div class=\"vc_col-sm-6 videoLeft wpb_column column_container vc_column_container col child_column no-extra-padding inherit_tablet inherit_phone \" data-border-radius=\"20px\" data-padding-pos=\"all\" data-has-bg-color=\"false\" data-bg-color=\"\" data-bg-opacity=\"1\" data-animation=\"\" data-delay=\"0\">\n\t\t\t\t\t\t\t<div class=\"vc_column-inner\">\n\t\t\t\t\t\t\t<div class=\"wpb_wrapper\">\n\t\t\t\t\t            <img decoding=\"async\" class=\"img-with-animation skip-lazy activityImage\"  data-animation=\"none\" src=\"https:\/\/www.leselfes.com\/wp-content\/uploads\/2024\/03\/all-of-our-programs-are-entirely-customizable.png\" alt=\"\" >\n\n\t\t\t\t\t\t\t<\/div>\n\t\t\t\t\t\t<\/div>\n\t\t\t\t\t\t<\/div>\n\n\t\t\t\t\t\t<div class=\"vc_col-sm-6 wpb_column column_container vc_column_container col child_column right_padding_desktop_100px right_padding_tablet_0px \" data-padding-pos=\"all\" data-has-bg-color=\"false\" data-bg-color=\"\" data-bg-opacity=\"1\" data-animation=\"\" data-delay=\"0\">\n\t\t\t\t\t\t\t<div class=\"vc_column-inner\">\n\t\t\t\t\t\t\t<div class=\"wpb_wrapper\">\n\n\t\t\t\t\t<div class=\"wpb_text_column wpb_content_element  fs53\">\n\t\t\t\t\t\t\t<h2 >Cabana de montanha <\/h2>\n\t\t\t\t\t<\/div>\n\t\t\t\t\t\t<div class=\"wpb_text_column wpb_content_element \">\n\t\t\t\t\t\t\t <p>No in\u00edcio de cada sess\u00e3o do campo de f\u00e9rias, os campistas s\u00e3o divididos por grupos et\u00e1rios e levados para uma cabana na montanha para passarem uma noite no cora\u00e7\u00e3o da natureza su\u00ed\u00e7a.<br \/>\nA\u00ed, ficam a conhecer os outros campistas que v\u00e3o partilhar o campo de f\u00e9rias com eles e come\u00e7am a fazer as primeiras amizades.<br \/>\nCaptura a bandeira, observa as estrelas e faz uma fogueira.  <\/p>\n\t\t\t\t\t\t<\/div>\n\t\t\t\t\t\t\t\t<\/div>\n\t\t\t\t\t\t\t<\/div>\n\t\t\t\t\t\t\t<\/div>\n\t<\/div>\n<\/div> -->\n<div id=\"cabana-de-montanha\" data-midnight=\"\" data-column-margin=\"default\" class=\"wpb_row vc_row-fluid vc_row inner_row\" style=\"\"><div class=\"row-bg-wrap\"> <div class=\"row-bg\"><\/div> <\/div><div class=\"row_col_wrap_12_inner col span_12  left\">\n\t<div style=\" \" class=\"vc_col-sm-6 biggerDiv boxNumberBefore wpb_column column_container oneActivityNew vc_column_container col child_column left_margin_0px right_margin_tablet_0px left_margin_tablet_0px left_padding_desktop_100px left_padding_phone_50px top_padding_desktop_50px top_padding_phone_50px right_padding_desktop_250px right_padding_phone_50px bottom_padding_desktop_50px bottom_padding_phone_50px instance-38\" data-using-bg=\"true\" data-padding-pos=\"all\" data-has-bg-color=\"true\" data-bg-color=\"#ffffff\" data-bg-opacity=\"1\" data-animation=\"\" data-delay=\"0\">\n\t\t<div class=\"vc_column-inner pa75\"><div class=\"column-bg-overlay-wrap column-bg-layer \" data-bg-animation=\"none\"><div class=\"column-bg-overlay bradius\" style=\"opacity: 1; background-color: #ffffff;\"><\/div><\/div>\n\t\t<div class=\"wpb_wrapper\">\n\n<div class=\"wpb_text_column wpb_content_element \">\n\t<div class=\"wpb_wrapper\">\n\t\t<h3 style=\"color: #0c347e;\">Cabana de montanha<\/h3>\n\t<\/div>\n<\/div>\n\n\n\n\n<div class=\"wpb_text_column wpb_content_element \">\n\t<div class=\"wpb_wrapper\">\n <p>No in\u00edcio de cada sess\u00e3o do campo de f\u00e9rias, os campistas s\u00e3o divididos por grupos et\u00e1rios e levados para uma cabana na montanha para passarem uma noite no cora\u00e7\u00e3o da natureza su\u00ed\u00e7a.<br \/>\nA\u00ed, ficam a conhecer os outros campistas que v\u00e3o partilhar o campo de f\u00e9rias com eles e come\u00e7am a fazer as primeiras amizades.<br \/>\nCaptura a bandeira, observa as estrelas e faz uma fogueira.  <\/p>\n\t<\/div>\n<\/div>\n\n\t\t<\/div>\n\t<\/div>\n\t<\/div>\n\n\t<div class=\"vc_col-sm-6 kboxImageDiv wpb_column column_container vc_column_container col child_column no-extra-padding left_margin_-200px inherit_tablet inherit_phone \" data-padding-pos=\"all\" data-has-bg-color=\"false\" data-bg-color=\"\" data-bg-opacity=\"1\" data-animation=\"\" data-delay=\"0\">\n\t\t<div class=\"vc_column-inner\">\n\t\t<div class=\"wpb_wrapper\">\n\t\t\t<div class=\"img-with-aniamtion-wrap \" data-max-width=\"100%\" data-max-width-mobile=\"default\" data-shadow=\"none\" data-animation=\"none\" style=\"margin-top: -50px; \">\n      <div class=\"inner\">\n        <div class=\"hover-wrap\">\n          <div class=\"hover-wrap-inner\">\n            <img loading=\"lazy\" decoding=\"async\" class=\"img-with-animation skip-lazy imageActivity\" data-delay=\"0\" data-animation=\"none\" src=\"https:\/\/www.leselfes.com\/wp-content\/uploads\/2024\/03\/all-of-our-programs-are-entirely-customizable.png\" alt=\"\">\n          <\/div>\n        <\/div>\n      <\/div>\n    <\/div>\n<!-- <div class=\"wpb_text_column wpb_content_element  htagbottom2right\">\n\t<div class=\"wpb_wrapper\">\n\t\t<p>#Adventure<\/p>\n\t<\/div>\n<\/div> -->\n\n\n\n\n\t\t<\/div>\n\t<\/div>\n\t<\/div>\n<\/div><\/div>\n\t\t\t\t\t  <div id=\"banana-boat\" data-midnight=\"\" data-column-margin=\"default\" class=\"wpb_row vc_row-fluid vc_row inner_row reverseFlex reverse_columns_column_tablet\" style=\"\"><div class=\"row-bg-wrap\"> <div class=\"row-bg\"><\/div> <\/div><div class=\"row_col_wrap_12_inner col span_12  left\">\n  \t<div class=\"vc_col-sm-6 kboxImageDiv wpb_column column_container vc_column_container col child_column no-extra-padding inherit_tablet inherit_phone \" data-padding-pos=\"all\" data-has-bg-color=\"false\" data-bg-color=\"\" data-bg-opacity=\"1\" data-animation=\"\" data-delay=\"0\">\n  \t\t<div class=\"vc_column-inne r\">\n  \t\t<div class=\"wpb_wrapper\">\n  \t\t\t<div class=\"img-with-aniamtion-wrap \" data-max-width=\"100%\" data-max-width-mobile=\"default\" data-shadow=\"none\" data-animation=\"none\" style=\"margin-top: -50px; \">\n        <div class=\"inner\">\n          <div class=\"hover-wrap\">\n            <div class=\"hover-wrap-inner\">\n              <img loading=\"lazy\" decoding=\"async\" class=\"img-with-animation skip-lazy imageActivity\" data-delay=\"0\" data-animation=\"none\" src=\"https:\/\/www.leselfes.com\/wp-content\/uploads\/2024\/04\/DSC_21751.jpg\" alt=\"\">\n            <\/div>\n          <\/div>\n        <\/div>\n      <\/div>\n\n\n\n\n\n  \t\t<\/div>\n  \t<\/div>\n  \t<\/div>\n\n  \t<div  class=\"vc_col-sm-6 biggerDiv  oneActivityNew boxNumberBefore wpb_column column_container vc_column_container col child_column left_margin_-200px right_margin_tablet_0px left_margin_tablet_0px left_padding_desktop_250px left_padding_phone_50px top_padding_desktop_50px top_padding_phone_50px right_padding_desktop_100px right_padding_phone_50px bottom_padding_desktop_50px bottom_padding_phone_50px instance-45\" data-using-bg=\"true\" data-padding-pos=\"all\" data-has-bg-color=\"true\" data-bg-color=\"#ffffff\" data-bg-opacity=\"1\" data-animation=\"\" data-delay=\"0\">\n  \t\t<div class=\"vc_column-inner pa75\"><div class=\"column-bg-overlay-wrap column-bg-layer\" data-bg-animation=\"none\"><div class=\"column-bg-overlay bradius\" style=\"opacity: 1; background-color: #ffffff;\"><\/div><\/div>\n  \t\t<div class=\"wpb_wrapper\">\n\n  <div class=\"wpb_text_column wpb_content_element \">\n  \t<div class=\"wpb_wrapper\">\n  \t\t<h3 style=\"color: #0c347e;\">Banana boat<\/h3>\n  \t<\/div>\n  <\/div>\n\n\n\n\n  <div class=\"wpb_text_column wpb_content_element \">\n  \t<div class=\"wpb_wrapper\">\n <p>Com um m\u00e1ximo de 8 crian\u00e7as do campo de f\u00e9rias nas grandes bananas, os condutores fazem o seu melhor para dar \u00e0s crian\u00e7as uma experi\u00eancia asc\u00e9tica no lago, e certificam-se de que as crian\u00e7as caem no lago, claro!<br \/>\nOs mi\u00fados do campo de f\u00e9rias v\u00e3o ter muitas tentativas e \u00e9 sempre um desafio tir\u00e1-los de l\u00e1!<br \/>\nTodos os nossos desportos aqu\u00e1ticos s\u00e3o muito populares e a nossa filosofia no campo de f\u00e9rias internacional, tal como em todas as nossas actividades, \u00e9 que todos participem.<br \/>\nCompreendemos que nem todas as crian\u00e7as s\u00e3o nadadoras experientes e que podem at\u00e9 estar um pouco nervosas \u00e0 volta da \u00e1gua. A nossa equipa dedicada de funcion\u00e1rios do campo de f\u00e9rias est\u00e1 \u00e0 disposi\u00e7\u00e3o para ensinar e garantir que todos t\u00eam uma experi\u00eancia segura e agrad\u00e1vel.   <\/p>\n  \t<\/div>\n  <\/div>\n\n\n\n\n  \t<\/div>\n  \t<\/div>\n  <\/div><\/div>\n<\/div>\n\t\t\t\t\t\t\t\t\t\t<!-- <div id=\"actividades-no-lago\"  data-midnight=\"\" data-column-margin=\"default\" class=\"wpb_row vc_row-fluid vc_row inner_row vc_row-o-equal-height vc_row-flex vc_row-o-content-middle reverse_columns_column_tablet reverse_columns_column_phone\" style=\"padding-top: 50px; padding-bottom: 50px; \">\n\t\t\t\t\t\t<div class=\"row_col_wrap_12_inner col span_12  left\">\n\t\t\t\t\t\t<div class=\"vc_col-sm-6 videoLeft wpb_column column_container vc_column_container col child_column no-extra-padding inherit_tablet inherit_phone \" data-border-radius=\"20px\" data-padding-pos=\"all\" data-has-bg-color=\"false\" data-bg-color=\"\" data-bg-opacity=\"1\" data-animation=\"\" data-delay=\"0\">\n\t\t\t\t\t\t\t<div class=\"vc_column-inner\">\n\t\t\t\t\t\t\t<div class=\"wpb_wrapper\">\n\t\t\t\t\t            <img decoding=\"async\" class=\"img-with-animation skip-lazy activityImage\"  data-animation=\"none\" src=\"https:\/\/www.leselfes.com\/wp-content\/uploads\/2024\/04\/DSC_19581.jpg\" alt=\"\" >\n\n\t\t\t\t\t\t\t<\/div>\n\t\t\t\t\t\t<\/div>\n\t\t\t\t\t\t<\/div>\n\n\t\t\t\t\t\t<div class=\"vc_col-sm-6 wpb_column column_container vc_column_container col child_column right_padding_desktop_100px right_padding_tablet_0px \" data-padding-pos=\"all\" data-has-bg-color=\"false\" data-bg-color=\"\" data-bg-opacity=\"1\" data-animation=\"\" data-delay=\"0\">\n\t\t\t\t\t\t\t<div class=\"vc_column-inner\">\n\t\t\t\t\t\t\t<div class=\"wpb_wrapper\">\n\n\t\t\t\t\t<div class=\"wpb_text_column wpb_content_element  fs53\">\n\t\t\t\t\t\t\t<h2 >Actividades no lago <\/h2>\n\t\t\t\t\t<\/div>\n\t\t\t\t\t\t<div class=\"wpb_text_column wpb_content_element \">\n\t\t\t\t\t\t\t <p>Esqui <strong>aqu\u00e1tico <\/strong>Muito popular e divertido, as crian\u00e7as podem praticar esqui aqu\u00e1tico com o nosso barco em Bouveret, n\u00e3o \u00e9 o mais f\u00e1cil dos desportos de acampamento de ver\u00e3o, mas \u00e9 realmente emocionante.<br \/>\nMesmo que seja a primeira vez, ou se fores um profissional, todos s\u00e3o bem-vindos a experimentar. <strong>Wakeboard <\/strong>Muitos dos nossos colaboradores internacionais dos campos de f\u00e9rias s\u00e3o instrutores de snowboard, e o wakeboard \u00e9 t\u00e3o popular entre eles como entre as crian\u00e7as.<br \/>\nO wakeboard \u00e9, de facto, um desafio, mas uma vez que apanhes o jeito pode proporcionar horas de divers\u00e3o no campo de f\u00e9rias, mesmo que depois os teus bra\u00e7os possam ficar um pouco doridos! <strong>Tubing <\/strong>Certamente a atividade mais cheia de adrenalina do acampamento de ver\u00e3o no lago, as crian\u00e7as s\u00e3o puxadas a alta velocidade atr\u00e1s da nossa lancha enquanto est\u00e3o sentadas nos seus tubos (pensa num donut insufl\u00e1vel), duas de cada vez, uma vez que o tubo passa sobre a esteira do barco, os tubos s\u00e3o atirados para o ar, resultando normalmente num campista de ver\u00e3o muito molhado e feliz!<br \/>\nA n\u00e3o perder.   <\/p>\n\t\t\t\t\t\t<\/div>\n\t\t\t\t\t\t\t\t<\/div>\n\t\t\t\t\t\t\t<\/div>\n\t\t\t\t\t\t\t<\/div>\n\t<\/div>\n<\/div> -->\n<div id=\"actividades-no-lago\" data-midnight=\"\" data-column-margin=\"default\" class=\"wpb_row vc_row-fluid vc_row inner_row\" style=\"\"><div class=\"row-bg-wrap\"> <div class=\"row-bg\"><\/div> <\/div><div class=\"row_col_wrap_12_inner col span_12  left\">\n\t<div style=\" \" class=\"vc_col-sm-6 biggerDiv boxNumberBefore wpb_column column_container oneActivityNew vc_column_container col child_column left_margin_0px right_margin_tablet_0px left_margin_tablet_0px left_padding_desktop_100px left_padding_phone_50px top_padding_desktop_50px top_padding_phone_50px right_padding_desktop_250px right_padding_phone_50px bottom_padding_desktop_50px bottom_padding_phone_50px instance-38\" data-using-bg=\"true\" data-padding-pos=\"all\" data-has-bg-color=\"true\" data-bg-color=\"#ffffff\" data-bg-opacity=\"1\" data-animation=\"\" data-delay=\"0\">\n\t\t<div class=\"vc_column-inner pa75\"><div class=\"column-bg-overlay-wrap column-bg-layer \" data-bg-animation=\"none\"><div class=\"column-bg-overlay bradius\" style=\"opacity: 1; background-color: #ffffff;\"><\/div><\/div>\n\t\t<div class=\"wpb_wrapper\">\n\n<div class=\"wpb_text_column wpb_content_element \">\n\t<div class=\"wpb_wrapper\">\n\t\t<h3 style=\"color: #0c347e;\">Actividades no lago<\/h3>\n\t<\/div>\n<\/div>\n\n\n\n\n<div class=\"wpb_text_column wpb_content_element \">\n\t<div class=\"wpb_wrapper\">\n <p>Esqui <strong>aqu\u00e1tico <\/strong>Muito popular e divertido, as crian\u00e7as podem praticar esqui aqu\u00e1tico com o nosso barco em Bouveret, n\u00e3o \u00e9 o mais f\u00e1cil dos desportos de acampamento de ver\u00e3o, mas \u00e9 realmente emocionante.<br \/>\nMesmo que seja a primeira vez, ou se fores um profissional, todos s\u00e3o bem-vindos a experimentar. <strong>Wakeboard <\/strong>Muitos dos nossos colaboradores internacionais dos campos de f\u00e9rias s\u00e3o instrutores de snowboard, e o wakeboard \u00e9 t\u00e3o popular entre eles como entre as crian\u00e7as.<br \/>\nO wakeboard \u00e9, de facto, um desafio, mas uma vez que apanhes o jeito pode proporcionar horas de divers\u00e3o no campo de f\u00e9rias, mesmo que depois os teus bra\u00e7os possam ficar um pouco doridos! <strong>Tubing <\/strong>Certamente a atividade mais cheia de adrenalina do acampamento de ver\u00e3o no lago, as crian\u00e7as s\u00e3o puxadas a alta velocidade atr\u00e1s da nossa lancha enquanto est\u00e3o sentadas nos seus tubos (pensa num donut insufl\u00e1vel), duas de cada vez, uma vez que o tubo passa sobre a esteira do barco, os tubos s\u00e3o atirados para o ar, resultando normalmente num campista de ver\u00e3o muito molhado e feliz!<br \/>\nA n\u00e3o perder.   <\/p>\n\t<\/div>\n<\/div>\n\n\t\t<\/div>\n\t<\/div>\n\t<\/div>\n\n\t<div class=\"vc_col-sm-6 kboxImageDiv wpb_column column_container vc_column_container col child_column no-extra-padding left_margin_-200px inherit_tablet inherit_phone \" data-padding-pos=\"all\" data-has-bg-color=\"false\" data-bg-color=\"\" data-bg-opacity=\"1\" data-animation=\"\" data-delay=\"0\">\n\t\t<div class=\"vc_column-inner\">\n\t\t<div class=\"wpb_wrapper\">\n\t\t\t<div class=\"img-with-aniamtion-wrap \" data-max-width=\"100%\" data-max-width-mobile=\"default\" data-shadow=\"none\" data-animation=\"none\" style=\"margin-top: -50px; \">\n      <div class=\"inner\">\n        <div class=\"hover-wrap\">\n          <div class=\"hover-wrap-inner\">\n            <img loading=\"lazy\" decoding=\"async\" class=\"img-with-animation skip-lazy imageActivity\" data-delay=\"0\" data-animation=\"none\" src=\"https:\/\/www.leselfes.com\/wp-content\/uploads\/2024\/04\/DSC_19581.jpg\" alt=\"\">\n          <\/div>\n        <\/div>\n      <\/div>\n    <\/div>\n<!-- <div class=\"wpb_text_column wpb_content_element  htagbottom2right\">\n\t<div class=\"wpb_wrapper\">\n\t\t<p>#Adventure<\/p>\n\t<\/div>\n<\/div> -->\n\n\n\n\n\t\t<\/div>\n\t<\/div>\n\t<\/div>\n<\/div><\/div>\n\t\t\t\t\t  <div id=\"nata\u00e7\u00e3o\" data-midnight=\"\" data-column-margin=\"default\" class=\"wpb_row vc_row-fluid vc_row inner_row reverseFlex reverse_columns_column_tablet\" style=\"\"><div class=\"row-bg-wrap\"> <div class=\"row-bg\"><\/div> <\/div><div class=\"row_col_wrap_12_inner col span_12  left\">\n  \t<div class=\"vc_col-sm-6 kboxImageDiv wpb_column column_container vc_column_container col child_column no-extra-padding inherit_tablet inherit_phone \" data-padding-pos=\"all\" data-has-bg-color=\"false\" data-bg-color=\"\" data-bg-opacity=\"1\" data-animation=\"\" data-delay=\"0\">\n  \t\t<div class=\"vc_column-inne r\">\n  \t\t<div class=\"wpb_wrapper\">\n  \t\t\t<div class=\"img-with-aniamtion-wrap \" data-max-width=\"100%\" data-max-width-mobile=\"default\" data-shadow=\"none\" data-animation=\"none\" style=\"margin-top: -50px; \">\n        <div class=\"inner\">\n          <div class=\"hover-wrap\">\n            <div class=\"hover-wrap-inner\">\n              <img loading=\"lazy\" decoding=\"async\" class=\"img-with-animation skip-lazy imageActivity\" data-delay=\"0\" data-animation=\"none\" src=\"https:\/\/www.leselfes.com\/wp-content\/uploads\/2024\/03\/Copy-of-Les-Elfes-Summer-camps-water-games-Crans-Montana.png\" alt=\"\">\n            <\/div>\n          <\/div>\n        <\/div>\n      <\/div>\n\n\n\n\n\n  \t\t<\/div>\n  \t<\/div>\n  \t<\/div>\n\n  \t<div  class=\"vc_col-sm-6 biggerDiv  oneActivityNew boxNumberBefore wpb_column column_container vc_column_container col child_column left_margin_-200px right_margin_tablet_0px left_margin_tablet_0px left_padding_desktop_250px left_padding_phone_50px top_padding_desktop_50px top_padding_phone_50px right_padding_desktop_100px right_padding_phone_50px bottom_padding_desktop_50px bottom_padding_phone_50px instance-45\" data-using-bg=\"true\" data-padding-pos=\"all\" data-has-bg-color=\"true\" data-bg-color=\"#ffffff\" data-bg-opacity=\"1\" data-animation=\"\" data-delay=\"0\">\n  \t\t<div class=\"vc_column-inner pa75\"><div class=\"column-bg-overlay-wrap column-bg-layer\" data-bg-animation=\"none\"><div class=\"column-bg-overlay bradius\" style=\"opacity: 1; background-color: #ffffff;\"><\/div><\/div>\n  \t\t<div class=\"wpb_wrapper\">\n\n  <div class=\"wpb_text_column wpb_content_element \">\n  \t<div class=\"wpb_wrapper\">\n  \t\t<h3 style=\"color: #0c347e;\">Nata\u00e7\u00e3o<\/h3>\n  \t<\/div>\n  <\/div>\n\n\n\n\n  <div class=\"wpb_text_column wpb_content_element \">\n  \t<div class=\"wpb_wrapper\">\n <p>Junto ao campus (2 minutos a p\u00e9), no \u00e2mbito do campo de f\u00e9rias, existe uma piscina interior e exterior com um grande jardim para relaxar.<br \/>\nTodos os dias, as crian\u00e7as do campo de f\u00e9rias podem optar por passar algumas horas na piscina, com pranchas de mergulho, que \u00e9 um \u00f3timo local para conviver com o pessoal e os amigos e refrescar-se no calor da tarde.<br \/>\nRodeada de montanhas e a apenas 100 metros do campus, as crian\u00e7as podem comer um gelado, apreciar a vista, aprender novas habilidades e divertir-se.<br \/>\nA nata\u00e7\u00e3o tamb\u00e9m \u00e9 oferecida sempre que vamos ao lago.<br \/>\nComo a seguran\u00e7a continua a ser a nossa principal prioridade, cada campista ter\u00e1 as suas capacidades de nata\u00e7\u00e3o testadas antes de poder entrar nos escorregas aqu\u00e1ticos ou saltar para a \u00e1gua.      <\/p>\n  \t<\/div>\n  <\/div>\n\n\n\n\n  \t<\/div>\n  \t<\/div>\n  <\/div><\/div>\n<\/div>\n\t\t\t\t\t\t\t\t\t\t<!-- <div id=\"caminhadas\"  data-midnight=\"\" data-column-margin=\"default\" class=\"wpb_row vc_row-fluid vc_row inner_row vc_row-o-equal-height vc_row-flex vc_row-o-content-middle reverse_columns_column_tablet reverse_columns_column_phone\" style=\"padding-top: 50px; padding-bottom: 50px; \">\n\t\t\t\t\t\t<div class=\"row_col_wrap_12_inner col span_12  left\">\n\t\t\t\t\t\t<div class=\"vc_col-sm-6 videoLeft wpb_column column_container vc_column_container col child_column no-extra-padding inherit_tablet inherit_phone \" data-border-radius=\"20px\" data-padding-pos=\"all\" data-has-bg-color=\"false\" data-bg-color=\"\" data-bg-opacity=\"1\" data-animation=\"\" data-delay=\"0\">\n\t\t\t\t\t\t\t<div class=\"vc_column-inner\">\n\t\t\t\t\t\t\t<div class=\"wpb_wrapper\">\n\t\t\t\t\t            <img decoding=\"async\" class=\"img-with-animation skip-lazy activityImage\"  data-animation=\"none\" src=\"https:\/\/www.leselfes.com\/wp-content\/uploads\/2021\/08\/jungfrauregion_lauterbrunnen-kleine-scheidegg_sts0040150-header-1-e1628057953716.jpg\" alt=\"\" >\n\n\t\t\t\t\t\t\t<\/div>\n\t\t\t\t\t\t<\/div>\n\t\t\t\t\t\t<\/div>\n\n\t\t\t\t\t\t<div class=\"vc_col-sm-6 wpb_column column_container vc_column_container col child_column right_padding_desktop_100px right_padding_tablet_0px \" data-padding-pos=\"all\" data-has-bg-color=\"false\" data-bg-color=\"\" data-bg-opacity=\"1\" data-animation=\"\" data-delay=\"0\">\n\t\t\t\t\t\t\t<div class=\"vc_column-inner\">\n\t\t\t\t\t\t\t<div class=\"wpb_wrapper\">\n\n\t\t\t\t\t<div class=\"wpb_text_column wpb_content_element  fs53\">\n\t\t\t\t\t\t\t<h2 >Caminhadas <\/h2>\n\t\t\t\t\t<\/div>\n\t\t\t\t\t\t<div class=\"wpb_text_column wpb_content_element \">\n\t\t\t\t\t\t\t <p>Os campistas percorrem os trilhos marcados com os nossos monitores formados.<br \/>\nNa zona de Verbier, 950 km de caminhos pedonais esperam-te para levar os campistas at\u00e9 ao cora\u00e7\u00e3o da natureza.<br \/>\nTodos os n\u00edveis de compet\u00eancias dos campistas s\u00e3o bem-vindos \u00e0s caminhadas.<br \/>\nOs campistas descobrir\u00e3o paisagens coloridas e impressionantes, enormes barragens de \u00e1gua, lagos naturais de montanha, florestas selvagens, aldeias tradicionais e reservas naturais.<br \/>\nGarante uma vista excecional sobre os tesouros dos Alpes!<br \/>\nTalvez os visitantes do campo de f\u00e9rias consigam at\u00e9 vislumbrar a vida selvagem su\u00ed\u00e7a, como a marmota ou a camur\u00e7a, um excelente alpinista em grandes altitudes. <strong>Passeio pedestre de 2 dias<\/strong> Durante a primeira semana de cada sess\u00e3o do campo de f\u00e9rias, todos os nossos campistas partem para um passeio pedestre de 2 dias e passam uma noite na montanha.<br \/>\nSe n\u00e3o fores um caminhante \u00e1vido, n\u00e3o te preocupes, a equipa da Les Elfes International assegurar\u00e1 a adapta\u00e7\u00e3o do ritmo e da dificuldade \u00e0s capacidades do grupo.<br \/>\nOs Descobridores e os Exploradores dormir\u00e3o em cabanas de montanha tradicionais, enquanto os Pioneiros far\u00e3o campismo de ver\u00e3o na natureza selvagem.<br \/>\nEsta \u00e9 uma forma perfeita de descobrir os Alpes su\u00ed\u00e7os e de desfrutar de vistas deslumbrantes e da natureza.<br \/>\n\u00c0 noite, os nossos jovens visitantes do campo de f\u00e9rias desfrutam de um ambiente relaxante \u00e0 volta da fogueira!         <\/p>\n\t\t\t\t\t\t<\/div>\n\t\t\t\t\t\t\t\t<\/div>\n\t\t\t\t\t\t\t<\/div>\n\t\t\t\t\t\t\t<\/div>\n\t<\/div>\n<\/div> -->\n<div id=\"caminhadas\" data-midnight=\"\" data-column-margin=\"default\" class=\"wpb_row vc_row-fluid vc_row inner_row\" style=\"\"><div class=\"row-bg-wrap\"> <div class=\"row-bg\"><\/div> <\/div><div class=\"row_col_wrap_12_inner col span_12  left\">\n\t<div style=\" \" class=\"vc_col-sm-6 biggerDiv boxNumberBefore wpb_column column_container oneActivityNew vc_column_container col child_column left_margin_0px right_margin_tablet_0px left_margin_tablet_0px left_padding_desktop_100px left_padding_phone_50px top_padding_desktop_50px top_padding_phone_50px right_padding_desktop_250px right_padding_phone_50px bottom_padding_desktop_50px bottom_padding_phone_50px instance-38\" data-using-bg=\"true\" data-padding-pos=\"all\" data-has-bg-color=\"true\" data-bg-color=\"#ffffff\" data-bg-opacity=\"1\" data-animation=\"\" data-delay=\"0\">\n\t\t<div class=\"vc_column-inner pa75\"><div class=\"column-bg-overlay-wrap column-bg-layer \" data-bg-animation=\"none\"><div class=\"column-bg-overlay bradius\" style=\"opacity: 1; background-color: #ffffff;\"><\/div><\/div>\n\t\t<div class=\"wpb_wrapper\">\n\n<div class=\"wpb_text_column wpb_content_element \">\n\t<div class=\"wpb_wrapper\">\n\t\t<h3 style=\"color: #0c347e;\">Caminhadas<\/h3>\n\t<\/div>\n<\/div>\n\n\n\n\n<div class=\"wpb_text_column wpb_content_element \">\n\t<div class=\"wpb_wrapper\">\n <p>Os campistas percorrem os trilhos marcados com os nossos monitores formados.<br \/>\nNa zona de Verbier, 950 km de caminhos pedonais esperam-te para levar os campistas at\u00e9 ao cora\u00e7\u00e3o da natureza.<br \/>\nTodos os n\u00edveis de compet\u00eancias dos campistas s\u00e3o bem-vindos \u00e0s caminhadas.<br \/>\nOs campistas descobrir\u00e3o paisagens coloridas e impressionantes, enormes barragens de \u00e1gua, lagos naturais de montanha, florestas selvagens, aldeias tradicionais e reservas naturais.<br \/>\nGarante uma vista excecional sobre os tesouros dos Alpes!<br \/>\nTalvez os visitantes do campo de f\u00e9rias consigam at\u00e9 vislumbrar a vida selvagem su\u00ed\u00e7a, como a marmota ou a camur\u00e7a, um excelente alpinista em grandes altitudes. <strong>Passeio pedestre de 2 dias<\/strong> Durante a primeira semana de cada sess\u00e3o do campo de f\u00e9rias, todos os nossos campistas partem para um passeio pedestre de 2 dias e passam uma noite na montanha.<br \/>\nSe n\u00e3o fores um caminhante \u00e1vido, n\u00e3o te preocupes, a equipa da Les Elfes International assegurar\u00e1 a adapta\u00e7\u00e3o do ritmo e da dificuldade \u00e0s capacidades do grupo.<br \/>\nOs Descobridores e os Exploradores dormir\u00e3o em cabanas de montanha tradicionais, enquanto os Pioneiros far\u00e3o campismo de ver\u00e3o na natureza selvagem.<br \/>\nEsta \u00e9 uma forma perfeita de descobrir os Alpes su\u00ed\u00e7os e de desfrutar de vistas deslumbrantes e da natureza.<br \/>\n\u00c0 noite, os nossos jovens visitantes do campo de f\u00e9rias desfrutam de um ambiente relaxante \u00e0 volta da fogueira!         <\/p>\n\t<\/div>\n<\/div>\n\n\t\t<\/div>\n\t<\/div>\n\t<\/div>\n\n\t<div class=\"vc_col-sm-6 kboxImageDiv wpb_column column_container vc_column_container col child_column no-extra-padding left_margin_-200px inherit_tablet inherit_phone \" data-padding-pos=\"all\" data-has-bg-color=\"false\" data-bg-color=\"\" data-bg-opacity=\"1\" data-animation=\"\" data-delay=\"0\">\n\t\t<div class=\"vc_column-inner\">\n\t\t<div class=\"wpb_wrapper\">\n\t\t\t<div class=\"img-with-aniamtion-wrap \" data-max-width=\"100%\" data-max-width-mobile=\"default\" data-shadow=\"none\" data-animation=\"none\" style=\"margin-top: -50px; \">\n      <div class=\"inner\">\n        <div class=\"hover-wrap\">\n          <div class=\"hover-wrap-inner\">\n            <img loading=\"lazy\" decoding=\"async\" class=\"img-with-animation skip-lazy imageActivity\" data-delay=\"0\" data-animation=\"none\" src=\"https:\/\/www.leselfes.com\/wp-content\/uploads\/2021\/08\/jungfrauregion_lauterbrunnen-kleine-scheidegg_sts0040150-header-1-e1628057953716.jpg\" alt=\"\">\n          <\/div>\n        <\/div>\n      <\/div>\n    <\/div>\n<!-- <div class=\"wpb_text_column wpb_content_element  htagbottom2right\">\n\t<div class=\"wpb_wrapper\">\n\t\t<p>#Adventure<\/p>\n\t<\/div>\n<\/div> -->\n\n\n\n\n\t\t<\/div>\n\t<\/div>\n\t<\/div>\n<\/div><\/div>\n\t\t\t\t<\/div>\n\t\t\t<\/div>\n\t\t<\/div>\n\t<\/div><\/div>\n\t[nectar_cta btn_style=&#8221;basic&#8221; heading_tag=&#8221;span&#8221; button_color=&#8221;extra-color-1&#8243; button_color_hover=&#8221;#e2836a&#8221; text_color=&#8221;#ffffff&#8221; button_border_thickness=&#8221;0px&#8221; link_type=&#8221;new_tab&#8221; alignment=&#8221;center&#8221; alignment_tablet=&#8221;default&#8221; alignment_phone=&#8221;default&#8221; display=&#8221;block&#8221; display_tablet=&#8221;inherit&#8221; display_phone=&#8221;inherit&#8221; icon_family=&#8221;none&#8221; link_text=&#8221;DATAS E PRE\u00c7OS &#8211; CAMPO DE F\u00c9RIAS 2026&#8243; url=&#8221;https:\/\/www.leselfes.com\/pt-pt\/?page_id=85686&#8243; padding_top=&#8221;10&#8243; padding_bottom=&#8221;10&#8243; padding_left=&#8221;31&#8243; padding_right=&#8221;30&#8243;][nectar_cta btn_style=&#8221;see-through&#8221; heading_tag=&#8221;h6&#8243; button_color=&#8221;default&#8221; button_border_thickness=&#8221;0px&#8221; link_type=&#8221;regular&#8221; alignment=&#8221;left&#8221; alignment_tablet=&#8221;default&#8221; alignment_phone=&#8221;default&#8221; display=&#8221;block&#8221; display_tablet=&#8221;inherit&#8221; display_phone=&#8221;inherit&#8221;][\/vc_column][\/vc_row][vc_row type=&#8221;full_width_background&#8221; full_screen_row_position=&#8221;middle&#8221; column_margin=&#8221;default&#8221; column_direction=&#8221;default&#8221; column_direction_tablet=&#8221;default&#8221; column_direction_phone=&#8221;default&#8221; bg_color=&#8221;#f3f3f6&#8243; scene_position=&#8221;center&#8221; top_padding=&#8221;100&#8243; constrain_group_1=&#8221;yes&#8221; bottom_padding=&#8221;100&#8243; text_color=&#8221;dark&#8221; text_align=&#8221;left&#8221; row_border_radius=&#8221;none&#8221; row_border_radius_applies=&#8221;bg&#8221; overflow=&#8221;visible&#8221; overlay_strength=&#8221;0.3&#8243; gradient_direction=&#8221;left_to_right&#8221; shape_divider_position=&#8221;bottom&#8221; bg_image_animation=&#8221;none&#8221; gradient_type=&#8221;default&#8221; shape_type=&#8221;&#8221;][vc_column column_padding=&#8221;no-extra-padding&#8221; column_padding_tablet=&#8221;inherit&#8221; column_padding_phone=&#8221;inherit&#8221; column_padding_position=&#8221;all&#8221; column_element_direction_desktop=&#8221;default&#8221; column_element_spacing=&#8221;default&#8221; desktop_text_alignment=&#8221;default&#8221; tablet_text_alignment=&#8221;default&#8221; phone_text_alignment=&#8221;default&#8221; background_color_opacity=&#8221;1&#8243; background_hover_color_opacity=&#8221;1&#8243; column_backdrop_filter=&#8221;none&#8221; column_shadow=&#8221;none&#8221; column_border_radius=&#8221;none&#8221; column_link_target=&#8221;_self&#8221; column_position=&#8221;default&#8221; gradient_direction=&#8221;left_to_right&#8221; overlay_strength=&#8221;0.3&#8243; width=&#8221;1\/1&#8243; tablet_width_inherit=&#8221;default&#8221; animation_type=&#8221;default&#8221; bg_image_animation=&#8221;none&#8221; border_type=&#8221;simple&#8221; column_border_width=&#8221;none&#8221; column_border_style=&#8221;solid&#8221;][vc_column_text el_class=&#8221;fs53&#8243; text_direction=&#8221;default&#8221;]\n<h2 style=\"color: #0c347e;\">Actividades opcionais<\/h2>\n[\/vc_column_text][divider line_type=&#8221;No Line&#8221; custom_height=&#8221;50&#8243;]\t[nectar_cta btn_style=&#8221;basic&#8221; heading_tag=&#8221;span&#8221; button_color=&#8221;extra-color-1&#8243; button_color_hover=&#8221;#e2836a&#8221; text_color=&#8221;#ffffff&#8221; button_border_thickness=&#8221;0px&#8221; link_type=&#8221;new_tab&#8221; alignment=&#8221;center&#8221; alignment_tablet=&#8221;default&#8221; alignment_phone=&#8221;default&#8221; display=&#8221;block&#8221; display_tablet=&#8221;inherit&#8221; display_phone=&#8221;inherit&#8221; icon_family=&#8221;none&#8221; link_text=&#8221;DATAS E PRE\u00c7OS &#8211; CAMPO DE F\u00c9RIAS 2026&#8243; url=&#8221;https:\/\/www.leselfes.com\/pt-pt\/?page_id=85686&#8243; padding_top=&#8221;10&#8243; padding_bottom=&#8221;10&#8243; padding_left=&#8221;31&#8243; padding_right=&#8221;30&#8243;][\/vc_column][\/vc_row][vc_row type=&#8221;full_width_background&#8221; full_screen_row_position=&#8221;middle&#8221; column_margin=&#8221;default&#8221; column_direction=&#8221;default&#8221; column_direction_tablet=&#8221;default&#8221; column_direction_phone=&#8221;default&#8221; bg_color=&#8221;#f3f3f6&#8243; scene_position=&#8221;center&#8221; top_padding=&#8221;100&#8243; constrain_group_1=&#8221;yes&#8221; bottom_padding=&#8221;100&#8243; text_color=&#8221;dark&#8221; text_align=&#8221;left&#8221; row_border_radius=&#8221;none&#8221; row_border_radius_applies=&#8221;bg&#8221; overflow=&#8221;visible&#8221; overlay_strength=&#8221;0.3&#8243; gradient_direction=&#8221;left_to_right&#8221; shape_divider_position=&#8221;bottom&#8221; bg_image_animation=&#8221;none&#8221; gradient_type=&#8221;default&#8221; shape_type=&#8221;&#8221;][vc_column column_padding=&#8221;no-extra-padding&#8221; column_padding_tablet=&#8221;inherit&#8221; column_padding_phone=&#8221;inherit&#8221; column_padding_position=&#8221;all&#8221; column_element_direction_desktop=&#8221;default&#8221; column_element_spacing=&#8221;default&#8221; desktop_text_alignment=&#8221;default&#8221; tablet_text_alignment=&#8221;default&#8221; phone_text_alignment=&#8221;default&#8221; background_color_opacity=&#8221;1&#8243; background_hover_color_opacity=&#8221;1&#8243; column_backdrop_filter=&#8221;none&#8221; column_shadow=&#8221;none&#8221; column_border_radius=&#8221;none&#8221; column_link_target=&#8221;_self&#8221; column_position=&#8221;default&#8221; gradient_direction=&#8221;left_to_right&#8221; overlay_strength=&#8221;0.3&#8243; width=&#8221;1\/1&#8243; tablet_width_inherit=&#8221;default&#8221; animation_type=&#8221;default&#8221; bg_image_animation=&#8221;none&#8221; border_type=&#8221;simple&#8221; column_border_width=&#8221;none&#8221; column_border_style=&#8221;solid&#8221;][vc_column_text el_class=&#8221;fs53&#8243; text_direction=&#8221;default&#8221;]\n<h2 style=\"color: #0c347e;\">Workshops<\/h2>\n[\/vc_column_text][vc_column_text text_direction=&#8221;default&#8221;]O workshop do campo de f\u00e9rias \u00e9 uma excelente forma de os alunos desenvolverem ou aprenderem compet\u00eancias e talentos que j\u00e1 possuem ou que pretendem desenvolver.<br \/>\nUma vez por sess\u00e3o, os campistas do campo de f\u00e9rias aprender\u00e3o com profissionais de renome.<br \/>\nEm Verbier, temos um cen\u00e1rio fant\u00e1stico e estimulante para qualquer jovem artista em ascens\u00e3o, futuro empres\u00e1rio ou aspirante a atleta; os nossos workshops ir\u00e3o estimular a criatividade e as compet\u00eancias dos nossos jovens campistas em ascens\u00e3o[\/vc_column_text][divider line_type=&#8221;No Line&#8221; custom_height=&#8221;100&#8243; custom_height_tablet=&#8221;50&#8243;]\t[nectar_cta btn_style=&#8221;basic&#8221; heading_tag=&#8221;span&#8221; button_color=&#8221;extra-color-1&#8243; button_color_hover=&#8221;#e2836a&#8221; text_color=&#8221;#ffffff&#8221; button_border_thickness=&#8221;0px&#8221; link_type=&#8221;new_tab&#8221; alignment=&#8221;center&#8221; alignment_tablet=&#8221;default&#8221; alignment_phone=&#8221;default&#8221; display=&#8221;block&#8221; display_tablet=&#8221;inherit&#8221; display_phone=&#8221;inherit&#8221; icon_family=&#8221;none&#8221; link_text=&#8221;DATAS E PRE\u00c7OS &#8211; CAMPO DE F\u00c9RIAS 2026&#8243; url=&#8221;https:\/\/www.leselfes.com\/pt-pt\/?page_id=85686&#8243; padding_top=&#8221;10&#8243; padding_bottom=&#8221;10&#8243; padding_left=&#8221;31&#8243; padding_right=&#8221;30&#8243;][\/vc_column][\/vc_row][vc_row type=&#8221;in_container&#8221; full_screen_row_position=&#8221;middle&#8221; column_margin=&#8221;default&#8221; column_direction=&#8221;default&#8221; column_direction_tablet=&#8221;default&#8221; column_direction_phone=&#8221;default&#8221; scene_position=&#8221;center&#8221; text_color=&#8221;dark&#8221; text_align=&#8221;left&#8221; row_border_radius=&#8221;none&#8221; row_border_radius_applies=&#8221;bg&#8221; overflow=&#8221;visible&#8221; overlay_strength=&#8221;0.3&#8243; gradient_direction=&#8221;left_to_right&#8221; shape_divider_position=&#8221;bottom&#8221; bg_image_animation=&#8221;none&#8221;][vc_column column_padding=&#8221;no-extra-padding&#8221; column_padding_tablet=&#8221;inherit&#8221; column_padding_phone=&#8221;inherit&#8221; column_padding_position=&#8221;all&#8221; column_element_direction_desktop=&#8221;default&#8221; column_element_spacing=&#8221;default&#8221; desktop_text_alignment=&#8221;default&#8221; tablet_text_alignment=&#8221;default&#8221; phone_text_alignment=&#8221;default&#8221; background_color_opacity=&#8221;1&#8243; background_hover_color_opacity=&#8221;1&#8243; column_backdrop_filter=&#8221;none&#8221; column_shadow=&#8221;none&#8221; column_border_radius=&#8221;none&#8221; column_link_target=&#8221;_self&#8221; column_position=&#8221;default&#8221; gradient_direction=&#8221;left_to_right&#8221; overlay_strength=&#8221;0.3&#8243; width=&#8221;1\/1&#8243; tablet_width_inherit=&#8221;default&#8221; animation_type=&#8221;default&#8221; bg_image_animation=&#8221;none&#8221; border_type=&#8221;simple&#8221; column_border_width=&#8221;none&#8221; column_border_style=&#8221;solid&#8221;][nectar_global_section id=&#8221;66957&#8243;][\/vc_column][\/vc_row]\n","protected":false},"excerpt":{"rendered":"<p>[vc_row type=&#8221;full_width_background&#8221; full_screen_row_position=&#8221;middle&#8221; column_margin=&#8221;default&#8221; column_direction=&#8221;default&#8221; column_direction_tablet=&#8221;default&#8221; column_direction_phone=&#8221;default&#8221; bg_image=&#8221;66936&#8243; bg_position=&#8221;center center&#8221; background_image_loading=&#8221;default&#8221; bg_repeat=&#8221;no-repeat&#8221; full_height=&#8221;yes&#8221; columns_placement=&#8221;stretch&#8221; scene_position=&#8221;center&#8221; text_color=&#8221;dark&#8221; text_align=&#8221;left&#8221; row_border_radius=&#8221;none&#8221; row_border_radius_applies=&#8221;bg&#8221; overflow=&#8221;visible&#8221; enable_gradient=&#8221;true&#8221; color_overlay=&#8221;#000000&#8243; color_overlay_2=&#8221;rgba(255,255,255,0.01)&#8221; overlay_strength=&#8221;0.5&#8243; gradient_direction=&#8221;top_to_bottom&#8221; shape_divider_position=&#8221;bottom&#8221; bg_image_animation=&#8221;none&#8221; gradient_type=&#8221;default&#8221; shape_type=&#8221;&#8221;][vc_column column_padding=&#8221;no-extra-padding&#8221;&#8230;<\/p>\n","protected":false},"author":16,"featured_media":0,"parent":85718,"menu_order":0,"comment_status":"closed","ping_status":"closed","template":"","meta":{"_acf_changed":false,"inline_featured_image":false,"footnotes":""},"class_list":["post-85999","page","type-page","status-publish"],"acf":[],"yoast_head":"<!-- This site is optimized with the Yoast SEO Premium plugin v24.2 (Yoast SEO v24.7) - https:\/\/yoast.com\/wordpress\/plugins\/seo\/ -->\n<title>Actividades dos campos de f\u00e9rias - Les Elfes International Camps Switzerland Verbier Su\u00ed\u00e7a<\/title>\n<meta name=\"description\" content=\"Explora as nossas diversas actividades de acampamento de ver\u00e3o! De aventuras ao ar livre a oficinas criativas, h\u00e1 algo para todos nos acampamentos Les Elfes.\" \/>\n<meta name=\"robots\" content=\"index, follow, max-snippet:-1, max-image-preview:large, max-video-preview:-1\" \/>\n<link rel=\"canonical\" href=\"https:\/\/www.leselfes.com\/pt-pt\/acampamento-de-verao\/actividades-dos-campos-de-ferias\/\" \/>\n<meta property=\"og:locale\" content=\"pt_PT\" \/>\n<meta property=\"og:type\" content=\"article\" \/>\n<meta property=\"og:title\" content=\"Actividades dos campos de f\u00e9rias\" \/>\n<meta property=\"og:description\" content=\"Explora as nossas diversas actividades de acampamento de ver\u00e3o! De aventuras ao ar livre a oficinas criativas, h\u00e1 algo para todos nos acampamentos Les Elfes.\" \/>\n<meta property=\"og:url\" content=\"https:\/\/www.leselfes.com\/pt-pt\/acampamento-de-verao\/actividades-dos-campos-de-ferias\/\" \/>\n<meta property=\"og:site_name\" content=\"Les Elfes International Camps Switzerland\" \/>\n<meta property=\"article:publisher\" content=\"https:\/\/www.facebook.com\/LesElfesVerbier\" \/>\n<meta property=\"article:modified_time\" content=\"2026-04-07T13:36:23+00:00\" \/>\n<meta property=\"og:image\" content=\"https:\/\/www.leselfes.com\/wp-content\/uploads\/2022\/02\/Les-Elfes-International-summer-camp-Switzerland-Staff-Mobile-591x555-1.jpg\" \/>\n\t<meta property=\"og:image:width\" content=\"591\" \/>\n\t<meta property=\"og:image:height\" content=\"555\" \/>\n\t<meta property=\"og:image:type\" content=\"image\/jpeg\" \/>\n<meta name=\"twitter:card\" content=\"summary_large_image\" \/>\n<meta name=\"twitter:site\" content=\"@LesElfesCamps\" \/>\n<meta name=\"twitter:label1\" content=\"Tempo estimado de leitura\" \/>\n\t<meta name=\"twitter:data1\" content=\"11 minutos\" \/>\n<script type=\"application\/ld+json\" class=\"yoast-schema-graph\">{\"@context\":\"https:\/\/schema.org\",\"@graph\":[{\"@type\":\"WebPage\",\"@id\":\"https:\/\/www.leselfes.com\/pt-pt\/acampamento-de-verao\/actividades-dos-campos-de-ferias\/\",\"url\":\"https:\/\/www.leselfes.com\/pt-pt\/acampamento-de-verao\/actividades-dos-campos-de-ferias\/\",\"name\":\"Actividades dos campos de f\u00e9rias - Les Elfes International Camps Switzerland Verbier Su\u00ed\u00e7a\",\"isPartOf\":{\"@id\":\"https:\/\/dev.leselfes.com\/#website\"},\"datePublished\":\"2024-04-03T06:57:15+00:00\",\"dateModified\":\"2026-04-07T13:36:23+00:00\",\"description\":\"Explora as nossas diversas actividades de acampamento de ver\u00e3o! De aventuras ao ar livre a oficinas criativas, h\u00e1 algo para todos nos acampamentos Les Elfes.\",\"breadcrumb\":{\"@id\":\"https:\/\/www.leselfes.com\/pt-pt\/acampamento-de-verao\/actividades-dos-campos-de-ferias\/#breadcrumb\"},\"inLanguage\":\"pt-PT\",\"potentialAction\":[{\"@type\":\"ReadAction\",\"target\":[\"https:\/\/www.leselfes.com\/pt-pt\/acampamento-de-verao\/actividades-dos-campos-de-ferias\/\"]}]},{\"@type\":\"BreadcrumbList\",\"@id\":\"https:\/\/www.leselfes.com\/pt-pt\/acampamento-de-verao\/actividades-dos-campos-de-ferias\/#breadcrumb\",\"itemListElement\":[{\"@type\":\"ListItem\",\"position\":1,\"name\":\"Home\",\"item\":\"https:\/\/www.leselfes.com\/pt-pt\/\"},{\"@type\":\"ListItem\",\"position\":2,\"name\":\"Acampamento de ver\u00e3o\",\"item\":\"https:\/\/www.leselfes.com\/pt-pt\/acampamento-de-verao\/\"},{\"@type\":\"ListItem\",\"position\":3,\"name\":\"Actividades dos campos de f\u00e9rias\"}]},{\"@type\":\"WebSite\",\"@id\":\"https:\/\/dev.leselfes.com\/#website\",\"url\":\"https:\/\/dev.leselfes.com\/\",\"name\":\"Les Elfes International\",\"description\":\"Les Elfes International, Verbier Switzerland. Summer Camp, Winter Camp, Spring Camps.\",\"publisher\":{\"@id\":\"https:\/\/dev.leselfes.com\/#organization\"},\"alternateName\":\"Les Elfes International\",\"potentialAction\":[{\"@type\":\"SearchAction\",\"target\":{\"@type\":\"EntryPoint\",\"urlTemplate\":\"https:\/\/dev.leselfes.com\/?s={search_term_string}\"},\"query-input\":{\"@type\":\"PropertyValueSpecification\",\"valueRequired\":true,\"valueName\":\"search_term_string\"}}],\"inLanguage\":\"pt-PT\"},{\"@type\":\"Organization\",\"@id\":\"https:\/\/dev.leselfes.com\/#organization\",\"name\":\"Les Elfes International\",\"alternateName\":\"Les Elfes International\",\"url\":\"https:\/\/dev.leselfes.com\/\",\"logo\":{\"@type\":\"ImageObject\",\"inLanguage\":\"pt-PT\",\"@id\":\"https:\/\/dev.leselfes.com\/#\/schema\/logo\/image\/\",\"url\":\"https:\/\/www.leselfes.com\/wp-content\/uploads\/2022\/03\/leselfes-logo.png\",\"contentUrl\":\"https:\/\/www.leselfes.com\/wp-content\/uploads\/2022\/03\/leselfes-logo.png\",\"width\":233,\"height\":51,\"caption\":\"Les Elfes International\"},\"image\":{\"@id\":\"https:\/\/dev.leselfes.com\/#\/schema\/logo\/image\/\"},\"sameAs\":[\"https:\/\/www.facebook.com\/LesElfesVerbier\",\"https:\/\/x.com\/LesElfesCamps\",\"https:\/\/www.instagram.com\/leselfes\",\"https:\/\/www.linkedin.com\/company\/les-elfes-international\",\"https:\/\/www.youtube.com\/user\/LesElfesVerbier\"]}]}<\/script>\n<!-- \/ Yoast SEO Premium plugin. -->","yoast_head_json":{"title":"Actividades dos campos de f\u00e9rias - Les Elfes International Camps Switzerland Verbier Su\u00ed\u00e7a","description":"Explora as nossas diversas actividades de acampamento de ver\u00e3o! De aventuras ao ar livre a oficinas criativas, h\u00e1 algo para todos nos acampamentos Les Elfes.","robots":{"index":"index","follow":"follow","max-snippet":"max-snippet:-1","max-image-preview":"max-image-preview:large","max-video-preview":"max-video-preview:-1"},"canonical":"https:\/\/www.leselfes.com\/pt-pt\/acampamento-de-verao\/actividades-dos-campos-de-ferias\/","og_locale":"pt_PT","og_type":"article","og_title":"Actividades dos campos de f\u00e9rias","og_description":"Explora as nossas diversas actividades de acampamento de ver\u00e3o! De aventuras ao ar livre a oficinas criativas, h\u00e1 algo para todos nos acampamentos Les Elfes.","og_url":"https:\/\/www.leselfes.com\/pt-pt\/acampamento-de-verao\/actividades-dos-campos-de-ferias\/","og_site_name":"Les Elfes International Camps Switzerland","article_publisher":"https:\/\/www.facebook.com\/LesElfesVerbier","article_modified_time":"2026-04-07T13:36:23+00:00","og_image":[{"width":591,"height":555,"url":"https:\/\/www.leselfes.com\/wp-content\/uploads\/2022\/02\/Les-Elfes-International-summer-camp-Switzerland-Staff-Mobile-591x555-1.jpg","type":"image\/jpeg"}],"twitter_card":"summary_large_image","twitter_site":"@LesElfesCamps","twitter_misc":{"Tempo estimado de leitura":"11 minutos"},"schema":{"@context":"https:\/\/schema.org","@graph":[{"@type":"WebPage","@id":"https:\/\/www.leselfes.com\/pt-pt\/acampamento-de-verao\/actividades-dos-campos-de-ferias\/","url":"https:\/\/www.leselfes.com\/pt-pt\/acampamento-de-verao\/actividades-dos-campos-de-ferias\/","name":"Actividades dos campos de f\u00e9rias - Les Elfes International Camps Switzerland Verbier Su\u00ed\u00e7a","isPartOf":{"@id":"https:\/\/dev.leselfes.com\/#website"},"datePublished":"2024-04-03T06:57:15+00:00","dateModified":"2026-04-07T13:36:23+00:00","description":"Explora as nossas diversas actividades de acampamento de ver\u00e3o! De aventuras ao ar livre a oficinas criativas, h\u00e1 algo para todos nos acampamentos Les Elfes.","breadcrumb":{"@id":"https:\/\/www.leselfes.com\/pt-pt\/acampamento-de-verao\/actividades-dos-campos-de-ferias\/#breadcrumb"},"inLanguage":"pt-PT","potentialAction":[{"@type":"ReadAction","target":["https:\/\/www.leselfes.com\/pt-pt\/acampamento-de-verao\/actividades-dos-campos-de-ferias\/"]}]},{"@type":"BreadcrumbList","@id":"https:\/\/www.leselfes.com\/pt-pt\/acampamento-de-verao\/actividades-dos-campos-de-ferias\/#breadcrumb","itemListElement":[{"@type":"ListItem","position":1,"name":"Home","item":"https:\/\/www.leselfes.com\/pt-pt\/"},{"@type":"ListItem","position":2,"name":"Acampamento de ver\u00e3o","item":"https:\/\/www.leselfes.com\/pt-pt\/acampamento-de-verao\/"},{"@type":"ListItem","position":3,"name":"Actividades dos campos de f\u00e9rias"}]},{"@type":"WebSite","@id":"https:\/\/dev.leselfes.com\/#website","url":"https:\/\/dev.leselfes.com\/","name":"Les Elfes International","description":"Les Elfes International, Verbier Switzerland. Summer Camp, Winter Camp, Spring Camps.","publisher":{"@id":"https:\/\/dev.leselfes.com\/#organization"},"alternateName":"Les Elfes International","potentialAction":[{"@type":"SearchAction","target":{"@type":"EntryPoint","urlTemplate":"https:\/\/dev.leselfes.com\/?s={search_term_string}"},"query-input":{"@type":"PropertyValueSpecification","valueRequired":true,"valueName":"search_term_string"}}],"inLanguage":"pt-PT"},{"@type":"Organization","@id":"https:\/\/dev.leselfes.com\/#organization","name":"Les Elfes International","alternateName":"Les Elfes International","url":"https:\/\/dev.leselfes.com\/","logo":{"@type":"ImageObject","inLanguage":"pt-PT","@id":"https:\/\/dev.leselfes.com\/#\/schema\/logo\/image\/","url":"https:\/\/www.leselfes.com\/wp-content\/uploads\/2022\/03\/leselfes-logo.png","contentUrl":"https:\/\/www.leselfes.com\/wp-content\/uploads\/2022\/03\/leselfes-logo.png","width":233,"height":51,"caption":"Les Elfes International"},"image":{"@id":"https:\/\/dev.leselfes.com\/#\/schema\/logo\/image\/"},"sameAs":["https:\/\/www.facebook.com\/LesElfesVerbier","https:\/\/x.com\/LesElfesCamps","https:\/\/www.instagram.com\/leselfes","https:\/\/www.linkedin.com\/company\/les-elfes-international","https:\/\/www.youtube.com\/user\/LesElfesVerbier"]}]}},"_links":{"self":[{"href":"https:\/\/www.leselfes.com\/pt-pt\/wp-json\/wp\/v2\/pages\/85999"}],"collection":[{"href":"https:\/\/www.leselfes.com\/pt-pt\/wp-json\/wp\/v2\/pages"}],"about":[{"href":"https:\/\/www.leselfes.com\/pt-pt\/wp-json\/wp\/v2\/types\/page"}],"author":[{"embeddable":true,"href":"https:\/\/www.leselfes.com\/pt-pt\/wp-json\/wp\/v2\/users\/16"}],"replies":[{"embeddable":true,"href":"https:\/\/www.leselfes.com\/pt-pt\/wp-json\/wp\/v2\/comments?post=85999"}],"version-history":[{"count":3,"href":"https:\/\/www.leselfes.com\/pt-pt\/wp-json\/wp\/v2\/pages\/85999\/revisions"}],"predecessor-version":[{"id":117249,"href":"https:\/\/www.leselfes.com\/pt-pt\/wp-json\/wp\/v2\/pages\/85999\/revisions\/117249"}],"up":[{"embeddable":true,"href":"https:\/\/www.leselfes.com\/pt-pt\/wp-json\/wp\/v2\/pages\/85718"}],"wp:attachment":[{"href":"https:\/\/www.leselfes.com\/pt-pt\/wp-json\/wp\/v2\/media?parent=85999"}],"curies":[{"name":"wp","href":"https:\/\/api.w.org\/{rel}","templated":true}]}}