{"id":86369,"date":"2024-04-09T12:13:08","date_gmt":"2024-04-09T10:13:08","guid":{"rendered":"https:\/\/www.leselfes.com\/sobre-nos\/perguntas-frequentes\/"},"modified":"2025-01-13T12:06:27","modified_gmt":"2025-01-13T11:06:27","slug":"perguntas-frequentes","status":"publish","type":"page","link":"https:\/\/www.leselfes.com\/pt-pt\/sobre-nos\/perguntas-frequentes\/","title":{"rendered":"Perguntas frequentes"},"content":{"rendered":"[vc_row type=&#8221;full_width_background&#8221; full_screen_row_position=&#8221;middle&#8221; column_margin=&#8221;default&#8221; column_direction=&#8221;default&#8221; column_direction_tablet=&#8221;default&#8221; column_direction_phone=&#8221;default&#8221; bg_image=&#8221;66836&#8243; bg_position=&#8221;center center&#8221; background_image_loading=&#8221;default&#8221; bg_repeat=&#8221;no-repeat&#8221; full_height=&#8221;yes&#8221; columns_placement=&#8221;stretch&#8221; scene_position=&#8221;center&#8221; text_color=&#8221;dark&#8221; text_align=&#8221;left&#8221; row_border_radius=&#8221;none&#8221; row_border_radius_applies=&#8221;bg&#8221; overflow=&#8221;visible&#8221; enable_gradient=&#8221;true&#8221; color_overlay=&#8221;#000000&#8243; color_overlay_2=&#8221;rgba(255,255,255,0.01)&#8221; overlay_strength=&#8221;0.5&#8243; gradient_direction=&#8221;top_to_bottom&#8221; shape_divider_position=&#8221;bottom&#8221; bg_image_animation=&#8221;none&#8221; gradient_type=&#8221;default&#8221; shape_type=&#8221;&#8221;][vc_column column_padding=&#8221;no-extra-padding&#8221; column_padding_tablet=&#8221;inherit&#8221; column_padding_phone=&#8221;inherit&#8221; column_padding_position=&#8221;all&#8221; column_element_direction_desktop=&#8221;default&#8221; column_element_spacing=&#8221;default&#8221; centered_text=&#8221;true&#8221; desktop_text_alignment=&#8221;center&#8221; tablet_text_alignment=&#8221;default&#8221; phone_text_alignment=&#8221;default&#8221; background_color_opacity=&#8221;1&#8243; background_hover_color_opacity=&#8221;1&#8243; column_backdrop_filter=&#8221;none&#8221; font_color=&#8221;#ffffff&#8221; column_shadow=&#8221;none&#8221; column_border_radius=&#8221;none&#8221; column_link_target=&#8221;_self&#8221; column_position=&#8221;default&#8221; el_class=&#8221;flexItForButtonBottom&#8221; gradient_direction=&#8221;left_to_right&#8221; overlay_strength=&#8221;0.3&#8243; width=&#8221;1\/1&#8243; tablet_width_inherit=&#8221;default&#8221; animation_type=&#8221;default&#8221; bg_image_animation=&#8221;none&#8221; border_type=&#8221;simple&#8221; column_border_width=&#8221;none&#8221; column_border_style=&#8221;solid&#8221; column_padding_type=&#8221;default&#8221; gradient_type=&#8221;default&#8221;][divider line_type=&#8221;No Line&#8221; custom_height=&#8221;200&#8243; custom_height_phone=&#8221;100&#8243;][vc_column_text text_direction=&#8221;default&#8221; el_class=&#8221;fs49&#8243;]\n<h1 style=\"text-align: center;\"><strong>Perguntas frequentes<\/strong><\/h1>\n<p style=\"text-align: center;\">Acampamentos internacionais durante todo o ano Verbier, <span class=\"swissFlag\">Su\u00ed\u00e7a<\/span><\/p>\n[\/vc_column_text][vc_row_inner equal_height=&#8221;yes&#8221; content_placement=&#8221;middle&#8221; column_margin=&#8221;100px&#8221; column_direction=&#8221;default&#8221; column_direction_tablet=&#8221;default&#8221; column_direction_phone=&#8221;default&#8221; text_align=&#8221;left&#8221; row_position=&#8221;default&#8221; row_position_tablet=&#8221;inherit&#8221; row_position_phone=&#8221;inherit&#8221; overflow=&#8221;visible&#8221; pointer_events=&#8221;all&#8221; class=&#8221;flexGoBottom&#8221;][vc_column_inner column_padding=&#8221;no-extra-padding&#8221; column_padding_tablet=&#8221;inherit&#8221; column_padding_phone=&#8221;inherit&#8221; column_padding_position=&#8221;all&#8221; column_element_direction_desktop=&#8221;default&#8221; column_element_spacing=&#8221;default&#8221; desktop_text_alignment=&#8221;default&#8221; tablet_text_alignment=&#8221;default&#8221; phone_text_alignment=&#8221;default&#8221; background_color_opacity=&#8221;1&#8243; background_hover_color_opacity=&#8221;1&#8243; column_backdrop_filter=&#8221;none&#8221; column_shadow=&#8221;none&#8221; column_border_radius=&#8221;none&#8221; column_link_target=&#8221;_self&#8221; overflow=&#8221;visible&#8221; gradient_direction=&#8221;left_to_right&#8221; overlay_strength=&#8221;0.3&#8243; width=&#8221;1\/4&#8243; tablet_width_inherit=&#8221;default&#8221; animation_type=&#8221;default&#8221; bg_image_animation=&#8221;none&#8221; border_type=&#8221;simple&#8221; column_border_width=&#8221;none&#8221; column_border_style=&#8221;solid&#8221; column_padding_type=&#8221;default&#8221; gradient_type=&#8221;default&#8221; offset=&#8221;vc_hidden-md vc_hidden-sm vc_hidden-xs&#8221;][\/vc_column_inner][vc_column_inner column_padding=&#8221;no-extra-padding&#8221; column_padding_tablet=&#8221;inherit&#8221; column_padding_phone=&#8221;inherit&#8221; column_padding_position=&#8221;all&#8221; column_element_direction_desktop=&#8221;default&#8221; column_element_spacing=&#8221;default&#8221; desktop_text_alignment=&#8221;default&#8221; tablet_text_alignment=&#8221;default&#8221; phone_text_alignment=&#8221;default&#8221; background_color=&#8221;#343b68&#8243; background_color_opacity=&#8221;1&#8243; background_hover_color_opacity=&#8221;1&#8243; column_backdrop_filter=&#8221;none&#8221; column_shadow=&#8221;none&#8221; column_border_radius=&#8221;custom&#8221; top_left_border_radius=&#8221;30&#8243; top_right_border_radius=&#8221;30&#8243; bottom_right_border_radius=&#8221;30&#8243; column_link_target=&#8221;_self&#8221; overflow=&#8221;visible&#8221; el_class=&#8221;rowCampHeader enroll-global&#8221; gradient_direction=&#8221;left_to_right&#8221; overlay_strength=&#8221;0.3&#8243; width=&#8221;1\/4&#8243; tablet_width_inherit=&#8221;default&#8221; animation_type=&#8221;default&#8221; bg_image_animation=&#8221;none&#8221; border_type=&#8221;simple&#8221; column_border_width=&#8221;none&#8221; column_border_style=&#8221;solid&#8221; column_padding_type=&#8221;default&#8221; gradient_type=&#8221;default&#8221; offset=&#8221;vc_col-lg-3 vc_col-md-6 vc_col-xs-12&#8243;][vc_column_text text_direction=&#8221;default&#8221;]<strong>Inscreve-te<\/strong> agora[\/vc_column_text][\/vc_column_inner][vc_column_inner column_padding=&#8221;no-extra-padding&#8221; column_padding_tablet=&#8221;inherit&#8221; column_padding_phone=&#8221;inherit&#8221; column_padding_position=&#8221;all&#8221; column_element_direction_desktop=&#8221;default&#8221; column_element_spacing=&#8221;default&#8221; desktop_text_alignment=&#8221;default&#8221; tablet_text_alignment=&#8221;default&#8221; phone_text_alignment=&#8221;default&#8221; background_color=&#8221;#4d8abf&#8221; background_color_opacity=&#8221;1&#8243; background_hover_color_opacity=&#8221;1&#8243; column_backdrop_filter=&#8221;none&#8221; column_shadow=&#8221;none&#8221; column_border_radius=&#8221;custom&#8221; top_left_border_radius=&#8221;30&#8243; top_right_border_radius=&#8221;30&#8243; bottom_right_border_radius=&#8221;30&#8243; column_link_target=&#8221;_self&#8221; overflow=&#8221;visible&#8221; el_class=&#8221;rowCampHeader&#8221; gradient_direction=&#8221;left_to_right&#8221; overlay_strength=&#8221;0.3&#8243; width=&#8221;1\/4&#8243; tablet_width_inherit=&#8221;default&#8221; animation_type=&#8221;default&#8221; bg_image_animation=&#8221;none&#8221; border_type=&#8221;simple&#8221; column_border_width=&#8221;none&#8221; column_border_style=&#8221;solid&#8221; column_padding_type=&#8221;default&#8221; gradient_type=&#8221;default&#8221; offset=&#8221;vc_col-lg-3 vc_col-md-6 vc_col-xs-12&#8243; column_link=&#8221;https:\/\/www.leselfes.com\/pt-pt\/verifica-a-disponibilidade\/&#8221;][vc_column_text text_direction=&#8221;default&#8221;]<strong>Verifica a<\/strong> disponibilidade[\/vc_column_text][\/vc_column_inner][vc_column_inner column_padding=&#8221;no-extra-padding&#8221; column_padding_tablet=&#8221;inherit&#8221; column_padding_phone=&#8221;inherit&#8221; column_padding_position=&#8221;all&#8221; column_element_direction_desktop=&#8221;default&#8221; column_element_spacing=&#8221;default&#8221; desktop_text_alignment=&#8221;default&#8221; tablet_text_alignment=&#8221;default&#8221; phone_text_alignment=&#8221;default&#8221; background_color_opacity=&#8221;1&#8243; background_hover_color_opacity=&#8221;1&#8243; column_backdrop_filter=&#8221;none&#8221; column_shadow=&#8221;none&#8221; column_border_radius=&#8221;none&#8221; column_link_target=&#8221;_self&#8221; overflow=&#8221;visible&#8221; gradient_direction=&#8221;left_to_right&#8221; overlay_strength=&#8221;0.3&#8243; width=&#8221;1\/4&#8243; tablet_width_inherit=&#8221;default&#8221; animation_type=&#8221;default&#8221; bg_image_animation=&#8221;none&#8221; border_type=&#8221;simple&#8221; column_border_width=&#8221;none&#8221; column_border_style=&#8221;solid&#8221; column_padding_type=&#8221;default&#8221; gradient_type=&#8221;default&#8221; offset=&#8221;vc_hidden-md vc_hidden-sm vc_hidden-xs&#8221;][\/vc_column_inner][\/vc_row_inner][\/vc_column][\/vc_row][vc_row type=&#8221;full_width_background&#8221; full_screen_row_position=&#8221;middle&#8221; column_margin=&#8221;default&#8221; column_direction=&#8221;default&#8221; column_direction_tablet=&#8221;default&#8221; column_direction_phone=&#8221;default&#8221; bg_color=&#8221;#f3f3f6&#8243; scene_position=&#8221;center&#8221; top_padding=&#8221;100&#8243; constrain_group_1=&#8221;yes&#8221; bottom_padding=&#8221;100&#8243; text_color=&#8221;dark&#8221; text_align=&#8221;left&#8221; row_border_radius=&#8221;none&#8221; row_border_radius_applies=&#8221;bg&#8221; overflow=&#8221;visible&#8221; overlay_strength=&#8221;0.3&#8243; gradient_direction=&#8221;left_to_right&#8221; shape_divider_position=&#8221;bottom&#8221; bg_image_animation=&#8221;none&#8221; gradient_type=&#8221;default&#8221; shape_type=&#8221;&#8221;][vc_column column_padding=&#8221;no-extra-padding&#8221; column_padding_tablet=&#8221;inherit&#8221; column_padding_phone=&#8221;inherit&#8221; column_padding_position=&#8221;all&#8221; column_element_direction_desktop=&#8221;default&#8221; column_element_spacing=&#8221;default&#8221; desktop_text_alignment=&#8221;default&#8221; tablet_text_alignment=&#8221;default&#8221; phone_text_alignment=&#8221;default&#8221; background_color_opacity=&#8221;1&#8243; background_hover_color_opacity=&#8221;1&#8243; column_backdrop_filter=&#8221;none&#8221; column_shadow=&#8221;none&#8221; column_border_radius=&#8221;none&#8221; column_link_target=&#8221;_self&#8221; column_position=&#8221;default&#8221; gradient_direction=&#8221;left_to_right&#8221; overlay_strength=&#8221;0.3&#8243; width=&#8221;1\/1&#8243; tablet_width_inherit=&#8221;default&#8221; animation_type=&#8221;default&#8221; bg_image_animation=&#8221;none&#8221; border_type=&#8221;simple&#8221; column_border_width=&#8221;none&#8221; column_border_style=&#8221;solid&#8221;][vc_column_text text_direction=&#8221;default&#8221;]\n<h2 style=\"color: #0c347e;\">Informa\u00e7\u00f5es gerais<\/h2>\n[\/vc_column_text][toggles style=&#8221;minimal&#8221;][toggle color=&#8221;Default&#8221; heading_tag=&#8221;default&#8221; heading_tag_functionality=&#8221;default&#8221; title=&#8221;\u00c9 poss\u00edvel que o meu filho fique num quarto duplo?&#8221;][vc_column_text text_direction=&#8221;default&#8221;]Sim, \u00e9 poss\u00edvel ter um quarto duplo, mas isso est\u00e1 sujeito \u00e0 disponibilidade e n\u00e3o pode ser garantido.<br \/>\nH\u00e1 um custo extra de 100CHF por crian\u00e7a, por dia, para ficar num quarto duplo.[\/vc_column_text][\/toggle][toggle color=&#8221;Default&#8221; heading_tag=&#8221;default&#8221; heading_tag_functionality=&#8221;default&#8221; title=&#8221;Qual \u00e9 a melhor altura para contactar os nossos filhos quando est\u00e3o no vosso acampamento?&#8221;][vc_column_text text_direction=&#8221;default&#8221;]A melhor hora para telefonar aos teus filhos \u00e9 idealmente entre as 18h00 e as 20h00, hora su\u00ed\u00e7a (GMT+1), para n\u00e3o perturbar as actividades.[\/vc_column_text][\/toggle][toggle color=&#8221;Default&#8221; heading_tag=&#8221;default&#8221; heading_tag_functionality=&#8221;default&#8221; title=&#8221;Qual \u00e9 a l\u00edngua principal do acampamento?&#8221;][vc_column_text text_direction=&#8221;default&#8221;]Apesar de Verbier se situar na parte franc\u00f3fona da Su\u00ed\u00e7a, a principal l\u00edngua falada nos nossos campos de f\u00e9rias, campos de ver\u00e3o ou campos de inverno \u00e9 o ingl\u00eas.<br \/>\nTodo o nosso pessoal \u00e9 fluente em ingl\u00eas, mas tamb\u00e9m fala outra l\u00edngua como o russo, o \u00e1rabe, o franc\u00eas, etc. 70% do nosso pessoal fala ingl\u00eas, 20% fala franc\u00eas e 10% s\u00e3o oriundos de todo o mundo. <strong><br \/>\n<\/strong>[\/vc_column_text][\/toggle][toggle color=&#8221;Default&#8221; heading_tag=&#8221;default&#8221; heading_tag_functionality=&#8221;default&#8221; title=&#8221;Qual \u00e9 o tempo m\u00e1ximo que os meus filhos podem passar no acampamento?&#8221;][vc_column_text text_direction=&#8221;default&#8221;]N\u00e3o h\u00e1 limite de tempo para a estadia do teu filho nos campos de f\u00e9rias Les Elfes.<br \/>\nPara o acampamento de ver\u00e3o, h\u00e1 sess\u00f5es de 2 e 3 semanas, de modo que o per\u00edodo m\u00ednimo de perman\u00eancia \u00e9 de 2 semanas e o m\u00e1ximo \u00e9 de 10 semanas.<br \/>\nPara os campos de inverno, a estadia m\u00ednima \u00e9 de 1 semana.[\/vc_column_text][\/toggle][toggle color=&#8221;Default&#8221; heading_tag=&#8221;default&#8221; heading_tag_functionality=&#8221;default&#8221; title=&#8221;Os rapazes e as raparigas ficam nos mesmos chal\u00e9s?&#8221;][vc_column_text text_direction=&#8221;default&#8221;]Em Verbier, propomos-te campos de f\u00e9rias de primavera, ver\u00e3o e inverno.<br \/>\nDispomos de 2 chal\u00e9s cont\u00edguos e os rapazes e as raparigas s\u00e3o separados nos diferentes chal\u00e9s.<br \/>\nCada quarto acolhe 2 a 4 alunos da mesma faixa et\u00e1ria.<br \/>\nCada quarto tem uma casa de banho privativa.[\/vc_column_text][\/toggle][toggle color=&#8221;Default&#8221; heading_tag=&#8221;default&#8221; heading_tag_functionality=&#8221;default&#8221; title=&#8221;\u00c9 poss\u00edvel aprenderes a esquiar e a fazer snowboard?&#8221;][vc_column_text text_direction=&#8221;default&#8221;]Claro que n\u00e3o durante o ver\u00e3o, mas para sess\u00f5es na primavera ou no inverno \u00e9 poss\u00edvel aprender esqui numa semana e snowboard na seguinte.<br \/>\nN\u00e3o \u00e9 poss\u00edvel fazer esqui ou snowboard durante alguns dias e depois mudar.[\/vc_column_text][\/toggle][toggle color=&#8221;Default&#8221; heading_tag=&#8221;default&#8221; heading_tag_functionality=&#8221;default&#8221; title=&#8221;Qual \u00e9 a nacionalidade das crian\u00e7as que frequentam os campos de f\u00e9rias?&#8221;][vc_column_text css=&#8221;&#8221; text_direction=&#8221;default&#8221;]Os estudantes internacionais v\u00eam de todo o mundo e Les Elfes orgulha-se de receber mais de 75 nacionalidades diferentes todos os ver\u00f5es e invernos.<br \/>\nTemos mais de 75 nacionalidades que v\u00eam ao nosso acampamento de ver\u00e3o e ao nosso acampamento de inverno.<br \/>\nEm geral, procuramos sempre diversificar as nacionalidades, n\u00e3o tendo mais de 15% de uma \u00fanica nacionalidade ao mesmo tempo.<br \/>\nNo entanto, em alguns per\u00edodos espec\u00edficos, pode haver uma nacionalidade dominante (campo de f\u00e9rias da primavera).[\/vc_column_text][\/toggle][toggle color=&#8221;Default&#8221; heading_tag=&#8221;default&#8221; heading_tag_functionality=&#8221;default&#8221; title=&#8221;Como \u00e9 o clima no ver\u00e3o e no inverno?&#8221;][vc_column_text text_direction=&#8221;default&#8221;]No inverno, o clima \u00e9 de montanha, com temperaturas frias entre 5\u00b0c e -10\u00b0C, com queda de neve.<br \/>\nNo ver\u00e3o, a Su\u00ed\u00e7a goza de um clima agrad\u00e1vel, com temperaturas entre os 15\u00b0C de manh\u00e3 e os 25\u00b0C \u00e0 tarde, com m\u00e1ximas que podem atingir os 30\u00b0C. <strong><br \/>\n<\/strong>[\/vc_column_text][\/toggle][toggle color=&#8221;Default&#8221; heading_tag=&#8221;default&#8221; heading_tag_functionality=&#8221;default&#8221; title=&#8221;Qual \u00e9 o n\u00famero m\u00e1ximo de estudantes que podes receber de uma s\u00f3 vez?&#8221;][vc_column_text css=&#8221;&#8221; text_direction=&#8221;default&#8221;]O campus de Verbier tem 35 quartos com 140 camas no total e est\u00e1 dividido entre dois chal\u00e9s de estilo su\u00ed\u00e7o situados um ao lado do outro. <strong><br \/>\n<\/strong>[\/vc_column_text][\/toggle][toggle color=&#8221;Default&#8221; heading_tag=&#8221;default&#8221; heading_tag_functionality=&#8221;default&#8221; title=&#8221;Como pai ou m\u00e3e, tamb\u00e9m posso participar no campo de f\u00e9rias com o meu filho?&#8221;][vc_column_text css=&#8221;&#8221; text_direction=&#8221;default&#8221;]Os nossos campos de f\u00e9rias de inverno e de ver\u00e3o destinam-se exclusivamente a crian\u00e7as com idades compreendidas entre os 6 e os 17 anos.<br \/>\nPor isso, n\u00e3o aceitamos pais no nosso campus.<br \/>\nNo entanto, temos parcerias com v\u00e1rios hot\u00e9is e ag\u00eancias em Verbier, caso os pais queiram ficar nas proximidades.<br \/>\nConsulta a <a href=\"https:\/\/www.leselfes.com\/pt-pt\/?page_id=85855\">p\u00e1gina do campo de f\u00e9rias<\/a> para conheceres os nossos parceiros recomendados. <strong><br \/>\n<\/strong>[\/vc_column_text][\/toggle][\/toggles][vc_column_text text_direction=&#8221;default&#8221;]\n<h2 style=\"color: #0c347e;\">Antes da chegada<\/h2>\n[\/vc_column_text][toggles style=&#8221;minimal&#8221;][toggle color=&#8221;Default&#8221; heading_tag=&#8221;default&#8221; heading_tag_functionality=&#8221;default&#8221; title=&#8221;Les Elfes pode ajudar-te no processo de obten\u00e7\u00e3o do visto?&#8221;][vc_column_text text_direction=&#8221;default&#8221;]Les Elfes tem o prazer de emitir cartas de convite que podes apresentar \u00e0 embaixada e que ajudar\u00e3o no processo de visto.<br \/>\nPara os estudantes da Ucr\u00e2nia e da R\u00fassia, \u00e9 obrigat\u00f3rio apresentar a carta-convite original \u00e0 embaixada.[\/vc_column_text][\/toggle][toggle color=&#8221;Default&#8221; heading_tag=&#8221;default&#8221; heading_tag_functionality=&#8221;default&#8221; title=&#8221;O dep\u00f3sito de 1000.- CHF est\u00e1 inclu\u00eddo no pre\u00e7o?&#8221;][vc_column_text text_direction=&#8221;default&#8221;]Sim e o dep\u00f3sito exigido para garantir a inscri\u00e7\u00e3o do teu filho ser\u00e1 deduzido do montante total da tua fatura final.[\/vc_column_text][\/toggle][toggle color=&#8221;Default&#8221; heading_tag=&#8221;default&#8221; heading_tag_functionality=&#8221;default&#8221; title=&#8221;Que tipo de seguro \u00e9 necess\u00e1rio?&#8221;][vc_column_text text_direction=&#8221;default&#8221;]\u00c9 obrigat\u00f3rio ter um seguro de sa\u00fade e de acidentes.<br \/>\nLes Elfes prop\u00f5e-te uma ap\u00f3lice de seguro que cobre tudo. <strong><br \/>\n<\/strong>[\/vc_column_text][\/toggle][toggle color=&#8221;Default&#8221; heading_tag=&#8221;default&#8221; heading_tag_functionality=&#8221;default&#8221; title=&#8221;Podes fornecer uma lista de roupa para os alunos levarem?&#8221;][vc_column_text text_direction=&#8221;default&#8221;]Les Elfes fornece-te uma lista de roupas a trazer depois da inscri\u00e7\u00e3o da tua crian\u00e7a estar completa e finalizada, dependendo das actividades de primavera, ver\u00e3o ou inverno.<strong><br \/>\n<\/strong>[\/vc_column_text][\/toggle][toggle color=&#8221;Default&#8221; heading_tag=&#8221;default&#8221; heading_tag_functionality=&#8221;default&#8221; title=&#8221;Que tipo de transporte \u00e9 oferecido do aeroporto para o acampamento e de volta para o aeroporto?&#8221;][vc_column_text text_direction=&#8221;default&#8221;]A Les Elfes oferece a possibilidade de transferes de ida e volta do e para o aeroporto, recolha no aeroporto de Genebra para os campos da Les Elfes e regresso ao aeroporto.<br \/>\nLes Elfes disp\u00f5e de um balc\u00e3o de acolhimento no aeroporto de Genebra durante o ver\u00e3o, na sala de chegadas. <strong><br \/>\n<\/strong>Tamb\u00e9m \u00e9 poss\u00edvel organizar o transporte a partir de um hotel em Genebra ou Lausanne.<strong><br \/>\n<\/strong>[\/vc_column_text][\/toggle][\/toggles][vc_column_text text_direction=&#8221;default&#8221;]\n<h2 style=\"color: #0c347e;\">A vida nos campos internacionais de Les Elfes<\/h2>\n[\/vc_column_text][toggles style=&#8221;minimal&#8221;][toggle color=&#8221;Default&#8221; heading_tag=&#8221;default&#8221; heading_tag_functionality=&#8221;default&#8221; title=&#8221;Qual \u00e9 a diferen\u00e7a entre 8 horas de aulas de l\u00ednguas e 15 horas de aulas de l\u00ednguas por semana?&#8221;][vc_column_text text_direction=&#8221;default&#8221;]Durante o inverno e o ver\u00e3o, 8 horas de aulas por semana ensinam aos alunos as bases de uma nova l\u00edngua ou ajudam a melhorar algumas compet\u00eancias j\u00e1 adquiridas na escola.<br \/>\nAs 15 horas de aulas de l\u00ednguas s\u00e3o cursos muito intensivos e aprofundam a gram\u00e1tica da nova l\u00edngua e levam os teus filhos a um n\u00edvel avan\u00e7ado de compet\u00eancias.[\/vc_column_text][\/toggle][toggle color=&#8221;Default&#8221; heading_tag=&#8221;default&#8221; heading_tag_functionality=&#8221;default&#8221; title=&#8221;Qual \u00e9 a pol\u00edtica de telem\u00f3veis para as crian\u00e7as?&#8221;][vc_column_text text_direction=&#8221;default&#8221;]Os alunos n\u00e3o est\u00e3o autorizados a transportar telem\u00f3veis durante as actividades diurnas por raz\u00f5es de seguran\u00e7a e tamb\u00e9m para n\u00e3o perturbar as actividades.<br \/>\nNo entanto, todos os dias podem levantar o seu telem\u00f3vel na rece\u00e7\u00e3o de Les Elfes e utiliz\u00e1-lo das 17 \u00e0s 20 horas. <strong><br \/>\n<\/strong>[\/vc_column_text][\/toggle][toggle color=&#8221;Default&#8221; heading_tag=&#8221;default&#8221; heading_tag_functionality=&#8221;default&#8221; title=&#8221;Que tipo de comida \u00e9 servida no Les Elfes?&#8221;][vc_column_text text_direction=&#8221;default&#8221;]Les Elfes quer dar aos alunos o que \u00e9 melhor para eles e, por isso, serve menus bem equilibrados de comida internacional cozinhada na hora diariamente.<br \/>\nLes Elfes pode atender a quaisquer requisitos especiais, como alergias alimentares, dieta religiosa, dieta vegetariana, etc.[\/vc_column_text][\/toggle][toggle color=&#8221;Default&#8221; heading_tag=&#8221;default&#8221; heading_tag_functionality=&#8221;default&#8221; title=&#8221;Qual \u00e9 a pol\u00edtica de escolha dos cursos de l\u00ednguas?&#8221;][vc_column_text text_direction=&#8221;default&#8221;]\u00c9 poss\u00edvel optar por estudar l\u00ednguas diferentes, mas cada l\u00edngua tem de ser estudada durante pelo menos uma semana e \u00e9 poss\u00edvel escolher outra l\u00edngua para a semana seguinte.<strong><br \/>\n<\/strong>Durante o ver\u00e3o e o inverno, propomos-te ingl\u00eas, franc\u00eas, alem\u00e3o ou espanhol.<strong><br \/>\n<\/strong>[\/vc_column_text][\/toggle][toggle color=&#8221;Default&#8221; heading_tag=&#8221;default&#8221; heading_tag_functionality=&#8221;default&#8221; title=&#8221;Forneces refrigerantes e snacks \u00e0s crian\u00e7as?&#8221;][vc_column_text text_direction=&#8221;default&#8221;]As crian\u00e7as que frequentam o acampamento de ver\u00e3o e de inverno n\u00e3o t\u00eam acesso a distribuidores de refrigerantes ou de snacks.<br \/>\nLes Elfes est\u00e1 situado no cora\u00e7\u00e3o dos Alpes su\u00ed\u00e7os e tem acesso a \u00e1gua da torneira de muito boa qualidade, que est\u00e1 sempre \u00e0 disposi\u00e7\u00e3o dos campistas.<br \/>\nTodos os dias, por volta das 16h00, \u00e9 servido um lanche.<br \/>\nEm Les Elfes, a equipa de cozinha procura que cada refei\u00e7\u00e3o seja equilibrada e evita os alimentos processados com elevado teor de a\u00e7\u00facar, como os doces, substituindo-os por barras de cereais, p\u00e3o fresco com compotas e sopas quentes. <strong><br \/>\n<\/strong>[\/vc_column_text][\/toggle][\/toggles][vc_column_text text_direction=&#8221;default&#8221;]\n<h2 style=\"color: #0c347e;\">Pessoal e seguran\u00e7a<\/h2>\n[\/vc_column_text][toggles style=&#8221;minimal&#8221;][toggle color=&#8221;Default&#8221; heading_tag=&#8221;default&#8221; heading_tag_functionality=&#8221;default&#8221; title=&#8221;Os teus instrutores t\u00eam telem\u00f3veis em caso de emerg\u00eancia?&#8221;][vc_column_text text_direction=&#8221;default&#8221;]Todos os nossos instrutores t\u00eam sempre um telem\u00f3vel que lhes permite reagir muito rapidamente em caso de emerg\u00eancia.[\/vc_column_text][\/toggle][toggle color=&#8221;Default&#8221; heading_tag=&#8221;default&#8221; heading_tag_functionality=&#8221;default&#8221; title=&#8221;Existe um n\u00famero de emerg\u00eancia para contactar o acampamento?&#8221;][vc_column_text text_direction=&#8221;default&#8221;]O n\u00famero de contacto de emerg\u00eancia ser-te-\u00e1 dado ap\u00f3s a inscri\u00e7\u00e3o e s\u00f3 deve ser utilizado em caso de emerg\u00eancia.<br \/>\n(aberto 24h).[\/vc_column_text][\/toggle][toggle color=&#8221;Default&#8221; heading_tag=&#8221;default&#8221; heading_tag_functionality=&#8221;default&#8221; title=&#8221;Existem instala\u00e7\u00f5es m\u00e9dicas nas proximidades?&#8221;][vc_column_text text_direction=&#8221;default&#8221;]A aldeia de Verbier tem 3 centros m\u00e9dicos situados a uma curta dist\u00e2ncia do campus Les Elfes.<br \/>\nEm caso de ferimentos ou doen\u00e7as mais graves, o hospital mais pr\u00f3ximo est\u00e1 localizado na cidade de Martigny, a 30 minutos de carro do campus. <strong><br \/>\n<\/strong>[\/vc_column_text][\/toggle][toggle color=&#8221;Default&#8221; heading_tag=&#8221;default&#8221; heading_tag_functionality=&#8221;default&#8221; title=&#8221;Tens pessoal com forma\u00e7\u00e3o m\u00e9dica em Les Elfes?&#8221;][vc_column_text text_direction=&#8221;default&#8221;]Les Elfes contrata sempre uma enfermeira qualificada para fazer parte da sua equipa.<br \/>\nAl\u00e9m disso, todos os membros do pessoal seguem um programa de forma\u00e7\u00e3o de duas semanas antes do in\u00edcio do campo de inverno e do campo de ver\u00e3o.<br \/>\nDurante este per\u00edodo, todos os empregados t\u00eam de seguir uma forma\u00e7\u00e3o em primeiros socorros.<br \/>\nNo entanto, n\u00e3o h\u00e1 m\u00e9dico nem psic\u00f3logo no campus, dada a disponibilidade de centros m\u00e9dicos pr\u00f3ximos.[\/vc_column_text][\/toggle][toggle color=&#8221;Default&#8221; heading_tag=&#8221;default&#8221; heading_tag_functionality=&#8221;default&#8221; title=&#8221;H\u00e1 algum artigo que seja proibido no acampamento?&#8221;][vc_column_text css=&#8221;&#8221; text_direction=&#8221;default&#8221;]Na Les Elfes International, o consumo de drogas, \u00e1lcool, cigarros, vapores, bebidas energ\u00e9ticas e caf\u00e9 \u00e9 estritamente proibido.<br \/>\nO consumo de qualquer uma destas subst\u00e2ncias pode levar \u00e0 expuls\u00e3o, dependendo das circunst\u00e2ncias espec\u00edficas e da extens\u00e3o do uso.[\/vc_column_text][\/toggle][\/toggles][\/vc_column][\/vc_row][vc_row type=&#8221;in_container&#8221; full_screen_row_position=&#8221;middle&#8221; column_margin=&#8221;default&#8221; column_direction=&#8221;default&#8221; column_direction_tablet=&#8221;default&#8221; column_direction_phone=&#8221;default&#8221; scene_position=&#8221;center&#8221; text_color=&#8221;dark&#8221; text_align=&#8221;left&#8221; row_border_radius=&#8221;none&#8221; row_border_radius_applies=&#8221;bg&#8221; overflow=&#8221;visible&#8221; overlay_strength=&#8221;0.3&#8243; gradient_direction=&#8221;left_to_right&#8221; shape_divider_position=&#8221;bottom&#8221; bg_image_animation=&#8221;none&#8221;][vc_column column_padding=&#8221;no-extra-padding&#8221; column_padding_tablet=&#8221;inherit&#8221; column_padding_phone=&#8221;inherit&#8221; column_padding_position=&#8221;all&#8221; column_element_direction_desktop=&#8221;default&#8221; column_element_spacing=&#8221;default&#8221; desktop_text_alignment=&#8221;default&#8221; tablet_text_alignment=&#8221;default&#8221; phone_text_alignment=&#8221;default&#8221; background_color_opacity=&#8221;1&#8243; background_hover_color_opacity=&#8221;1&#8243; column_backdrop_filter=&#8221;none&#8221; column_shadow=&#8221;none&#8221; column_border_radius=&#8221;none&#8221; column_link_target=&#8221;_self&#8221; column_position=&#8221;default&#8221; gradient_direction=&#8221;left_to_right&#8221; overlay_strength=&#8221;0.3&#8243; width=&#8221;1\/1&#8243; tablet_width_inherit=&#8221;default&#8221; animation_type=&#8221;default&#8221; bg_image_animation=&#8221;none&#8221; border_type=&#8221;simple&#8221; column_border_width=&#8221;none&#8221; column_border_style=&#8221;solid&#8221;][nectar_global_section id=&#8221;66918&#8243;][\/vc_column][\/vc_row]\n","protected":false},"excerpt":{"rendered":"<p>[vc_row type=&#8221;full_width_background&#8221; full_screen_row_position=&#8221;middle&#8221; column_margin=&#8221;default&#8221; column_direction=&#8221;default&#8221; column_direction_tablet=&#8221;default&#8221; column_direction_phone=&#8221;default&#8221; bg_image=&#8221;66836&#8243; bg_position=&#8221;center center&#8221; background_image_loading=&#8221;default&#8221; bg_repeat=&#8221;no-repeat&#8221; full_height=&#8221;yes&#8221; columns_placement=&#8221;stretch&#8221; scene_position=&#8221;center&#8221; text_color=&#8221;dark&#8221; text_align=&#8221;left&#8221; row_border_radius=&#8221;none&#8221; row_border_radius_applies=&#8221;bg&#8221; overflow=&#8221;visible&#8221; enable_gradient=&#8221;true&#8221; color_overlay=&#8221;#000000&#8243; color_overlay_2=&#8221;rgba(255,255,255,0.01)&#8221; overlay_strength=&#8221;0.5&#8243; gradient_direction=&#8221;top_to_bottom&#8221; shape_divider_position=&#8221;bottom&#8221; bg_image_animation=&#8221;none&#8221; gradient_type=&#8221;default&#8221; shape_type=&#8221;&#8221;][vc_column column_padding=&#8221;no-extra-padding&#8221;&#8230;<\/p>\n","protected":false},"author":16,"featured_media":0,"parent":86299,"menu_order":0,"comment_status":"closed","ping_status":"closed","template":"","meta":{"_acf_changed":false,"inline_featured_image":false,"footnotes":""},"class_list":["post-86369","page","type-page","status-publish"],"acf":[],"yoast_head":"<!-- This site is optimized with the Yoast SEO Premium plugin v24.2 (Yoast SEO v24.7) - https:\/\/yoast.com\/wordpress\/plugins\/seo\/ -->\n<title>Perguntas frequentes - Les Elfes International Camps Switzerland<\/title>\n<meta name=\"description\" content=\"Descobre todas as respostas sobre os nossos campos de f\u00e9rias. Oferecemos campos de f\u00e9rias internacionais para crian\u00e7as e adolescentes de todo o mundo.\" \/>\n<meta name=\"robots\" content=\"index, follow, max-snippet:-1, max-image-preview:large, max-video-preview:-1\" \/>\n<link rel=\"canonical\" href=\"https:\/\/www.leselfes.com\/pt-pt\/sobre-nos\/perguntas-frequentes\/\" \/>\n<meta property=\"og:locale\" content=\"pt_PT\" \/>\n<meta property=\"og:type\" content=\"article\" \/>\n<meta property=\"og:title\" content=\"Perguntas frequentes\" \/>\n<meta property=\"og:description\" content=\"Descobre todas as respostas sobre os nossos campos de f\u00e9rias. Oferecemos campos de f\u00e9rias internacionais para crian\u00e7as e adolescentes de todo o mundo.\" \/>\n<meta property=\"og:url\" content=\"https:\/\/www.leselfes.com\/pt-pt\/sobre-nos\/perguntas-frequentes\/\" \/>\n<meta property=\"og:site_name\" content=\"Les Elfes International Camps Switzerland\" \/>\n<meta property=\"article:publisher\" content=\"https:\/\/www.facebook.com\/LesElfesVerbier\" \/>\n<meta property=\"article:modified_time\" content=\"2025-01-13T11:06:27+00:00\" \/>\n<meta property=\"og:image\" content=\"https:\/\/www.leselfes.com\/wp-content\/uploads\/2022\/02\/Les-Elfes-International-summer-camp-Switzerland-Staff-Mobile-591x555-1.jpg\" \/>\n\t<meta property=\"og:image:width\" content=\"591\" \/>\n\t<meta property=\"og:image:height\" content=\"555\" \/>\n\t<meta property=\"og:image:type\" content=\"image\/jpeg\" \/>\n<meta name=\"twitter:card\" content=\"summary_large_image\" \/>\n<meta name=\"twitter:site\" content=\"@LesElfesCamps\" \/>\n<meta name=\"twitter:label1\" content=\"Tempo estimado de leitura\" \/>\n\t<meta name=\"twitter:data1\" content=\"16 minutos\" \/>\n<script type=\"application\/ld+json\" class=\"yoast-schema-graph\">{\"@context\":\"https:\/\/schema.org\",\"@graph\":[{\"@type\":\"WebPage\",\"@id\":\"https:\/\/www.leselfes.com\/pt-pt\/sobre-nos\/perguntas-frequentes\/\",\"url\":\"https:\/\/www.leselfes.com\/pt-pt\/sobre-nos\/perguntas-frequentes\/\",\"name\":\"Perguntas frequentes - Les Elfes International Camps Switzerland\",\"isPartOf\":{\"@id\":\"https:\/\/dev.leselfes.com\/#website\"},\"datePublished\":\"2024-04-09T10:13:08+00:00\",\"dateModified\":\"2025-01-13T11:06:27+00:00\",\"description\":\"Descobre todas as respostas sobre os nossos campos de f\u00e9rias. Oferecemos campos de f\u00e9rias internacionais para crian\u00e7as e adolescentes de todo o mundo.\",\"breadcrumb\":{\"@id\":\"https:\/\/www.leselfes.com\/pt-pt\/sobre-nos\/perguntas-frequentes\/#breadcrumb\"},\"inLanguage\":\"pt-PT\",\"potentialAction\":[{\"@type\":\"ReadAction\",\"target\":[\"https:\/\/www.leselfes.com\/pt-pt\/sobre-nos\/perguntas-frequentes\/\"]}]},{\"@type\":\"BreadcrumbList\",\"@id\":\"https:\/\/www.leselfes.com\/pt-pt\/sobre-nos\/perguntas-frequentes\/#breadcrumb\",\"itemListElement\":[{\"@type\":\"ListItem\",\"position\":1,\"name\":\"Home\",\"item\":\"https:\/\/www.leselfes.com\/pt-pt\/\"},{\"@type\":\"ListItem\",\"position\":2,\"name\":\"Sobre n\u00f3s\",\"item\":\"https:\/\/dev.leselfes.com\/pt-pt\/sobre-nos\/\"},{\"@type\":\"ListItem\",\"position\":3,\"name\":\"Perguntas frequentes\"}]},{\"@type\":\"WebSite\",\"@id\":\"https:\/\/dev.leselfes.com\/#website\",\"url\":\"https:\/\/dev.leselfes.com\/\",\"name\":\"Les Elfes International\",\"description\":\"Les Elfes International, Verbier Switzerland. Summer Camp, Winter Camp, Spring Camps.\",\"publisher\":{\"@id\":\"https:\/\/dev.leselfes.com\/#organization\"},\"alternateName\":\"Les Elfes International\",\"potentialAction\":[{\"@type\":\"SearchAction\",\"target\":{\"@type\":\"EntryPoint\",\"urlTemplate\":\"https:\/\/dev.leselfes.com\/?s={search_term_string}\"},\"query-input\":{\"@type\":\"PropertyValueSpecification\",\"valueRequired\":true,\"valueName\":\"search_term_string\"}}],\"inLanguage\":\"pt-PT\"},{\"@type\":\"Organization\",\"@id\":\"https:\/\/dev.leselfes.com\/#organization\",\"name\":\"Les Elfes International\",\"alternateName\":\"Les Elfes International\",\"url\":\"https:\/\/dev.leselfes.com\/\",\"logo\":{\"@type\":\"ImageObject\",\"inLanguage\":\"pt-PT\",\"@id\":\"https:\/\/dev.leselfes.com\/#\/schema\/logo\/image\/\",\"url\":\"https:\/\/www.leselfes.com\/wp-content\/uploads\/2022\/03\/leselfes-logo.png\",\"contentUrl\":\"https:\/\/www.leselfes.com\/wp-content\/uploads\/2022\/03\/leselfes-logo.png\",\"width\":233,\"height\":51,\"caption\":\"Les Elfes International\"},\"image\":{\"@id\":\"https:\/\/dev.leselfes.com\/#\/schema\/logo\/image\/\"},\"sameAs\":[\"https:\/\/www.facebook.com\/LesElfesVerbier\",\"https:\/\/x.com\/LesElfesCamps\",\"https:\/\/www.instagram.com\/leselfes\",\"https:\/\/www.linkedin.com\/company\/les-elfes-international\",\"https:\/\/www.youtube.com\/user\/LesElfesVerbier\"]}]}<\/script>\n<!-- \/ Yoast SEO Premium plugin. -->","yoast_head_json":{"title":"Perguntas frequentes - Les Elfes International Camps Switzerland","description":"Descobre todas as respostas sobre os nossos campos de f\u00e9rias. Oferecemos campos de f\u00e9rias internacionais para crian\u00e7as e adolescentes de todo o mundo.","robots":{"index":"index","follow":"follow","max-snippet":"max-snippet:-1","max-image-preview":"max-image-preview:large","max-video-preview":"max-video-preview:-1"},"canonical":"https:\/\/www.leselfes.com\/pt-pt\/sobre-nos\/perguntas-frequentes\/","og_locale":"pt_PT","og_type":"article","og_title":"Perguntas frequentes","og_description":"Descobre todas as respostas sobre os nossos campos de f\u00e9rias. Oferecemos campos de f\u00e9rias internacionais para crian\u00e7as e adolescentes de todo o mundo.","og_url":"https:\/\/www.leselfes.com\/pt-pt\/sobre-nos\/perguntas-frequentes\/","og_site_name":"Les Elfes International Camps Switzerland","article_publisher":"https:\/\/www.facebook.com\/LesElfesVerbier","article_modified_time":"2025-01-13T11:06:27+00:00","og_image":[{"width":591,"height":555,"url":"https:\/\/www.leselfes.com\/wp-content\/uploads\/2022\/02\/Les-Elfes-International-summer-camp-Switzerland-Staff-Mobile-591x555-1.jpg","type":"image\/jpeg"}],"twitter_card":"summary_large_image","twitter_site":"@LesElfesCamps","twitter_misc":{"Tempo estimado de leitura":"16 minutos"},"schema":{"@context":"https:\/\/schema.org","@graph":[{"@type":"WebPage","@id":"https:\/\/www.leselfes.com\/pt-pt\/sobre-nos\/perguntas-frequentes\/","url":"https:\/\/www.leselfes.com\/pt-pt\/sobre-nos\/perguntas-frequentes\/","name":"Perguntas frequentes - Les Elfes International Camps Switzerland","isPartOf":{"@id":"https:\/\/dev.leselfes.com\/#website"},"datePublished":"2024-04-09T10:13:08+00:00","dateModified":"2025-01-13T11:06:27+00:00","description":"Descobre todas as respostas sobre os nossos campos de f\u00e9rias. Oferecemos campos de f\u00e9rias internacionais para crian\u00e7as e adolescentes de todo o mundo.","breadcrumb":{"@id":"https:\/\/www.leselfes.com\/pt-pt\/sobre-nos\/perguntas-frequentes\/#breadcrumb"},"inLanguage":"pt-PT","potentialAction":[{"@type":"ReadAction","target":["https:\/\/www.leselfes.com\/pt-pt\/sobre-nos\/perguntas-frequentes\/"]}]},{"@type":"BreadcrumbList","@id":"https:\/\/www.leselfes.com\/pt-pt\/sobre-nos\/perguntas-frequentes\/#breadcrumb","itemListElement":[{"@type":"ListItem","position":1,"name":"Home","item":"https:\/\/www.leselfes.com\/pt-pt\/"},{"@type":"ListItem","position":2,"name":"Sobre n\u00f3s","item":"https:\/\/dev.leselfes.com\/pt-pt\/sobre-nos\/"},{"@type":"ListItem","position":3,"name":"Perguntas frequentes"}]},{"@type":"WebSite","@id":"https:\/\/dev.leselfes.com\/#website","url":"https:\/\/dev.leselfes.com\/","name":"Les Elfes International","description":"Les Elfes International, Verbier Switzerland. Summer Camp, Winter Camp, Spring Camps.","publisher":{"@id":"https:\/\/dev.leselfes.com\/#organization"},"alternateName":"Les Elfes International","potentialAction":[{"@type":"SearchAction","target":{"@type":"EntryPoint","urlTemplate":"https:\/\/dev.leselfes.com\/?s={search_term_string}"},"query-input":{"@type":"PropertyValueSpecification","valueRequired":true,"valueName":"search_term_string"}}],"inLanguage":"pt-PT"},{"@type":"Organization","@id":"https:\/\/dev.leselfes.com\/#organization","name":"Les Elfes International","alternateName":"Les Elfes International","url":"https:\/\/dev.leselfes.com\/","logo":{"@type":"ImageObject","inLanguage":"pt-PT","@id":"https:\/\/dev.leselfes.com\/#\/schema\/logo\/image\/","url":"https:\/\/www.leselfes.com\/wp-content\/uploads\/2022\/03\/leselfes-logo.png","contentUrl":"https:\/\/www.leselfes.com\/wp-content\/uploads\/2022\/03\/leselfes-logo.png","width":233,"height":51,"caption":"Les Elfes International"},"image":{"@id":"https:\/\/dev.leselfes.com\/#\/schema\/logo\/image\/"},"sameAs":["https:\/\/www.facebook.com\/LesElfesVerbier","https:\/\/x.com\/LesElfesCamps","https:\/\/www.instagram.com\/leselfes","https:\/\/www.linkedin.com\/company\/les-elfes-international","https:\/\/www.youtube.com\/user\/LesElfesVerbier"]}]}},"_links":{"self":[{"href":"https:\/\/www.leselfes.com\/pt-pt\/wp-json\/wp\/v2\/pages\/86369"}],"collection":[{"href":"https:\/\/www.leselfes.com\/pt-pt\/wp-json\/wp\/v2\/pages"}],"about":[{"href":"https:\/\/www.leselfes.com\/pt-pt\/wp-json\/wp\/v2\/types\/page"}],"author":[{"embeddable":true,"href":"https:\/\/www.leselfes.com\/pt-pt\/wp-json\/wp\/v2\/users\/16"}],"replies":[{"embeddable":true,"href":"https:\/\/www.leselfes.com\/pt-pt\/wp-json\/wp\/v2\/comments?post=86369"}],"version-history":[{"count":1,"href":"https:\/\/www.leselfes.com\/pt-pt\/wp-json\/wp\/v2\/pages\/86369\/revisions"}],"predecessor-version":[{"id":97514,"href":"https:\/\/www.leselfes.com\/pt-pt\/wp-json\/wp\/v2\/pages\/86369\/revisions\/97514"}],"up":[{"embeddable":true,"href":"https:\/\/www.leselfes.com\/pt-pt\/wp-json\/wp\/v2\/pages\/86299"}],"wp:attachment":[{"href":"https:\/\/www.leselfes.com\/pt-pt\/wp-json\/wp\/v2\/media?parent=86369"}],"curies":[{"name":"wp","href":"https:\/\/api.w.org\/{rel}","templated":true}]}}